{"id":9704,"date":"2012-04-25T00:00:00","date_gmt":"2012-04-25T00:00:00","guid":{"rendered":"http:\/\/almega.azurewebsites.net\/remisser\/atgarder-mot-fusk-och-felaktigheter-med-assistansersattning-sou-20126\/"},"modified":"2012-04-25T00:00:00","modified_gmt":"2012-04-25T00:00:00","slug":"atgarder-mot-fusk-och-felaktigheter-med-assistansersattning-sou-20126","status":"publish","type":"referral","link":"https:\/\/www.almega.se\/remisser\/atgarder-mot-fusk-och-felaktigheter-med-assistansersattning-sou-20126\/","title":{"rendered":"\u00c5tg\u00e4rder mot fusk och felaktigheter med assistansers\u00e4ttning, SOU 2012:6"},"content":{"rendered":"<div class=\"wp-block wp-block-classic-editor\">\n<p><font nodeindex=\"1\" size=\"3\">Bransch Personlig Assistans (BPA) inom V&aring;rdf&ouml;retagarna som &auml;r en arbetsgivar- och branschorganisation f&ouml;r privata v&aring;rd- och omsorgsgivare vill h&auml;rmed ge sina synpunkter p&aring; ovanst&aring;ende bet&auml;nkande. <\/font><\/p>\n<p nodeindex=\"3\" sizcache=\"792\" sizset=\"129\"><b nodeindex=\"1\" sizcache=\"792\" sizset=\"130\"><font face=\"Arial,Arial\" nodeindex=\"1\" sizcache=\"792\" size=\"4\" sizset=\"131\"><font face=\"Arial,Arial\" nodeindex=\"1\" size=\"4\">Sammanfattning <\/font><\/font><\/b><\/p>\n<p nodeindex=\"4\" sizcache=\"792\" sizset=\"132\"><font nodeindex=\"1\" size=\"3\">BPA v&auml;lkomnar den genomlysning av assistansreformen med betoning p&aring; fusk och oegentligheter som g&ouml;rs i bet&auml;nkandet och &auml;r delvis positivt inst&auml;llda till f&ouml;rslagen som l&auml;mnas i bet&auml;nkandet. Assistansreformen &auml;r en alldeles f&ouml;r viktig reform, f&ouml;r alldeles f&ouml;r m&aring;nga m&auml;nniskor, f&ouml;r att det ska vara f&ouml;rsvarbart att fusk och felaktigheter f&aring;r och har f&aring;tt, fortg&aring; s&aring; l&auml;nge som det gjort. Det skadar f&ouml;rtroendet f&ouml;r hela reformen och f&ouml;r b&aring;de brukare och anordnare. <\/font><\/p>\n<p nodeindex=\"5\" sizcache=\"792\" sizset=\"133\"><font nodeindex=\"1\" size=\"3\">BPA har l&auml;nge drivit att F&ouml;rs&auml;kringskassan beh&ouml;ver intensifiera kontrollen av hur assistansers&auml;ttningen anv&auml;nds samt att ber&ouml;rda myndigheter, till exempel F&ouml;rs&auml;kringskassan, Skatteverket och Socialstyrelsen, men &auml;ven vid behov polis och &aring;klagare, b&ouml;r samverka f&ouml;r att f&ouml;rhindra fusk i systemet. Vi menar att det egentligen inte &auml;r regelverket det har varit fel p&aring;, det &auml;r efterlevnaden och kontrollen som har fallerat. <\/font><\/p>\n<p nodeindex=\"6\" sizcache=\"792\" sizset=\"134\"><font nodeindex=\"1\" size=\"3\">Inom assistansbranschen finns allt fr&aring;n sm&aring; f&ouml;retag som har utvecklat en unik kompetens utifr&aring;n egna erfarenheter av att vara eller ha n&aring;gon anh&ouml;rig som &auml;r funktionsnedsatt till stora f&ouml;retag med egna kvalitetssystem och system f&ouml;r kompetensutveckling. M&aring;nga f&ouml;retag har inriktat sig p&aring; en viss nisch eller m&aring;lgrupp. Det vi ser &auml;r en m&aring;ngfald vilket ger m&ouml;jlighet f&ouml;r brukarna att v&auml;lja och lika viktigt, v&auml;lja bort, en utf&ouml;rare om de inte &auml;r n&ouml;jda.<\/font><\/p>\n<p nodeindex=\"7\" sizcache=\"792\" sizset=\"135\"><font nodeindex=\"1\" size=\"3\">54 procent av anordnarna &auml;r idag privat drivna. Olika unders&ouml;kningar som till exempel F&ouml;rs&auml;kringskassan har gjort visar att brukarna i h&ouml;g grad uppskattar den m&ouml;jlighet de har att v&auml;lja och d&auml;rmed p&aring;verka sin egen livssituation, som m&ouml;jligheten att v&auml;lja assistans inneb&auml;r. Samma unders&ouml;kningar visar ocks&aring; att brukare &auml;r mer n&ouml;jda med privata anordnare &auml;n med kommunerna. Det &auml;r d&auml;rf&ouml;r anm&auml;rkningsv&auml;rt att en utredning av 2012 fortfarande l&auml;mnar f&ouml;rslag d&auml;r &aring;tskillnad g&ouml;rs mellan privata anordnare och kommuner, trots att samma kvalitetskrav f&ouml;r verksamheten b&ouml;r g&auml;lla. Det finns inget som tyder p&aring; att kommunerna bedriver assistansen p&aring; ett mer kvalitativt s&auml;tt &auml;n de privata anordnarna. De f&ouml;rslag som l&auml;mnas &auml;r d&auml;rf&ouml;r inte konkurrensneutrala. <\/font><\/p>\n<p nodeindex=\"8\" sizcache=\"792\" sizset=\"136\"><font nodeindex=\"1\" size=\"3\">Det &auml;r olyckligt att f&ouml;rtroendet f&ouml;r hela LSS-reformen nu &auml;r hotat. Det drabbar fr&auml;mst brukarna men ocks&aring; alla de seri&ouml;sa f&ouml;retagen. Konsekvensen f&aring;r inte bli nya regler som begr&auml;nsar m&ouml;jligheterna till en flexibel, kvalitativ assistans, anpassad till den funktionsnedsattes livssituation, eller f&ouml;retagens m&ouml;jligheter att leva upp till dessa behov. D&auml;rf&ouml;r vill vi betona att det &auml;r viktigt med en varsam hantering av de f&ouml;rslag som nu f&ouml;resl&aring;s. V&aring;r f&ouml;rhoppning &auml;r att en kommande proposition ska landa i f&ouml;rslag p&aring; hur kontrollen av nuvarande regelverk kan bli b&auml;ttre, inte ett stramare och mindre flexibelt regelverk som begr&auml;nsar valfriheten f&ouml;r personer med funktionsneds&auml;ttningar eller drabbar de seri&ouml;sa anordnarnas f&ouml;ruts&auml;ttningar. <\/font><\/p>\n<p nodeindex=\"9\" sizcache=\"792\" sizset=\"137\"><font nodeindex=\"1\" size=\"3\">Vi vill ocks&aring; betona vikten av varsamhet och grundlig analys n&auml;r det kommer till fr&aring;gan om kostnads&ouml;kningarna f&ouml;r reformen. Tidigare utredningar, propositioner samt uttalanden fr&aring;n olika akt&ouml;rer i den allm&auml;nna debatten har dessv&auml;rre pr&auml;glats av bristande kunskap och analys vilket det &auml;r h&ouml;g tid att r&aring;da bot p&aring;. Vi utvecklar v&aring;ra resonemang kring detta nedan. <\/font><\/p>\n<p nodeindex=\"10\" sizcache=\"792\" sizset=\"138\"><font nodeindex=\"1\" size=\"3\">Vad g&auml;ller det f&ouml;rslag till ny reglering f&ouml;r schabloners&auml;ttning som presenteras i en bilaga till bet&auml;nkandet menar vi att det &auml;r orealistiskt och d&aring;ligt verklighetsanpassat. Vi &aring;terkommer &auml;ven till detta l&auml;ngre ner. <\/font><\/p>\n<p nodeindex=\"11\" sizcache=\"792\" sizset=\"139\"><b nodeindex=\"1\" sizcache=\"792\" sizset=\"140\"><font face=\"Arial,Arial\" nodeindex=\"1\" sizcache=\"792\" size=\"4\" sizset=\"141\"><font face=\"Arial,Arial\" nodeindex=\"1\" size=\"4\">8 Beskrivning av assistansutvecklingens kostnadsutveckling <\/font><\/font><\/b><\/p>\n<p nodeindex=\"12\" sizcache=\"792\" sizset=\"142\"><font nodeindex=\"1\" size=\"3\">Andemeningen i de resonemang som utredningen har om kostnadsutvecklingen &auml;r att det fr&auml;mst &auml;r fusk och &ouml;verutnyttjande som drivit upp kostnaderna f&ouml;r assistansreformen och att detta fr&auml;mst f&ouml;rekommer hos privata anordnare. &Auml;ven om kostnaderna f&ouml;r den personliga assistansen har &ouml;kat och det f&ouml;rekommer missbruk m&aring;ste bilden av utvecklingen nyanseras, analyseras och problematiseras ytterligare f&ouml;r att utg&ouml;ra ett korrekt underlag f&ouml;r framtida f&ouml;rslag om f&ouml;r&auml;ndringar. Vi vill h&auml;r ge n&aring;gra exempel p&aring; perspektiv som m&aring;ste beaktas. <\/font><\/p>\n<p nodeindex=\"13\" sizcache=\"792\" sizset=\"143\"><font nodeindex=\"1\" size=\"3\">F&ouml;r det f&ouml;rsta st&auml;mmer det inte att det fr&auml;mst &auml;r antalet timmar per brukare som &ouml;kat. Enligt utredningens egna uppgifter har antalet brukare &ouml;kat med 172 procent medan antalet timmar per brukare &ouml;kat med 70 procent. Den genomsnittliga ers&auml;ttningen per timme har minskat med 10 procent i fasta priser. Faktum &auml;r att om antalet personer som f&aring;r del av ers&auml;ttningen hade varit of&ouml;r&auml;ndrad hade kostnaderna endast stigit med drygt 50 procent i fasta priser. Det &auml;r allts&aring; l&aring;ngt ifr&aring;n de &ouml;kningar p&aring; flera hundra procent som redovisas i utredningen. Att kostnads&ouml;kning f&ouml;r personlig assistans blivit s&aring; <\/font><font nodeindex=\"2\" size=\"3\">stor beror allts&aring; till stor del p&aring; att betydligt fler har f&aring;tt r&auml;tt till assistansen. Det har i sin tur m&aring;nga g&aring;nger naturliga orsaker och beror inte fr&auml;mst p&aring; fusk och &ouml;verutnyttjande. <\/font><\/p>\n<p nodeindex=\"14\" sizcache=\"792\" sizset=\"144\"><b nodeindex=\"1\" sizcache=\"792\" sizset=\"145\"><font face=\"Arial,Arial\" nodeindex=\"1\" sizcache=\"792\" size=\"3\" sizset=\"146\"><font face=\"Arial,Arial\" nodeindex=\"1\" size=\"3\">&Ouml;kning av antalet brukare <\/font><\/font><\/b><\/p>\n<p nodeindex=\"15\" sizcache=\"792\" sizset=\"147\"><font nodeindex=\"1\" size=\"3\">Det &auml;r allts&aring; &ouml;kningen av antalet brukare som fr&auml;mst drivit p&aring; den starka &ouml;kningen av kostnaderna f&ouml;r personlig assistans. Dessa &ouml;kningar beror bland annat p&aring; att &aring;ldersgrupper som tidigare inte fick personlig assistans nu har r&auml;tt till denna hj&auml;lp, att m&auml;nniskor har blivit b&auml;ttre informerade om sina r&auml;ttigheter, att vissa diagnoser &ouml;kat i omfattning och att den medicinska utvecklingen har gjort att sjukv&aring;rden kunnat r&auml;dda fler liv &auml;n tidigare. M&aring;nga g&aring;nger g&auml;ller det senare personer med sv&aring;ra skador som g&ouml;r att de har behov av assistans. <\/font><\/p>\n<p nodeindex=\"16\" sizcache=\"792\" sizset=\"148\"><font nodeindex=\"1\" size=\"3\">Den &ouml;kning av brukarna som blivit st&ouml;rre &auml;n f&ouml;rv&auml;ntat g&auml;ller endast de yngsta under 20 &aring;r och de &ouml;ver 65 &aring;r. &Ouml;kningen av de &auml;ldre &auml;r helt beroende p&aring; ett aktivt politiskt beslut som gick ut p&aring; att personer som fyllde 65 &aring;r skulle f&aring; beh&aring;lla sin assistans. N&auml;r det g&auml;ller de yngre har med st&ouml;rsta sannolikhet medvetenheten &ouml;kat om vilka r&auml;ttigheter som de funktionsnedsatta barnen och deras f&ouml;r&auml;ldrar har. Dessutom har vissa diagnoser &ouml;kat. S&aring; sent som vid slutet av 80 talet var till exempel begreppet autismspektrumtillst&aring;nd ok&auml;nt. Numera har 0,2-0,3 procent av barnen diagnosen autism och ungef&auml;r dubbelt s&aring; m&aring;nga Asperger. <\/font><\/p>\n<p nodeindex=\"17\" sizcache=\"792\" sizset=\"149\"><font nodeindex=\"1\" size=\"3\">Det finns ocks&aring; starka sk&auml;l att tro att &ouml;kningen av antalet personer med personlig assistans kommer att avta. F&ouml;r det f&ouml;rsta har nu r&auml;tten till personlig assistans funnits i snart 20 &aring;r. Det inneb&auml;r att n&auml;stan alla som har r&auml;tt till assistans och deras anh&ouml;riga &auml;r medvetna om denna r&auml;ttighet. Under de f&ouml;rsta &aring;ren drevs sannolikt &ouml;kningen p&aring; av &ouml;kad medvetenhet. En annan orsak till att &ouml;kningstakten b&ouml;r avta &auml;r att alla &aring;ldersgrupper nu omfattas. R&auml;tten till assistans kan allts&aring; inte ut&ouml;kas till nya &aring;ldersgrupper. Den medicinska utvecklingen och en &ouml;kande befolkning kommer sannolikt att &ouml;ka antalet brukare &auml;ven i framtiden men troligtvis i en betydligt l&auml;gre takt. Studerar vi den &aring;rliga &ouml;kningen av antalet brukare &auml;r det ocks&aring; uppenbart att &ouml;kningstakten avtagit. Fram till 2005 &ouml;kade antalet brukare oftast med &ouml;ver 5 procent per &aring;r. Under de senaste &aring;ren har &ouml;kningstakten varit h&auml;lften s&aring; h&ouml;g. <\/font><\/p>\n<p nodeindex=\"18\" sizcache=\"792\" sizset=\"150\"><b nodeindex=\"1\" sizcache=\"792\" sizset=\"151\"><font face=\"Arial,Arial\" nodeindex=\"1\" sizcache=\"792\" size=\"3\" sizset=\"152\"><font face=\"Arial,Arial\" nodeindex=\"1\" size=\"3\">&Ouml;kning av antalet timmer per brukare <\/font><\/font><\/b><\/p>\n<p nodeindex=\"19\" sizcache=\"792\" sizset=\"153\"><font nodeindex=\"1\" size=\"3\">&Auml;ven om antalet personer med assistans &ouml;kat snabbare &auml;r &auml;ven &ouml;kningen av genomsnittligt antal timmar per brukare h&ouml;g. Vid inf&ouml;randet av assistansreformen l&aring;g det genomsnittliga antalet timmer per dygn och brukare p&aring; cirka 9 timmar. Under 2010 hade detta genomsnitt stigit till 16 timmar. Denna utveckling &auml;r betydligt sv&aring;rare att f&ouml;rklara &auml;n &ouml;kningen av antalet brukare. Exempelvis verkar inte den f&ouml;r&auml;ndrade &aring;lderssammans&auml;ttningen med flera barn och flera &auml;ldre spela n&aring;gon st&ouml;rre roll. Antalet assistanstimmar per person &auml;r likartade i de flesta &aring;ldersgrupper. Ofta &auml;r det genomsnittliga antalet timmar till och med h&ouml;gre i &aring;ldersgruppen 20-64 &aring;r j&auml;mf&ouml;rt med de &auml;ldre och yngre &aring;ldersgrupperna vilket framkommer i utredningen. <\/font><\/p>\n<p nodeindex=\"20\" sizcache=\"792\" sizset=\"154\"><font nodeindex=\"1\" size=\"3\">Samtidigt b&ouml;r tv&aring; av de faktorer som drivit upp antalet med personlig assistans ocks&aring; ha bidragit till ett &ouml;kat antal timmar per brukare. Det ena &auml;r <\/font><font nodeindex=\"2\" size=\"3\">den medicinska utvecklingen. Genom att fler liv r&auml;ddas som i exemplet med personer med stroke kan det ocks&aring; antas att dessa personer har ett st&ouml;rre assistansbehov. Detsamma g&auml;ller &ouml;verlevare fr&aring;n exempelvis bilolyckor. Ju fler med livshotande skador som kan r&auml;ddas desto st&ouml;rre kommer sannolikt deras genomsnittliga assistansbehov vara. <\/font><\/p>\n<p nodeindex=\"21\" sizcache=\"792\" sizset=\"155\"><font nodeindex=\"1\" size=\"3\">En annan f&ouml;rklaring kan vara den &ouml;kade medvetenheten om r&auml;tten till assistans. Den beh&ouml;ver inte bara g&auml;lla r&auml;tten till f&aring; personlig assistans &ouml;verhuvudtaget utan den kan ocks&aring; g&auml;lla hur mycket assistans brukarna har r&auml;tt till. <\/font><\/p>\n<p nodeindex=\"22\" sizcache=\"792\" sizset=\"156\"><font nodeindex=\"1\" size=\"3\">En tredje orsak &auml;r givetvis fusk och &ouml;verutnyttjande. Men i detta sammanhang &auml;r det m&auml;rkligt att utredningen s&auml;rskilt riktar ljuset mot andra anordnare &auml;n kommunerna genom att till exempel f&ouml;resl&aring; att det ska kunna genomf&ouml;ras inspektioner i hemmen n&auml;r anh&ouml;riga &auml;r anst&auml;llda som assistenter och har andra arbetsgivare &auml;n kommunen. Utredningen visar att det genomsnittliga antalet timmar per brukare &ouml;kat betydligt snabbare inom assistansen som hanteras av kommunerna &auml;n bland privata anordnare (se bland annat diagram 8.21 i SoU 2012:16 s 280). B&aring;da ligger nu p&aring; ett genomsnitt p&aring; cirka 100 timmar per vecka. Men i kommunernas fall inneb&auml;r det en &ouml;kning p&aring; &ouml;ver 60 procent medan &ouml;kningen bland de privata anordnarna ligger p&aring; knappt 50 procent. I den m&aring;n antalet timmar per brukare &ouml;kat p&aring; grund av fusk och andra oegentligheter finns det allts&aring; ingen anledning att s&auml;rskilja kommunalt anordnad assistans fr&aring;n den privat anordnade. <\/font><\/p>\n<p nodeindex=\"23\" sizcache=\"792\" sizset=\"157\"><b nodeindex=\"1\" sizcache=\"792\" sizset=\"158\"><font face=\"Arial,Arial\" nodeindex=\"1\" sizcache=\"792\" size=\"3\" sizset=\"159\"><font face=\"Arial,Arial\" nodeindex=\"1\" size=\"3\">Sammanfattning kostnadsutvecklingen <\/font><\/font><\/b><\/p>\n<p nodeindex=\"24\" sizcache=\"792\" sizset=\"160\"><font nodeindex=\"1\" size=\"3\">Totalt sett har kostnaderna f&ouml;r den personliga assistansen &ouml;kat kraftigt sedan reformen 1994. &Ouml;kningen av antalet timmar per brukare &auml;r sv&aring;r att f&ouml;rklara utifr&aring;n objektiva kriterier och det &auml;r sannolikt att fusk och &ouml;verutnyttjande bidragit till utvecklingen. <\/font><\/p>\n<p nodeindex=\"25\" sizcache=\"792\" sizset=\"161\"><font nodeindex=\"1\" size=\"3\">Samtidigt &auml;r det viktigt att notera att utvecklingen beror p&aring; ett antal faktorer ut&ouml;ver missbruk av ers&auml;ttningen. I utredningen redovisas att kostnaderna m&aring;ngdubblats i fasta priser. Men det beror till st&ouml;rsta delen p&aring; att antalet brukare &ouml;kat kraftigt och det har i sin tur naturliga f&ouml;rklaringar. Utan &ouml;kningen av antalet personer skulle kostnads&ouml;kningen ha stannat vid drygt 50 procent. Personer &ouml;ver 65 &aring;r omfattas numera av r&auml;tten till assistans, medvetenheten om r&auml;tten till assistans har &ouml;kat, den medicinska utvecklingen har inneburit att fler personer med ett stort behov av assistans &ouml;verlever och vissa diagnoser har &ouml;kat i omfattning. <\/font><\/p>\n<p nodeindex=\"26\" sizcache=\"792\" sizset=\"162\"><font nodeindex=\"1\" size=\"3\">Det mesta talar ocks&aring; f&ouml;r att den snabba kostnadsutvecklingen nu b&ouml;rjar mattas av. Antalet brukare har &ouml;kat fr&aring;n &aring;r till &aring;r och ett liknande m&ouml;nster framg&aring;r om man ser p&aring; den &aring;rliga kostnadsutvecklingen i fasta priser (se bland annat tabell 8.1 p&aring; 255 i bet&auml;nkandet.). Fram till 2005 uppgick den &aring;rliga kostnads&ouml;kningen till cirka 10 procent. Under de senaste tre &aring;ren har &ouml;kningstakten ist&auml;llet legat runt 5 procent. Det mesta tyder p&aring; att &ouml;kningstakten kommer att forts&auml;tta att mattas av. <\/font><\/p>\n<p nodeindex=\"27\" sizcache=\"792\" sizset=\"163\"><font nodeindex=\"1\" size=\"3\">I ljuset av detta &auml;r det viktigt att de reformer som f&ouml;resl&aring;s, inte baseras p&aring; den historiska kostnads&ouml;kningen. D&aring; finns risken att en i grunden positiv reform f&ouml;rs&auml;mras radikalt f&ouml;r brukarna. Detta g&auml;ller s&auml;rskilt som det &auml;nnu <\/font><font nodeindex=\"2\" size=\"3\">inte tagits fram n&aring;gon riktig analys av den totala offentliga kostnadsutvecklingen f&ouml;r de ber&ouml;rda grupperna. Samtidigt som den personliga assistansen &ouml;kat i omfattning har andra insatser som exempelvis handikappers&auml;ttning och v&aring;rdbidrag minskat i omfattning. Vidare m&aring;ste kostnaderna ocks&aring; v&auml;gas mot de m&aring;l som var grunden f&ouml;r assistansreformen. Det vill s&auml;ga att &ouml;ka j&auml;mlikheten mellan funktionsnedsatta och andra. <\/font><\/p>\n<p nodeindex=\"28\" sizcache=\"792\" sizset=\"164\"><b nodeindex=\"1\" sizcache=\"792\" sizset=\"165\"><font face=\"Arial,Arial\" nodeindex=\"1\" sizcache=\"792\" size=\"4\" sizset=\"166\"><font face=\"Arial,Arial\" nodeindex=\"1\" size=\"4\">12.1 Sk&auml;rpta krav f&ouml;r tillst&aring;nd att bedriva verksamhet med personlig assistans m.m. <\/font><\/font><\/b><\/p>\n<p nodeindex=\"29\" sizcache=\"792\" sizset=\"167\"><b nodeindex=\"1\" sizcache=\"792\" sizset=\"168\"><font face=\"Times New Roman,Times New Roman\" nodeindex=\"1\" sizcache=\"792\" size=\"3\" sizset=\"169\"><font face=\"Times New Roman,Times New Roman\" nodeindex=\"1\" size=\"3\">Utredningens f&ouml;rslag: <\/font><\/font><\/b><font nodeindex=\"2\" size=\"3\">Tillst&aring;nd att yrkesm&auml;ssigt bedriva verksamhet enligt LSS f&aring;r meddelas endast den som med h&auml;nsyn till omst&auml;ndigheterna i &ouml;vrigt visar sig l&auml;mplig att bedriva s&aring;dan verksamhet. <\/font><\/p>\n<p nodeindex=\"30\" sizcache=\"792\" sizset=\"170\"><b nodeindex=\"1\" sizcache=\"792\" sizset=\"171\"><font face=\"Times New Roman,Times New Roman\" nodeindex=\"1\" sizcache=\"792\" size=\"3\" sizset=\"172\"><font face=\"Times New Roman,Times New Roman\" nodeindex=\"1\" size=\"3\">BPA:s kommentar: <\/font><\/font><\/b><font nodeindex=\"2\" size=\"3\">BPA &auml;r generellt sett positiva till detta f&ouml;rslag eftersom det kommer att st&auml;lla h&ouml;gre krav p&aring; de som ska bedriva verksamheten. Dock menar vi att det faktum att l&auml;mplighetskravet ska g&auml;lla andra personer med anknytning till f&ouml;retaget &auml;n verksamhetsansvarig, styrelse och &auml;gare b&ouml;r utredas vidare eftersom det finns en del otydligheter. I andra stycket p&aring; sid 352 anges att &quot; <\/font><i nodeindex=\"3\" sizcache=\"792\" sizset=\"173\"><font face=\"Times New Roman,Times New Roman\" nodeindex=\"1\" sizcache=\"792\" size=\"3\" sizset=\"174\"><font face=\"Times New Roman,Times New Roman\" nodeindex=\"1\" size=\"3\">I fr&aring;ga om juridiska personer som s&ouml;ker tillst&aring;nd anser utredningen att l&auml;mplighetspr&ouml;vningen b&ouml;r omfatta, f&ouml;rutom den juridiska personens egen ekonomi och sk&ouml;tsamhet vad g&auml;ller bl.a. redovisning, betalning av skatter och arbetsgivaravgifter m.m. &auml;ven motsvarande f&ouml;rh&aring;llanden vad g&auml;ller samtliga de fysiska personer som p&aring; ett eller annat s&auml;tt har ett direkt inflytande &ouml;ver verksamheten. Det kan g&auml;lla personer med inflytande p&aring; grund av &auml;gande eller tj&auml;nstest&auml;llning men ocks&aring; andra personer som rent faktiskt spelar en aktiv roll i verksamheten. Vilka personer som beh&ouml;ver l&auml;mplighetpr&ouml;vas beror p&aring; f&ouml;rh&aring;llandena i det enskilda fallet, te x. f&ouml;retagets organisation. De aktuella personerna b&ouml;r &auml;ven ha en ordnad privatekonomi som inte riskerar att sammanblandas med eller &auml;ventyra verksamheten. <\/font><\/font><\/i><\/p>\n<p nodeindex=\"31\" sizcache=\"792\" sizset=\"175\"><font nodeindex=\"1\" size=\"3\">Vi anser h&auml;r att det finns betydande oklarheter vad som menas. S&auml;rskilt vad g&auml;ller <\/font><i nodeindex=\"2\" sizcache=\"792\" sizset=\"176\"><font face=\"Times New Roman,Times New Roman\" nodeindex=\"1\" sizcache=\"792\" size=\"3\" sizset=\"177\"><font face=\"Times New Roman,Times New Roman\" nodeindex=\"1\" size=\"3\">&quot;&hellip;personer med inflytande p&aring; grund av &auml;gande eller tj&auml;nstest&auml;llning men ocks&aring; andra personer som rent faktiskt spelar en aktiv roll i verksamheten&hellip;&quot; <\/font><\/font><\/i><font nodeindex=\"3\" size=\"3\">H&auml;r beh&ouml;vs en betydligt tydligare avgr&auml;nsning. Vilka personer avses egentligen? Hur och vem definierar var gr&auml;nserna g&aring;r f&ouml;r vilka personer som spelar en aktiv roll och s&aring; vidare? Hur ska det fungera om anordnaren har andra verksamheter &auml;n personlig assistans, till exempel gruppbost&auml;der, daglig verksamhet och annan tillst&aring;ndspliktig verksamhet inom LSS? Hur ska personer i dessa verksamheter och kopplingen till assistansverksamheten se ut och bed&ouml;mas? <\/font><\/p>\n<p nodeindex=\"32\" sizcache=\"792\" sizset=\"178\"><font nodeindex=\"1\" size=\"3\">Utredningen anser vidare p&aring; i sista stycket p&aring; sidan 353 att &quot;&hellip;<\/font><i nodeindex=\"2\" sizcache=\"792\" sizset=\"179\"><font face=\"Times New Roman,Times New Roman\" nodeindex=\"1\" sizcache=\"792\" size=\"3\" sizset=\"180\"><font face=\"Times New Roman,Times New Roman\" nodeindex=\"1\" size=\"3\">mot den bakgrunden att det &auml;r rimligt att en assistansanordnares ansvar omfattar de juridiska ombud som tillhandah&aring;lls. S&aring;dana ombud ska agera sakligt och korrekt och i medvetande om att det &auml;r det allm&auml;nna som betalar deras verksamhet. Om det visar sig att en assistansanordnare anlitar ol&auml;mpliga ombud eller genom sina jurister till exempel g&ouml;r sig till tolk f&ouml;r felaktiga eller &ouml;verdrivna uppgifter i &auml;renden om assistansers&auml;ttning faller det tillbaka p&aring; assistansanordnarens egen l&auml;mplighet och d&auml;rmed p&aring; f&ouml;ruts&auml;ttningarna f&ouml;r tillst&aring;nd&#8230;&quot;<\/font><\/font><\/i><\/p>\n<p nodeindex=\"33\" sizcache=\"792\" sizset=\"181\"><font nodeindex=\"1\" size=\"3\">BPA tillstyrker dessa resonemang. Det &auml;r olyckligt att det f&ouml;rekommer assistansanordnare med oseri&ouml;sa ombud som f&ouml;rs&ouml;ker trissa upp antalet timmar. Dock beh&ouml;ver det vidareutvecklas hur kontrollen av ombud och huruvida de trissar upp timmar ska g&aring; till. Det kan l&auml;tt leda till godtyckliga bed&ouml;mningar om enskilda handl&auml;ggare ska bed&ouml;ma l&auml;mpligheten av det juridiska ombudet. Ett ombud ska besitta r&auml;tt kompetens och ha personlig l&auml;mplighet men ansvaret f&ouml;r att bed&ouml;ma detta kan inte ligga p&aring; enskilda handl&auml;ggare p&aring; F&ouml;rs&auml;kringskassan. <\/font><\/p>\n<p nodeindex=\"34\" sizcache=\"792\" sizset=\"182\"><b nodeindex=\"1\" sizcache=\"792\" sizset=\"183\"><font face=\"Arial,Arial\" nodeindex=\"1\" sizcache=\"792\" size=\"4\" sizset=\"184\"><font face=\"Arial,Arial\" nodeindex=\"1\" size=\"4\">12.2 &Aring;terkallelse av tillst&aring;nd vid bristande eller ekonomisk l&auml;mplighet <\/font><\/font><\/b><\/p>\n<p nodeindex=\"35\" sizcache=\"792\" sizset=\"185\"><b nodeindex=\"1\" sizcache=\"792\" sizset=\"186\"><font face=\"Times New Roman,Times New Roman\" nodeindex=\"1\" sizcache=\"792\" size=\"3\" sizset=\"187\"><font face=\"Times New Roman,Times New Roman\" nodeindex=\"1\" size=\"3\">Utredningens f&ouml;rslag: <\/font><\/font><\/b><font nodeindex=\"2\" size=\"3\">Tillst&aring;nd att yrkesm&auml;ssigt bedriva verksamhet enligt LSS f&aring;r &aring;terkallas om det framkommer att tillst&aring;ndshavaren inte uppfyller villkoren i fr&aring;ga om l&auml;mplighet i personligt och ekonomiskt h&auml;nseende. <\/font><\/p>\n<p nodeindex=\"36\" sizcache=\"792\" sizset=\"188\"><b nodeindex=\"1\" sizcache=\"792\" sizset=\"189\"><font face=\"Times New Roman,Times New Roman\" nodeindex=\"1\" sizcache=\"792\" size=\"3\" sizset=\"190\"><font face=\"Times New Roman,Times New Roman\" nodeindex=\"1\" size=\"3\">BPA:s kommentar<\/font><\/font><\/b><font nodeindex=\"2\" size=\"3\">: BPA tillstyrker detta f&ouml;rslag i sin helhet. F&ouml;r att detta f&ouml;rslag ska vara verkningsfullt kr&auml;vs tydliga och objektiva kriterier f&ouml;r vad som definierar ol&auml;mpligheten som beskrivs. Vi anser det dock v&auml;sentligt att samma villkor f&ouml;r tillst&aring;nd och dess indragande ska g&auml;lla f&ouml;r samtliga tillst&aring;ndspliktiga verksamheter inom LSS. <\/font><\/p>\n<p nodeindex=\"37\" sizcache=\"792\" sizset=\"191\"><b nodeindex=\"1\" sizcache=\"792\" sizset=\"192\"><font face=\"Arial,Arial\" nodeindex=\"1\" sizcache=\"792\" size=\"4\" sizset=\"193\"><font face=\"Arial,Arial\" nodeindex=\"1\" size=\"4\">12.3 Skyldighet f&ouml;r anordnare av personlig assistans att tillhandah&aring;lla all assistans <\/font><\/font><\/b><\/p>\n<p nodeindex=\"38\" sizcache=\"792\" sizset=\"194\"><b nodeindex=\"1\" sizcache=\"792\" sizset=\"195\"><font face=\"Times New Roman,Times New Roman\" nodeindex=\"1\" sizcache=\"792\" size=\"3\" sizset=\"196\"><font face=\"Times New Roman,Times New Roman\" nodeindex=\"1\" size=\"3\">Utredningens f&ouml;rslag: <\/font><\/font><\/b><font nodeindex=\"2\" size=\"3\">Den som har tillst&aring;nd att yrkesm&auml;ssigt driva verksamhet med personlig assistans ska vara skyldig att tillhandah&aring;lla all assistans som assistansber&auml;ttigad beh&ouml;ver. <\/font><\/p>\n<p nodeindex=\"39\" sizcache=\"792\" sizset=\"197\"><b nodeindex=\"1\" sizcache=\"792\" sizset=\"198\"><font face=\"Times New Roman,Times New Roman\" nodeindex=\"1\" sizcache=\"792\" size=\"3\" sizset=\"199\"><font face=\"Times New Roman,Times New Roman\" nodeindex=\"1\" size=\"3\">BPA:s kommentar: <\/font><\/font><\/b><font nodeindex=\"2\" size=\"3\">Vi tillstyrker detta f&ouml;rslag i sin helhet. Det &auml;r inte rimligt att vissa anordnare inte erbjuder assistans p&aring; exempelvis obekv&auml;m arbetstid. F&ouml;r BPA &auml;r det en sj&auml;lvklarhet att en anordnare &ouml;vertar hela ansvaret f&ouml;r utf&ouml;randet av assistansen. <\/font><\/p>\n<p nodeindex=\"40\" sizcache=\"792\" sizset=\"200\"><b nodeindex=\"1\" sizcache=\"792\" sizset=\"201\"><font face=\"Arial,Arial\" nodeindex=\"1\" sizcache=\"792\" size=\"4\" sizset=\"202\"><font face=\"Arial,Arial\" nodeindex=\"1\" size=\"4\">12:4 Utbetalning av assistansers&auml;ttning <\/font><\/font><\/b><\/p>\n<p nodeindex=\"41\" sizcache=\"792\" sizset=\"203\"><b nodeindex=\"1\" sizcache=\"792\" sizset=\"204\"><font face=\"Times New Roman,Times New Roman\" nodeindex=\"1\" sizcache=\"792\" size=\"3\" sizset=\"205\"><font face=\"Times New Roman,Times New Roman\" nodeindex=\"1\" size=\"3\">Utredningens f&ouml;rslag: <\/font><\/font><\/b><font nodeindex=\"2\" size=\"3\">Assistansers&auml;ttning f&aring;r, f&ouml;rutom till den f&ouml;rs&auml;krade sj&auml;lv och till kommunen, endast betalas ut till den som har g&auml;llande tillst&aring;nd av Socialstyrelsen att bedriva yrkesm&auml;ssig verksamhet med personlig assistans. <\/font><\/p>\n<p nodeindex=\"42\" sizcache=\"792\" sizset=\"206\"><b nodeindex=\"1\" sizcache=\"792\" sizset=\"207\"><font face=\"Times New Roman,Times New Roman\" nodeindex=\"1\" sizcache=\"792\" size=\"3\" sizset=\"208\"><font face=\"Times New Roman,Times New Roman\" nodeindex=\"1\" size=\"3\">BPA:s kommentar: <\/font><\/font><\/b><font nodeindex=\"2\" size=\"3\">Vi tillstyrker detta f&ouml;rslag i sin helhet. <\/font><\/p>\n<p nodeindex=\"43\" sizcache=\"792\" sizset=\"209\"><b nodeindex=\"1\" sizcache=\"792\" sizset=\"210\"><font face=\"Arial,Arial\" nodeindex=\"1\" sizcache=\"792\" size=\"4\" sizset=\"211\"><font face=\"Arial,Arial\" nodeindex=\"1\" size=\"4\">12.5 Uppgiftsskyldighet f&ouml;r anordnare av personlig assistans m.m. <\/font><\/font><\/b><\/p>\n<p nodeindex=\"44\" sizcache=\"792\" sizset=\"212\"><b nodeindex=\"1\" sizcache=\"792\" sizset=\"213\"><font face=\"Times New Roman,Times New Roman\" nodeindex=\"1\" sizcache=\"792\" size=\"3\" sizset=\"214\"><font face=\"Times New Roman,Times New Roman\" nodeindex=\"1\" size=\"3\">Utredningens f&ouml;rslag: <\/font><\/font><\/b><font nodeindex=\"2\" size=\"3\">Arbetsgivare f&ouml;r personliga assistenter ska utan anmaning l&auml;mna kommunen respektive F&ouml;rs&auml;kringskassan de uppgifter om assistenterna som kr&auml;vs f&ouml;r kontroll av att f&ouml;ruts&auml;ttningarna f&ouml;r ers&auml;ttning &auml;r <\/font><font nodeindex=\"3\" size=\"3\">uppfyllda. Anordnare av personlig assistans blir skyldiga att p&aring; beg&auml;ran av F&ouml;rs&auml;kringskassan l&auml;mna uppgifter &auml;ven i andra fall om f&ouml;rh&aring;llanden som har betydelse f&ouml;r F&ouml;rs&auml;kringskassans till&auml;mpning. <\/font><\/p>\n<p nodeindex=\"45\" sizcache=\"792\" sizset=\"215\"><b nodeindex=\"1\" sizcache=\"792\" sizset=\"216\"><font face=\"Times New Roman,Times New Roman\" nodeindex=\"1\" sizcache=\"792\" size=\"3\" sizset=\"217\"><font face=\"Times New Roman,Times New Roman\" nodeindex=\"1\" size=\"3\">BPA:s kommentar: <\/font><\/font><\/b><font nodeindex=\"2\" size=\"3\">Vi tillstyrker detta f&ouml;rslag i sin helhet. <\/font><\/p>\n<p nodeindex=\"46\" sizcache=\"792\" sizset=\"218\"><b nodeindex=\"1\" sizcache=\"792\" sizset=\"219\"><font face=\"Arial,Arial\" nodeindex=\"1\" sizcache=\"792\" size=\"4\" sizset=\"220\"><font face=\"Arial,Arial\" nodeindex=\"1\" size=\"4\">12.6 Krav p&aring; den som anst&auml;lls som personlig assistent <\/font><\/font><\/b><\/p>\n<p nodeindex=\"47\" sizcache=\"792\" sizset=\"221\"><b nodeindex=\"1\" sizcache=\"792\" sizset=\"222\"><font face=\"Times New Roman,Times New Roman\" nodeindex=\"1\" sizcache=\"792\" size=\"3\" sizset=\"223\"><font face=\"Times New Roman,Times New Roman\" nodeindex=\"1\" size=\"3\">Utredningens f&ouml;rslag: <\/font><\/font><\/b><font nodeindex=\"2\" size=\"3\">Ers&auml;ttning l&auml;mnas inte f&ouml;r personlig <\/font><font nodeindex=\"3\" size=\"3\">assistans som utf&ouml;rs av <\/font><\/p>\n<p nodeindex=\"48\" sizcache=\"792\" sizset=\"224\"><font nodeindex=\"1\" size=\"3\">1. N&aring;gon som f&ouml;retr&auml;der en brukare som har fyllt 18 &aring;r i <\/font><\/p>\n<p nodeindex=\"49\" sizcache=\"792\" sizset=\"225\"><font nodeindex=\"1\" size=\"3\">egenskap av god man, f&ouml;rvaltare eller ombud, <\/font><\/p>\n<p nodeindex=\"50\" sizcache=\"792\" sizset=\"226\"><font nodeindex=\"1\" size=\"3\">2. En personlig assistent p&aring; arbetstid som &ouml;verstiger den tid som anges i 2&ndash;4 &sect;&sect; lagen (1970:943) om arbetstid m.m. i husligt arbete, <\/font><\/p>\n<p nodeindex=\"51\" sizcache=\"792\" sizset=\"227\"><font nodeindex=\"1\" size=\"3\">3. En personlig assistent som inte har fyllt 18 &aring;r, <\/font><\/p>\n<p nodeindex=\"52\" sizcache=\"792\" sizset=\"228\"><font nodeindex=\"1\" size=\"3\">4. En personlig assistent som till f&ouml;ljd av sjukdom, &aring;lderdom <\/font><\/p>\n<p nodeindex=\"53\" sizcache=\"792\" sizset=\"229\"><font nodeindex=\"1\" size=\"3\">eller annan orsak saknar arbetsf&ouml;rm&aring;ga, <\/font><\/p>\n<p nodeindex=\"54\" sizcache=\"792\" sizset=\"230\"><font nodeindex=\"1\" size=\"3\">5. En personlig assistent som inte &auml;r bosatt inom EU eller EES-omr&aring;det. <\/font><\/p>\n<p nodeindex=\"55\" sizcache=\"792\" sizset=\"231\"><font nodeindex=\"1\" size=\"3\">Den som &auml;r arbetsgivare f&ouml;r en personlig assistent ska utan anmaning l&auml;mna F&ouml;rs&auml;kringskassan respektive kommunen uppgifter enligt ovan. <\/font><\/p>\n<p nodeindex=\"56\" sizcache=\"792\" sizset=\"232\"><b nodeindex=\"1\" sizcache=\"792\" sizset=\"233\"><font face=\"Times New Roman,Times New Roman\" nodeindex=\"1\" sizcache=\"792\" size=\"3\" sizset=\"234\"><font face=\"Times New Roman,Times New Roman\" nodeindex=\"1\" size=\"3\">BPA:s kommentar: <\/font><\/font><\/b><\/p>\n<p nodeindex=\"57\" sizcache=\"792\" sizset=\"235\"><font nodeindex=\"1\" size=\"3\">1. Vi tillstyrker detta f&ouml;rslag i sin helhet. Det &auml;r inte rimligt att en person som &auml;r god man\/f&ouml;rvaltare\/ombud ska vara ekonomisk beroende av den man &auml;r god man\/f&ouml;rvaltare\/ombud &aring;t. <\/font><\/p>\n<p nodeindex=\"58\" sizcache=\"792\" sizset=\"236\"><font nodeindex=\"1\" size=\"3\">2. Av arbetstidslagen framg&aring;r att undantag f&aring;r g&ouml;ras i kollektivavtal. Detta m&aring;ste tydligg&ouml;ras f&ouml;r att undvika administrativa missf&ouml;rst&aring;nd vid hanteringen och utbetalningen av assistansers&auml;ttningen. <\/font><\/p>\n<p nodeindex=\"59\" sizcache=\"792\" sizset=\"237\"><font nodeindex=\"1\" size=\"3\">3. Vi tillstyrker detta i sin helhet. <\/font><\/p>\n<p nodeindex=\"60\" sizcache=\"792\" sizset=\"238\"><font nodeindex=\"1\" size=\"3\">4. Vi tillstyrker detta men menar att det beh&ouml;ver utredas ytterligare vem som har ansvar f&ouml;r att tolka arbetsf&ouml;rm&aring;ga och l&auml;mplighet. BPA anser att i likhet med vad som g&auml;ller vid arbetstagarens arbetsf&ouml;rm&aring;ga vid sjukdom ska denna bed&ouml;mning g&ouml;ras av arbetsgivaren. Det kan dock vara l&auml;mpligt att F&ouml;rs&auml;kringskassan signalerar till arbetsgivaren om myndigheten tack vare sin insyn i andra socialf&ouml;rs&auml;kringsf&ouml;rm&aring;ner kan misst&auml;nka att arbetsf&ouml;rm&aring;gan &auml;r kraftigt nedsatt s&aring; att arbetsgivare i sin tur kan agera. <\/font><\/p>\n<p nodeindex=\"61\" sizcache=\"792\" sizset=\"239\"><font nodeindex=\"1\" size=\"3\">5. Vi tillstyrker detta i sin helhet. <\/font><\/p>\n<p nodeindex=\"62\" sizcache=\"792\" sizset=\"240\"><font nodeindex=\"1\" size=\"3\">Vi tillstyrker &auml;ven den skyldighet att l&auml;mna uppgifter till F&ouml;rs&auml;kringskassan och respektive kommunen som &aring;l&auml;ggs h&auml;r. Dock anser vi inte att det ska &aring;ligga arbetsgivaren att anm&auml;la f&ouml;r&auml;ndringar i arbetstagaren arbetsf&ouml;rm&aring;ga. Det &auml;r orimligt att en assistansanordnare l&ouml;pande ska rapportera f&ouml;r&auml;ndringar i arbetsf&ouml;rm&aring;gan f&ouml;r sina anst&auml;llda till F&ouml;rs&auml;kringskassan respektive kommunen. Myndigheternas kontroll av huruvida en assistent har m&ouml;jlighet att utf&ouml;ra arbete eller inte borde kunna tillgodoses genom andra kontrollfunktioner som utredningen f&ouml;resl&aring;r. <\/font><\/p>\n<p nodeindex=\"63\" sizcache=\"792\" sizset=\"241\"><b nodeindex=\"1\" sizcache=\"792\" sizset=\"242\"><font face=\"Arial,Arial\" nodeindex=\"1\" sizcache=\"792\" size=\"4\" sizset=\"243\"><font face=\"Arial,Arial\" nodeindex=\"1\" size=\"4\">12.7 Anh&ouml;riga som personliga assistenter <\/font><\/font><\/b><\/p>\n<p nodeindex=\"64\" sizcache=\"792\" sizset=\"244\"><b nodeindex=\"1\" sizcache=\"792\" sizset=\"245\"><font face=\"Times New Roman,Times New Roman\" nodeindex=\"1\" sizcache=\"792\" size=\"3\" sizset=\"246\"><font face=\"Times New Roman,Times New Roman\" nodeindex=\"1\" size=\"3\">Utredningens f&ouml;rslag: <\/font><\/font><\/b><font nodeindex=\"2\" size=\"3\">Om den som avses arbeta som personlig <\/font><font nodeindex=\"3\" size=\"3\">assistent &auml;r n&auml;rst&aring;ende till eller lever i hush&aring;llsgemenskap med <\/font><font nodeindex=\"4\" size=\"3\">den assistansber&auml;ttigade ska det g&auml;lla som villkor f&ouml;r assistansers&auml;ttning\/<\/font><font nodeindex=\"5\" size=\"3\">ekonomiskt st&ouml;d till assistans att den assistansber&auml;ttigade <\/font><font nodeindex=\"6\" size=\"3\">samtycker till att F&ouml;rs&auml;kringskassan respektive kommunen samt Socialstyrelsen f&aring;r inspektera utf&ouml;randet av assistansen i hans eller hennes bostad. Med n&auml;rst&aring;ende avses make, sambo, barn, f&ouml;r&auml;ldrar, syskon samt deras makar och barn. Assistansers&auml;ttning\/ekonomiskt st&ouml;d till assistans f&aring;r dras in eller s&auml;ttas ned om den assistansber&auml;ttigade utan giltig anledning bryter mot detta villkor. Undantag g&auml;ller vid anst&auml;llning hos kommunen. <\/font><\/p>\n<p nodeindex=\"65\" sizcache=\"792\" sizset=\"247\"><b nodeindex=\"1\" sizcache=\"792\" sizset=\"248\"><font face=\"Times New Roman,Times New Roman\" nodeindex=\"1\" sizcache=\"792\" size=\"3\" sizset=\"249\"><font face=\"Times New Roman,Times New Roman\" nodeindex=\"1\" size=\"3\">BPA:s kommentar: <\/font><\/font><\/b><font nodeindex=\"2\" size=\"3\">Vi mots&auml;tter oss detta f&ouml;rslag i sin helhet. Det &auml;r orimligt att en myndighet tillf&ouml;rs&auml;krar sig r&auml;tten att f&aring; tilltr&auml;de till en enskilds hem genom tv&aring;ng. Det vill s&auml;ga med hot om att stoppa utbetalningen av assistansers&auml;ttningen. <\/font><\/p>\n<p nodeindex=\"66\" sizcache=\"792\" sizset=\"250\"><font nodeindex=\"1\" size=\"3\">Vi anser det m&auml;rkligt att utredningen h&auml;r s&auml;rskilt riktar ljuset mot andra anordnare &auml;n kommunerna. Utredningen visar att det genomsnittliga antalet timmar per brukare &ouml;kat betydligt snabbare inom assistansen som hanteras av kommunerna &auml;n bland privata anordnare (se bland annat diagram 8.21 i SoU 2012:16 s 280). B&aring;da ligger nu p&aring; ett genomsnitt p&aring; cirka 100 timmar per vecka. Men i kommunernas fall inneb&auml;r det en &ouml;kning p&aring; &ouml;ver 60 procent medan &ouml;kningen bland de privata anordnarna ligger p&aring; knappt 50 procent. I den m&aring;n antalet timmar per brukare &ouml;kat p&aring; grund av fusk och andra oegentligheter finns det allts&aring; ingen anledning att s&auml;rskilja kommunalt anordnad assistans fr&aring;n den privat anordnade. <\/font><\/p>\n<p nodeindex=\"67\" sizcache=\"792\" sizset=\"251\"><b nodeindex=\"1\" sizcache=\"792\" sizset=\"252\"><font face=\"Arial,Arial\" nodeindex=\"1\" sizcache=\"792\" size=\"4\" sizset=\"253\"><font face=\"Arial,Arial\" nodeindex=\"1\" size=\"4\">12.8 &Aring;terkrav av felaktigt utbetald assistansers&auml;ttning <\/font><\/font><\/b><\/p>\n<p nodeindex=\"68\" sizcache=\"792\" sizset=\"254\"><b nodeindex=\"1\" sizcache=\"792\" sizset=\"255\"><font face=\"Times New Roman,Times New Roman\" nodeindex=\"1\" sizcache=\"792\" size=\"3\" sizset=\"256\"><font face=\"Times New Roman,Times New Roman\" nodeindex=\"1\" size=\"3\">Utredningens f&ouml;rslag: <\/font><\/font><\/b><font nodeindex=\"2\" size=\"3\">Om assistansers&auml;ttning har betalats ut <\/font><font nodeindex=\"3\" size=\"3\">felaktigt eller med f&ouml;r h&ouml;gt belopp kan F&ouml;rs&auml;kringskassan <\/font><font nodeindex=\"4\" size=\"3\">besluta om &aring;terkrav av beloppet, f&ouml;rutom fr&aring;n den f&ouml;rs&auml;krade, <\/font><font nodeindex=\"5\" size=\"3\">&auml;ven fr&aring;n v&aring;rdnadshavare, annan st&auml;llf&ouml;retr&auml;dare f&ouml;r den f&ouml;rs&auml;krade eller assistansanordnare till vilka assistansers&auml;ttning betalats ut. Fr&aring;n annan &auml;n den f&ouml;rs&auml;krade f&aring;r dock &aring;terkravet uppg&aring; till h&ouml;gst det belopp som tagits emot f&ouml;r den f&ouml;rs&auml;krades r&auml;kning<\/font><font nodeindex=\"6\" size=\"3\">. <\/font><\/p>\n<p nodeindex=\"69\" sizcache=\"792\" sizset=\"257\"><b nodeindex=\"1\" sizcache=\"792\" sizset=\"258\"><font face=\"Times New Roman,Times New Roman\" nodeindex=\"1\" sizcache=\"792\" size=\"3\" sizset=\"259\"><font face=\"Times New Roman,Times New Roman\" nodeindex=\"1\" size=\"3\">BPA:s kommentar: <\/font><\/font><\/b><font nodeindex=\"2\" size=\"3\">Vi tillstyrker detta f&ouml;rslag i sin helhet. <\/font><\/p>\n<p nodeindex=\"70\" sizcache=\"792\" sizset=\"260\"><b nodeindex=\"1\" sizcache=\"792\" sizset=\"261\"><font face=\"Arial,Arial\" nodeindex=\"1\" sizcache=\"792\" size=\"4\" sizset=\"262\"><font face=\"Arial,Arial\" nodeindex=\"1\" size=\"4\">12.9 F&ouml;ruts&auml;ttningar f&ouml;r retroaktiv ers&auml;ttning f&ouml;r personlig assistans <\/font><\/font><\/b><\/p>\n<p nodeindex=\"71\" sizcache=\"792\" sizset=\"263\"><b nodeindex=\"1\" sizcache=\"792\" sizset=\"264\"><font face=\"Times New Roman,Times New Roman\" nodeindex=\"1\" sizcache=\"792\" size=\"3\" sizset=\"265\"><font face=\"Times New Roman,Times New Roman\" nodeindex=\"1\" size=\"3\">Utredningens f&ouml;rslag: <\/font><\/font><\/b><font nodeindex=\"2\" size=\"3\">Om den som ans&ouml;ker om assistansers&auml;ttning <\/font><font nodeindex=\"3\" size=\"3\">avser att p&aring; egen bekostnad anordna personlig assistans i avvaktan p&aring; slutligt beslut i &auml;rendet f&ouml;r att senare beg&auml;ra ers&auml;ttning retroaktivt, ska uppgifter om assistent och anordnare av assistansen ges in till F&ouml;rs&auml;kringskassan innan assistans l&auml;mnas. L&auml;mnad assistans ska d&auml;refter redovisas m&aring;nadsvis till F&ouml;rs&auml;kringskassan. <\/font><\/p>\n<p nodeindex=\"72\" sizcache=\"792\" sizset=\"266\"><b nodeindex=\"1\" sizcache=\"792\" sizset=\"267\"><font face=\"Times New Roman,Times New Roman\" nodeindex=\"1\" sizcache=\"792\" size=\"3\" sizset=\"268\"><font face=\"Times New Roman,Times New Roman\" nodeindex=\"1\" size=\"3\">BPA:s kommentar: <\/font><\/font><\/b><font nodeindex=\"2\" size=\"3\">Vi tillstyrker detta f&ouml;rslag i sin helhet.<\/font><\/p>\n<p nodeindex=\"73\" sizcache=\"792\" sizset=\"269\"><b nodeindex=\"1\" sizcache=\"792\" sizset=\"270\"><font face=\"Arial,Arial\" nodeindex=\"1\" sizcache=\"792\" size=\"4\" sizset=\"271\"><font face=\"Arial,Arial\" nodeindex=\"1\" size=\"4\">12.10 Barn ska garanteras v&aring;rd, habilitering och utbildning <\/font><\/font><\/b><\/p>\n<p nodeindex=\"74\" sizcache=\"792\" sizset=\"272\"><b nodeindex=\"1\" sizcache=\"792\" sizset=\"273\"><font face=\"Times New Roman,Times New Roman\" nodeindex=\"1\" sizcache=\"792\" size=\"3\" sizset=\"274\"><font face=\"Times New Roman,Times New Roman\" nodeindex=\"1\" size=\"3\">Utredningens f&ouml;rslag: <\/font><\/font><\/b><font nodeindex=\"2\" size=\"3\">Den som &auml;r v&aring;rdnadshavare f&ouml;r ett barn <\/font><font nodeindex=\"3\" size=\"3\">som omfattas av personkretsen &auml;r skyldig att tillse att barnet f&aring;r <\/font><font nodeindex=\"4\" size=\"3\">den v&aring;rd, habilitering och utbildning som st&aring;r till buds &auml;ven om ekonomisk ers&auml;ttning beg&auml;rs f&ouml;r personlig assistans. <\/font><\/p>\n<p nodeindex=\"75\" sizcache=\"792\" sizset=\"275\"><b nodeindex=\"1\" sizcache=\"792\" sizset=\"276\"><font face=\"Times New Roman,Times New Roman\" nodeindex=\"1\" sizcache=\"792\" size=\"3\" sizset=\"277\"><font face=\"Times New Roman,Times New Roman\" nodeindex=\"1\" size=\"3\">BPA:s kommentar: <\/font><\/font><\/b><font nodeindex=\"2\" size=\"3\">Vi tillstyrker detta f&ouml;rslag men vill po&auml;ngtera att assistansanordnare redan nu har en skyldighet att anm&auml;la om ett barn far illa. Vidare m&aring;ste detta alltid vara en fr&aring;ga f&ouml;r de sociala myndigheterna att enligt socialtj&auml;nstlagen kontrollera och hantera barns r&auml;tt till skola, v&aring;rd och omsorg. Den skyldigheten ska inte l&auml;ggas p&aring; en anordnare av assistans. <\/font><\/p>\n<p nodeindex=\"76\" sizcache=\"792\" sizset=\"278\"><b nodeindex=\"1\" sizcache=\"792\" sizset=\"279\"><font face=\"Arial,Arial\" nodeindex=\"1\" sizcache=\"792\" size=\"4\" sizset=\"280\"><font face=\"Arial,Arial\" nodeindex=\"1\" size=\"4\">12.11 Myndighetssamarbete m.m. <\/font><\/font><\/b><\/p>\n<p nodeindex=\"77\" sizcache=\"792\" sizset=\"281\"><b nodeindex=\"1\" sizcache=\"792\" sizset=\"282\"><font face=\"Times New Roman,Times New Roman\" nodeindex=\"1\" sizcache=\"792\" size=\"3\" sizset=\"283\"><font face=\"Times New Roman,Times New Roman\" nodeindex=\"1\" size=\"3\">Utredningens f&ouml;rslag: <\/font><\/font><\/b><font nodeindex=\"2\" size=\"3\">Skyldighet inf&ouml;rs f&ouml;r kommunen att till <\/font><font nodeindex=\"3\" size=\"3\">F&ouml;rs&auml;kringskassan anm&auml;la n&auml;r n&aring;gon som uppb&auml;r assistansers&auml;ttning <\/font><font nodeindex=\"4\" size=\"3\">beviljas gruppbostad, daglig verksamhet, barnomsorg m.m. samt om kommunen f&aring;r k&auml;nnedom om n&aring;got som tyder p&aring; att assistansers&auml;ttning anv&auml;nds f&ouml;r annat &auml;n personlig assistans. S&aring;v&auml;l kommunen som F&ouml;rs&auml;kringskassan ska anm&auml;la till Socialstyrelsen om de f&aring;r k&auml;nnedom om n&aring;got som tyder p&aring; att ett tillst&aring;nd att bedriva verksamhet med personlig assistans kan ifr&aring;gas&auml;ttas. F&ouml;rs&auml;kringskassans m&ouml;jligheter att hos Skatteverket kontrollera uppgifter om assistenter och anordnare av personlig assistans st&auml;rks. <\/font><\/p>\n<p nodeindex=\"78\" sizcache=\"792\" sizset=\"284\"><b nodeindex=\"1\" sizcache=\"792\" sizset=\"285\"><font face=\"Times New Roman,Times New Roman\" nodeindex=\"1\" sizcache=\"792\" size=\"3\" sizset=\"286\"><font face=\"Times New Roman,Times New Roman\" nodeindex=\"1\" size=\"3\">BPA:s kommentar: <\/font><\/font><\/b><font nodeindex=\"2\" size=\"3\">Vi tillstyrker detta f&ouml;rslag i sin helhet. BPA har l&auml;nge efterfr&aring;gat en b&auml;ttre samverkan mellan ber&ouml;rda myndigheter och betonat att detta b&ouml;r vara en de mest verkningsfulla &aring;tg&auml;rderna f&ouml;r att st&auml;vja fusket. Vi f&ouml;rordar ocks&aring; ett inf&ouml;rande av ett formellt branschr&aring;d d&auml;r ber&ouml;rda myndigheter och f&ouml;retr&auml;dare fr&aring;n branschen ing&aring;r. Vi tror att ett s&aring;dant branschr&aring;d skulle &ouml;ka myndigheternas och anordnares f&ouml;rst&aring;else f&ouml;r hur branschen fungerar och d&auml;rigenom &ouml;ka m&ouml;jligheten till att begr&auml;nsa felaktigt anv&auml;ndande av assistansers&auml;ttningen. <\/font><\/p>\n<p nodeindex=\"79\" sizcache=\"792\" sizset=\"287\"><font nodeindex=\"1\" size=\"3\">Vi vill &auml;ven i detta sammanhang p&aring;tala att det &auml;r av st&ouml;rsta vikt att kommunikationen till anordnare och brukare fungerar f&ouml;r att motverka omedvetet felaktigt till&auml;mpande av g&auml;llande regler. F&ouml;rs&auml;kringskassan fick efter lag&auml;ndringen 2008 i uppdrag av genomf&ouml;ra en informationssatsning som &auml;nnu inte &auml;gt rum, vi tycker att det h&ouml;g tid att detta sker. <\/font><\/p>\n<p nodeindex=\"80\" sizcache=\"792\" sizset=\"288\"><b nodeindex=\"1\" sizcache=\"792\" sizset=\"289\"><font face=\"Arial,Arial\" nodeindex=\"1\" sizcache=\"792\" size=\"4\" sizset=\"290\"><font face=\"Arial,Arial\" nodeindex=\"1\" size=\"4\">12.12 Bemyndigande att utf&auml;rda f&ouml;reskrifter <\/font><\/font><\/b><\/p>\n<p nodeindex=\"81\" sizcache=\"792\" sizset=\"291\"><b nodeindex=\"1\" sizcache=\"792\" sizset=\"292\"><font face=\"Times New Roman,Times New Roman\" nodeindex=\"1\" sizcache=\"792\" size=\"3\" sizset=\"293\"><font face=\"Times New Roman,Times New Roman\" nodeindex=\"1\" size=\"3\">Utredningens f&ouml;rslag: <\/font><\/font><\/b><font nodeindex=\"2\" size=\"3\">Regeringen eller den myndighet som <\/font><font nodeindex=\"3\" size=\"3\">regeringen best&auml;mmer f&aring;r meddela f&ouml;reskrifter om <\/font><\/p>\n<p nodeindex=\"82\" sizcache=\"792\" sizset=\"294\"><font nodeindex=\"1\" size=\"3\">1. verksamhet enligt 9 &sect; LSS, <\/font><\/p>\n<p nodeindex=\"83\" sizcache=\"792\" sizset=\"295\"><font nodeindex=\"1\" size=\"3\">2. personlig assistans enligt 9 a &sect; LSS, <\/font><\/p>\n<p nodeindex=\"84\" sizcache=\"792\" sizset=\"296\"><font nodeindex=\"1\" size=\"3\">3. ers&auml;ttning f&ouml;r personlig assistans enligt 9 c&ndash;e &sect;&sect; LSS, och <\/font><\/p>\n<p nodeindex=\"85\" sizcache=\"792\" sizset=\"297\"><font nodeindex=\"1\" size=\"3\">4. tillst&aring;ndspr&ouml;vning enligt 23 &sect; LSS.<\/font><\/p>\n<p nodeindex=\"86\" sizcache=\"792\" sizset=\"298\"><b nodeindex=\"1\" sizcache=\"792\" sizset=\"299\"><font face=\"Times New Roman,Times New Roman\" nodeindex=\"1\" sizcache=\"792\" size=\"3\" sizset=\"300\"><font face=\"Times New Roman,Times New Roman\" nodeindex=\"1\" size=\"3\">BPA:s kommentar: <\/font><\/font><\/b><font nodeindex=\"2\" size=\"3\">Vi har sv&aring;rt att bed&ouml;ma konsekvenserna av detta f&ouml;rslag men vill p&aring;tala att det &auml;r viktigt att enskilda myndigheter inte f&aring;r f&ouml;r stora m&ouml;jligheter att besluta om f&ouml;reskrifter som f&aring;r alltf&ouml;r l&aring;ngtg&aring;ende effekter och &auml;r f&ouml;r restriktiva i synen p&aring; r&auml;tt till assistans i f&ouml;rh&aring;llande till de politiska intentionerna i LSS-lagstiftningen. <\/font><\/p>\n<p nodeindex=\"87\" sizcache=\"792\" sizset=\"301\"><b nodeindex=\"1\" sizcache=\"792\" sizset=\"302\"><font face=\"Arial,Arial\" nodeindex=\"1\" sizcache=\"792\" size=\"4\" sizset=\"303\"><font face=\"Arial,Arial\" nodeindex=\"1\" size=\"4\">13.1 &Ouml;kad tyngd &aring;t det f&ouml;rsta beslutet om beviljande av assistansers&auml;ttning <\/font><\/font><\/b><\/p>\n<p nodeindex=\"88\" sizcache=\"792\" sizset=\"304\"><b nodeindex=\"1\" sizcache=\"792\" sizset=\"305\"><font face=\"Times New Roman,Times New Roman\" nodeindex=\"1\" sizcache=\"792\" size=\"3\" sizset=\"306\"><font face=\"Times New Roman,Times New Roman\" nodeindex=\"1\" size=\"3\">Utredningens f&ouml;rslag: <\/font><\/font><\/b><font nodeindex=\"2\" size=\"3\">F&ouml;rs&auml;kringskassan ska tillf&ouml;ras medel f&ouml;r att kunna betala f&ouml;r egna utredningar av opartiska specialister\/konsulter. <\/font><\/p>\n<p nodeindex=\"89\" sizcache=\"792\" sizset=\"307\"><b nodeindex=\"1\" sizcache=\"792\" sizset=\"308\"><font face=\"Times New Roman,Times New Roman\" nodeindex=\"1\" sizcache=\"792\" size=\"3\" sizset=\"309\"><font face=\"Times New Roman,Times New Roman\" nodeindex=\"1\" size=\"3\">Utredningens bed&ouml;mning: <\/font><\/font><\/b><font nodeindex=\"2\" size=\"3\">Det f&ouml;rsta beslutet om assistansers&auml;ttning m&aring;ste bli korrekt och vila p&aring; ett sakligt och fullst&auml;ndigt underlag som klarl&auml;gger det individuella hj&auml;lpbehovet. Medicinska underlag ska grundas p&aring; verklig unders&ouml;kning och medicinska fynd. Hembes&ouml;k och personligt sammantr&auml;ffande med den s&ouml;kande b&ouml;r alltid genomf&ouml;ras och f&aring;r inte ers&auml;ttas av samtal med anh&ouml;riga och\/eller ombud. Hembes&ouml;k och m&ouml;ten b&ouml;r inte genomf&ouml;ras av en ensam handl&auml;ggare. Om tolk m&aring;ste anlitas ska det vara en utomst&aring;ende och opartisk tolk. <\/font><\/p>\n<p nodeindex=\"90\" sizcache=\"792\" sizset=\"310\"><b nodeindex=\"1\" sizcache=\"792\" sizset=\"311\"><font face=\"Times New Roman,Times New Roman\" nodeindex=\"1\" sizcache=\"792\" size=\"3\" sizset=\"312\"><font face=\"Times New Roman,Times New Roman\" nodeindex=\"1\" size=\"3\">BPA:s kommentar: <\/font><\/font><\/b><font nodeindex=\"2\" size=\"3\">F&ouml;rsta beslutet &auml;r av stor vikt och det &auml;r avg&ouml;rande att det finns saklig grund i form av medicinskt underlag som styrker behovet. F&ouml;rs&auml;kringskassan har genom &auml;ndringar och till&auml;gg i V&auml;gledningen skapat bra rutiner kring detta. En ytterligare reglering kring detta kommer att st&auml;rka handl&auml;ggarens m&ouml;jlighet att fatta ett korrekt beslut och kommer d&auml;rmed att f&ouml;rebygga fusk d&auml;r personer simulerat sitt st&ouml;dbehov. Det &auml;r &auml;ven viktigt ur r&auml;ttss&auml;kerhetssynpunkt att besluten blir enhetliga utan regionala skillnader. <\/font><\/p>\n<p nodeindex=\"91\" sizcache=\"792\" sizset=\"313\"><font nodeindex=\"1\" size=\"3\">Utredarens f&ouml;rslag att F&ouml;rs&auml;kringskassan kan initiera ADL-utredningar &auml;r bra eftersom det i dag kan finnas sv&aring;righeter f&ouml;r den enskilde att beg&auml;ra denna typ av utredning. Orsaken &auml;r att vissa landsting nekar denna typ av utredningar om det inte direkt beg&auml;rs av myndigheten. En s&aring;dan m&ouml;jlighet f&ouml;r F&ouml;rs&auml;kringskassan kommer att underl&auml;tta f&ouml;r den enskilde att f&aring; r&auml;tt underlag f&ouml;r att f&aring; sin r&auml;tt pr&ouml;vad. BPA vill understryka att ett personligt m&ouml;te med den enskilde &auml;r mycket viktigt och b&ouml;r alltid genomf&ouml;ras. Idag genomf&ouml;rs inte detta i alla utredningar. En s&aring;dan kontakt ska givetvis inte ers&auml;ttas av kontakt med anh&ouml;riga eller ombud utan dessa kan delta vid hembes&ouml;ket. <\/font><\/p>\n<p nodeindex=\"92\" sizcache=\"792\" sizset=\"314\"><font nodeindex=\"1\" size=\"3\">I samband med detta &ouml;nskar BPA framf&ouml;ra att bevisv&auml;rderingen &auml;r avg&ouml;rande f&ouml;r om den enskilde kan f&aring; ett rimligt och r&auml;ttvisande beslut. I dag kr&auml;vs att s&ouml;kande kan styrka att denne har det hj&auml;lpbehov den uppger. I takt med att regelverket blivit mer och mer komplicerat med ett st&ouml;rre fokus p&aring; detaljer, framf&ouml;rallt fr&aring;n F&ouml;rs&auml;kringskassan, st&auml;ller det h&ouml;gre krav p&aring; den enskilde att styrka ett visst specifikt hj&auml;lpbehov med l&auml;karintyg. Klarar denne inte det avsl&aring;s ans&ouml;kan i den delen. <\/font><\/p>\n<p nodeindex=\"93\" sizcache=\"792\" sizset=\"315\"><font nodeindex=\"1\" size=\"3\">En l&auml;kare saknar n&auml;stan alltid insikt om detaljer i de hj&auml;lpbehov som den enskilde har och som &auml;r assistansgrundande. Detta medf&ouml;r att r&auml;tten till assistans kan bli godtycklig beroende p&aring; den enskilda handl&auml;ggarens uppfattning. Ett omfattande regelverk skyddar inte den enskilde n&auml;r ett avslag kan grundas p&aring; ett beviskrav som inte g&aring;r att uppn&aring;.<\/font><\/p>\n<p nodeindex=\"94\" sizcache=\"792\" sizset=\"316\"><font nodeindex=\"1\" size=\"3\">BPA f&ouml;rordar d&auml;rf&ouml;r att beviskravet ska s&auml;nkas fr&aring;n styrkt till visat. D&auml;rigenom st&auml;lls det h&ouml;gre krav p&aring; den utredande myndigheten att motivera ett avslag vilket i l&auml;ngden borgar f&ouml;r en r&auml;ttss&auml;krare handl&auml;ggning. <\/font><\/p>\n<p nodeindex=\"95\" sizcache=\"792\" sizset=\"317\"><b nodeindex=\"1\" sizcache=\"792\" sizset=\"318\"><font face=\"Arial,Arial\" nodeindex=\"1\" sizcache=\"792\" size=\"4\" sizset=\"319\"><font face=\"Arial,Arial\" nodeindex=\"1\" size=\"4\">13.2 F&ouml;rb&auml;ttrad kontroll och uppf&ouml;ljning <\/font><\/font><\/b><\/p>\n<p nodeindex=\"96\" sizcache=\"792\" sizset=\"320\"><b nodeindex=\"1\" sizcache=\"792\" sizset=\"321\"><font face=\"Times New Roman,Times New Roman\" nodeindex=\"1\" sizcache=\"792\" size=\"3\" sizset=\"322\"><font face=\"Times New Roman,Times New Roman\" nodeindex=\"1\" size=\"3\">Utredningens f&ouml;rslag: <\/font><\/font><\/b><font nodeindex=\"2\" size=\"3\">F&ouml;rs&auml;kringskassan ska ges r&auml;tt att beg&auml;ra in uppgifter direkt fr&aring;n anordnare av personlig assistans. F&ouml;rs&auml;kringskassan ska ges ut&ouml;kad m&ouml;jlighet att kontrollera uppgifter om l&auml;mnad assistans mot uppgifter hos Skatteverket. <\/font><\/p>\n<p nodeindex=\"97\" sizcache=\"792\" sizset=\"323\"><b nodeindex=\"1\" sizcache=\"792\" sizset=\"324\"><font face=\"Times New Roman,Times New Roman\" nodeindex=\"1\" sizcache=\"792\" size=\"3\" sizset=\"325\"><font face=\"Times New Roman,Times New Roman\" nodeindex=\"1\" size=\"3\">Utredningens bed&ouml;mning: <\/font><\/font><\/b><font nodeindex=\"2\" size=\"3\">Tv&aring;&aring;rsompr&ouml;vningar b&ouml;r genomf&ouml;ras fr&auml;mst f&ouml;r att f&ouml;lja upp f&ouml;r&auml;ndringar i h&auml;lsotillst&aring;nd och hj&auml;lpbehov, inte f&ouml;r att r&auml;tta till tidigare beslut. Uppgifter om assistenter och anordnare av assistans b&ouml;r f&ouml;ljas upp genom regelbundna kontroller hos Skatteverket. Dispens fr&aring;n tidredovisningar b&ouml;r inte l&auml;ngre l&auml;mnas. Kontrollen av tidredovisningar b&ouml;r f&ouml;rb&auml;ttras. Tidredovisningar som &auml;r ofullst&auml;ndiga eller ol&auml;sliga f&aring;r inte godtas. Om en redovisning ger anledning till misstanke om fusk eller felaktig anv&auml;ndning av assistansers&auml;ttningen ska &auml;rendet utredas i s&auml;rskild ordning. Myndigheten b&ouml;r utveckla ett IT-baserat system f&ouml;r att m&ouml;jligg&ouml;ra systematiskt utformade kontroller, uppf&ouml;ljning och informationsutbyte inom och mellan myndigheter. Myndigheten b&ouml;r genomf&ouml;ra informationsinsatser f&ouml;r <\/font><font nodeindex=\"3\" size=\"3\">brukare och anordnare f&ouml;r att s&auml;kerst&auml;lla att assistansers&auml;ttningen anv&auml;nds p&aring; ett korrekt s&auml;tt och att risken f&ouml;r oavsiktliga fel <\/font><font nodeindex=\"4\" size=\"3\">undanr&ouml;js. <\/font><\/p>\n<p nodeindex=\"98\" sizcache=\"792\" sizset=\"326\"><b nodeindex=\"1\" sizcache=\"792\" sizset=\"327\"><font face=\"Times New Roman,Times New Roman\" nodeindex=\"1\" sizcache=\"792\" size=\"3\" sizset=\"328\"><font face=\"Times New Roman,Times New Roman\" nodeindex=\"1\" size=\"3\">BPA:s kommentar: <\/font><\/font><\/b><font nodeindex=\"2\" size=\"3\">Vi st&ouml;ttar utredningens f&ouml;rslag att myndigheten ska ges m&ouml;jlighet att inh&auml;mta information om assistenter fr&aring;n anordnare. Regelbundna kontroller hos Skatteverket kommer att ge myndigheten en bra insyn i verksamheten. En kontroll som ger F&ouml;rs&auml;kringskassan m&ouml;jlighet att koppla samman kunden med personliga assistenter &auml;r avg&ouml;rande f&ouml;r att s&auml;kra att assistansen utf&ouml;rs &auml;ndam&aring;lsenligt. Det framg&aring;r dock inte tydligt vilka uppgifter som F&ouml;rs&auml;kringskassan ska kunna inh&auml;mta fr&aring;n anordnaren. <\/font><\/p>\n<p nodeindex=\"99\" sizcache=\"792\" sizset=\"329\"><b nodeindex=\"1\" sizcache=\"792\" sizset=\"330\"><font face=\"Arial,Arial\" nodeindex=\"1\" sizcache=\"792\" size=\"4\" sizset=\"331\"><font face=\"Arial,Arial\" nodeindex=\"1\" size=\"4\">13.3 Organisation och styrning <\/font><\/font><\/b><\/p>\n<p nodeindex=\"100\" sizcache=\"792\" sizset=\"332\"><b nodeindex=\"1\" sizcache=\"792\" sizset=\"333\"><font face=\"Times New Roman,Times New Roman\" nodeindex=\"1\" sizcache=\"792\" size=\"3\" sizset=\"334\"><font face=\"Times New Roman,Times New Roman\" nodeindex=\"1\" size=\"3\">Utredningens f&ouml;rslag: <\/font><\/font><\/b><font nodeindex=\"2\" size=\"3\">F&ouml;rs&auml;kringskassan ska tillf&ouml;ras medel f&ouml;r att kunna utveckla IT-baserade system f&ouml;r handl&auml;ggningsst&ouml;d, uppf&ouml;ljning, statistik och systematisk kontroll av assistansers&auml;ttningen. <\/font><\/p>\n<p nodeindex=\"101\" sizcache=\"792\" sizset=\"335\"><b nodeindex=\"1\" sizcache=\"792\" sizset=\"336\"><font face=\"Times New Roman,Times New Roman\" nodeindex=\"1\" sizcache=\"792\" size=\"3\" sizset=\"337\"><font face=\"Times New Roman,Times New Roman\" nodeindex=\"1\" size=\"3\">Utredningens bed&ouml;mning: <\/font><\/font><\/b><font nodeindex=\"2\" size=\"3\">F&ouml;rs&auml;kringskassans handl&auml;ggning av nyans&ouml;kningar om assistansers&auml;ttning b&ouml;r centraliseras eller koncentreras till ett mindre antal platser s&aring; att tillr&auml;cklig kompetens och erfarenhet kan byggas upp. Handl&auml;ggningen m&aring;ste bli mera enhetlig och r&auml;ttss&auml;ker. M&aring;let om en enkel och snabb handl&auml;ggning m&aring;ste ges upp till f&ouml;rm&aring;n f&ouml;r krav p&aring; kvalitet och materiellt riktiga beslut. F&ouml;renklade metoder att ber&auml;kna antal assistanstimmar m&aring;ste &ouml;verges. F&ouml;rs&auml;kringskassan ska till regeringen rapportera vilka &aring;tg&auml;rder myndigheten vidtagit mot bakgrund av utredningens analys av handl&auml;ggning och kontroll m.m. av &auml;renden om assistansers&auml;ttning.<\/font><\/p>\n<p nodeindex=\"102\" sizcache=\"792\" sizset=\"338\"><b nodeindex=\"1\" sizcache=\"792\" sizset=\"339\"><font face=\"Times New Roman,Times New Roman\" nodeindex=\"1\" sizcache=\"792\" size=\"3\" sizset=\"340\"><font face=\"Times New Roman,Times New Roman\" nodeindex=\"1\" size=\"3\">BPA:s kommentar: <\/font><\/font><\/b><font nodeindex=\"2\" size=\"3\">Vi tillstyrker detta men anser inte att m&aring;let om en enkel och snabb handl&auml;ggning ska ges upp till f&ouml;rm&aring;n f&ouml;r krav p&aring; kvalitet och materiellt riktiga beslut. Det borde vara m&ouml;jligt att handl&auml;ggningen sker med god kvalitet, skyndsamt och samtidigt resulterar i materiellt riktiga beslut. Detta b&ouml;r vara det givna m&aring;let f&ouml;r att den enskilde inte ska drabbas av l&auml;ngre handl&auml;ggningstider &auml;n de som r&aring;der idag. Detta s&auml;rskilt med h&auml;nsyn till utredningens f&ouml;rslag om f&ouml;ruts&auml;ttningar f&ouml;r retroaktiv ers&auml;ttning f&ouml;r personlig assistans (12.9). <\/font><\/p>\n<p nodeindex=\"103\" sizcache=\"792\" sizset=\"341\"><b nodeindex=\"1\" sizcache=\"792\" sizset=\"342\"><font face=\"Arial,Arial\" nodeindex=\"1\" sizcache=\"792\" size=\"3\" sizset=\"343\"><font face=\"Arial,Arial\" nodeindex=\"1\" size=\"3\">BPA:s samlade kommentar hela kapitel 13. <\/font><\/font><\/b><\/p>\n<p nodeindex=\"104\" sizcache=\"792\" sizset=\"344\"><font nodeindex=\"1\" size=\"3\">Vi tillstyrker samtliga f&ouml;rslag i kapitel 13 med ovanst&aring;ende kommentarer men ifr&aring;gas&auml;tter starkt F&ouml;rs&auml;kringskassans m&ouml;jligheter att genomf&ouml;ra f&ouml;reslagna f&ouml;r&auml;ndringar. V&aring;r uppfattning &auml;r att det egentligen inte &auml;r det tidigare regelverket det varit fel p&aring; utan det faktum att detta inte har efterlevts som &auml;r orsaken till att branschen har utvecklats som den gjort. Detta &auml;r F&ouml;rs&auml;kringskassans ansvar. Vi finner det sv&aring;rt att tro att F&ouml;rs&auml;kringskassan ska klara av dessa nya uppdrag med tanke p&aring; den historik som finns. Vi tror att det &auml;r tveksamt om F&ouml;rs&auml;kringskassan kommer att kunna hantera de medel och resurser de f&aring;r tillr&auml;ckligt effektivt. Det finns, enligt BPA bed&ouml;mning, en betydande risk att slutresultatet kommer inneb&auml;ra en betydande byr&aring;kratisering med ett omfattande och komplicerat regelverk som &auml;r mer inriktat mot F&ouml;rs&auml;kringskassans administrativa behov &auml;n den enskildes behov av assistans. <\/font><\/p>\n<p nodeindex=\"105\" sizcache=\"792\" sizset=\"345\"><font nodeindex=\"1\" size=\"3\">Framf&ouml;rallt vill vi f&ouml;resl&aring; att en parlamentariskt sammansatt gruppering tills&auml;tts som f&aring;r i uppdrag att tillse att F&ouml;rs&auml;kringskassan genomf&ouml;r f&ouml;reslagna f&ouml;r&auml;ndringar p&aring; l&auml;mpligt s&auml;tt och i rimlig tid. Viktiga faktorer att beakta &auml;r bland annat att den individuella bed&ouml;mningen m&aring;ste v&auml;rnas i ett systemskifte och att den assistansber&auml;ttigades behov forts&auml;ttningsvis m&aring;ste f&aring; ett huvudfokus. Det &auml;r orimligt med den utveckling som &auml;r idag att regelverket har blivit s&aring; komplicerat att det inte g&aring;r att fatta r&auml;ttss&auml;kra beslut i rimlig tid. <\/font><\/p>\n<p nodeindex=\"106\" sizcache=\"792\" sizset=\"346\"><b nodeindex=\"1\" sizcache=\"792\" sizset=\"347\"><font face=\"Arial,Arial\" nodeindex=\"1\" sizcache=\"792\" size=\"4\" sizset=\"348\"><font face=\"Arial,Arial\" nodeindex=\"1\" size=\"4\">Bilaga 2: M&ouml;jlig ny reglering av schabloners&auml;ttningen <\/font><\/font><\/b><\/p>\n<p nodeindex=\"107\" sizcache=\"792\" sizset=\"349\"><font nodeindex=\"1\" size=\"3\">51 kap. 11 &sect; socialf&ouml;rs&auml;kringsbalken ers&auml;tts av f&ouml;ljande: Assistansers&auml;ttning l&auml;mnas f&ouml;r <\/font><\/p>\n<p nodeindex=\"108\" sizcache=\"792\" sizset=\"350\"><font nodeindex=\"1\" size=\"3\">1. faktiska l&ouml;nekostnader f&ouml;r anst&auml;llda assistenter, upp till ett fastst&auml;llt h&ouml;gsta belopp per anst&auml;lld, <\/font><\/p>\n<p nodeindex=\"109\" sizcache=\"792\" sizset=\"351\"><font nodeindex=\"1\" size=\"3\">2. administration, kompetensutveckling m.m., r&auml;knat som ett belopp per anst&auml;lld assistent, och <\/font><\/p>\n<p nodeindex=\"110\" sizcache=\"792\" sizset=\"352\"><font nodeindex=\"1\" size=\"3\">3. assistansomkostnader, r&auml;knat som ett belopp per assistansber&auml;ttigad. Regeringen fastst&auml;ller &aring;rligen de belopp som avses i f&ouml;rsta stycket 1 &ndash; 3. <\/font><\/p>\n<p nodeindex=\"111\" sizcache=\"792\" sizset=\"353\"><b nodeindex=\"1\" sizcache=\"792\" sizset=\"354\"><font face=\"Times New Roman,Times New Roman\" nodeindex=\"1\" sizcache=\"792\" size=\"3\" sizset=\"355\"><font face=\"Times New Roman,Times New Roman\" nodeindex=\"1\" size=\"3\">BPA:s kommentar: <\/font><\/font><\/b><font nodeindex=\"2\" size=\"3\">Vi mots&auml;tter oss det f&ouml;rslag som l&auml;mnas i utredningen. Ett av grundfundamenten i den svenska modellen &auml;r att staten genom reglering inte ska s&auml;tta niv&aring;er f&ouml;r det privata n&auml;ringslivet eller f&ouml;r kommunala verksamheter. Detta ska hanteras av arbetsmarknadens parter. <\/font><\/p>\n<p nodeindex=\"112\" sizcache=\"792\" sizset=\"356\"><font nodeindex=\"1\" size=\"3\">Den nuvarande ers&auml;ttningsmodellen har brister, vilka BPA har framf&ouml;rt vid ett flertal tillf&auml;llen. Vi tror dock att det &auml;r sv&aring;rt att hitta en r&auml;ttvisare modell <\/font><font nodeindex=\"2\" size=\"3\">som inte medf&ouml;r omfattande detaljregleringar f&ouml;r att tillgodose den uppsj&ouml; av kostnadsvariationer som kan uppst&aring;. BPA f&ouml;rordar att den nuvarande ers&auml;ttningsmodellen beh&aring;lls men att den utvecklas till att bli mer precis och r&auml;ttvisande i f&ouml;rh&aring;llande till faktiska kostnader. <\/font><\/p>\n<p nodeindex=\"113\" sizcache=\"792\" sizset=\"357\"><font nodeindex=\"1\" size=\"3\">V&aring;rdf&ouml;retagarna, <\/font><\/p>\n<p nodeindex=\"114\" sizcache=\"792\" sizset=\"358\"><font nodeindex=\"1\" size=\"3\">Katarina Storm &Aring;sell <\/font><\/p>\n<\/p><\/div>\n","protected":false},"excerpt":{"rendered":"<p>Bransch Personlig Assistans (BPA) inom V&aring;rdf&ouml;retagarna som &auml;r en arbetsgivar- och branschorganisation f&ouml;r privata v&aring;rd- och omsorgsgivare vill h&auml;rmed ge sina synpunkter p&aring; ovanst&aring;ende bet&auml;nkande. Sammanfattning BPA v&auml;lkomnar den genomlysning av assistansreformen med betoning p&aring; &hellip;<\/p>\n","protected":false},"template":"","categories":[],"class_list":["post-9704","referral","type-referral","status-publish","hentry"],"acf":[],"yoast_head":"<!-- This site is optimized with the Yoast SEO Premium plugin v26.8 (Yoast SEO v26.8) - https:\/\/yoast.com\/product\/yoast-seo-premium-wordpress\/ -->\n<title>\u00c5tg\u00e4rder mot fusk och felaktigheter med assistansers\u00e4ttning, SOU 2012:6 | Almega<\/title>\n<meta name=\"robots\" content=\"index, follow, max-snippet:-1, max-image-preview:large, max-video-preview:-1\" \/>\n<link rel=\"canonical\" href=\"https:\/\/www.almega.se\/remisser\/atgarder-mot-fusk-och-felaktigheter-med-assistansersattning-sou-20126\/\" \/>\n<meta property=\"og:locale\" content=\"sv_SE\" \/>\n<meta property=\"og:type\" content=\"article\" \/>\n<meta property=\"og:title\" content=\"\u00c5tg\u00e4rder mot fusk och felaktigheter med assistansers\u00e4ttning, SOU 2012:6\" \/>\n<meta property=\"og:description\" content=\"Bransch Personlig Assistans (BPA) inom V&aring;rdf&ouml;retagarna som &auml;r en arbetsgivar- och branschorganisation f&ouml;r privata v&aring;rd- och omsorgsgivare vill h&auml;rmed ge sina synpunkter p&aring; ovanst&aring;ende bet&auml;nkande. Sammanfattning BPA v&auml;lkomnar den genomlysning av assistansreformen med betoning p&aring; &hellip;\" \/>\n<meta property=\"og:url\" content=\"https:\/\/www.almega.se\/remisser\/atgarder-mot-fusk-och-felaktigheter-med-assistansersattning-sou-20126\/\" \/>\n<meta property=\"og:site_name\" content=\"Almega\" \/>\n<meta property=\"og:image\" content=\"https:\/\/www.almega.se\/app\/uploads\/2020\/12\/almega-share-logo.png\" \/>\n\t<meta property=\"og:image:width\" content=\"1200\" \/>\n\t<meta property=\"og:image:height\" content=\"630\" \/>\n\t<meta property=\"og:image:type\" content=\"image\/png\" \/>\n<meta name=\"twitter:card\" content=\"summary_large_image\" \/>\n<meta name=\"twitter:label1\" content=\"Ber\u00e4knad l\u00e4stid\" \/>\n\t<meta name=\"twitter:data1\" content=\"37 minuter\" \/>\n<script type=\"application\/ld+json\" class=\"yoast-schema-graph\">{\"@context\":\"https:\/\/schema.org\",\"@graph\":[{\"@type\":\"WebPage\",\"@id\":\"https:\/\/www.almega.se\/remisser\/atgarder-mot-fusk-och-felaktigheter-med-assistansersattning-sou-20126\/\",\"url\":\"https:\/\/www.almega.se\/remisser\/atgarder-mot-fusk-och-felaktigheter-med-assistansersattning-sou-20126\/\",\"name\":\"\u00c5tg\u00e4rder mot fusk och felaktigheter med assistansers\u00e4ttning, SOU 2012:6 | Almega\",\"isPartOf\":{\"@id\":\"https:\/\/www.almega.se\/#website\"},\"datePublished\":\"2012-04-25T00:00:00+00:00\",\"breadcrumb\":{\"@id\":\"https:\/\/www.almega.se\/remisser\/atgarder-mot-fusk-och-felaktigheter-med-assistansersattning-sou-20126\/#breadcrumb\"},\"inLanguage\":\"sv-SE\",\"potentialAction\":[{\"@type\":\"ReadAction\",\"target\":[\"https:\/\/www.almega.se\/remisser\/atgarder-mot-fusk-och-felaktigheter-med-assistansersattning-sou-20126\/\"]}]},{\"@type\":\"BreadcrumbList\",\"@id\":\"https:\/\/www.almega.se\/remisser\/atgarder-mot-fusk-och-felaktigheter-med-assistansersattning-sou-20126\/#breadcrumb\",\"itemListElement\":[{\"@type\":\"ListItem\",\"position\":1,\"name\":\"Home\",\"item\":\"https:\/\/www.almega.se\/\"},{\"@type\":\"ListItem\",\"position\":2,\"name\":\"Remisser\",\"item\":\"https:\/\/www.almega.se\/remisser\/\"},{\"@type\":\"ListItem\",\"position\":3,\"name\":\"\u00c5tg\u00e4rder mot fusk och felaktigheter med assistansers\u00e4ttning, SOU 2012:6\"}]},{\"@type\":\"WebSite\",\"@id\":\"https:\/\/www.almega.se\/#website\",\"url\":\"https:\/\/www.almega.se\/\",\"name\":\"Almega\",\"description\":\"\",\"potentialAction\":[{\"@type\":\"SearchAction\",\"target\":{\"@type\":\"EntryPoint\",\"urlTemplate\":\"https:\/\/www.almega.se\/?s={search_term_string}\"},\"query-input\":{\"@type\":\"PropertyValueSpecification\",\"valueRequired\":true,\"valueName\":\"search_term_string\"}}],\"inLanguage\":\"sv-SE\"}]}<\/script>\n<!-- \/ Yoast SEO Premium plugin. -->","yoast_head_json":{"title":"\u00c5tg\u00e4rder mot fusk och felaktigheter med assistansers\u00e4ttning, SOU 2012:6 | Almega","robots":{"index":"index","follow":"follow","max-snippet":"max-snippet:-1","max-image-preview":"max-image-preview:large","max-video-preview":"max-video-preview:-1"},"canonical":"https:\/\/www.almega.se\/remisser\/atgarder-mot-fusk-och-felaktigheter-med-assistansersattning-sou-20126\/","og_locale":"sv_SE","og_type":"article","og_title":"\u00c5tg\u00e4rder mot fusk och felaktigheter med assistansers\u00e4ttning, SOU 2012:6","og_description":"Bransch Personlig Assistans (BPA) inom V&aring;rdf&ouml;retagarna som &auml;r en arbetsgivar- och branschorganisation f&ouml;r privata v&aring;rd- och omsorgsgivare vill h&auml;rmed ge sina synpunkter p&aring; ovanst&aring;ende bet&auml;nkande. Sammanfattning BPA v&auml;lkomnar den genomlysning av assistansreformen med betoning p&aring; &hellip;","og_url":"https:\/\/www.almega.se\/remisser\/atgarder-mot-fusk-och-felaktigheter-med-assistansersattning-sou-20126\/","og_site_name":"Almega","og_image":[{"width":1200,"height":630,"url":"https:\/\/www.almega.se\/app\/uploads\/2020\/12\/almega-share-logo.png","type":"image\/png"}],"twitter_card":"summary_large_image","twitter_misc":{"Ber\u00e4knad l\u00e4stid":"37 minuter"},"schema":{"@context":"https:\/\/schema.org","@graph":[{"@type":"WebPage","@id":"https:\/\/www.almega.se\/remisser\/atgarder-mot-fusk-och-felaktigheter-med-assistansersattning-sou-20126\/","url":"https:\/\/www.almega.se\/remisser\/atgarder-mot-fusk-och-felaktigheter-med-assistansersattning-sou-20126\/","name":"\u00c5tg\u00e4rder mot fusk och felaktigheter med assistansers\u00e4ttning, SOU 2012:6 | Almega","isPartOf":{"@id":"https:\/\/www.almega.se\/#website"},"datePublished":"2012-04-25T00:00:00+00:00","breadcrumb":{"@id":"https:\/\/www.almega.se\/remisser\/atgarder-mot-fusk-och-felaktigheter-med-assistansersattning-sou-20126\/#breadcrumb"},"inLanguage":"sv-SE","potentialAction":[{"@type":"ReadAction","target":["https:\/\/www.almega.se\/remisser\/atgarder-mot-fusk-och-felaktigheter-med-assistansersattning-sou-20126\/"]}]},{"@type":"BreadcrumbList","@id":"https:\/\/www.almega.se\/remisser\/atgarder-mot-fusk-och-felaktigheter-med-assistansersattning-sou-20126\/#breadcrumb","itemListElement":[{"@type":"ListItem","position":1,"name":"Home","item":"https:\/\/www.almega.se\/"},{"@type":"ListItem","position":2,"name":"Remisser","item":"https:\/\/www.almega.se\/remisser\/"},{"@type":"ListItem","position":3,"name":"\u00c5tg\u00e4rder mot fusk och felaktigheter med assistansers\u00e4ttning, SOU 2012:6"}]},{"@type":"WebSite","@id":"https:\/\/www.almega.se\/#website","url":"https:\/\/www.almega.se\/","name":"Almega","description":"","potentialAction":[{"@type":"SearchAction","target":{"@type":"EntryPoint","urlTemplate":"https:\/\/www.almega.se\/?s={search_term_string}"},"query-input":{"@type":"PropertyValueSpecification","valueRequired":true,"valueName":"search_term_string"}}],"inLanguage":"sv-SE"}]}},"_links":{"self":[{"href":"https:\/\/www.almega.se\/api\/wp\/v2\/referral\/9704","targetHints":{"allow":["GET"]}}],"collection":[{"href":"https:\/\/www.almega.se\/api\/wp\/v2\/referral"}],"about":[{"href":"https:\/\/www.almega.se\/api\/wp\/v2\/types\/referral"}],"version-history":[{"count":0,"href":"https:\/\/www.almega.se\/api\/wp\/v2\/referral\/9704\/revisions"}],"wp:attachment":[{"href":"https:\/\/www.almega.se\/api\/wp\/v2\/media?parent=9704"}],"wp:term":[{"taxonomy":"category","embeddable":true,"href":"https:\/\/www.almega.se\/api\/wp\/v2\/categories?post=9704"}],"curies":[{"name":"wp","href":"https:\/\/api.w.org\/{rel}","templated":true}]}}