{"id":81586,"date":"2025-06-30T15:59:25","date_gmt":"2025-06-30T13:59:25","guid":{"rendered":"https:\/\/www.almega.se\/?post_type=referral&#038;p=81586"},"modified":"2025-06-30T16:00:32","modified_gmt":"2025-06-30T14:00:32","slug":"remissyttrande-betankandet-forbattrad-konkurrens-i-offentlig-och-privat-verksamhet-sou-202522-samt-hemstallan-fran-konkurrensverket-om-foretagskoncentrationer","status":"publish","type":"referral","link":"https:\/\/www.almega.se\/remisser\/remissyttrande-betankandet-forbattrad-konkurrens-i-offentlig-och-privat-verksamhet-sou-202522-samt-hemstallan-fran-konkurrensverket-om-foretagskoncentrationer\/","title":{"rendered":"Remissyttrande \u2013 Bet\u00e4nkandet \u201dF\u00f6rb\u00e4ttrad konkurrens i offentlig och privat verksamhet&#8221; (SOU 2025:22) samt hemst\u00e4llan fr\u00e5n Konkurrensverket om f\u00f6retagskoncentrationer"},"content":{"rendered":"<div class=\"wp-block wp-block-core-paragraph\">\n<p>Almega \u00e4r Sveriges st\u00f6rsta arbetsgivar- och branschorganisation f\u00f6r tj\u00e4nstef\u00f6retag och den st\u00f6rsta f\u00f6rbundsgruppen inom Svenskt N\u00e4ringsliv. Vi vill h\u00e4rmed framf\u00f6ra v\u00e5ra synpunkter p\u00e5 de remitterade f\u00f6rslagen.<\/p>\n<\/div>\n\n<div class=\"wp-block wp-block-core-heading heading-in-sidebar\" id=\"almegas-synpunkter-i-korthet\"><a class='Share__link Share__link--url copy-text' href='#' rel='nofollow' data-text='almegas-synpunkter-i-korthet' title='Dela url' data-confirmation='L\u00e4nken kopierades till urklipp'><svg class='icon icon--link'  width='18' height='18' viewBox='0 0 18 18' fill='none' xmlns='http:\/\/www.w3.org\/2000\/svg'>\n            <path d='M10.4142 0.514721L6.87868 4.05025L8.29289 5.46447L11.1213 2.63604L15.364 6.87868L12.5355 9.70711L13.9497 11.1213L17.4853 7.58579C17.8763 7.19476 17.8763 6.5626 17.4853 6.17158L11.8284 0.514721C11.4374 0.123691 10.8052 0.123691 10.4142 0.514721Z' fill='black'\/>\n            <path d='M9.7071 12.5355L6.87868 15.364L2.63604 11.1213L5.46446 8.2929L4.05025 6.87868L0.514716 10.4142C0.123686 10.8052 0.123686 11.4374 0.514716 11.8284L6.17157 17.4853C6.5626 17.8763 7.19475 17.8763 7.58578 17.4853L11.1213 13.9497L9.7071 12.5355Z' fill='black'\/>\n            <path d='M6.17157 11.8284C6.5626 12.2195 7.19475 12.2195 7.58578 11.8284L11.8284 7.58579C12.2195 7.19476 12.2195 6.56261 11.8284 6.17158C11.4374 5.78055 10.8052 5.78055 10.4142 6.17158L6.17157 10.4142C5.78054 10.8052 5.78054 11.4374 6.17157 11.8284Z' fill='black'\/>\n            <\/svg> <\/a>\n<h2 class=\"wp-block-heading\" id=\"h-almegas-synpunkter-i-korthet\"><strong>Almegas synpunkter i korthet<\/strong><\/h2>\n<\/div>\n\n<div class=\"wp-block wp-block-core-list\">\n<ul class=\"wp-block-list\">\n<li>Vi v\u00e4lkomnar <strong>f\u00f6rslaget till ny reglering r\u00f6rande konkurrensbegr\u00e4nsande<\/strong> <strong>offentlig s\u00e4ljverksamhet<\/strong>. Vi anser att f\u00f6rslaget som helhet inneb\u00e4r ett betydligt effektivare regelverk inom omr\u00e5det, till nytta f\u00f6r ett sunt f\u00f6retagsklimat runt om i landet.<\/li>\n\n\n\n<li>Vi tillstyrker i allt v\u00e4sentligt f\u00f6rslagen:<div class=\"wp-block wp-block-core-list\">\n<ul class=\"wp-block-list\">\n<li>att reglera offentlig s\u00e4ljverksamhet i en ny lag (LOS),<\/li>\n\n\n\n<li>att ett st\u00e4ndigt g\u00e4llande f\u00f6rbud inf\u00f6rs,<\/li>\n\n\n\n<li>att utg\u00e5ngspunkten f\u00f6r bed\u00f6mningen blir effekterna f\u00f6r privata akt\u00f6rer att bedriva sin verksamhet p\u00e5 marknaden.<\/li>\n\n\n\n<li>att samma regler ska g\u00e4lla f\u00f6r statlig som f\u00f6r kommunal och regional s\u00e4ljverksamhet,<\/li>\n\n\n\n<li>att det inf\u00f6rs krav p\u00e5 regelbunden utv\u00e4rdering av s\u00e4ljverksamhet,<\/li>\n\n\n\n<li>att det inf\u00f6rs krav p\u00e5 s\u00e4rskild redovisning av s\u00e4ljverksamhet,<\/li>\n\n\n\n<li>att Konkurrensverket \u00e4r tillsyns- och beslutsmyndighet,<\/li>\n\n\n\n<li>att Konkurrensverket f\u00e5r fatta beslut om f\u00f6rel\u00e4gganden,<\/li>\n\n\n\n<li>att Konkurrensverket f\u00e5r befogenhet att vidta \u00e5tg\u00e4rder mot otillb\u00f6rlig s\u00e4ljverksamhet,<\/li>\n\n\n\n<li>att Konkurrensverket f\u00e5r godta \u00e5taganden,<\/li>\n\n\n\n<li>att marknadsst\u00f6rningsavgift inf\u00f6rs,<\/li>\n\n\n\n<li>att Konkurrensverket f\u00e5r f\u00f6rena beslut om f\u00f6rel\u00e4gganden och beslut om att godta \u00e5taganden med vite,<\/li>\n\n\n\n<li>att sekretess f\u00f6r uppgiftsl\u00e4mnare inf\u00f6rs.<\/li>\n<\/ul>\n<\/div><\/li>\n\n\n\n<li>Vi anser att begreppet \u201dotillb\u00f6rligt s\u00e4tt\u201d \u00e4r vagt och ger utrymme f\u00f6r oklara bed\u00f6mningar av f\u00f6rbudsbest\u00e4mmelsen. Vi f\u00f6rordar att \u201dotillb\u00f6rligt\u201d ers\u00e4tts med \u201dnegativt\u201d, i syfte att g\u00f6ra best\u00e4mmelsen tydligare och effektivare.<\/li>\n\n\n\n<li>Vi avstyrker f\u00f6rslaget att flytta domstolspr\u00f6vningen till de allm\u00e4nna f\u00f6rvaltningsdomstolarna. Vi avstyrker \u00e4ven f\u00f6rslaget att avskaffa den subsidi\u00e4ra taler\u00e4tten.<\/li>\n\n\n\n<li>Vi f\u00f6rordar att pr\u00f6vning ska kvarst\u00e5 i allm\u00e4n domstol (patent- och marknadsdomstolarna). Vi f\u00f6rordar att handl\u00e4ggningen d\u00e4rvid ska ske enligt \u00e4rendelagen och med lagstadgad f\u00f6reskrift om att parterna oavsett \u00e4rendets utg\u00e5ng ska b\u00e4ra sina egna r\u00e4tteg\u00e5ngskostnader.<\/li>\n\n\n\n<li>Vi avstyrker <strong>f\u00f6rslaget till nytt konkurrensverktyg<\/strong>. Om ett konkurrensverktyg \u00e4nd\u00e5 skulle inf\u00f6ras f\u00f6rordar vi att Svenskt N\u00e4ringslivs f\u00f6rslag till \u00e4ndringar beaktas.<\/li>\n\n\n\n<li>Vi ser inte sk\u00e4l att inv\u00e4nda emot f\u00f6rslaget om <strong>utredningsskadeavgift.<\/strong> Vi f\u00f6rordar att detta \u00e4ven inf\u00f6rs i fr\u00e5ga om offentlig s\u00e4ljverksamhet.<\/li>\n\n\n\n<li>Vi ser i fr\u00e5ga om <strong>f\u00f6retagskoncentrationer<\/strong> inte sk\u00e4l att inv\u00e4nda mot f\u00f6rslaget om ut\u00f6kade tidsfrister f\u00f6r Konkurrensverket respektive domstolarna<strong>. <\/strong>Vi ser inte heller sk\u00e4l att inv\u00e4nda mot f\u00f6rslaget om informationsplikt, men f\u00f6rordar att detta endast ska kunna \u00e5l\u00e4ggas f\u00f6retag som genom sin egen oms\u00e4ttning uppfyller oms\u00e4ttningstr\u00f6skeln.<\/li>\n\n\n\n<li>Vi avstyrker f\u00f6rslaget till \u00e4ndrad geografisk avgr\u00e4nsning f\u00f6r pr\u00f6vningen av f\u00f6retagskoncentrationer.<\/li>\n<\/ul>\n<\/div>\n\n<div class=\"wp-block wp-block-core-paragraph\">\n<p><strong><a href=\"https:\/\/www.almega.se\/2025\/03\/effektivare-regler-mot-osund-offentlig-konkurrens-i-sikte\/\">L\u00e4s mer h\u00e4r. <\/a><\/strong><\/p>\n<\/div>\n\n<div class=\"wp-block wp-block-core-file\">\n<div data-wp-interactive=\"core\/file\" class=\"wp-block-file\"><object data-wp-bind--hidden=\"!state.hasPdfPreview\" hidden class=\"wp-block-file__embed\" data=\"https:\/\/www.almega.se\/app\/uploads\/2025\/06\/Almega-remissvar-Forbattrad-konkurrens-i-off-o-privat-verksamhet-SOU-2025-22.pdf\" type=\"application\/pdf\" style=\"width:100%;height:600px\" aria-label=\"Inb\u00e4ddning av Almega remissvar Fo\u0308rba\u0308ttrad konkurrens i off o privat verksamhet SOU 2025-22.\"><\/object><a id=\"wp-block-file--media-e5426506-e782-4021-b68e-ff8703c95e5a\" href=\"https:\/\/www.almega.se\/app\/uploads\/2025\/06\/Almega-remissvar-Forbattrad-konkurrens-i-off-o-privat-verksamhet-SOU-2025-22.pdf\">Almega remissvar Fo\u0308rba\u0308ttrad konkurrens i off o privat verksamhet SOU 2025-22<\/a><a href=\"https:\/\/www.almega.se\/app\/uploads\/2025\/06\/Almega-remissvar-Forbattrad-konkurrens-i-off-o-privat-verksamhet-SOU-2025-22.pdf\" class=\"wp-block-file__button wp-element-button\" download aria-describedby=\"wp-block-file--media-e5426506-e782-4021-b68e-ff8703c95e5a\">Ladda ner<\/a><\/div>\n<\/div>","protected":false},"excerpt":{"rendered":"<p>Almega \u00e4r Sveriges st\u00f6rsta arbetsgivar- och branschorganisation f\u00f6r tj\u00e4nstef\u00f6retag och den st\u00f6rsta f\u00f6rbundsgruppen inom Svenskt N\u00e4ringsliv. Vi vill h\u00e4rmed framf\u00f6ra v\u00e5ra synpunkter p\u00e5 de remitterade f\u00f6rslagen. Almegas synpunkter i korthet L\u00e4s mer h\u00e4r.<\/p>\n","protected":false},"template":"","categories":[607],"class_list":["post-81586","referral","type-referral","status-publish","hentry","category-osund-konkurrens"],"acf":[],"yoast_head":"<!-- This site is optimized with the Yoast SEO Premium plugin v26.8 (Yoast SEO v26.8) - https:\/\/yoast.com\/product\/yoast-seo-premium-wordpress\/ -->\n<title>Remissyttrande \u2013 Bet\u00e4nkandet \u201dF\u00f6rb\u00e4ttrad konkurrens i offentlig och privat verksamhet&quot; (SOU 2025:22) samt hemst\u00e4llan fr\u00e5n Konkurrensverket om f\u00f6retagskoncentrationer | Almega<\/title>\n<meta name=\"robots\" content=\"index, follow, max-snippet:-1, max-image-preview:large, max-video-preview:-1\" \/>\n<link rel=\"canonical\" href=\"https:\/\/www.almega.se\/remisser\/remissyttrande-betankandet-forbattrad-konkurrens-i-offentlig-och-privat-verksamhet-sou-202522-samt-hemstallan-fran-konkurrensverket-om-foretagskoncentrationer\/\" \/>\n<meta property=\"og:locale\" content=\"sv_SE\" \/>\n<meta property=\"og:type\" content=\"article\" \/>\n<meta property=\"og:title\" content=\"Remissyttrande \u2013 Bet\u00e4nkandet \u201dF\u00f6rb\u00e4ttrad konkurrens i offentlig och privat verksamhet&quot; (SOU 2025:22) samt hemst\u00e4llan fr\u00e5n Konkurrensverket om f\u00f6retagskoncentrationer\" \/>\n<meta property=\"og:description\" content=\"Almega \u00e4r Sveriges st\u00f6rsta arbetsgivar- och branschorganisation f\u00f6r tj\u00e4nstef\u00f6retag och den st\u00f6rsta f\u00f6rbundsgruppen inom Svenskt N\u00e4ringsliv. Vi vill h\u00e4rmed framf\u00f6ra v\u00e5ra synpunkter p\u00e5 de remitterade f\u00f6rslagen. Almegas synpunkter i korthet L\u00e4s mer h\u00e4r.\" \/>\n<meta property=\"og:url\" content=\"https:\/\/www.almega.se\/remisser\/remissyttrande-betankandet-forbattrad-konkurrens-i-offentlig-och-privat-verksamhet-sou-202522-samt-hemstallan-fran-konkurrensverket-om-foretagskoncentrationer\/\" \/>\n<meta property=\"og:site_name\" content=\"Almega\" \/>\n<meta property=\"article:modified_time\" content=\"2025-06-30T14:00:32+00:00\" \/>\n<meta property=\"og:image\" content=\"https:\/\/www.almega.se\/app\/uploads\/2020\/12\/almega-share-logo.png\" \/>\n\t<meta property=\"og:image:width\" content=\"1200\" \/>\n\t<meta property=\"og:image:height\" content=\"630\" \/>\n\t<meta property=\"og:image:type\" content=\"image\/png\" \/>\n<meta name=\"twitter:card\" content=\"summary_large_image\" \/>\n<meta name=\"twitter:label1\" content=\"Ber\u00e4knad l\u00e4stid\" \/>\n\t<meta name=\"twitter:data1\" content=\"2 minuter\" \/>\n<script type=\"application\/ld+json\" class=\"yoast-schema-graph\">{\"@context\":\"https:\/\/schema.org\",\"@graph\":[{\"@type\":\"WebPage\",\"@id\":\"https:\/\/www.almega.se\/remisser\/remissyttrande-betankandet-forbattrad-konkurrens-i-offentlig-och-privat-verksamhet-sou-202522-samt-hemstallan-fran-konkurrensverket-om-foretagskoncentrationer\/\",\"url\":\"https:\/\/www.almega.se\/remisser\/remissyttrande-betankandet-forbattrad-konkurrens-i-offentlig-och-privat-verksamhet-sou-202522-samt-hemstallan-fran-konkurrensverket-om-foretagskoncentrationer\/\",\"name\":\"Remissyttrande \u2013 Bet\u00e4nkandet \u201dF\u00f6rb\u00e4ttrad konkurrens i offentlig och privat verksamhet\\\" (SOU 2025:22) samt hemst\u00e4llan fr\u00e5n Konkurrensverket om f\u00f6retagskoncentrationer | Almega\",\"isPartOf\":{\"@id\":\"https:\/\/www.almega.se\/#website\"},\"datePublished\":\"2025-06-30T13:59:25+00:00\",\"dateModified\":\"2025-06-30T14:00:32+00:00\",\"breadcrumb\":{\"@id\":\"https:\/\/www.almega.se\/remisser\/remissyttrande-betankandet-forbattrad-konkurrens-i-offentlig-och-privat-verksamhet-sou-202522-samt-hemstallan-fran-konkurrensverket-om-foretagskoncentrationer\/#breadcrumb\"},\"inLanguage\":\"sv-SE\",\"potentialAction\":[{\"@type\":\"ReadAction\",\"target\":[\"https:\/\/www.almega.se\/remisser\/remissyttrande-betankandet-forbattrad-konkurrens-i-offentlig-och-privat-verksamhet-sou-202522-samt-hemstallan-fran-konkurrensverket-om-foretagskoncentrationer\/\"]}]},{\"@type\":\"BreadcrumbList\",\"@id\":\"https:\/\/www.almega.se\/remisser\/remissyttrande-betankandet-forbattrad-konkurrens-i-offentlig-och-privat-verksamhet-sou-202522-samt-hemstallan-fran-konkurrensverket-om-foretagskoncentrationer\/#breadcrumb\",\"itemListElement\":[{\"@type\":\"ListItem\",\"position\":1,\"name\":\"Home\",\"item\":\"https:\/\/www.almega.se\/\"},{\"@type\":\"ListItem\",\"position\":2,\"name\":\"Remisser\",\"item\":\"https:\/\/www.almega.se\/remisser\/\"},{\"@type\":\"ListItem\",\"position\":3,\"name\":\"Remissyttrande \u2013 Bet\u00e4nkandet \u201dF\u00f6rb\u00e4ttrad konkurrens i offentlig och privat verksamhet&#8221; (SOU 2025:22) samt hemst\u00e4llan fr\u00e5n Konkurrensverket om f\u00f6retagskoncentrationer\"}]},{\"@type\":\"WebSite\",\"@id\":\"https:\/\/www.almega.se\/#website\",\"url\":\"https:\/\/www.almega.se\/\",\"name\":\"Almega\",\"description\":\"\",\"potentialAction\":[{\"@type\":\"SearchAction\",\"target\":{\"@type\":\"EntryPoint\",\"urlTemplate\":\"https:\/\/www.almega.se\/?s={search_term_string}\"},\"query-input\":{\"@type\":\"PropertyValueSpecification\",\"valueRequired\":true,\"valueName\":\"search_term_string\"}}],\"inLanguage\":\"sv-SE\"}]}<\/script>\n<!-- \/ Yoast SEO Premium plugin. -->","yoast_head_json":{"title":"Remissyttrande \u2013 Bet\u00e4nkandet \u201dF\u00f6rb\u00e4ttrad konkurrens i offentlig och privat verksamhet\" (SOU 2025:22) samt hemst\u00e4llan fr\u00e5n Konkurrensverket om f\u00f6retagskoncentrationer | Almega","robots":{"index":"index","follow":"follow","max-snippet":"max-snippet:-1","max-image-preview":"max-image-preview:large","max-video-preview":"max-video-preview:-1"},"canonical":"https:\/\/www.almega.se\/remisser\/remissyttrande-betankandet-forbattrad-konkurrens-i-offentlig-och-privat-verksamhet-sou-202522-samt-hemstallan-fran-konkurrensverket-om-foretagskoncentrationer\/","og_locale":"sv_SE","og_type":"article","og_title":"Remissyttrande \u2013 Bet\u00e4nkandet \u201dF\u00f6rb\u00e4ttrad konkurrens i offentlig och privat verksamhet\" (SOU 2025:22) samt hemst\u00e4llan fr\u00e5n Konkurrensverket om f\u00f6retagskoncentrationer","og_description":"Almega \u00e4r Sveriges st\u00f6rsta arbetsgivar- och branschorganisation f\u00f6r tj\u00e4nstef\u00f6retag och den st\u00f6rsta f\u00f6rbundsgruppen inom Svenskt N\u00e4ringsliv. Vi vill h\u00e4rmed framf\u00f6ra v\u00e5ra synpunkter p\u00e5 de remitterade f\u00f6rslagen. Almegas synpunkter i korthet L\u00e4s mer h\u00e4r.","og_url":"https:\/\/www.almega.se\/remisser\/remissyttrande-betankandet-forbattrad-konkurrens-i-offentlig-och-privat-verksamhet-sou-202522-samt-hemstallan-fran-konkurrensverket-om-foretagskoncentrationer\/","og_site_name":"Almega","article_modified_time":"2025-06-30T14:00:32+00:00","og_image":[{"width":1200,"height":630,"url":"https:\/\/www.almega.se\/app\/uploads\/2020\/12\/almega-share-logo.png","type":"image\/png"}],"twitter_card":"summary_large_image","twitter_misc":{"Ber\u00e4knad l\u00e4stid":"2 minuter"},"schema":{"@context":"https:\/\/schema.org","@graph":[{"@type":"WebPage","@id":"https:\/\/www.almega.se\/remisser\/remissyttrande-betankandet-forbattrad-konkurrens-i-offentlig-och-privat-verksamhet-sou-202522-samt-hemstallan-fran-konkurrensverket-om-foretagskoncentrationer\/","url":"https:\/\/www.almega.se\/remisser\/remissyttrande-betankandet-forbattrad-konkurrens-i-offentlig-och-privat-verksamhet-sou-202522-samt-hemstallan-fran-konkurrensverket-om-foretagskoncentrationer\/","name":"Remissyttrande \u2013 Bet\u00e4nkandet \u201dF\u00f6rb\u00e4ttrad konkurrens i offentlig och privat verksamhet\" (SOU 2025:22) samt hemst\u00e4llan fr\u00e5n Konkurrensverket om f\u00f6retagskoncentrationer | Almega","isPartOf":{"@id":"https:\/\/www.almega.se\/#website"},"datePublished":"2025-06-30T13:59:25+00:00","dateModified":"2025-06-30T14:00:32+00:00","breadcrumb":{"@id":"https:\/\/www.almega.se\/remisser\/remissyttrande-betankandet-forbattrad-konkurrens-i-offentlig-och-privat-verksamhet-sou-202522-samt-hemstallan-fran-konkurrensverket-om-foretagskoncentrationer\/#breadcrumb"},"inLanguage":"sv-SE","potentialAction":[{"@type":"ReadAction","target":["https:\/\/www.almega.se\/remisser\/remissyttrande-betankandet-forbattrad-konkurrens-i-offentlig-och-privat-verksamhet-sou-202522-samt-hemstallan-fran-konkurrensverket-om-foretagskoncentrationer\/"]}]},{"@type":"BreadcrumbList","@id":"https:\/\/www.almega.se\/remisser\/remissyttrande-betankandet-forbattrad-konkurrens-i-offentlig-och-privat-verksamhet-sou-202522-samt-hemstallan-fran-konkurrensverket-om-foretagskoncentrationer\/#breadcrumb","itemListElement":[{"@type":"ListItem","position":1,"name":"Home","item":"https:\/\/www.almega.se\/"},{"@type":"ListItem","position":2,"name":"Remisser","item":"https:\/\/www.almega.se\/remisser\/"},{"@type":"ListItem","position":3,"name":"Remissyttrande \u2013 Bet\u00e4nkandet \u201dF\u00f6rb\u00e4ttrad konkurrens i offentlig och privat verksamhet&#8221; (SOU 2025:22) samt hemst\u00e4llan fr\u00e5n Konkurrensverket om f\u00f6retagskoncentrationer"}]},{"@type":"WebSite","@id":"https:\/\/www.almega.se\/#website","url":"https:\/\/www.almega.se\/","name":"Almega","description":"","potentialAction":[{"@type":"SearchAction","target":{"@type":"EntryPoint","urlTemplate":"https:\/\/www.almega.se\/?s={search_term_string}"},"query-input":{"@type":"PropertyValueSpecification","valueRequired":true,"valueName":"search_term_string"}}],"inLanguage":"sv-SE"}]}},"_links":{"self":[{"href":"https:\/\/www.almega.se\/api\/wp\/v2\/referral\/81586","targetHints":{"allow":["GET"]}}],"collection":[{"href":"https:\/\/www.almega.se\/api\/wp\/v2\/referral"}],"about":[{"href":"https:\/\/www.almega.se\/api\/wp\/v2\/types\/referral"}],"version-history":[{"count":3,"href":"https:\/\/www.almega.se\/api\/wp\/v2\/referral\/81586\/revisions"}],"predecessor-version":[{"id":81590,"href":"https:\/\/www.almega.se\/api\/wp\/v2\/referral\/81586\/revisions\/81590"}],"wp:attachment":[{"href":"https:\/\/www.almega.se\/api\/wp\/v2\/media?parent=81586"}],"wp:term":[{"taxonomy":"category","embeddable":true,"href":"https:\/\/www.almega.se\/api\/wp\/v2\/categories?post=81586"}],"curies":[{"name":"wp","href":"https:\/\/api.w.org\/{rel}","templated":true}]}}