{"id":71214,"date":"2023-06-13T10:13:00","date_gmt":"2023-06-13T08:13:00","guid":{"rendered":"https:\/\/www.almega.se\/?post_type=referral&#038;p=71214"},"modified":"2024-02-06T10:45:49","modified_gmt":"2024-02-06T09:45:49","slug":"ett-hojt-forsorjningskrav-for-arbetskraftsinvandrare","status":"publish","type":"referral","link":"https:\/\/www.almega.se\/remisser\/ett-hojt-forsorjningskrav-for-arbetskraftsinvandrare\/","title":{"rendered":"Ett h\u00f6jt f\u00f6rs\u00f6rjningskrav f\u00f6r arbetskraftsinvandrare"},"content":{"rendered":"<div class=\"wp-block wp-block-core-paragraph\">\n<p>Almega har f\u00e5tt m\u00f6jlighet att l\u00e4mna synpunkter p\u00e5 promemorian Ett h\u00f6jt f\u00f6rs\u00f6rjningskrav f\u00f6r arbetskraftsinvandrare.<\/p>\n<\/div>\n\n<div class=\"wp-block wp-block-core-paragraph\">\n<p><strong>Sammanfattning<\/strong><\/p>\n<\/div>\n\n<div class=\"wp-block wp-block-core-paragraph\">\n<p>Almega avstyrker promemorians f\u00f6rslag om att h\u00f6ja f\u00f6rs\u00f6rjningskravet till motsvarande 80 procent av medianl\u00f6nen. <\/p>\n<\/div>\n\n<div class=\"wp-block wp-block-core-paragraph\">\n<p>Arbetskraftsinvandrare f\u00f6rs\u00f6rjer sig sj\u00e4lva redan idag. Syftet med att kr\u00e4va \u201dgod f\u00f6rs\u00f6rjning\u201d i lagstiftning f\u00f6r personer med arbetstillst\u00e5nd \u00e4r inte att s\u00e4kerst\u00e4lla god f\u00f6rs\u00f6rjning f\u00f6r dessa personer utan att minska arbetskraftsinvandringen till yrken med l\u00e4gre l\u00f6neniv\u00e5er.<\/p>\n<\/div>\n\n<div class=\"wp-block wp-block-core-paragraph\">\n<p>Ett f\u00f6rs\u00f6rjningskrav p\u00e5 minst 80 procent av medianl\u00f6nen \u2013 i dagsl\u00e4get 26 560 kronor i m\u00e5naden \u2013 inneb\u00e4r att regeringen indirekt anser att en stor del av de avtalade l\u00f6nerna p\u00e5 svensk arbetsmarknad inte ger en god f\u00f6rs\u00f6rjning. Almega inv\u00e4nder starkt mot den bed\u00f6mningen och anser att regeln \u00e4r ett ingrepp i den svenska modellen d\u00e4r l\u00f6ner s\u00e4tts i kollektivavtal.<\/p>\n<\/div>\n\n<div class=\"wp-block wp-block-core-paragraph\">\n<p>Det \u00e4r rimligt att h\u00f6ja dagens f\u00f6rs\u00f6rjningskrav p\u00e5 13 000 kronor i m\u00e5naden som best\u00e5tt i 15 \u00e5r. Almega f\u00f6rordar i st\u00e4llet ett f\u00f6rs\u00f6rjningskrav motsvarande den l\u00e4gsta avtalade heltidsl\u00f6nen i det yrke som arbetstillst\u00e5ndet g\u00e4ller. Ett s\u00e5dant krav skulle respektera ordningen att l\u00f6ner s\u00e4tts i kollektivavtal.<\/p>\n<\/div>\n\n<div class=\"wp-block wp-block-core-paragraph\">\n<p>Ett h\u00f6jt f\u00f6rs\u00f6rjningskrav kommer inte att minska missbruk inom arbetskraftsinvandringen eftersom fusket inte g\u00e4ller den redovisade l\u00f6nen utan den l\u00f6n som faktiskt betalas ut. Utredningen om ett f\u00f6rb\u00e4ttrat system f\u00f6r att motverka arbetskraftsexploatering (SOU 2021:88) har lagt flera effektivare f\u00f6rslag f\u00f6r att minska missbruket, bland annat kriminalisering av handel med arbetstillst\u00e5nd, \u00f6kade kontroller och f\u00f6rb\u00e4ttrat utbyte av information mellan myndigheter. Almega anser att dessa f\u00f6rslag b\u00f6r genomf\u00f6ras skyndsamt. <\/p>\n<\/div>\n\n<div class=\"wp-block wp-block-core-paragraph\">\n<p>Syftet med att minska arbetskraftsinvandringen \u00e4r fler jobb ska bli tillg\u00e4ngliga f\u00f6r personer som st\u00e5r utan arbete idag. Den h\u00f6ga arbetsl\u00f6sheten beror dock inte p\u00e5 arbetskraftsinvandringen utan p\u00e5 att m\u00e5nga arbetsl\u00f6sa saknar den kompetens som kr\u00e4vs och att det ekonomiska utbytet av arbete \u00e4r litet f\u00f6r vissa bidragsberoende. Det beh\u00f6vs d\u00e4rf\u00f6r reformer f\u00f6r att f\u00f6rb\u00e4ttra matchningen och st\u00e4rka drivkrafterna till arbete. Utan s\u00e5dana reformer kommer en minskad arbetskraftsinvandring att leda till en f\u00f6rv\u00e4rrad brist p\u00e5 arbetskraft i flera yrken.<\/p>\n<\/div>\n\n<div class=\"wp-block wp-block-core-paragraph\">\n<p>Om f\u00f6rslaget i promemorian genomf\u00f6rs kr\u00e4vs \u00f6verg\u00e5ngsregler f\u00f6r personer som har l\u00e4mnat in en ans\u00f6kan om arbetstillst\u00e5nd innan den 1 oktober 2023.<\/p>\n<\/div>\n\n<div class=\"wp-block wp-block-core-file\">\n<div data-wp-interactive=\"core\/file\" class=\"wp-block-file\"><object data-wp-bind--hidden=\"!state.hasPdfPreview\" hidden class=\"wp-block-file__embed\" data=\"https:\/\/www.almega.se\/app\/uploads\/2024\/02\/Almega-remissvar-forsorjningskrav-13-juni-2023.pdf\" type=\"application\/pdf\" style=\"width:100%;height:600px\" aria-label=\"Inb\u00e4ddning av Almega-remissvar-forsorjningskrav-13-juni-2023.\"><\/object><a id=\"wp-block-file--media-167346b8-0ded-458e-8928-208c3e3010bd\" href=\"https:\/\/www.almega.se\/app\/uploads\/2024\/02\/Almega-remissvar-forsorjningskrav-13-juni-2023.pdf\">Almega-remissvar-forsorjningskrav-13-juni-2023<\/a><a href=\"https:\/\/www.almega.se\/app\/uploads\/2024\/02\/Almega-remissvar-forsorjningskrav-13-juni-2023.pdf\" class=\"wp-block-file__button wp-element-button\" download aria-describedby=\"wp-block-file--media-167346b8-0ded-458e-8928-208c3e3010bd\">Ladda ner<\/a><\/div>\n<\/div>","protected":false},"excerpt":{"rendered":"<p>Almega har f\u00e5tt m\u00f6jlighet att l\u00e4mna synpunkter p\u00e5 promemorian Ett h\u00f6jt f\u00f6rs\u00f6rjningskrav f\u00f6r arbetskraftsinvandrare. Sammanfattning Almega avstyrker promemorians f\u00f6rslag om att h\u00f6ja f\u00f6rs\u00f6rjningskravet till motsvarande 80 procent av medianl\u00f6nen. Arbetskraftsinvandrare f\u00f6rs\u00f6rjer sig sj\u00e4lva redan idag. &hellip;<\/p>\n","protected":false},"template":"","categories":[451,419],"class_list":["post-71214","referral","type-referral","status-publish","hentry","category-arbetsgivarfragor","category-kompetensforsorjning"],"acf":[],"yoast_head":"<!-- This site is optimized with the Yoast SEO Premium plugin v26.8 (Yoast SEO v26.8) - https:\/\/yoast.com\/product\/yoast-seo-premium-wordpress\/ -->\n<title>Ett h\u00f6jt f\u00f6rs\u00f6rjningskrav f\u00f6r arbetskraftsinvandrare | Almega<\/title>\n<meta name=\"robots\" content=\"index, follow, max-snippet:-1, max-image-preview:large, max-video-preview:-1\" \/>\n<link rel=\"canonical\" href=\"https:\/\/www.almega.se\/remisser\/ett-hojt-forsorjningskrav-for-arbetskraftsinvandrare\/\" \/>\n<meta property=\"og:locale\" content=\"sv_SE\" \/>\n<meta property=\"og:type\" content=\"article\" \/>\n<meta property=\"og:title\" content=\"Ett h\u00f6jt f\u00f6rs\u00f6rjningskrav f\u00f6r arbetskraftsinvandrare\" \/>\n<meta property=\"og:description\" content=\"Almega har f\u00e5tt m\u00f6jlighet att l\u00e4mna synpunkter p\u00e5 promemorian Ett h\u00f6jt f\u00f6rs\u00f6rjningskrav f\u00f6r arbetskraftsinvandrare. Sammanfattning Almega avstyrker promemorians f\u00f6rslag om att h\u00f6ja f\u00f6rs\u00f6rjningskravet till motsvarande 80 procent av medianl\u00f6nen. Arbetskraftsinvandrare f\u00f6rs\u00f6rjer sig sj\u00e4lva redan idag. &hellip;\" \/>\n<meta property=\"og:url\" content=\"https:\/\/www.almega.se\/remisser\/ett-hojt-forsorjningskrav-for-arbetskraftsinvandrare\/\" \/>\n<meta property=\"og:site_name\" content=\"Almega\" \/>\n<meta property=\"article:modified_time\" content=\"2024-02-06T09:45:49+00:00\" \/>\n<meta property=\"og:image\" content=\"https:\/\/www.almega.se\/app\/uploads\/2020\/12\/almega-share-logo.png\" \/>\n\t<meta property=\"og:image:width\" content=\"1200\" \/>\n\t<meta property=\"og:image:height\" content=\"630\" \/>\n\t<meta property=\"og:image:type\" content=\"image\/png\" \/>\n<meta name=\"twitter:card\" content=\"summary_large_image\" \/>\n<meta name=\"twitter:label1\" content=\"Ber\u00e4knad l\u00e4stid\" \/>\n\t<meta name=\"twitter:data1\" content=\"2 minuter\" \/>\n<script type=\"application\/ld+json\" class=\"yoast-schema-graph\">{\"@context\":\"https:\/\/schema.org\",\"@graph\":[{\"@type\":\"WebPage\",\"@id\":\"https:\/\/www.almega.se\/remisser\/ett-hojt-forsorjningskrav-for-arbetskraftsinvandrare\/\",\"url\":\"https:\/\/www.almega.se\/remisser\/ett-hojt-forsorjningskrav-for-arbetskraftsinvandrare\/\",\"name\":\"Ett h\u00f6jt f\u00f6rs\u00f6rjningskrav f\u00f6r arbetskraftsinvandrare | Almega\",\"isPartOf\":{\"@id\":\"https:\/\/www.almega.se\/#website\"},\"datePublished\":\"2023-06-13T08:13:00+00:00\",\"dateModified\":\"2024-02-06T09:45:49+00:00\",\"breadcrumb\":{\"@id\":\"https:\/\/www.almega.se\/remisser\/ett-hojt-forsorjningskrav-for-arbetskraftsinvandrare\/#breadcrumb\"},\"inLanguage\":\"sv-SE\",\"potentialAction\":[{\"@type\":\"ReadAction\",\"target\":[\"https:\/\/www.almega.se\/remisser\/ett-hojt-forsorjningskrav-for-arbetskraftsinvandrare\/\"]}]},{\"@type\":\"BreadcrumbList\",\"@id\":\"https:\/\/www.almega.se\/remisser\/ett-hojt-forsorjningskrav-for-arbetskraftsinvandrare\/#breadcrumb\",\"itemListElement\":[{\"@type\":\"ListItem\",\"position\":1,\"name\":\"Home\",\"item\":\"https:\/\/www.almega.se\/\"},{\"@type\":\"ListItem\",\"position\":2,\"name\":\"Remisser\",\"item\":\"https:\/\/www.almega.se\/remisser\/\"},{\"@type\":\"ListItem\",\"position\":3,\"name\":\"Ett h\u00f6jt f\u00f6rs\u00f6rjningskrav f\u00f6r arbetskraftsinvandrare\"}]},{\"@type\":\"WebSite\",\"@id\":\"https:\/\/www.almega.se\/#website\",\"url\":\"https:\/\/www.almega.se\/\",\"name\":\"Almega\",\"description\":\"\",\"potentialAction\":[{\"@type\":\"SearchAction\",\"target\":{\"@type\":\"EntryPoint\",\"urlTemplate\":\"https:\/\/www.almega.se\/?s={search_term_string}\"},\"query-input\":{\"@type\":\"PropertyValueSpecification\",\"valueRequired\":true,\"valueName\":\"search_term_string\"}}],\"inLanguage\":\"sv-SE\"}]}<\/script>\n<!-- \/ Yoast SEO Premium plugin. -->","yoast_head_json":{"title":"Ett h\u00f6jt f\u00f6rs\u00f6rjningskrav f\u00f6r arbetskraftsinvandrare | Almega","robots":{"index":"index","follow":"follow","max-snippet":"max-snippet:-1","max-image-preview":"max-image-preview:large","max-video-preview":"max-video-preview:-1"},"canonical":"https:\/\/www.almega.se\/remisser\/ett-hojt-forsorjningskrav-for-arbetskraftsinvandrare\/","og_locale":"sv_SE","og_type":"article","og_title":"Ett h\u00f6jt f\u00f6rs\u00f6rjningskrav f\u00f6r arbetskraftsinvandrare","og_description":"Almega har f\u00e5tt m\u00f6jlighet att l\u00e4mna synpunkter p\u00e5 promemorian Ett h\u00f6jt f\u00f6rs\u00f6rjningskrav f\u00f6r arbetskraftsinvandrare. Sammanfattning Almega avstyrker promemorians f\u00f6rslag om att h\u00f6ja f\u00f6rs\u00f6rjningskravet till motsvarande 80 procent av medianl\u00f6nen. Arbetskraftsinvandrare f\u00f6rs\u00f6rjer sig sj\u00e4lva redan idag. &hellip;","og_url":"https:\/\/www.almega.se\/remisser\/ett-hojt-forsorjningskrav-for-arbetskraftsinvandrare\/","og_site_name":"Almega","article_modified_time":"2024-02-06T09:45:49+00:00","og_image":[{"width":1200,"height":630,"url":"https:\/\/www.almega.se\/app\/uploads\/2020\/12\/almega-share-logo.png","type":"image\/png"}],"twitter_card":"summary_large_image","twitter_misc":{"Ber\u00e4knad l\u00e4stid":"2 minuter"},"schema":{"@context":"https:\/\/schema.org","@graph":[{"@type":"WebPage","@id":"https:\/\/www.almega.se\/remisser\/ett-hojt-forsorjningskrav-for-arbetskraftsinvandrare\/","url":"https:\/\/www.almega.se\/remisser\/ett-hojt-forsorjningskrav-for-arbetskraftsinvandrare\/","name":"Ett h\u00f6jt f\u00f6rs\u00f6rjningskrav f\u00f6r arbetskraftsinvandrare | Almega","isPartOf":{"@id":"https:\/\/www.almega.se\/#website"},"datePublished":"2023-06-13T08:13:00+00:00","dateModified":"2024-02-06T09:45:49+00:00","breadcrumb":{"@id":"https:\/\/www.almega.se\/remisser\/ett-hojt-forsorjningskrav-for-arbetskraftsinvandrare\/#breadcrumb"},"inLanguage":"sv-SE","potentialAction":[{"@type":"ReadAction","target":["https:\/\/www.almega.se\/remisser\/ett-hojt-forsorjningskrav-for-arbetskraftsinvandrare\/"]}]},{"@type":"BreadcrumbList","@id":"https:\/\/www.almega.se\/remisser\/ett-hojt-forsorjningskrav-for-arbetskraftsinvandrare\/#breadcrumb","itemListElement":[{"@type":"ListItem","position":1,"name":"Home","item":"https:\/\/www.almega.se\/"},{"@type":"ListItem","position":2,"name":"Remisser","item":"https:\/\/www.almega.se\/remisser\/"},{"@type":"ListItem","position":3,"name":"Ett h\u00f6jt f\u00f6rs\u00f6rjningskrav f\u00f6r arbetskraftsinvandrare"}]},{"@type":"WebSite","@id":"https:\/\/www.almega.se\/#website","url":"https:\/\/www.almega.se\/","name":"Almega","description":"","potentialAction":[{"@type":"SearchAction","target":{"@type":"EntryPoint","urlTemplate":"https:\/\/www.almega.se\/?s={search_term_string}"},"query-input":{"@type":"PropertyValueSpecification","valueRequired":true,"valueName":"search_term_string"}}],"inLanguage":"sv-SE"}]}},"_links":{"self":[{"href":"https:\/\/www.almega.se\/api\/wp\/v2\/referral\/71214","targetHints":{"allow":["GET"]}}],"collection":[{"href":"https:\/\/www.almega.se\/api\/wp\/v2\/referral"}],"about":[{"href":"https:\/\/www.almega.se\/api\/wp\/v2\/types\/referral"}],"version-history":[{"count":4,"href":"https:\/\/www.almega.se\/api\/wp\/v2\/referral\/71214\/revisions"}],"predecessor-version":[{"id":71223,"href":"https:\/\/www.almega.se\/api\/wp\/v2\/referral\/71214\/revisions\/71223"}],"wp:attachment":[{"href":"https:\/\/www.almega.se\/api\/wp\/v2\/media?parent=71214"}],"wp:term":[{"taxonomy":"category","embeddable":true,"href":"https:\/\/www.almega.se\/api\/wp\/v2\/categories?post=71214"}],"curies":[{"name":"wp","href":"https:\/\/api.w.org\/{rel}","templated":true}]}}