{"id":12257,"date":"2017-11-27T09:23:49","date_gmt":"2017-11-27T08:23:49","guid":{"rendered":"https:\/\/www.almega.se\/?post_type=referral&#038;p=12257"},"modified":"2020-04-16T10:59:12","modified_gmt":"2020-04-16T08:59:12","slug":"slopad-skattefrihet-forman-av-halso-och-sjukvard","status":"publish","type":"referral","link":"https:\/\/www.almega.se\/remisser\/slopad-skattefrihet-forman-av-halso-och-sjukvard\/","title":{"rendered":"Slopad skattefrihet f\u00f6r f\u00f6rm\u00e5n av h\u00e4lso- och sjukv\u00e5rd"},"content":{"rendered":"<div class=\"wp-block wp-block-classic-editor\">\n<h2>Slopad skattefrihet f\u00f6r f\u00f6rm\u00e5n av h\u00e4lso- och sjukv\u00e5rd<\/h2>\n<p>Almega l\u00e4mnar f\u00f6ljande synpunkter till promemorian Slopad Skattefrihet f\u00f6r f\u00f6rm\u00e5n av h\u00e4lso- och sjukv\u00e5rd.<\/p>\n<h3>Almega anser<\/h3>\n<p>Almega avstyrker f\u00f6rslaget om att inf\u00f6ra skattskyldighet f\u00f6r f\u00f6rm\u00e5n av h\u00e4lso- och sjukv\u00e5rd som betalas av arbetsgivaren f\u00f6r anst\u00e4llda.<\/p>\n<p>Almega tillstyrker f\u00f6rslaget om avdragsr\u00e4tt avseende kostnad f\u00f6r h\u00e4lso- och sjukv\u00e5rd i enlighet med motiveringen given av N\u00e4ringslivets Skattedelegation (NSD).<\/p>\n<h3>Sammanfattning<\/h3>\n<p>I promemorian f\u00f6resl\u00e5r regeringen att skattefriheten f\u00f6r f\u00f6rm\u00e5n av h\u00e4lso- och sjukv\u00e5rd i Sverige som inte \u00e4r offentligt finansierad ska slopas, inskr\u00e4nkningar i den r\u00e5dande skattefriheten avseende v\u00e5rd och l\u00e4kemedel utomlands samt att avdragsr\u00e4tt inf\u00f6rs f\u00f6r arbetsgivarens utgifter f\u00f6r h\u00e4lso- och sjukv\u00e5rd.<\/p>\n<p>F\u00f6r\u00e4ndringarna inneb\u00e4r att den anst\u00e4llde f\u00f6rm\u00e5nsbeskattas f\u00f6r h\u00e4lso- och sjukv\u00e5rd, bekostad av arbetsgivaren, samtidigt som arbetsgivaren ska betala arbetsgivaravgift f\u00f6r f\u00f6rm\u00e5nen. Som sk\u00e4l till f\u00f6r\u00e4ndringarna framg\u00e5r att regeringen vill \u201dundvika samh\u00e4llsekonomiska snedvridningar\u201d med en mer konsekvent f\u00f6rm\u00e5nsbeskattning. Regeringen p\u00e5visar \u00e4ven en grund f\u00f6rst\u00e5else av f\u00f6rm\u00e5nens effekter d\u00e5 den beskrivs som en f\u00f6rm\u00e5n prim\u00e4rt till gagn f\u00f6r arbetstagaren.<\/p>\n<p>Om regeringen fortg\u00e5r med f\u00f6r\u00e4ndringarna enligt promemorian bed\u00f6mer Almega att:<\/p>\n<ul>\n<li>F\u00e4rre f\u00f6retag kommer att tillhandah\u00e5lla h\u00e4lso- och sjukv\u00e5rd till anst\u00e4llda.<\/li>\n<li>F\u00e4rre anst\u00e4llda kommer ta del av h\u00e4lso- och sjukv\u00e5rd betalad av arbetsgivaren.<\/li>\n<li>Sjukskrivningarna kommer att \u00f6ka.<\/li>\n<li>Gr\u00e4nsdragningsproblematik.<\/li>\n<li>Ytterligare sjukskrivningar kommer att drabba sm\u00e5 kunskapsintensiva tj\u00e4nstef\u00f6retag s\u00e4rskilt h\u00e5rt d\u00e5 kompetensbristen i dagsl\u00e4get inneb\u00e4r ett mycket anstr\u00e4ngt l\u00e4ge f\u00f6r m\u00e5nga f\u00f6retag.<\/li>\n<li>Den offentliga v\u00e5rden belastas ytterligare.<\/li>\n<\/ul>\n<h3>Sjukskrivningar<\/h3>\n<p>Sjukfr\u00e5nvaron har \u00f6kat avsev\u00e4rt sedan 2010, regeringen har d\u00e4rf\u00f6r beslutat om <em>Samling f\u00f6r friska arbetsplatser<\/em>, m\u00f6ten mellan arbetsmarknadens parter f\u00f6r att planera \u00e5tg\u00e4rder och skapa goda arbetsplatser med minskad sjukfr\u00e5nvaro. Promemorians f\u00f6rslag motverkar ambitionen med <em>Samling f\u00f6r friska arbetsplatser<\/em> d\u00e5 f\u00e4rre arbetsgivare kommer att investera i just friska arbetsplatser. F\u00f6rslaget motverkar \u00e4ven regeringens m\u00e5l om att n\u00e5 9 sjukpenningdagar per f\u00f6rs\u00e4krad \u00e5r 2020 d\u00e5 sjukfallen b\u00e5de blir fler och l\u00e4ngre i det fall regeringen fortg\u00e5r med promemorians f\u00f6rslag.<\/p>\n<p>Almega anser att f\u00f6rslagen i promemorian baseras p\u00e5 en felaktig uppfattning om arbetsgivares syfte med att tillhandah\u00e5lla h\u00e4lso- och sjukv\u00e5rd f\u00f6r anst\u00e4llda. Det huvudsakliga syftet f\u00f6r en arbetsgivare att k\u00f6pa h\u00e4lso- och sjukv\u00e5rd \u00e4r inte att erbjuda en attraktiv f\u00f6rm\u00e5n utan att f\u00f6rebygga sjukfr\u00e5nvaro och s\u00e4kerst\u00e4lla h\u00f6g arbetsf\u00f6rm\u00e5ga. S\u00e5dana \u00e5tg\u00e4rder b\u00f6r d\u00e4rf\u00f6r inte beskattas som l\u00f6n hos den anst\u00e4llde.<\/p>\n<p>Almega anser att promemorians f\u00f6rslag riskerar att drabba tj\u00e4nstesektorn s\u00e4rskilt h\u00e5rt. Tj\u00e4nstef\u00f6retag \u00e4r i m\u00e5nga fall kraftigt personberoende d\u00e5 bristen p\u00e5 r\u00e4tt kompetens p\u00e5 delar av arbetsmarknaden \u00e4r p\u00e5taglig. Som konsekvens av promemorians f\u00f6rslag v\u00e4ntas f\u00e4rre investeringar i anst\u00e4lldas h\u00e4lsa och h\u00f6gre sjukskrivningar som f\u00f6ljd av detta. F\u00f6rslaget \u00e4r d\u00e4rf\u00f6r oroande ur ett tj\u00e4nstef\u00f6retags perspektiv, d\u00e4r en medarbetares kompetens kan vara avg\u00f6rande f\u00f6r f\u00f6retagets framg\u00e5ng.<\/p>\n<p>F\u00f6retagens k\u00f6p av h\u00e4lso- och sjukv\u00e5rd b\u00f6r betraktas f\u00f6rst och fr\u00e4mst som en metod att minska sjukskrivningar och undvika produktionsst\u00f6rningar. M\u00f6jligheten att k\u00f6pa privat finansierad h\u00e4lso- och sjukv\u00e5rd \u00e4r \u00e4ven central f\u00f6r m\u00f6jligheten att underl\u00e4tta en tidigare \u00e5terg\u00e5ng i arbete f\u00f6r den som blivit sjuk. Detta medf\u00f6r i slut\u00e4ndan att f\u00f6retagen fungerar b\u00e4ttre och h\u00e4nger n\u00e4ra samman med f\u00f6retagens l\u00f6nsamhet och \u00f6verlevnad.<\/p>\n<h3>Avlastning av offentlig v\u00e5rd<\/h3>\n<p>I en enk\u00e4tunders\u00f6kning gjord bland Svenskt N\u00e4ringslivs medlemsf\u00f6retag uppgav h\u00e4lften av f\u00f6retagen att de tecknat privat sjukv\u00e5rdsf\u00f6rs\u00e4kring. Om f\u00f6rm\u00e5nsbeskattningen av sjukv\u00e5rdsf\u00f6rs\u00e4kringar blir verklighet s\u00e4ger 25 procent av f\u00f6retagen att de inte l\u00e4ngre kommer att erbjuda f\u00f6rs\u00e4kringen till de anst\u00e4llda. Drygt 40 procent av f\u00f6retagen menar att alla eller n\u00e5gra av de anst\u00e4llda kommer att avst\u00e5 sjukv\u00e5rdsf\u00f6rs\u00e4kringen. N\u00e4ringslivets Skattedelegation g\u00f6r utifr\u00e5n detta uppskattningen att 50 procent av de som idag omfattas av sjukv\u00e5rdsf\u00f6rs\u00e4kring skulle avst\u00e5 om f\u00f6rm\u00e5nsbeskattningen inf\u00f6rdes. D\u00e4rut\u00f6ver menar drygt h\u00e4lften av f\u00f6retagen att rehabiliteringen av anst\u00e4llda kommer att f\u00f6rsv\u00e5ras och 39 procent att det h\u00e4lsofr\u00e4mjande arbetet kommer att f\u00f6rs\u00e4mras.<\/p>\n<p>Promemorian ber\u00e4knar att f\u00f6rslaget inneb\u00e4r 1\u00a0169 miljoner kronor i \u00f6kade skatteint\u00e4kter f\u00f6r 2019. Bakom denna kalkyl ligger dock antaganden f\u00f6r vilka det inte finns grund. F\u00f6rst och fr\u00e4mst antar promemorian att privata f\u00f6rs\u00e4kringar inte inneb\u00e4r att den offentliga v\u00e5rden avlastas, detta trots att n\u00e4stan 650\u00a0000 anst\u00e4llda i dagsl\u00e4get omfattas av privat sjukv\u00e5rdsf\u00f6rs\u00e4kring. N\u00e4ringslivets Skattedelegation har i sitt remissvar ber\u00e4knat att f\u00f6rslaget inneb\u00e4r f\u00f6rsvagade offentliga finanser i det fall h\u00e4nsyn tas till en halvering av privata f\u00f6rs\u00e4kringar, \u00f6kade offentliga v\u00e5rdkostnader s\u00e5v\u00e4l som stigande sjukskrivningskostnader.<\/p>\n<h3>Skatteplikt eller inte?<\/h3>\n<p>I promemorian framg\u00e5r att <em>h\u00e4lso- och sjukv\u00e5rd som arbetsgivare betalar<\/em> ska vara skattepliktig, medan det som faller inom ramen f\u00f6r <em>f\u00f6retagsh\u00e4lsov\u00e5rd<\/em>, <em>f\u00f6rebyggande behandling<\/em> eller <em>rehabilitering<\/em> inte ska tas upp som f\u00f6rm\u00e5n.<\/p>\n<p>Trots f\u00f6rs\u00f6k till tydligt definierad gr\u00e4nsdragning i promemorian \u00e4r det oklart hur arbetsgivare ska veta vad som \u00e4r skattepliktigt och inte n\u00e4r promemorian \u00e4r knapph\u00e4ndig i information om hur avgr\u00e4nsning ska ske. Problem f\u00f6r arbetsgivaren att avg\u00f6ra vad som g\u00e4ller f\u00f6ljer dels som konsekvens av att medicinsk h\u00e4lso- och sjukv\u00e5rd kan falla inom ramen f\u00f6r f\u00f6retagsh\u00e4lsov\u00e5rd samtidigt som h\u00e4lso- och sjukv\u00e5rd likv\u00e4l kan handla om f\u00f6rebyggande och rehabiliterande insatser.<\/p>\n<p>D\u00e4rut\u00f6ver tar promemorian inte st\u00e4llning till eventuella konsekvenser av att en anst\u00e4lld, som \u00e4r skyldig att aktivt medverka i rehabilitering, till f\u00f6ljd av os\u00e4kerhet vad g\u00e4ller beskattning avst\u00e5r fr\u00e5n erbjuden behandling.<\/p>\n<h3>Avdragsr\u00e4tt f\u00f6r kostnad f\u00f6r h\u00e4lso- och sjukv\u00e5rd<\/h3>\n<p>Almega tillstyrker f\u00f6rslaget om avdragsr\u00e4tt avseende kostnad f\u00f6r h\u00e4lso- och sjukv\u00e5rd i enlighet med motiveringen given av N\u00e4ringslivets Skattedelegation (NSD).<\/p>\n<p>&nbsp;<\/p>\n<p>&nbsp;<\/p>\n<p>UIf Lindberg\u00a0\u00a0\u00a0\u00a0\u00a0\u00a0\u00a0\u00a0\u00a0\u00a0\u00a0\u00a0\u00a0\u00a0\u00a0\u00a0\u00a0\u00a0\u00a0\u00a0\u00a0\u00a0\u00a0\u00a0\u00a0\u00a0\u00a0\u00a0\u00a0\u00a0\u00a0\u00a0\u00a0\u00a0\u00a0\u00a0\u00a0\u00a0\u00a0\u00a0\u00a0\u00a0\u00a0 Gustav Wiel-Berggren<br \/>\nN\u00e4ringspolitisk chef\u00a0\u00a0\u00a0\u00a0\u00a0\u00a0\u00a0\u00a0\u00a0\u00a0\u00a0\u00a0\u00a0\u00a0\u00a0\u00a0\u00a0\u00a0\u00a0\u00a0\u00a0\u00a0\u00a0\u00a0\u00a0\u00a0\u00a0\u00a0\u00a0\u00a0\u00a0\u00a0 N\u00e4ringspolitisk expert<\/p><\/div>\n","protected":false},"excerpt":{"rendered":"<p>Slopad skattefrihet f\u00f6r f\u00f6rm\u00e5n av h\u00e4lso- och sjukv\u00e5rd Almega l\u00e4mnar f\u00f6ljande synpunkter till promemorian Slopad Skattefrihet f\u00f6r f\u00f6rm\u00e5n av h\u00e4lso- och sjukv\u00e5rd. Almega anser Almega avstyrker f\u00f6rslaget om att inf\u00f6ra skattskyldighet f\u00f6r f\u00f6rm\u00e5n av h\u00e4lso- &hellip;<\/p>\n","protected":false},"template":"","categories":[57,46],"class_list":["post-12257","referral","type-referral","status-publish","hentry","category-skatter","category-valfard"],"acf":[],"yoast_head":"<!-- This site is optimized with the Yoast SEO Premium plugin v26.8 (Yoast SEO v26.8) - https:\/\/yoast.com\/product\/yoast-seo-premium-wordpress\/ -->\n<title>Slopad skattefrihet f\u00f6r f\u00f6rm\u00e5n av h\u00e4lso- och sjukv\u00e5rd | Almega<\/title>\n<meta name=\"robots\" content=\"index, follow, max-snippet:-1, max-image-preview:large, max-video-preview:-1\" \/>\n<link rel=\"canonical\" href=\"https:\/\/www.almega.se\/remisser\/slopad-skattefrihet-forman-av-halso-och-sjukvard\/\" \/>\n<meta property=\"og:locale\" content=\"sv_SE\" \/>\n<meta property=\"og:type\" content=\"article\" \/>\n<meta property=\"og:title\" content=\"Slopad skattefrihet f\u00f6r f\u00f6rm\u00e5n av h\u00e4lso- och sjukv\u00e5rd\" \/>\n<meta property=\"og:description\" content=\"Slopad skattefrihet f\u00f6r f\u00f6rm\u00e5n av h\u00e4lso- och sjukv\u00e5rd Almega l\u00e4mnar f\u00f6ljande synpunkter till promemorian Slopad Skattefrihet f\u00f6r f\u00f6rm\u00e5n av h\u00e4lso- och sjukv\u00e5rd. Almega anser Almega avstyrker f\u00f6rslaget om att inf\u00f6ra skattskyldighet f\u00f6r f\u00f6rm\u00e5n av h\u00e4lso- &hellip;\" \/>\n<meta property=\"og:url\" content=\"https:\/\/www.almega.se\/remisser\/slopad-skattefrihet-forman-av-halso-och-sjukvard\/\" \/>\n<meta property=\"og:site_name\" content=\"Almega\" \/>\n<meta property=\"article:modified_time\" content=\"2020-04-16T08:59:12+00:00\" \/>\n<meta property=\"og:image\" content=\"https:\/\/www.almega.se\/app\/uploads\/2020\/12\/almega-share-logo.png\" \/>\n\t<meta property=\"og:image:width\" content=\"1200\" \/>\n\t<meta property=\"og:image:height\" content=\"630\" \/>\n\t<meta property=\"og:image:type\" content=\"image\/png\" \/>\n<meta name=\"twitter:card\" content=\"summary_large_image\" \/>\n<meta name=\"twitter:label1\" content=\"Ber\u00e4knad l\u00e4stid\" \/>\n\t<meta name=\"twitter:data1\" content=\"6 minuter\" \/>\n<script type=\"application\/ld+json\" class=\"yoast-schema-graph\">{\"@context\":\"https:\/\/schema.org\",\"@graph\":[{\"@type\":\"WebPage\",\"@id\":\"https:\/\/www.almega.se\/remisser\/slopad-skattefrihet-forman-av-halso-och-sjukvard\/\",\"url\":\"https:\/\/www.almega.se\/remisser\/slopad-skattefrihet-forman-av-halso-och-sjukvard\/\",\"name\":\"Slopad skattefrihet f\u00f6r f\u00f6rm\u00e5n av h\u00e4lso- och sjukv\u00e5rd | Almega\",\"isPartOf\":{\"@id\":\"https:\/\/www.almega.se\/#website\"},\"datePublished\":\"2017-11-27T08:23:49+00:00\",\"dateModified\":\"2020-04-16T08:59:12+00:00\",\"breadcrumb\":{\"@id\":\"https:\/\/www.almega.se\/remisser\/slopad-skattefrihet-forman-av-halso-och-sjukvard\/#breadcrumb\"},\"inLanguage\":\"sv-SE\",\"potentialAction\":[{\"@type\":\"ReadAction\",\"target\":[\"https:\/\/www.almega.se\/remisser\/slopad-skattefrihet-forman-av-halso-och-sjukvard\/\"]}]},{\"@type\":\"BreadcrumbList\",\"@id\":\"https:\/\/www.almega.se\/remisser\/slopad-skattefrihet-forman-av-halso-och-sjukvard\/#breadcrumb\",\"itemListElement\":[{\"@type\":\"ListItem\",\"position\":1,\"name\":\"Home\",\"item\":\"https:\/\/www.almega.se\/\"},{\"@type\":\"ListItem\",\"position\":2,\"name\":\"Remisser\",\"item\":\"https:\/\/www.almega.se\/remisser\/\"},{\"@type\":\"ListItem\",\"position\":3,\"name\":\"Slopad skattefrihet f\u00f6r f\u00f6rm\u00e5n av h\u00e4lso- och sjukv\u00e5rd\"}]},{\"@type\":\"WebSite\",\"@id\":\"https:\/\/www.almega.se\/#website\",\"url\":\"https:\/\/www.almega.se\/\",\"name\":\"Almega\",\"description\":\"\",\"potentialAction\":[{\"@type\":\"SearchAction\",\"target\":{\"@type\":\"EntryPoint\",\"urlTemplate\":\"https:\/\/www.almega.se\/?s={search_term_string}\"},\"query-input\":{\"@type\":\"PropertyValueSpecification\",\"valueRequired\":true,\"valueName\":\"search_term_string\"}}],\"inLanguage\":\"sv-SE\"}]}<\/script>\n<!-- \/ Yoast SEO Premium plugin. -->","yoast_head_json":{"title":"Slopad skattefrihet f\u00f6r f\u00f6rm\u00e5n av h\u00e4lso- och sjukv\u00e5rd | Almega","robots":{"index":"index","follow":"follow","max-snippet":"max-snippet:-1","max-image-preview":"max-image-preview:large","max-video-preview":"max-video-preview:-1"},"canonical":"https:\/\/www.almega.se\/remisser\/slopad-skattefrihet-forman-av-halso-och-sjukvard\/","og_locale":"sv_SE","og_type":"article","og_title":"Slopad skattefrihet f\u00f6r f\u00f6rm\u00e5n av h\u00e4lso- och sjukv\u00e5rd","og_description":"Slopad skattefrihet f\u00f6r f\u00f6rm\u00e5n av h\u00e4lso- och sjukv\u00e5rd Almega l\u00e4mnar f\u00f6ljande synpunkter till promemorian Slopad Skattefrihet f\u00f6r f\u00f6rm\u00e5n av h\u00e4lso- och sjukv\u00e5rd. Almega anser Almega avstyrker f\u00f6rslaget om att inf\u00f6ra skattskyldighet f\u00f6r f\u00f6rm\u00e5n av h\u00e4lso- &hellip;","og_url":"https:\/\/www.almega.se\/remisser\/slopad-skattefrihet-forman-av-halso-och-sjukvard\/","og_site_name":"Almega","article_modified_time":"2020-04-16T08:59:12+00:00","og_image":[{"width":1200,"height":630,"url":"https:\/\/www.almega.se\/app\/uploads\/2020\/12\/almega-share-logo.png","type":"image\/png"}],"twitter_card":"summary_large_image","twitter_misc":{"Ber\u00e4knad l\u00e4stid":"6 minuter"},"schema":{"@context":"https:\/\/schema.org","@graph":[{"@type":"WebPage","@id":"https:\/\/www.almega.se\/remisser\/slopad-skattefrihet-forman-av-halso-och-sjukvard\/","url":"https:\/\/www.almega.se\/remisser\/slopad-skattefrihet-forman-av-halso-och-sjukvard\/","name":"Slopad skattefrihet f\u00f6r f\u00f6rm\u00e5n av h\u00e4lso- och sjukv\u00e5rd | Almega","isPartOf":{"@id":"https:\/\/www.almega.se\/#website"},"datePublished":"2017-11-27T08:23:49+00:00","dateModified":"2020-04-16T08:59:12+00:00","breadcrumb":{"@id":"https:\/\/www.almega.se\/remisser\/slopad-skattefrihet-forman-av-halso-och-sjukvard\/#breadcrumb"},"inLanguage":"sv-SE","potentialAction":[{"@type":"ReadAction","target":["https:\/\/www.almega.se\/remisser\/slopad-skattefrihet-forman-av-halso-och-sjukvard\/"]}]},{"@type":"BreadcrumbList","@id":"https:\/\/www.almega.se\/remisser\/slopad-skattefrihet-forman-av-halso-och-sjukvard\/#breadcrumb","itemListElement":[{"@type":"ListItem","position":1,"name":"Home","item":"https:\/\/www.almega.se\/"},{"@type":"ListItem","position":2,"name":"Remisser","item":"https:\/\/www.almega.se\/remisser\/"},{"@type":"ListItem","position":3,"name":"Slopad skattefrihet f\u00f6r f\u00f6rm\u00e5n av h\u00e4lso- och sjukv\u00e5rd"}]},{"@type":"WebSite","@id":"https:\/\/www.almega.se\/#website","url":"https:\/\/www.almega.se\/","name":"Almega","description":"","potentialAction":[{"@type":"SearchAction","target":{"@type":"EntryPoint","urlTemplate":"https:\/\/www.almega.se\/?s={search_term_string}"},"query-input":{"@type":"PropertyValueSpecification","valueRequired":true,"valueName":"search_term_string"}}],"inLanguage":"sv-SE"}]}},"_links":{"self":[{"href":"https:\/\/www.almega.se\/api\/wp\/v2\/referral\/12257","targetHints":{"allow":["GET"]}}],"collection":[{"href":"https:\/\/www.almega.se\/api\/wp\/v2\/referral"}],"about":[{"href":"https:\/\/www.almega.se\/api\/wp\/v2\/types\/referral"}],"version-history":[{"count":0,"href":"https:\/\/www.almega.se\/api\/wp\/v2\/referral\/12257\/revisions"}],"wp:attachment":[{"href":"https:\/\/www.almega.se\/api\/wp\/v2\/media?parent=12257"}],"wp:term":[{"taxonomy":"category","embeddable":true,"href":"https:\/\/www.almega.se\/api\/wp\/v2\/categories?post=12257"}],"curies":[{"name":"wp","href":"https:\/\/api.w.org\/{rel}","templated":true}]}}