{"id":8931,"date":"2017-09-22T10:00:17","date_gmt":"2017-09-22T10:00:17","guid":{"rendered":"http:\/\/almega.azurewebsites.net\/?page_id=8931"},"modified":"2025-06-05T15:19:03","modified_gmt":"2025-06-05T13:19:03","slug":"arbetskraftsinvandring-3","status":"publish","type":"page","link":"https:\/\/www.almega.se\/naringspolitik\/arbetskraftsinvandring-3\/","title":{"rendered":"Arbetskrafts&shy;invandring"},"content":{"rendered":"<div id=\"block-hero-block_9e5f3ba103b800325b21bc439ab8584e\" class=\"Hero has-green-background-color\">\n\n    \n  <div class=\"Hero__inner container has-green-background-color has-arrow\">\n              <div class=\"Hero__title\">\n          <h1>Arbetskrafts\u00adinvandring \u2013<i> f\u00f6ruts\u00e4ttning f\u00f6r tillv\u00e4xt<\/i><\/h1>\n        <\/div>\n                                <div class=\"Hero__arrow\">\n          <svg class='icon icon--squiggly-arrow'  width=\"282\" height=\"302\" viewBox=\"0 0 282 302\" fill=\"none\" xmlns=\"http:\/\/www.w3.org\/2000\/svg\">\n<path d=\"M108.429 281.19L129.837 295.44L143.97 274.186\" stroke=\"black\" stroke-width=\"4\" stroke-miterlimit=\"10\"\/>\n<path d=\"M43.8871 68.0497C53.3269 84.3998 70.0075 95.6755 88.6244 97.6784C107.24 99.6801 125.826 95.0068 144.209 91.4645C162.592 87.9216 182.067 85.5682 199.674 91.9481C220.515 99.5002 236.316 120.278 236.492 142.446C236.669 164.616 220.178 186.234 198.428 190.49C188.558 192.423 177.815 190.842 169.542 185.112C161.271 179.382 155.88 169.284 156.859 159.269C158.292 144.577 173.761 133.512 188.444 135C203.126 136.491 215.468 148.757 219.176 163.047C222.881 177.337 218.804 192.932 210.416 205.072C202.027 217.212 189.703 226.187 176.514 232.804C167.472 237.341 157.931 240.877 149.144 245.889C140.356 250.899 132.161 257.651 127.746 266.755C123.333 275.858 126.637 283.983 129.929 295.386\" stroke=\"black\" stroke-width=\"4\" stroke-miterlimit=\"10\"\/>\n<\/svg>\n\n          <\/div>\n        <\/div>\n<\/div>\n\n\n\n<div class=\"wp-block-group has-secondary-background-color has-background is-layout-constrained wp-block-group-is-layout-constrained\"><div class=\"wp-block wp-block-core-paragraph\">\n<p class=\"has-excerpt-font-size\">Brist p\u00e5 kompetens \u00e4r ett allvarligt tillv\u00e4xthinder inom m\u00e5nga branscher i tj\u00e4nstesektorn. Bristen \u00e4r st\u00f6rst p\u00e5 IT-specialister, ingenj\u00f6rer och annan h\u00f6gkvalificerad arbetskraft.<\/p>\n<\/div>\n\n<div class=\"wp-block wp-block-core-paragraph\">\n<p class=\"has-normal-font-size\">Att kunna rekrytera kvalificerad nyckelkompetens fr\u00e5n l\u00e4nder utanf\u00f6r EU \u00e4r n\u00f6dv\u00e4ndigt f\u00f6r att tj\u00e4nste\u00adf\u00f6retag ska kunna beh\u00e5lla verksamhet och jobb i Sverige.<\/p>\n<\/div>\n\n<div class=\"wp-block wp-block-core-paragraph\">\n<p class=\"has-text-align-left\">De svenska reglerna f\u00f6r arbetskrafts\u00adinvandring ska utg\u00e5 fr\u00e5n f\u00f6retagens rekryteringsbehov och bygga p\u00e5 principen att den som erbjuds ett arbete i Sverige till avtalsenliga villkor ska f\u00e5 arbetstillst\u00e5nd. Arbetskrafts\u00adinvandring ska inte begr\u00e4nsas till vissa yrken eller l\u00f6neniv\u00e5er s\u00e5 l\u00e4nge personerna kan f\u00f6rs\u00f6rja sig sj\u00e4lva. Idag tar i princip ingen arbetskraftsinvandrare emot bidrag f\u00f6r sin f\u00f6rs\u00f6rjning.<\/p>\n<\/div>\n\n<div class=\"wp-block wp-block-core-paragraph\">\n<p class=\"has-text-align-left\">Att \u00f6ka Sveriges attraktionskraft f\u00f6r s\u00e4rskilt kvalificerad arbetskraft \u00e4r d\u00e4rf\u00f6r en prioriterad fr\u00e5ga f\u00f6r Almega. Det saknas dock \u00e4ven yrkesutbildad arbetskraft och tj\u00e4nste\u00adf\u00f6retag har ibland sv\u00e5righeter att rekrytera till enklare yrken. Det d\u00e4rf\u00f6r \u00e4r \u00e4ven viktigt att f\u00f6retag kan rekrytera utifr\u00e5n f\u00f6r att fylla luckor inom mindre kvalificerade yrken.<\/p>\n<\/div><\/div>\n\n\n\n<div class=\"wp-block-group has-lightgray-background-color has-background is-layout-constrained wp-block-group-is-layout-constrained\"><div class=\"wp-block wp-block-core-heading heading-in-sidebar\" id=\"almega-prioriterar-foljande-fragor:\"><a class='Share__link Share__link--url copy-text' href='#' rel='nofollow' data-text='almega-prioriterar-foljande-fragor:' title='Dela url' data-confirmation='L\u00e4nken kopierades till urklipp'><svg class='icon icon--link'  width='18' height='18' viewBox='0 0 18 18' fill='none' xmlns='http:\/\/www.w3.org\/2000\/svg'>\n            <path d='M10.4142 0.514721L6.87868 4.05025L8.29289 5.46447L11.1213 2.63604L15.364 6.87868L12.5355 9.70711L13.9497 11.1213L17.4853 7.58579C17.8763 7.19476 17.8763 6.5626 17.4853 6.17158L11.8284 0.514721C11.4374 0.123691 10.8052 0.123691 10.4142 0.514721Z' fill='black'\/>\n            <path d='M9.7071 12.5355L6.87868 15.364L2.63604 11.1213L5.46446 8.2929L4.05025 6.87868L0.514716 10.4142C0.123686 10.8052 0.123686 11.4374 0.514716 11.8284L6.17157 17.4853C6.5626 17.8763 7.19475 17.8763 7.58578 17.4853L11.1213 13.9497L9.7071 12.5355Z' fill='black'\/>\n            <path d='M6.17157 11.8284C6.5626 12.2195 7.19475 12.2195 7.58578 11.8284L11.8284 7.58579C12.2195 7.19476 12.2195 6.56261 11.8284 6.17158C11.4374 5.78055 10.8052 5.78055 10.4142 6.17158L6.17157 10.4142C5.78054 10.8052 5.78054 11.4374 6.17157 11.8284Z' fill='black'\/>\n            <\/svg> <\/a>\n<h2 class=\"has-text-align-left wp-block-heading\">Almega prioriterar f\u00f6ljande fr\u00e5gor:<\/h2>\n<\/div>\n\n<div class=\"wp-block wp-block-core-list\">\n<ul class=\"has-normal-font-size wp-block-list\">\n<li>Regelverket f\u00f6r arbetskrafts\u00adinvandring m\u00e5ste h\u00e5llas enkelt och r\u00e4ttss\u00e4kert. Kompetensutvisningar p\u00e5 grund av enkla misstag f\u00e5r inte f\u00f6rekomma.<\/li>\n\n\n\n<li>Arbetskrafts\u00adinvandringen ska vara till\u00e5ten i alla yrken s\u00e5 l\u00e4nge l\u00f6ner och andra villkor motsvarar svenska avtal.<\/li>\n\n\n\n<li>Svenska myndigheter m\u00e5ste marknadsf\u00f6ra m\u00f6jligheten att arbeta i Sverige inom kvalificerade yrken d\u00e4r det r\u00e5der brist p\u00e5 kompetens.<\/li>\n\n\n\n<li>Det m\u00e5ste bli l\u00e4ttare f\u00f6r fler internationella studenter som utbildat sig i Sverige att stanna kvar och jobba efter examen.<\/li>\n<\/ul>\n<\/div>\n\n<div id=\"block-iconlink-block_ef8acbb4c4327a0d8a9daa3f6d317915\" class=\"Icon-link Icon-link--arrow-tip\">\n      <a href=\"https:\/\/www.almega.se\/vart-naringspolitiska-arbete\/\" target=\"\" class=\"Button is-button is-style-fill has-black-background-color has-black-border-color has-white-color Button--arrow-tip\">\n      <div class=\"Button__text\">\n        V\u00e5rt n\u00e4rings\u00adpolitiska arbete\n      <\/div>\n      <div class=\"Button__arrow  arrow-tip \">\n                <div class=\"Button__line\"><\/div>\n                <svg class='icon icon--arrow-tip'  width=\"11\" height=\"16\" viewBox=\"0 0 11 16\" fill=\"none\" xmlns=\"http:\/\/www.w3.org\/2000\/svg\">\n<path d=\"M0.858398 15L9.2304 7.99664L0.967732 1.00001\" stroke=\"black\" stroke-width=\"2\" stroke-miterlimit=\"10\"\/>\n<\/svg>\n\n        <\/div>\n    <\/a>\n  <\/div>\n<\/div>\n","protected":false},"excerpt":{"rendered":"<p>Brist p\u00e5 kompetens \u00e4r ett allvarligt tillv\u00e4xthinder inom m\u00e5nga branscher i tj\u00e4nstesektorn. Bristen \u00e4r st\u00f6rst p\u00e5 IT-specialister, ingenj\u00f6rer och annan h\u00f6gkvalificerad arbetskraft. Att kunna rekrytera kvalificerad nyckelkompetens fr\u00e5n l\u00e4nder utanf\u00f6r EU \u00e4r n\u00f6dv\u00e4ndigt f\u00f6r att &hellip;<\/p>\n","protected":false},"author":1,"featured_media":9115,"parent":47026,"menu_order":0,"comment_status":"closed","ping_status":"closed","template":"","meta":{"_acf_changed":false,"footnotes":""},"article_type":[],"agreement":[],"class_list":["post-8931","page","type-page","status-publish","has-post-thumbnail","hentry"],"acf":[],"yoast_head":"<!-- This site is optimized with the Yoast SEO Premium plugin v26.8 (Yoast SEO v26.8) - https:\/\/yoast.com\/product\/yoast-seo-premium-wordpress\/ -->\n<title>Arbetskrafts\u00adinvandring \u00e4r en f\u00f6ruts\u00e4ttning f\u00f6r tillv\u00e4xt<\/title>\n<meta name=\"description\" content=\"Att rekrytera kvalificerad nyckelkompetens fr\u00e5n l\u00e4nder utanf\u00f6r EU \u00e4r n\u00f6dv\u00e4ndigt f\u00f6r m\u00e5nga tj\u00e4nstef\u00f6retag. F\u00f6r detta kr\u00e4vs enkla och r\u00e4ttss\u00e4kra regler.\" \/>\n<meta name=\"robots\" content=\"index, follow, max-snippet:-1, max-image-preview:large, max-video-preview:-1\" \/>\n<link rel=\"canonical\" href=\"https:\/\/www.almega.se\/naringspolitik\/arbetskraftsinvandring-3\/\" \/>\n<meta property=\"og:locale\" content=\"sv_SE\" \/>\n<meta property=\"og:type\" content=\"article\" \/>\n<meta property=\"og:title\" content=\"Arbetskraftsinvandring\" \/>\n<meta property=\"og:description\" content=\"Att rekrytera kvalificerad nyckelkompetens fr\u00e5n l\u00e4nder utanf\u00f6r EU \u00e4r n\u00f6dv\u00e4ndigt f\u00f6r m\u00e5nga tj\u00e4nstef\u00f6retag. F\u00f6r detta kr\u00e4vs enkla och r\u00e4ttss\u00e4kra regler.\" \/>\n<meta property=\"og:url\" content=\"https:\/\/www.almega.se\/naringspolitik\/arbetskraftsinvandring-3\/\" \/>\n<meta property=\"og:site_name\" content=\"Almega\" \/>\n<meta property=\"article:modified_time\" content=\"2025-06-05T13:19:03+00:00\" \/>\n<meta property=\"og:image\" content=\"https:\/\/www.almega.se\/app\/uploads\/2017\/09\/crew-87250-1180x787.jpg\" \/>\n\t<meta property=\"og:image:width\" content=\"1180\" \/>\n\t<meta property=\"og:image:height\" content=\"787\" \/>\n\t<meta property=\"og:image:type\" content=\"image\/jpeg\" \/>\n<meta name=\"twitter:card\" content=\"summary_large_image\" \/>\n<meta name=\"twitter:label1\" content=\"Ber\u00e4knad l\u00e4stid\" \/>\n\t<meta name=\"twitter:data1\" content=\"2 minuter\" \/>\n<script type=\"application\/ld+json\" class=\"yoast-schema-graph\">{\"@context\":\"https:\/\/schema.org\",\"@graph\":[{\"@type\":\"WebPage\",\"@id\":\"https:\/\/www.almega.se\/naringspolitik\/arbetskraftsinvandring-3\/\",\"url\":\"https:\/\/www.almega.se\/naringspolitik\/arbetskraftsinvandring-3\/\",\"name\":\"Arbetskrafts\u00adinvandring \u00e4r en f\u00f6ruts\u00e4ttning f\u00f6r tillv\u00e4xt\",\"isPartOf\":{\"@id\":\"https:\/\/www.almega.se\/#website\"},\"primaryImageOfPage\":{\"@id\":\"https:\/\/www.almega.se\/naringspolitik\/arbetskraftsinvandring-3\/#primaryimage\"},\"image\":{\"@id\":\"https:\/\/www.almega.se\/naringspolitik\/arbetskraftsinvandring-3\/#primaryimage\"},\"thumbnailUrl\":\"https:\/\/www.almega.se\/app\/uploads\/2017\/09\/crew-87250.jpg\",\"datePublished\":\"2017-09-22T10:00:17+00:00\",\"dateModified\":\"2025-06-05T13:19:03+00:00\",\"description\":\"Att rekrytera kvalificerad nyckelkompetens fr\u00e5n l\u00e4nder utanf\u00f6r EU \u00e4r n\u00f6dv\u00e4ndigt f\u00f6r m\u00e5nga tj\u00e4nstef\u00f6retag. F\u00f6r detta kr\u00e4vs enkla och r\u00e4ttss\u00e4kra regler.\",\"breadcrumb\":{\"@id\":\"https:\/\/www.almega.se\/naringspolitik\/arbetskraftsinvandring-3\/#breadcrumb\"},\"inLanguage\":\"sv-SE\",\"potentialAction\":[{\"@type\":\"ReadAction\",\"target\":[\"https:\/\/www.almega.se\/naringspolitik\/arbetskraftsinvandring-3\/\"]}]},{\"@type\":\"ImageObject\",\"inLanguage\":\"sv-SE\",\"@id\":\"https:\/\/www.almega.se\/naringspolitik\/arbetskraftsinvandring-3\/#primaryimage\",\"url\":\"https:\/\/www.almega.se\/app\/uploads\/2017\/09\/crew-87250.jpg\",\"contentUrl\":\"https:\/\/www.almega.se\/app\/uploads\/2017\/09\/crew-87250.jpg\",\"width\":4896,\"height\":3264},{\"@type\":\"BreadcrumbList\",\"@id\":\"https:\/\/www.almega.se\/naringspolitik\/arbetskraftsinvandring-3\/#breadcrumb\",\"itemListElement\":[{\"@type\":\"ListItem\",\"position\":1,\"name\":\"Home\",\"item\":\"https:\/\/www.almega.se\/\"},{\"@type\":\"ListItem\",\"position\":2,\"name\":\"N\u00e4ringspolitik\",\"item\":\"https:\/\/www.almega.se\/naringspolitik\/\"},{\"@type\":\"ListItem\",\"position\":3,\"name\":\"Arbetskrafts&shy;invandring\"}]},{\"@type\":\"WebSite\",\"@id\":\"https:\/\/www.almega.se\/#website\",\"url\":\"https:\/\/www.almega.se\/\",\"name\":\"Almega\",\"description\":\"\",\"potentialAction\":[{\"@type\":\"SearchAction\",\"target\":{\"@type\":\"EntryPoint\",\"urlTemplate\":\"https:\/\/www.almega.se\/?s={search_term_string}\"},\"query-input\":{\"@type\":\"PropertyValueSpecification\",\"valueRequired\":true,\"valueName\":\"search_term_string\"}}],\"inLanguage\":\"sv-SE\"}]}<\/script>\n<!-- \/ Yoast SEO Premium plugin. -->","yoast_head_json":{"title":"Arbetskrafts\u00adinvandring \u00e4r en f\u00f6ruts\u00e4ttning f\u00f6r tillv\u00e4xt","description":"Att rekrytera kvalificerad nyckelkompetens fr\u00e5n l\u00e4nder utanf\u00f6r EU \u00e4r n\u00f6dv\u00e4ndigt f\u00f6r m\u00e5nga tj\u00e4nstef\u00f6retag. F\u00f6r detta kr\u00e4vs enkla och r\u00e4ttss\u00e4kra regler.","robots":{"index":"index","follow":"follow","max-snippet":"max-snippet:-1","max-image-preview":"max-image-preview:large","max-video-preview":"max-video-preview:-1"},"canonical":"https:\/\/www.almega.se\/naringspolitik\/arbetskraftsinvandring-3\/","og_locale":"sv_SE","og_type":"article","og_title":"Arbetskraftsinvandring","og_description":"Att rekrytera kvalificerad nyckelkompetens fr\u00e5n l\u00e4nder utanf\u00f6r EU \u00e4r n\u00f6dv\u00e4ndigt f\u00f6r m\u00e5nga tj\u00e4nstef\u00f6retag. F\u00f6r detta kr\u00e4vs enkla och r\u00e4ttss\u00e4kra regler.","og_url":"https:\/\/www.almega.se\/naringspolitik\/arbetskraftsinvandring-3\/","og_site_name":"Almega","article_modified_time":"2025-06-05T13:19:03+00:00","og_image":[{"width":1180,"height":787,"url":"https:\/\/www.almega.se\/app\/uploads\/2017\/09\/crew-87250-1180x787.jpg","type":"image\/jpeg"}],"twitter_card":"summary_large_image","twitter_misc":{"Ber\u00e4knad l\u00e4stid":"2 minuter"},"schema":{"@context":"https:\/\/schema.org","@graph":[{"@type":"WebPage","@id":"https:\/\/www.almega.se\/naringspolitik\/arbetskraftsinvandring-3\/","url":"https:\/\/www.almega.se\/naringspolitik\/arbetskraftsinvandring-3\/","name":"Arbetskrafts\u00adinvandring \u00e4r en f\u00f6ruts\u00e4ttning f\u00f6r tillv\u00e4xt","isPartOf":{"@id":"https:\/\/www.almega.se\/#website"},"primaryImageOfPage":{"@id":"https:\/\/www.almega.se\/naringspolitik\/arbetskraftsinvandring-3\/#primaryimage"},"image":{"@id":"https:\/\/www.almega.se\/naringspolitik\/arbetskraftsinvandring-3\/#primaryimage"},"thumbnailUrl":"https:\/\/www.almega.se\/app\/uploads\/2017\/09\/crew-87250.jpg","datePublished":"2017-09-22T10:00:17+00:00","dateModified":"2025-06-05T13:19:03+00:00","description":"Att rekrytera kvalificerad nyckelkompetens fr\u00e5n l\u00e4nder utanf\u00f6r EU \u00e4r n\u00f6dv\u00e4ndigt f\u00f6r m\u00e5nga tj\u00e4nstef\u00f6retag. F\u00f6r detta kr\u00e4vs enkla och r\u00e4ttss\u00e4kra regler.","breadcrumb":{"@id":"https:\/\/www.almega.se\/naringspolitik\/arbetskraftsinvandring-3\/#breadcrumb"},"inLanguage":"sv-SE","potentialAction":[{"@type":"ReadAction","target":["https:\/\/www.almega.se\/naringspolitik\/arbetskraftsinvandring-3\/"]}]},{"@type":"ImageObject","inLanguage":"sv-SE","@id":"https:\/\/www.almega.se\/naringspolitik\/arbetskraftsinvandring-3\/#primaryimage","url":"https:\/\/www.almega.se\/app\/uploads\/2017\/09\/crew-87250.jpg","contentUrl":"https:\/\/www.almega.se\/app\/uploads\/2017\/09\/crew-87250.jpg","width":4896,"height":3264},{"@type":"BreadcrumbList","@id":"https:\/\/www.almega.se\/naringspolitik\/arbetskraftsinvandring-3\/#breadcrumb","itemListElement":[{"@type":"ListItem","position":1,"name":"Home","item":"https:\/\/www.almega.se\/"},{"@type":"ListItem","position":2,"name":"N\u00e4ringspolitik","item":"https:\/\/www.almega.se\/naringspolitik\/"},{"@type":"ListItem","position":3,"name":"Arbetskrafts&shy;invandring"}]},{"@type":"WebSite","@id":"https:\/\/www.almega.se\/#website","url":"https:\/\/www.almega.se\/","name":"Almega","description":"","potentialAction":[{"@type":"SearchAction","target":{"@type":"EntryPoint","urlTemplate":"https:\/\/www.almega.se\/?s={search_term_string}"},"query-input":{"@type":"PropertyValueSpecification","valueRequired":true,"valueName":"search_term_string"}}],"inLanguage":"sv-SE"}]}},"_links":{"self":[{"href":"https:\/\/www.almega.se\/api\/wp\/v2\/pages\/8931","targetHints":{"allow":["GET"]}}],"collection":[{"href":"https:\/\/www.almega.se\/api\/wp\/v2\/pages"}],"about":[{"href":"https:\/\/www.almega.se\/api\/wp\/v2\/types\/page"}],"author":[{"embeddable":true,"href":"https:\/\/www.almega.se\/api\/wp\/v2\/users\/1"}],"replies":[{"embeddable":true,"href":"https:\/\/www.almega.se\/api\/wp\/v2\/comments?post=8931"}],"version-history":[{"count":32,"href":"https:\/\/www.almega.se\/api\/wp\/v2\/pages\/8931\/revisions"}],"predecessor-version":[{"id":59795,"href":"https:\/\/www.almega.se\/api\/wp\/v2\/pages\/8931\/revisions\/59795"}],"up":[{"embeddable":true,"href":"https:\/\/www.almega.se\/api\/wp\/v2\/pages\/47026"}],"wp:featuredmedia":[{"embeddable":true,"href":"https:\/\/www.almega.se\/api\/wp\/v2\/media\/9115"}],"wp:attachment":[{"href":"https:\/\/www.almega.se\/api\/wp\/v2\/media?parent=8931"}],"wp:term":[{"taxonomy":"type","embeddable":true,"href":"https:\/\/www.almega.se\/api\/wp\/v2\/article_type?post=8931"},{"taxonomy":"agreement","embeddable":true,"href":"https:\/\/www.almega.se\/api\/wp\/v2\/agreement?post=8931"}],"curies":[{"name":"wp","href":"https:\/\/api.w.org\/{rel}","templated":true}]}}