{"id":82788,"date":"2025-10-02T10:15:36","date_gmt":"2025-10-02T08:15:36","guid":{"rendered":"https:\/\/www.almega.se\/?page_id=82788"},"modified":"2025-10-02T11:59:42","modified_gmt":"2025-10-02T09:59:42","slug":"stod-vid-forhandlingar-och-tvister","status":"publish","type":"page","link":"https:\/\/www.almega.se\/medlemskapet\/stod-vid-forhandlingar-och-tvister\/","title":{"rendered":"St\u00f6d vid f\u00f6rhandlingar och tvister"},"content":{"rendered":"<div id=\"block-hero-block_2a903d512913bec578b69e380fdb62c0\" class=\"Hero has-primary-background-color has-paragraph-text\">\n\n    \n  <div class=\"Hero__inner container has-primary-background-color\">\n              <div class=\"Hero__title\">\n          <h1>St\u00f6d vid<i> f\u00f6rhandlingar och tvister<\/i><\/h1>\n        <\/div>\n                    <div class=\"Hero__text\">\n          <p>Juridiskt st\u00f6d hela v\u00e4gen till domstol \u2013 en medlemsf\u00f6rm\u00e5n hos Almegaf\u00f6rbunden.<\/p>\n\n        <\/div>\n                    <\/div>\n<\/div>\n\n\n\n<div class=\"wp-block-group is-layout-constrained wp-block-group-is-layout-constrained\"><div class=\"wp-block wp-block-core-paragraph\">\n<p>N\u00e4r en arbetsr\u00e4ttslig tvist inte g\u00e5r att l\u00f6sa genom dialog \u00e4r det tryggt att veta att du som medlem i ett f\u00f6rbund som ing\u00e5r i Almega har tillg\u00e5ng till kvalificerat juridiskt st\u00f6d \u2013 \u00e4nda till domstol.<\/p>\n<\/div>\n\n<div id=\"block-expert-block_ce1be79b3fc48a4b1aa0381f19ab7efd\" class=\"Expert-comment alignright\">\n      <blockquote class=\"Expert-comment__quote\">\n      <p>\u201dGenom att ha modet att hela tiden ligga i framkant kan vi erbjuda medlemsf\u00f6retagen konkurrenskraftiga kollektivavtal f\u00f6r hela tj\u00e4nstesektorn&#8221;<\/p>\n\n      <div class=\"Contact-card   --has-image \">\n             <a href=\"https:\/\/www.almega.se\/person\/jonasstenmo\/\">\n          <figure class=\"Contact-card__image\">\n            <img decoding=\"async\" src=\"https:\/\/www.almega.se\/app\/uploads\/2026\/02\/Jonas_Stenmo__DSF0702-380x285.jpg\" alt=\"Jonas Stenmo\">\n          <\/figure>\n        <\/a>\n          <div class=\"Contact-card__body\">\n      <h2 class=\"Contact-card__title\">Jonas Stenmo<\/h2>\n      <p class=\"mb-0\">Vice VD Almega, Chefsjurist<\/p>\n      \n                  <a href=\"https:\/\/www.almega.se\/person\/jonasstenmo\/\" class=\"Contact-card__link\">\n        <div class=\"Contact-card__arrow\">\n          <p class=\"Contact-card__arrow__text\">L\u00e4s mer<\/p>\n          <div class=\"Contact-card__arrow__line\"><\/div>\n          <svg class='icon icon--arrow-tip'  width=\"11\" height=\"16\" viewBox=\"0 0 11 16\" fill=\"none\" xmlns=\"http:\/\/www.w3.org\/2000\/svg\">\n<path d=\"M0.858398 15L9.2304 7.99664L0.967732 1.00001\" stroke=\"black\" stroke-width=\"2\" stroke-miterlimit=\"10\"\/>\n<\/svg>\n\n          <\/div>\n      <\/a>\n\n      \n    <\/div>\n  <\/div>\n    <\/blockquote>\n  <\/div>\n\n\n<div class=\"wp-block wp-block-core-heading heading-in-sidebar\" id=\"vad-innebar-tjansten?\"><a class='Share__link Share__link--url copy-text' href='#' rel='nofollow' data-text='vad-innebar-tjansten?' title='Dela url' data-confirmation='L\u00e4nken kopierades till urklipp'><svg class='icon icon--link'  width='18' height='18' viewBox='0 0 18 18' fill='none' xmlns='http:\/\/www.w3.org\/2000\/svg'>\n            <path d='M10.4142 0.514721L6.87868 4.05025L8.29289 5.46447L11.1213 2.63604L15.364 6.87868L12.5355 9.70711L13.9497 11.1213L17.4853 7.58579C17.8763 7.19476 17.8763 6.5626 17.4853 6.17158L11.8284 0.514721C11.4374 0.123691 10.8052 0.123691 10.4142 0.514721Z' fill='black'\/>\n            <path d='M9.7071 12.5355L6.87868 15.364L2.63604 11.1213L5.46446 8.2929L4.05025 6.87868L0.514716 10.4142C0.123686 10.8052 0.123686 11.4374 0.514716 11.8284L6.17157 17.4853C6.5626 17.8763 7.19475 17.8763 7.58578 17.4853L11.1213 13.9497L9.7071 12.5355Z' fill='black'\/>\n            <path d='M6.17157 11.8284C6.5626 12.2195 7.19475 12.2195 7.58578 11.8284L11.8284 7.58579C12.2195 7.19476 12.2195 6.56261 11.8284 6.17158C11.4374 5.78055 10.8052 5.78055 10.4142 6.17158L6.17157 10.4142C5.78054 10.8052 5.78054 11.4374 6.17157 11.8284Z' fill='black'\/>\n            <\/svg> <\/a>\n<h2 class=\"wp-block-heading\" id=\"h-vad-innebar-tjansten\">Vad inneb\u00e4r tj\u00e4nsten?<\/h2>\n<\/div>\n\n<div class=\"wp-block wp-block-core-paragraph\">\n<p>Som medlem f\u00e5r du hj\u00e4lp av erfarna arbetsr\u00e4ttsjurister som agerar ombud i domstolstvister. Det kan handla om skadest\u00e5ndskrav vid illojalt beteende, f\u00f6renklade tvistem\u00e5l (FT-m\u00e5l) eller m\u00e5l d\u00e4r staten st\u00e4mmer f\u00f6r brott mot varselskyldigheten. Vi g\u00e5r \u00e4ven in tidigt i \u00e4renden d\u00e4r Diskrimineringsombudsmannen (DO) st\u00e4ller fr\u00e5gor.<\/p>\n<\/div>\n\n<div class=\"wp-block wp-block-core-heading heading-in-sidebar\" id=\"varfor-valja-almega?\"><a class='Share__link Share__link--url copy-text' href='#' rel='nofollow' data-text='varfor-valja-almega?' title='Dela url' data-confirmation='L\u00e4nken kopierades till urklipp'><svg class='icon icon--link'  width='18' height='18' viewBox='0 0 18 18' fill='none' xmlns='http:\/\/www.w3.org\/2000\/svg'>\n            <path d='M10.4142 0.514721L6.87868 4.05025L8.29289 5.46447L11.1213 2.63604L15.364 6.87868L12.5355 9.70711L13.9497 11.1213L17.4853 7.58579C17.8763 7.19476 17.8763 6.5626 17.4853 6.17158L11.8284 0.514721C11.4374 0.123691 10.8052 0.123691 10.4142 0.514721Z' fill='black'\/>\n            <path d='M9.7071 12.5355L6.87868 15.364L2.63604 11.1213L5.46446 8.2929L4.05025 6.87868L0.514716 10.4142C0.123686 10.8052 0.123686 11.4374 0.514716 11.8284L6.17157 17.4853C6.5626 17.8763 7.19475 17.8763 7.58578 17.4853L11.1213 13.9497L9.7071 12.5355Z' fill='black'\/>\n            <path d='M6.17157 11.8284C6.5626 12.2195 7.19475 12.2195 7.58578 11.8284L11.8284 7.58579C12.2195 7.19476 12.2195 6.56261 11.8284 6.17158C11.4374 5.78055 10.8052 5.78055 10.4142 6.17158L6.17157 10.4142C5.78054 10.8052 5.78054 11.4374 6.17157 11.8284Z' fill='black'\/>\n            <\/svg> <\/a>\n<h2 class=\"wp-block-heading\" id=\"h-varfor-valja-almega\">Varf\u00f6r v\u00e4lja Almega?<\/h2>\n<\/div>\n\n<div class=\"wp-block wp-block-core-list\">\n<ul class=\"wp-block-list\">\n<li>Vi driver flest m\u00e5l i Arbetsdomstolen av alla arbetsgivarorganisationer inom tj\u00e4nstesektorn.<\/li>\n\n\n\n<li>V\u00e5ra jurister har erfarenhet fr\u00e5n tingsr\u00e4tter, Arbetsdomstolen (AD), H\u00f6gsta domstolen och EU-domstolen.<\/li>\n\n\n\n<li>Vi v\u00e4jer inte f\u00f6r att ta komplicerade fall till AD f\u00f6r att st\u00e5 upp f\u00f6r v\u00e5ra medlemmar<\/li>\n<\/ul>\n<\/div>\n\n<div class=\"wp-block wp-block-core-heading heading-in-sidebar\" id=\"sa-fungerar-det\"><a class='Share__link Share__link--url copy-text' href='#' rel='nofollow' data-text='sa-fungerar-det' title='Dela url' data-confirmation='L\u00e4nken kopierades till urklipp'><svg class='icon icon--link'  width='18' height='18' viewBox='0 0 18 18' fill='none' xmlns='http:\/\/www.w3.org\/2000\/svg'>\n            <path d='M10.4142 0.514721L6.87868 4.05025L8.29289 5.46447L11.1213 2.63604L15.364 6.87868L12.5355 9.70711L13.9497 11.1213L17.4853 7.58579C17.8763 7.19476 17.8763 6.5626 17.4853 6.17158L11.8284 0.514721C11.4374 0.123691 10.8052 0.123691 10.4142 0.514721Z' fill='black'\/>\n            <path d='M9.7071 12.5355L6.87868 15.364L2.63604 11.1213L5.46446 8.2929L4.05025 6.87868L0.514716 10.4142C0.123686 10.8052 0.123686 11.4374 0.514716 11.8284L6.17157 17.4853C6.5626 17.8763 7.19475 17.8763 7.58578 17.4853L11.1213 13.9497L9.7071 12.5355Z' fill='black'\/>\n            <path d='M6.17157 11.8284C6.5626 12.2195 7.19475 12.2195 7.58578 11.8284L11.8284 7.58579C12.2195 7.19476 12.2195 6.56261 11.8284 6.17158C11.4374 5.78055 10.8052 5.78055 10.4142 6.17158L6.17157 10.4142C5.78054 10.8052 5.78054 11.4374 6.17157 11.8284Z' fill='black'\/>\n            <\/svg> <\/a>\n<h2 class=\"wp-block-heading\" id=\"h-sa-fungerar-det\">S\u00e5 fungerar det<\/h2>\n<\/div>\n\n<div class=\"wp-block wp-block-core-list\">\n<ul class=\"wp-block-list\">\n<li>Hj\u00e4lpen ing\u00e5r i medlemskapet och omfattar tvister enligt svensk lag.<\/li>\n\n\n\n<li>Vi g\u00e5r in som ombud redan i ett tidigt skede.<\/li>\n\n\n\n<li>Genom att driva m\u00e5l bidrar vi till att utveckla kollektivavtal och praxis till f\u00f6rdel f\u00f6r v\u00e5ra medlemmar.<\/li>\n<\/ul>\n<\/div>\n\n<div class=\"wp-block wp-block-core-heading heading-in-sidebar\" id=\"narheten-till-dig\"><a class='Share__link Share__link--url copy-text' href='#' rel='nofollow' data-text='narheten-till-dig' title='Dela url' data-confirmation='L\u00e4nken kopierades till urklipp'><svg class='icon icon--link'  width='18' height='18' viewBox='0 0 18 18' fill='none' xmlns='http:\/\/www.w3.org\/2000\/svg'>\n            <path d='M10.4142 0.514721L6.87868 4.05025L8.29289 5.46447L11.1213 2.63604L15.364 6.87868L12.5355 9.70711L13.9497 11.1213L17.4853 7.58579C17.8763 7.19476 17.8763 6.5626 17.4853 6.17158L11.8284 0.514721C11.4374 0.123691 10.8052 0.123691 10.4142 0.514721Z' fill='black'\/>\n            <path d='M9.7071 12.5355L6.87868 15.364L2.63604 11.1213L5.46446 8.2929L4.05025 6.87868L0.514716 10.4142C0.123686 10.8052 0.123686 11.4374 0.514716 11.8284L6.17157 17.4853C6.5626 17.8763 7.19475 17.8763 7.58578 17.4853L11.1213 13.9497L9.7071 12.5355Z' fill='black'\/>\n            <path d='M6.17157 11.8284C6.5626 12.2195 7.19475 12.2195 7.58578 11.8284L11.8284 7.58579C12.2195 7.19476 12.2195 6.56261 11.8284 6.17158C11.4374 5.78055 10.8052 5.78055 10.4142 6.17158L6.17157 10.4142C5.78054 10.8052 5.78054 11.4374 6.17157 11.8284Z' fill='black'\/>\n            <\/svg> <\/a>\n<h2 class=\"wp-block-heading\" id=\"h-narheten-till-dig\">N\u00e4rheten till dig<\/h2>\n<\/div>\n\n<div class=\"wp-block wp-block-core-paragraph\">\n<p>Med regionkontor p\u00e5 nio orter kan vi bist\u00e5 vid centrala och lokala f\u00f6rhandlingar. Under 2024 hanterade vi \u00f6ver 21\u202f500 jour\u00e4renden, n\u00e4stan 1\u202f000 lokala f\u00f6rhandlingar och hundratals tvister i domstol.<\/p>\n<\/div>\n\n<div class=\"wp-block wp-block-core-paragraph\">\n<p>Vill du veta mer? H\u00f6r av dig till oss! I Arbetsgivarguiden hittar du r\u00e4tt kontaktperson f\u00f6r ditt \u00e4rende.<\/p>\n<\/div>\n\n<div id=\"block-iconlink-block_416b9054482a550d747fdba6c5d702c6\" class=\"Icon-link Icon-link--arrow-tip\">\n      <a href=\"https:\/\/medlem.arbetsgivarguiden.se\/hjalp-och-kontakt\/arbetsrattsliga_fragor\" target=\"\" class=\"Button is-button is-style-fill has-black-background-color has-black-border-color has-white-color Button--arrow-tip\">\n      <div class=\"Button__text\">\n        Logga in i Arbetsgivarguiden\n      <\/div>\n      <div class=\"Button__arrow  arrow-tip \">\n                <div class=\"Button__line\"><\/div>\n                <svg class='icon icon--arrow-tip'  width=\"11\" height=\"16\" viewBox=\"0 0 11 16\" fill=\"none\" xmlns=\"http:\/\/www.w3.org\/2000\/svg\">\n<path d=\"M0.858398 15L9.2304 7.99664L0.967732 1.00001\" stroke=\"black\" stroke-width=\"2\" stroke-miterlimit=\"10\"\/>\n<\/svg>\n\n        <\/div>\n    <\/a>\n  <\/div>\n\n\n<div id=\"block-iconlink-block_4fb34cf0646a79463b91bd9ae9e7c940\" class=\"Icon-link Icon-link--arrow-tip\">\n      <a href=\"https:\/\/www.almega.se\/2024\/12\/arbetsgivarservice-med-bredd-och-djup\/\" target=\"\" class=\"Button is-text Button--arrow-tip\">\n      <div class=\"Button__text\">\n        L\u00e4s ocks\u00e5: Arbetsgivarservice med sv\u00e5rslagen bredd och djup\n      <\/div>\n      <div class=\"Button__arrow  arrow-tip \">\n                <div class=\"Button__line\"><\/div>\n                <svg class='icon icon--arrow-tip'  width=\"11\" height=\"16\" viewBox=\"0 0 11 16\" fill=\"none\" xmlns=\"http:\/\/www.w3.org\/2000\/svg\">\n<path d=\"M0.858398 15L9.2304 7.99664L0.967732 1.00001\" stroke=\"black\" stroke-width=\"2\" stroke-miterlimit=\"10\"\/>\n<\/svg>\n\n        <\/div>\n    <\/a>\n  <\/div>\n\n\n<div class=\"Listing no-bg\">\n  <div class=\"container\">\n    <div class=\"Listing__heading\">\n       <h2>Arbetsgivarservice<\/h2>     <\/div>\n    <div class=\"row\">\n                            <div class=\"col-md-3 col-12 col-sm-6 \">\n                      <article class=\"Blurb Blurb--sm Blurb--page Blurb--vertical has-thumbnail\">\n  <a href=\"https:\/\/www.almega.se\/medlemskapet\/radgivning\/\">\n          <div class=\"Blurb__thumbnail__wrap\">\n        <figure class=\"Blurb__thumbnail\">\n          <img loading=\"lazy\" decoding=\"async\" width=\"2560\" height=\"2560\" src=\"https:\/\/www.almega.se\/app\/uploads\/2026\/04\/Almega_AI_10-scaled.jpg\" class=\"attachment-small size-small wp-post-image\" alt=\"Man vid datorn\" srcset=\"https:\/\/www.almega.se\/app\/uploads\/2026\/04\/Almega_AI_10-scaled.jpg 2560w, https:\/\/www.almega.se\/app\/uploads\/2026\/04\/Almega_AI_10-580x580.jpg 580w, https:\/\/www.almega.se\/app\/uploads\/2026\/04\/Almega_AI_10-1180x1180.jpg 1180w, https:\/\/www.almega.se\/app\/uploads\/2026\/04\/Almega_AI_10-380x380.jpg 380w, https:\/\/www.almega.se\/app\/uploads\/2026\/04\/Almega_AI_10-768x768.jpg 768w, https:\/\/www.almega.se\/app\/uploads\/2026\/04\/Almega_AI_10-1536x1536.jpg 1536w, https:\/\/www.almega.se\/app\/uploads\/2026\/04\/Almega_AI_10-2048x2048.jpg 2048w\" sizes=\"auto, (max-width: 2560px) 100vw, 2560px\" \/>\n        <\/figure>\n      <\/div>\n        <div class=\"Blurb__content\">\n      <div class=\"Blurb__body\">\n        <div>\n                            <\/div>\n        <h3 class=\"Blurb__title\">\n          R\u00e5dgivning\n        <\/h3>\n                  <div class=\"Blurb__text\">\n            F\u00e5 r\u00e5dgivning och hj\u00e4lp av Sveriges b\u00e4sta arbetsr\u00e4ttsjurister, avtalsexperter och f\u00f6rhandlare n\u00e4r det beh\u00f6vs som mest.\n          <\/div>\n                <div class=\"Blurb__arrow\">\n                                <div class=\"Blurb__arrow__line\">\n              <svg class='icon icon--arrow-tip'  width=\"11\" height=\"16\" viewBox=\"0 0 11 16\" fill=\"none\" xmlns=\"http:\/\/www.w3.org\/2000\/svg\">\n<path d=\"M0.858398 15L9.2304 7.99664L0.967732 1.00001\" stroke=\"black\" stroke-width=\"2\" stroke-miterlimit=\"10\"\/>\n<\/svg>\n\n              <\/div>\n                  <\/div>\n      <\/div>\n    <\/div>\n  <\/a>\n<\/article>\n                  <\/div>\n                              <div class=\"col-md-3 col-12 col-sm-6 \">\n                      <article class=\"Blurb Blurb--sm Blurb--page Blurb--vertical has-thumbnail\">\n  <a href=\"https:\/\/www.almega.se\/om-arbetsgivarguiden\/mallar-for-dig-som-arbetsgivare\/\">\n          <div class=\"Blurb__thumbnail__wrap\">\n        <figure class=\"Blurb__thumbnail\">\n          <img loading=\"lazy\" decoding=\"async\" width=\"2499\" height=\"1666\" src=\"https:\/\/www.almega.se\/app\/uploads\/2025\/09\/cai412-58233.jpg\" class=\"attachment-small size-small wp-post-image\" alt=\"dekoration\" srcset=\"https:\/\/www.almega.se\/app\/uploads\/2025\/09\/cai412-58233.jpg 2499w, https:\/\/www.almega.se\/app\/uploads\/2025\/09\/cai412-58233-580x387.jpg 580w, https:\/\/www.almega.se\/app\/uploads\/2025\/09\/cai412-58233-1180x787.jpg 1180w, https:\/\/www.almega.se\/app\/uploads\/2025\/09\/cai412-58233-380x253.jpg 380w, https:\/\/www.almega.se\/app\/uploads\/2025\/09\/cai412-58233-768x512.jpg 768w, https:\/\/www.almega.se\/app\/uploads\/2025\/09\/cai412-58233-1536x1024.jpg 1536w, https:\/\/www.almega.se\/app\/uploads\/2025\/09\/cai412-58233-2048x1365.jpg 2048w\" sizes=\"auto, (max-width: 2499px) 100vw, 2499px\" \/>\n        <\/figure>\n      <\/div>\n        <div class=\"Blurb__content\">\n      <div class=\"Blurb__body\">\n        <div>\n                            <\/div>\n        <h3 class=\"Blurb__title\">\n          Mallar f\u00f6r dig som arbetsgivare\n        <\/h3>\n                  <div class=\"Blurb__text\">\n            Almegas experter tar fram och kvalitetss\u00e4krar en m\u00e4ngd mallar f\u00f6r dig som \u00e4r arbetsgivare och medlem i n\u00e5got av Almegas f\u00f6rbund. Mallarna \u00e4r byggda f\u00f6r att hj\u00e4lpa dig att fylla i r\u00e4tt uppgifter. F\u00f6r att &hellip;\n          <\/div>\n                <div class=\"Blurb__arrow\">\n                                <div class=\"Blurb__arrow__line\">\n              <svg class='icon icon--arrow-tip'  width=\"11\" height=\"16\" viewBox=\"0 0 11 16\" fill=\"none\" xmlns=\"http:\/\/www.w3.org\/2000\/svg\">\n<path d=\"M0.858398 15L9.2304 7.99664L0.967732 1.00001\" stroke=\"black\" stroke-width=\"2\" stroke-miterlimit=\"10\"\/>\n<\/svg>\n\n              <\/div>\n                  <\/div>\n      <\/div>\n    <\/div>\n  <\/a>\n<\/article>\n                  <\/div>\n                              <div class=\"col-md-3 col-12 col-sm-6 \">\n                      <article class=\"Blurb Blurb--sm Blurb--page Blurb--vertical has-thumbnail\">\n  <a href=\"https:\/\/www.almega.se\/medlemskapet\/radgivning-internationell-arbetsratt\/\">\n          <div class=\"Blurb__thumbnail__wrap\">\n        <figure class=\"Blurb__thumbnail\">\n          <img loading=\"lazy\" decoding=\"async\" width=\"2500\" height=\"1667\" src=\"https:\/\/www.almega.se\/app\/uploads\/2025\/06\/ima252052.jpg\" class=\"attachment-small size-small wp-post-image\" alt=\"samtal\" srcset=\"https:\/\/www.almega.se\/app\/uploads\/2025\/06\/ima252052.jpg 2500w, https:\/\/www.almega.se\/app\/uploads\/2025\/06\/ima252052-580x387.jpg 580w, https:\/\/www.almega.se\/app\/uploads\/2025\/06\/ima252052-1180x787.jpg 1180w, https:\/\/www.almega.se\/app\/uploads\/2025\/06\/ima252052-380x253.jpg 380w, https:\/\/www.almega.se\/app\/uploads\/2025\/06\/ima252052-768x512.jpg 768w, https:\/\/www.almega.se\/app\/uploads\/2025\/06\/ima252052-1536x1024.jpg 1536w, https:\/\/www.almega.se\/app\/uploads\/2025\/06\/ima252052-2048x1366.jpg 2048w\" sizes=\"auto, (max-width: 2500px) 100vw, 2500px\" \/>\n        <\/figure>\n      <\/div>\n        <div class=\"Blurb__content\">\n      <div class=\"Blurb__body\">\n        <div>\n                            <\/div>\n        <h3 class=\"Blurb__title\">\n          R\u00e5dgivning \u2013 internationell arbetsr\u00e4tt\n        <\/h3>\n                  <div class=\"Blurb__text\">\n            Det \u00e4r inte alltid l\u00e4tt att hitta experter p\u00e5 hur arbetsr\u00e4tten fungerar i andra l\u00e4nder. Som medlem i ett f\u00f6rbund inom Almega kan vi f\u00f6rmedla kontakt till r\u00e4tt hj\u00e4lp. Almega samarbetar med Elmzell Advokatbyr\u00e5 i &hellip;\n          <\/div>\n                <div class=\"Blurb__arrow\">\n                                <div class=\"Blurb__arrow__line\">\n              <svg class='icon icon--arrow-tip'  width=\"11\" height=\"16\" viewBox=\"0 0 11 16\" fill=\"none\" xmlns=\"http:\/\/www.w3.org\/2000\/svg\">\n<path d=\"M0.858398 15L9.2304 7.99664L0.967732 1.00001\" stroke=\"black\" stroke-width=\"2\" stroke-miterlimit=\"10\"\/>\n<\/svg>\n\n              <\/div>\n                  <\/div>\n      <\/div>\n    <\/div>\n  <\/a>\n<\/article>\n                  <\/div>\n                              <div class=\"col-md-3 col-12 col-sm-6 \">\n                      <article class=\"Blurb Blurb--sm Blurb--page Blurb--vertical has-thumbnail\">\n  <a href=\"https:\/\/www.almega.se\/medlemskapet\/\">\n          <div class=\"Blurb__thumbnail__wrap\">\n        <figure class=\"Blurb__thumbnail\">\n          <img loading=\"lazy\" decoding=\"async\" width=\"2560\" height=\"2560\" src=\"https:\/\/www.almega.se\/app\/uploads\/2025\/06\/almegaai2-scaled.jpg\" class=\"attachment-small size-small wp-post-image\" alt=\"Almega\" srcset=\"https:\/\/www.almega.se\/app\/uploads\/2025\/06\/almegaai2-scaled.jpg 2560w, https:\/\/www.almega.se\/app\/uploads\/2025\/06\/almegaai2-580x580.jpg 580w, https:\/\/www.almega.se\/app\/uploads\/2025\/06\/almegaai2-1180x1180.jpg 1180w, https:\/\/www.almega.se\/app\/uploads\/2025\/06\/almegaai2-380x380.jpg 380w, https:\/\/www.almega.se\/app\/uploads\/2025\/06\/almegaai2-768x768.jpg 768w, https:\/\/www.almega.se\/app\/uploads\/2025\/06\/almegaai2-1536x1536.jpg 1536w, https:\/\/www.almega.se\/app\/uploads\/2025\/06\/almegaai2-2048x2048.jpg 2048w\" sizes=\"auto, (max-width: 2560px) 100vw, 2560px\" \/>\n        <\/figure>\n      <\/div>\n        <div class=\"Blurb__content\">\n      <div class=\"Blurb__body\">\n        <div>\n                            <\/div>\n        <h3 class=\"Blurb__title\">\n          Medlemskapet\n        <\/h3>\n                  <div class=\"Blurb__text\">\n            Som medlem i Almega har du anpassade kollektivavtal, fri r\u00e5dgivning och m\u00e5nga andra f\u00f6rm\u00e5ner.\n          <\/div>\n                <div class=\"Blurb__arrow\">\n                                <div class=\"Blurb__arrow__line\">\n              <svg class='icon icon--arrow-tip'  width=\"11\" height=\"16\" viewBox=\"0 0 11 16\" fill=\"none\" xmlns=\"http:\/\/www.w3.org\/2000\/svg\">\n<path d=\"M0.858398 15L9.2304 7.99664L0.967732 1.00001\" stroke=\"black\" stroke-width=\"2\" stroke-miterlimit=\"10\"\/>\n<\/svg>\n\n              <\/div>\n                  <\/div>\n      <\/div>\n    <\/div>\n  <\/a>\n<\/article>\n                  <\/div>\n                  <\/div>\n  <\/div>\n<\/div>\n\n<div class=\"wp-block wp-block-core-paragraph\">\n<p><\/p>\n<\/div><\/div>\n","protected":false},"excerpt":{"rendered":"<p>N\u00e4r en arbetsr\u00e4ttslig tvist inte g\u00e5r att l\u00f6sa genom dialog \u00e4r det tryggt att veta att du som medlem i ett f\u00f6rbund som ing\u00e5r i Almega har tillg\u00e5ng till kvalificerat juridiskt st\u00f6d \u2013 \u00e4nda till &hellip;<\/p>\n","protected":false},"author":14531,"featured_media":82790,"parent":82007,"menu_order":0,"comment_status":"closed","ping_status":"closed","template":"","meta":{"_acf_changed":false,"footnotes":""},"article_type":[],"agreement":[],"class_list":["post-82788","page","type-page","status-publish","has-post-thumbnail","hentry"],"acf":[],"yoast_head":"<!-- This site is optimized with the Yoast SEO Premium plugin v26.8 (Yoast SEO v26.8) - https:\/\/yoast.com\/product\/yoast-seo-premium-wordpress\/ -->\n<title>St\u00f6d vid f\u00f6rhandlingar och tvister | Almega<\/title>\n<meta name=\"robots\" content=\"index, follow, max-snippet:-1, max-image-preview:large, max-video-preview:-1\" \/>\n<link rel=\"canonical\" href=\"https:\/\/www.almega.se\/medlemskapet\/stod-vid-forhandlingar-och-tvister\/\" \/>\n<meta property=\"og:locale\" content=\"sv_SE\" \/>\n<meta property=\"og:type\" content=\"article\" \/>\n<meta property=\"og:title\" content=\"St\u00f6d vid f\u00f6rhandlingar och tvister\" \/>\n<meta property=\"og:description\" content=\"N\u00e4r en arbetsr\u00e4ttslig tvist inte g\u00e5r att l\u00f6sa genom dialog \u00e4r det tryggt att veta att du som medlem i ett f\u00f6rbund som ing\u00e5r i Almega har tillg\u00e5ng till kvalificerat juridiskt st\u00f6d \u2013 \u00e4nda till &hellip;\" \/>\n<meta property=\"og:url\" content=\"https:\/\/www.almega.se\/medlemskapet\/stod-vid-forhandlingar-och-tvister\/\" \/>\n<meta property=\"og:site_name\" content=\"Almega\" \/>\n<meta property=\"article:modified_time\" content=\"2025-10-02T09:59:42+00:00\" \/>\n<meta property=\"og:image\" content=\"https:\/\/www.almega.se\/app\/uploads\/2025\/10\/ets11757.jpg\" \/>\n\t<meta property=\"og:image:width\" content=\"1667\" \/>\n\t<meta property=\"og:image:height\" content=\"1114\" \/>\n\t<meta property=\"og:image:type\" content=\"image\/jpeg\" \/>\n<meta name=\"twitter:card\" content=\"summary_large_image\" \/>\n<meta name=\"twitter:label1\" content=\"Ber\u00e4knad l\u00e4stid\" \/>\n\t<meta name=\"twitter:data1\" content=\"2 minuter\" \/>\n<script type=\"application\/ld+json\" class=\"yoast-schema-graph\">{\"@context\":\"https:\/\/schema.org\",\"@graph\":[{\"@type\":\"WebPage\",\"@id\":\"https:\/\/www.almega.se\/medlemskapet\/stod-vid-forhandlingar-och-tvister\/\",\"url\":\"https:\/\/www.almega.se\/medlemskapet\/stod-vid-forhandlingar-och-tvister\/\",\"name\":\"St\u00f6d vid f\u00f6rhandlingar och tvister | Almega\",\"isPartOf\":{\"@id\":\"https:\/\/www.almega.se\/#website\"},\"primaryImageOfPage\":{\"@id\":\"https:\/\/www.almega.se\/medlemskapet\/stod-vid-forhandlingar-och-tvister\/#primaryimage\"},\"image\":{\"@id\":\"https:\/\/www.almega.se\/medlemskapet\/stod-vid-forhandlingar-och-tvister\/#primaryimage\"},\"thumbnailUrl\":\"https:\/\/www.almega.se\/app\/uploads\/2025\/10\/ets11757.jpg\",\"datePublished\":\"2025-10-02T08:15:36+00:00\",\"dateModified\":\"2025-10-02T09:59:42+00:00\",\"breadcrumb\":{\"@id\":\"https:\/\/www.almega.se\/medlemskapet\/stod-vid-forhandlingar-och-tvister\/#breadcrumb\"},\"inLanguage\":\"sv-SE\",\"potentialAction\":[{\"@type\":\"ReadAction\",\"target\":[\"https:\/\/www.almega.se\/medlemskapet\/stod-vid-forhandlingar-och-tvister\/\"]}]},{\"@type\":\"ImageObject\",\"inLanguage\":\"sv-SE\",\"@id\":\"https:\/\/www.almega.se\/medlemskapet\/stod-vid-forhandlingar-och-tvister\/#primaryimage\",\"url\":\"https:\/\/www.almega.se\/app\/uploads\/2025\/10\/ets11757.jpg\",\"contentUrl\":\"https:\/\/www.almega.se\/app\/uploads\/2025\/10\/ets11757.jpg\",\"width\":1667,\"height\":1114,\"caption\":\"Lagbok\"},{\"@type\":\"BreadcrumbList\",\"@id\":\"https:\/\/www.almega.se\/medlemskapet\/stod-vid-forhandlingar-och-tvister\/#breadcrumb\",\"itemListElement\":[{\"@type\":\"ListItem\",\"position\":1,\"name\":\"Home\",\"item\":\"https:\/\/www.almega.se\/\"},{\"@type\":\"ListItem\",\"position\":2,\"name\":\"Medlemskapet\",\"item\":\"https:\/\/www.almega.se\/medlemskapet\/\"},{\"@type\":\"ListItem\",\"position\":3,\"name\":\"St\u00f6d vid f\u00f6rhandlingar och tvister\"}]},{\"@type\":\"WebSite\",\"@id\":\"https:\/\/www.almega.se\/#website\",\"url\":\"https:\/\/www.almega.se\/\",\"name\":\"Almega\",\"description\":\"\",\"potentialAction\":[{\"@type\":\"SearchAction\",\"target\":{\"@type\":\"EntryPoint\",\"urlTemplate\":\"https:\/\/www.almega.se\/?s={search_term_string}\"},\"query-input\":{\"@type\":\"PropertyValueSpecification\",\"valueRequired\":true,\"valueName\":\"search_term_string\"}}],\"inLanguage\":\"sv-SE\"}]}<\/script>\n<!-- \/ Yoast SEO Premium plugin. -->","yoast_head_json":{"title":"St\u00f6d vid f\u00f6rhandlingar och tvister | Almega","robots":{"index":"index","follow":"follow","max-snippet":"max-snippet:-1","max-image-preview":"max-image-preview:large","max-video-preview":"max-video-preview:-1"},"canonical":"https:\/\/www.almega.se\/medlemskapet\/stod-vid-forhandlingar-och-tvister\/","og_locale":"sv_SE","og_type":"article","og_title":"St\u00f6d vid f\u00f6rhandlingar och tvister","og_description":"N\u00e4r en arbetsr\u00e4ttslig tvist inte g\u00e5r att l\u00f6sa genom dialog \u00e4r det tryggt att veta att du som medlem i ett f\u00f6rbund som ing\u00e5r i Almega har tillg\u00e5ng till kvalificerat juridiskt st\u00f6d \u2013 \u00e4nda till &hellip;","og_url":"https:\/\/www.almega.se\/medlemskapet\/stod-vid-forhandlingar-och-tvister\/","og_site_name":"Almega","article_modified_time":"2025-10-02T09:59:42+00:00","og_image":[{"width":1667,"height":1114,"url":"https:\/\/www.almega.se\/app\/uploads\/2025\/10\/ets11757.jpg","type":"image\/jpeg"}],"twitter_card":"summary_large_image","twitter_misc":{"Ber\u00e4knad l\u00e4stid":"2 minuter"},"schema":{"@context":"https:\/\/schema.org","@graph":[{"@type":"WebPage","@id":"https:\/\/www.almega.se\/medlemskapet\/stod-vid-forhandlingar-och-tvister\/","url":"https:\/\/www.almega.se\/medlemskapet\/stod-vid-forhandlingar-och-tvister\/","name":"St\u00f6d vid f\u00f6rhandlingar och tvister | Almega","isPartOf":{"@id":"https:\/\/www.almega.se\/#website"},"primaryImageOfPage":{"@id":"https:\/\/www.almega.se\/medlemskapet\/stod-vid-forhandlingar-och-tvister\/#primaryimage"},"image":{"@id":"https:\/\/www.almega.se\/medlemskapet\/stod-vid-forhandlingar-och-tvister\/#primaryimage"},"thumbnailUrl":"https:\/\/www.almega.se\/app\/uploads\/2025\/10\/ets11757.jpg","datePublished":"2025-10-02T08:15:36+00:00","dateModified":"2025-10-02T09:59:42+00:00","breadcrumb":{"@id":"https:\/\/www.almega.se\/medlemskapet\/stod-vid-forhandlingar-och-tvister\/#breadcrumb"},"inLanguage":"sv-SE","potentialAction":[{"@type":"ReadAction","target":["https:\/\/www.almega.se\/medlemskapet\/stod-vid-forhandlingar-och-tvister\/"]}]},{"@type":"ImageObject","inLanguage":"sv-SE","@id":"https:\/\/www.almega.se\/medlemskapet\/stod-vid-forhandlingar-och-tvister\/#primaryimage","url":"https:\/\/www.almega.se\/app\/uploads\/2025\/10\/ets11757.jpg","contentUrl":"https:\/\/www.almega.se\/app\/uploads\/2025\/10\/ets11757.jpg","width":1667,"height":1114,"caption":"Lagbok"},{"@type":"BreadcrumbList","@id":"https:\/\/www.almega.se\/medlemskapet\/stod-vid-forhandlingar-och-tvister\/#breadcrumb","itemListElement":[{"@type":"ListItem","position":1,"name":"Home","item":"https:\/\/www.almega.se\/"},{"@type":"ListItem","position":2,"name":"Medlemskapet","item":"https:\/\/www.almega.se\/medlemskapet\/"},{"@type":"ListItem","position":3,"name":"St\u00f6d vid f\u00f6rhandlingar och tvister"}]},{"@type":"WebSite","@id":"https:\/\/www.almega.se\/#website","url":"https:\/\/www.almega.se\/","name":"Almega","description":"","potentialAction":[{"@type":"SearchAction","target":{"@type":"EntryPoint","urlTemplate":"https:\/\/www.almega.se\/?s={search_term_string}"},"query-input":{"@type":"PropertyValueSpecification","valueRequired":true,"valueName":"search_term_string"}}],"inLanguage":"sv-SE"}]}},"_links":{"self":[{"href":"https:\/\/www.almega.se\/api\/wp\/v2\/pages\/82788","targetHints":{"allow":["GET"]}}],"collection":[{"href":"https:\/\/www.almega.se\/api\/wp\/v2\/pages"}],"about":[{"href":"https:\/\/www.almega.se\/api\/wp\/v2\/types\/page"}],"author":[{"embeddable":true,"href":"https:\/\/www.almega.se\/api\/wp\/v2\/users\/14531"}],"replies":[{"embeddable":true,"href":"https:\/\/www.almega.se\/api\/wp\/v2\/comments?post=82788"}],"version-history":[{"count":6,"href":"https:\/\/www.almega.se\/api\/wp\/v2\/pages\/82788\/revisions"}],"predecessor-version":[{"id":82840,"href":"https:\/\/www.almega.se\/api\/wp\/v2\/pages\/82788\/revisions\/82840"}],"up":[{"embeddable":true,"href":"https:\/\/www.almega.se\/api\/wp\/v2\/pages\/82007"}],"wp:featuredmedia":[{"embeddable":true,"href":"https:\/\/www.almega.se\/api\/wp\/v2\/media\/82790"}],"wp:attachment":[{"href":"https:\/\/www.almega.se\/api\/wp\/v2\/media?parent=82788"}],"wp:term":[{"taxonomy":"type","embeddable":true,"href":"https:\/\/www.almega.se\/api\/wp\/v2\/article_type?post=82788"},{"taxonomy":"agreement","embeddable":true,"href":"https:\/\/www.almega.se\/api\/wp\/v2\/agreement?post=82788"}],"curies":[{"name":"wp","href":"https:\/\/api.w.org\/{rel}","templated":true}]}}