{"id":68205,"date":"2023-11-09T14:13:14","date_gmt":"2023-11-09T13:13:14","guid":{"rendered":"https:\/\/www.almega.se\/?page_id=68205"},"modified":"2024-03-05T14:44:11","modified_gmt":"2024-03-05T13:44:11","slug":"instagram-3","status":"publish","type":"page","link":"https:\/\/www.almega.se\/instagram-3\/","title":{"rendered":"Instagram"},"content":{"rendered":"<div id=\"block-hero-block_b7972e293db6d121322a43a9a034ff76\" class=\"Hero has-primary-background-color has-paragraph-text\">\n\n    \n  <div class=\"Hero__inner container has-primary-background-color\">\n              <div class=\"Hero__title\">\n          <h1>Almegas <i> Instagram<\/i><\/h1>\n        <\/div>\n                    <div class=\"Hero__text\">\n          <p>H\u00e4r samlar vi Almegas Instagramfl\u00f6de p\u00e5 webben. Vi delar inneh\u00e5ll som ger dig verktyg och kunskap som \u00e4r v\u00e4rdeskapande f\u00f6r dig och ditt f\u00f6retag. <\/p>\n\n        <\/div>\n                    <\/div>\n<\/div>\n\n\n\n<div class=\"wp-block-columns is-layout-flex wp-container-core-columns-is-layout-9d6595d7 wp-block-columns-is-layout-flex\"><\/div>\n\n\n\n<div class=\"wp-block-group is-layout-constrained wp-block-group-is-layout-constrained\">\n<div class=\"wp-block-columns is-layout-flex wp-container-core-columns-is-layout-9d6595d7 wp-block-columns-is-layout-flex\">\n<div class=\"wp-block-column is-layout-flow wp-block-column-is-layout-flow\">\n<figure class=\"wp-block-image size-large\"><a href=\"https:\/\/www.almega.se\/2024\/03\/bakslag-for-tjanstesektorn\/\" target=\"_blank\" rel=\"noreferrer noopener\"><img loading=\"lazy\" decoding=\"async\" width=\"1180\" height=\"1180\" src=\"https:\/\/www.almega.se\/app\/uploads\/2024\/03\/Vd-forum-3-1180x1180.png\" alt=\"Bild p\u00e5 Almegas chefekonom Patrick Joyce med citat &quot;I j\u00e4mf\u00f6relse med f\u00f6reg\u00e5ende \u00e5r anpassar nu f\u00f6retagen sina kostnader och d\u00e5 f\u00f6rsvinner jobb&quot; med anledning av ink\u00f6pschefsindex f\u00f6r februari. L\u00e4nkar till pressmeddelande. \" class=\"wp-image-72067\" srcset=\"https:\/\/www.almega.se\/app\/uploads\/2024\/03\/Vd-forum-3-1180x1180.png 1180w, https:\/\/www.almega.se\/app\/uploads\/2024\/03\/Vd-forum-3-580x580.png 580w, https:\/\/www.almega.se\/app\/uploads\/2024\/03\/Vd-forum-3-380x380.png 380w, https:\/\/www.almega.se\/app\/uploads\/2024\/03\/Vd-forum-3-768x768.png 768w, https:\/\/www.almega.se\/app\/uploads\/2024\/03\/Vd-forum-3.png 1200w\" sizes=\"auto, (max-width: 1180px) 100vw, 1180px\" \/><\/a><\/figure>\n<\/div>\n\n\n\n<div class=\"wp-block-column is-layout-flow wp-block-column-is-layout-flow\">\n<figure class=\"wp-block-image size-full\"><a href=\"https:\/\/www.almega.se\/aktiviteter\/visselblasarlagen\/\" target=\"_blank\" rel=\"noreferrer noopener\"><img loading=\"lazy\" decoding=\"async\" width=\"1080\" height=\"1080\" src=\"https:\/\/www.almega.se\/app\/uploads\/2024\/03\/Instagram-square.png\" alt=\"Grafisk bild med foto p\u00e5 Almegas arbetsr\u00e4ttsjurister Jonas St\u00e5lnacke och Lina Croneb\u00e4ck och med texten: Webbinarium - visselbl\u00e5sarlagen, 14 mars. L\u00e4nk i bild g\u00e5r till anm\u00e4lningssidan f\u00f6r webbinariet p\u00e5 almega.se.\" class=\"wp-image-72029\" srcset=\"https:\/\/www.almega.se\/app\/uploads\/2024\/03\/Instagram-square.png 1080w, https:\/\/www.almega.se\/app\/uploads\/2024\/03\/Instagram-square-580x580.png 580w, https:\/\/www.almega.se\/app\/uploads\/2024\/03\/Instagram-square-380x380.png 380w, https:\/\/www.almega.se\/app\/uploads\/2024\/03\/Instagram-square-768x768.png 768w\" sizes=\"auto, (max-width: 1080px) 100vw, 1080px\" \/><\/a><\/figure>\n<\/div>\n\n\n\n<div class=\"wp-block-column is-layout-flow wp-block-column-is-layout-flow\">\n<figure class=\"wp-block-image size-large\"><a href=\"https:\/\/www.prevent.se\/jobba-med-arbetsmiljo\/osa\/hybridkontoret\/\"><img loading=\"lazy\" decoding=\"async\" width=\"1180\" height=\"1180\" src=\"https:\/\/www.almega.se\/app\/uploads\/2024\/02\/Prevent_digitala-arbetssa\u2560ett_GUBBAR_1.1-1180x1180.png\" alt=\"Grafisk bild p\u00e5 tre personer som sitter runt ett bord, en av personerna \u00e4r pixlad. L\u00e4nk i bild g\u00e5r till Prevent.se och kampanjsidan Hybridkontoret och arbetsmilj\u00f6n.\" class=\"wp-image-71945\" srcset=\"https:\/\/www.almega.se\/app\/uploads\/2024\/02\/Prevent_digitala-arbetssa\u2560ett_GUBBAR_1.1-1180x1180.png 1180w, https:\/\/www.almega.se\/app\/uploads\/2024\/02\/Prevent_digitala-arbetssa\u2560ett_GUBBAR_1.1-580x580.png 580w, https:\/\/www.almega.se\/app\/uploads\/2024\/02\/Prevent_digitala-arbetssa\u2560ett_GUBBAR_1.1-380x380.png 380w, https:\/\/www.almega.se\/app\/uploads\/2024\/02\/Prevent_digitala-arbetssa\u2560ett_GUBBAR_1.1-768x768.png 768w, https:\/\/www.almega.se\/app\/uploads\/2024\/02\/Prevent_digitala-arbetssa\u2560ett_GUBBAR_1.1-1536x1536.png 1536w, https:\/\/www.almega.se\/app\/uploads\/2024\/02\/Prevent_digitala-arbetssa\u2560ett_GUBBAR_1.1-2048x2048.png 2048w\" sizes=\"auto, (max-width: 1180px) 100vw, 1180px\" \/><\/a><\/figure>\n<\/div>\n<\/div>\n\n\n\n<div class=\"wp-block-columns is-layout-flex wp-container-core-columns-is-layout-9d6595d7 wp-block-columns-is-layout-flex\">\n<div class=\"wp-block-column is-layout-flow wp-block-column-is-layout-flow\">\n<figure class=\"wp-block-image size-large\"><a href=\"https:\/\/www.almega.se\/\"><img loading=\"lazy\" decoding=\"async\" width=\"1180\" height=\"1180\" src=\"https:\/\/www.almega.se\/app\/uploads\/2024\/02\/18-1180x1180.png\" alt=\"Grafisk bild med texten &quot;Det \u00e4r h\u00e4r Almega&quot;. L\u00e4nk i bild g\u00e5r till almega.se\" class=\"wp-image-71942\" srcset=\"https:\/\/www.almega.se\/app\/uploads\/2024\/02\/18-1180x1180.png 1180w, https:\/\/www.almega.se\/app\/uploads\/2024\/02\/18-580x580.png 580w, https:\/\/www.almega.se\/app\/uploads\/2024\/02\/18-380x380.png 380w, https:\/\/www.almega.se\/app\/uploads\/2024\/02\/18-768x768.png 768w, https:\/\/www.almega.se\/app\/uploads\/2024\/02\/18.png 1200w\" sizes=\"auto, (max-width: 1180px) 100vw, 1180px\" \/><\/a><\/figure>\n<\/div>\n\n\n\n<div class=\"wp-block-column is-layout-flow wp-block-column-is-layout-flow\">\n<figure class=\"wp-block-image size-full\"><a href=\"https:\/\/www.prevent.se\/sakertset\"><img loading=\"lazy\" decoding=\"async\" width=\"1080\" height=\"1080\" src=\"https:\/\/www.almega.se\/app\/uploads\/2024\/02\/sakert-set_recensenterna_enheter-1x1-1.jpg\" alt=\"Grafisk bild f\u00f6r kampanjen S\u00e4kert set. Bilden \u00e4r formgiven som en filmaffisch med titel stj\u00e4rnor med citat under stj\u00e4rnorna. L\u00e4nk i bild g\u00e5r till Prevents kampanjsida S\u00e4kert set.\" class=\"wp-image-71159\" srcset=\"https:\/\/www.almega.se\/app\/uploads\/2024\/02\/sakert-set_recensenterna_enheter-1x1-1.jpg 1080w, https:\/\/www.almega.se\/app\/uploads\/2024\/02\/sakert-set_recensenterna_enheter-1x1-1-580x580.jpg 580w, https:\/\/www.almega.se\/app\/uploads\/2024\/02\/sakert-set_recensenterna_enheter-1x1-1-380x380.jpg 380w, https:\/\/www.almega.se\/app\/uploads\/2024\/02\/sakert-set_recensenterna_enheter-1x1-1-768x768.jpg 768w\" sizes=\"auto, (max-width: 1080px) 100vw, 1080px\" \/><\/a><\/figure>\n<\/div>\n\n\n\n<div class=\"wp-block-column is-layout-flow wp-block-column-is-layout-flow\">\n<figure class=\"wp-block-image size-full\"><a href=\"https:\/\/www.almega.se\/2024\/02\/nu-galler-alle-man-till-pumparna\/\"><img loading=\"lazy\" decoding=\"async\" width=\"1080\" height=\"1080\" src=\"https:\/\/www.almega.se\/app\/uploads\/2024\/02\/Ann-O-kronika-240223.png\" alt=\"Foto p\u00e5 Almegas vd Ann \u00d6berg med citatet Regeringens utredning om ett l\u00f6negolv f\u00f6r arbetskraftsinvandrare var som befarat igen rolig l\u00e4sning. L\u00e4nk i bild g\u00e5r till intervju med Ann \u00d6berg p\u00e5 almega.se\" class=\"wp-image-71889\" srcset=\"https:\/\/www.almega.se\/app\/uploads\/2024\/02\/Ann-O-kronika-240223.png 1080w, https:\/\/www.almega.se\/app\/uploads\/2024\/02\/Ann-O-kronika-240223-580x580.png 580w, https:\/\/www.almega.se\/app\/uploads\/2024\/02\/Ann-O-kronika-240223-380x380.png 380w, https:\/\/www.almega.se\/app\/uploads\/2024\/02\/Ann-O-kronika-240223-768x768.png 768w\" sizes=\"auto, (max-width: 1080px) 100vw, 1080px\" \/><\/a><\/figure>\n<\/div>\n<\/div>\n\n\n\n<div class=\"wp-block-columns is-layout-flex wp-container-core-columns-is-layout-9d6595d7 wp-block-columns-is-layout-flex\">\n<div class=\"wp-block-column is-layout-flow wp-block-column-is-layout-flow\">\n<figure class=\"wp-block-image size-large\"><a href=\"https:\/\/www.almega.se\/sverige-kan-inte-vanta\/\"><img loading=\"lazy\" decoding=\"async\" width=\"1180\" height=\"1171\" src=\"https:\/\/www.almega.se\/app\/uploads\/2024\/02\/Logo_Orange-kopia-1180x1171.png\" alt=\"Logga Sverige kan inte v\u00e4nta. L\u00e4nk i bild till kampanjsidan Sverige kan inte v\u00e4nta. \" class=\"wp-image-71886\" srcset=\"https:\/\/www.almega.se\/app\/uploads\/2024\/02\/Logo_Orange-kopia-1180x1171.png 1180w, https:\/\/www.almega.se\/app\/uploads\/2024\/02\/Logo_Orange-kopia-580x576.png 580w, https:\/\/www.almega.se\/app\/uploads\/2024\/02\/Logo_Orange-kopia-380x377.png 380w, https:\/\/www.almega.se\/app\/uploads\/2024\/02\/Logo_Orange-kopia-768x762.png 768w, https:\/\/www.almega.se\/app\/uploads\/2024\/02\/Logo_Orange-kopia-1536x1525.png 1536w, https:\/\/www.almega.se\/app\/uploads\/2024\/02\/Logo_Orange-kopia-2048x2033.png 2048w\" sizes=\"auto, (max-width: 1180px) 100vw, 1180px\" \/><\/a><\/figure>\n<\/div>\n\n\n\n<div class=\"wp-block-column is-layout-flow wp-block-column-is-layout-flow\">\n<figure class=\"wp-block-image size-full\"><a href=\"https:\/\/www.almega.se\/2024\/02\/motesplatsen-som-tar-vdar-till-nasta-niva\/\"><img loading=\"lazy\" decoding=\"async\" width=\"1080\" height=\"1080\" src=\"https:\/\/www.almega.se\/app\/uploads\/2024\/02\/Vd-forum.png\" alt=\"Foto p\u00e5 Almegas chef f\u00f6r Tj\u00e4nsteutveckling med citatet; Deltagarna upplever att de \u00e4ntligen f\u00e5tt bra personer att diskutera sina fr\u00e5gor med. \u00c4ven texten Almegas vd-forum. \" class=\"wp-image-71732\" srcset=\"https:\/\/www.almega.se\/app\/uploads\/2024\/02\/Vd-forum.png 1080w, https:\/\/www.almega.se\/app\/uploads\/2024\/02\/Vd-forum-580x580.png 580w, https:\/\/www.almega.se\/app\/uploads\/2024\/02\/Vd-forum-380x380.png 380w, https:\/\/www.almega.se\/app\/uploads\/2024\/02\/Vd-forum-768x768.png 768w\" sizes=\"auto, (max-width: 1080px) 100vw, 1080px\" \/><\/a><\/figure>\n<\/div>\n\n\n\n<div class=\"wp-block-column is-layout-flow wp-block-column-is-layout-flow\">\n<figure class=\"wp-block-image size-full\"><a href=\"https:\/\/www.almega.se\/2024\/02\/karlek-pa-jobbet-kraver-tydlighet\/\"><img loading=\"lazy\" decoding=\"async\" width=\"1080\" height=\"1080\" src=\"https:\/\/www.almega.se\/app\/uploads\/2024\/02\/Karlek-pa-jobbet-1.png\" alt=\"Grafisk bild med ett stort hj\u00e4rta och texten K\u00e4rlek p\u00e5 jobbet, vad g\u00e4ller egentligen? L\u00e4nk i bild g\u00e5r till artikeln k\u00e4rlek p\u00e5 jobbet kr\u00e4ver tydlighet som finns p\u00e5 almega.se\" class=\"wp-image-71587\" srcset=\"https:\/\/www.almega.se\/app\/uploads\/2024\/02\/Karlek-pa-jobbet-1.png 1080w, https:\/\/www.almega.se\/app\/uploads\/2024\/02\/Karlek-pa-jobbet-1-580x580.png 580w, https:\/\/www.almega.se\/app\/uploads\/2024\/02\/Karlek-pa-jobbet-1-380x380.png 380w, https:\/\/www.almega.se\/app\/uploads\/2024\/02\/Karlek-pa-jobbet-1-768x768.png 768w\" sizes=\"auto, (max-width: 1080px) 100vw, 1080px\" \/><\/a><\/figure>\n<\/div>\n<\/div>\n\n\n\n<div class=\"wp-block-columns is-layout-flex wp-container-core-columns-is-layout-9d6595d7 wp-block-columns-is-layout-flex\">\n<div class=\"wp-block-column is-layout-flow wp-block-column-is-layout-flow\">\n<figure class=\"wp-block-image size-full\"><a href=\"https:\/\/www.almega.se\/aktiviteter\/sa-lyckas-du-med-loneprocessen\/\"><img loading=\"lazy\" decoding=\"async\" width=\"1080\" height=\"1080\" src=\"https:\/\/www.almega.se\/app\/uploads\/2024\/02\/Sa-lyckas-du-m-loneprocessen.png\" alt=\"Grafisk bild med foto p\u00e5 Almegas arbetsgivarpolitiska expert Tuija Kivist\u00f6 och med texten: Webbinarium - s\u00e5 lyckas du med l\u00f6neprocessen, 22 februari 13-15. L\u00e4nk i bild g\u00e5r till anm\u00e4lningssidan f\u00f6r webbinariet p\u00e5 almega.se.\" class=\"wp-image-71462\" srcset=\"https:\/\/www.almega.se\/app\/uploads\/2024\/02\/Sa-lyckas-du-m-loneprocessen.png 1080w, https:\/\/www.almega.se\/app\/uploads\/2024\/02\/Sa-lyckas-du-m-loneprocessen-580x580.png 580w, https:\/\/www.almega.se\/app\/uploads\/2024\/02\/Sa-lyckas-du-m-loneprocessen-380x380.png 380w, https:\/\/www.almega.se\/app\/uploads\/2024\/02\/Sa-lyckas-du-m-loneprocessen-768x768.png 768w\" sizes=\"auto, (max-width: 1080px) 100vw, 1080px\" \/><\/a><\/figure>\n<\/div>\n\n\n\n<div class=\"wp-block-column is-layout-flow wp-block-column-is-layout-flow\">\n<figure class=\"wp-block-image size-full\"><a href=\"https:\/\/www.almega.se\/2024\/02\/dags-for-semesterplanering\/\"><img loading=\"lazy\" decoding=\"async\" width=\"1080\" height=\"1080\" src=\"https:\/\/www.almega.se\/app\/uploads\/2024\/02\/Semesterplanering.png\" alt=\"Grafiskt bild med text: Har du samlat in semester\u00f6nskem\u00e5l fr\u00e5n dina medarbetare? Meddelat dina medarbetare om antal swemesterdagar? Fr\u00e5gar medarbetaren om att ta ut obetalda semesterdagar? Fr\u00e5gat medarbetaren om att spara\/ta ut sparade semesterdagar? L\u00e4nk i bild g\u00e5r till checklista kring semesterplanering p\u00e5 almega,.se \" class=\"wp-image-71308\" srcset=\"https:\/\/www.almega.se\/app\/uploads\/2024\/02\/Semesterplanering.png 1080w, https:\/\/www.almega.se\/app\/uploads\/2024\/02\/Semesterplanering-580x580.png 580w, https:\/\/www.almega.se\/app\/uploads\/2024\/02\/Semesterplanering-380x380.png 380w, https:\/\/www.almega.se\/app\/uploads\/2024\/02\/Semesterplanering-768x768.png 768w\" sizes=\"auto, (max-width: 1080px) 100vw, 1080px\" \/><\/a><\/figure>\n<\/div>\n\n\n\n<div class=\"wp-block-column is-layout-flow wp-block-column-is-layout-flow\">\n<figure class=\"wp-block-image size-full\"><a href=\"https:\/\/www.prevent.se\/sakertset\"><img loading=\"lazy\" decoding=\"async\" width=\"1080\" height=\"1080\" src=\"https:\/\/www.almega.se\/app\/uploads\/2024\/02\/sakert-set_recensenterna_enheter-1x1-1.jpg\" alt=\"Grafisk bild f\u00f6r kampanjen S\u00e4kert set. Bilden \u00e4r formgiven som en filmaffisch med titel stj\u00e4rnor med citat under stj\u00e4rnorna. L\u00e4nk i bild g\u00e5r till Prevents kampanjsida S\u00e4kert set. \" class=\"wp-image-71159\" srcset=\"https:\/\/www.almega.se\/app\/uploads\/2024\/02\/sakert-set_recensenterna_enheter-1x1-1.jpg 1080w, https:\/\/www.almega.se\/app\/uploads\/2024\/02\/sakert-set_recensenterna_enheter-1x1-1-580x580.jpg 580w, https:\/\/www.almega.se\/app\/uploads\/2024\/02\/sakert-set_recensenterna_enheter-1x1-1-380x380.jpg 380w, https:\/\/www.almega.se\/app\/uploads\/2024\/02\/sakert-set_recensenterna_enheter-1x1-1-768x768.jpg 768w\" sizes=\"auto, (max-width: 1080px) 100vw, 1080px\" \/><\/a><\/figure>\n<\/div>\n<\/div>\n\n\n\n<div class=\"wp-block-columns is-layout-flex wp-container-core-columns-is-layout-9d6595d7 wp-block-columns-is-layout-flex\">\n<div class=\"wp-block-column is-layout-flow wp-block-column-is-layout-flow\">\n<figure class=\"wp-block-image size-full\"><img loading=\"lazy\" decoding=\"async\" width=\"400\" height=\"400\" src=\"https:\/\/www.almega.se\/app\/uploads\/2024\/01\/AI-edited.jpg\" alt=\"Foto p\u00e5 en svart v\u00e4gg med struktur och orange lysr\u00f6r med med ordet AI. L\u00e4nk i bild g\u00e5r till artikel om AO och chattbotar p\u00e5 almega.se\" class=\"wp-image-70988\" srcset=\"https:\/\/www.almega.se\/app\/uploads\/2024\/01\/AI-edited.jpg 400w, https:\/\/www.almega.se\/app\/uploads\/2024\/01\/AI-edited-380x380.jpg 380w\" sizes=\"auto, (max-width: 400px) 100vw, 400px\" \/><\/figure>\n<\/div>\n\n\n\n<div class=\"wp-block-column is-layout-flow wp-block-column-is-layout-flow\">\n<figure class=\"wp-block-image size-full\"><a href=\"https:\/\/www.almega.se\/aktiviteter\/upptack-framtidens-arbetsliv-ai-och-arbetsratt\/\"><img loading=\"lazy\" decoding=\"async\" width=\"1080\" height=\"1080\" src=\"https:\/\/www.almega.se\/app\/uploads\/2024\/01\/Webinar-AI-och-arbetsratt.png\" alt=\"Foto p\u00e5 Mia Fransson, arbetsr\u00e4ttsjurist Almega samt Maria Elinder, arbetsr\u00e4ttsjurist Almega. Text i bild: Webbinairum AI och arbetsr\u00e4tt 7 februari kl.9-11. L\u00e4nk i bild g\u00e5r till anm\u00e4lningssidan f\u00f6r webbinariet.\" class=\"wp-image-70880\" srcset=\"https:\/\/www.almega.se\/app\/uploads\/2024\/01\/Webinar-AI-och-arbetsratt.png 1080w, https:\/\/www.almega.se\/app\/uploads\/2024\/01\/Webinar-AI-och-arbetsratt-580x580.png 580w, https:\/\/www.almega.se\/app\/uploads\/2024\/01\/Webinar-AI-och-arbetsratt-380x380.png 380w, https:\/\/www.almega.se\/app\/uploads\/2024\/01\/Webinar-AI-och-arbetsratt-768x768.png 768w\" sizes=\"auto, (max-width: 1080px) 100vw, 1080px\" \/><\/a><\/figure>\n<\/div>\n\n\n\n<div class=\"wp-block-column is-layout-flow wp-block-column-is-layout-flow\">\n<figure class=\"wp-block-image size-large\"><a href=\"https:\/\/open.spotify.com\/episode\/1Ezh69oIlppmpSPkqK2TsB\"><img loading=\"lazy\" decoding=\"async\" width=\"1180\" height=\"1180\" src=\"https:\/\/www.almega.se\/app\/uploads\/2024\/01\/OPodden-Maria-Elinde-gastar-1180x1180.png\" alt=\"Grafisk bild med foto p\u00e5 Almegas chef f\u00f6r tj\u00e4nsteutveckling Maria Elinder samt f\u00f6ljande text: Opodden - b\u00e4ttre koll p\u00e5 de nya las-reglerna. L\u00e4n i bild till poddens uppspelningsplattform Spotify.\" class=\"wp-image-70762\" srcset=\"https:\/\/www.almega.se\/app\/uploads\/2024\/01\/OPodden-Maria-Elinde-gastar-1180x1180.png 1180w, https:\/\/www.almega.se\/app\/uploads\/2024\/01\/OPodden-Maria-Elinde-gastar-580x580.png 580w, https:\/\/www.almega.se\/app\/uploads\/2024\/01\/OPodden-Maria-Elinde-gastar-380x380.png 380w, https:\/\/www.almega.se\/app\/uploads\/2024\/01\/OPodden-Maria-Elinde-gastar-768x768.png 768w, https:\/\/www.almega.se\/app\/uploads\/2024\/01\/OPodden-Maria-Elinde-gastar-1536x1536.png 1536w, https:\/\/www.almega.se\/app\/uploads\/2024\/01\/OPodden-Maria-Elinde-gastar-2048x2048.png 2048w\" sizes=\"auto, (max-width: 1180px) 100vw, 1180px\" \/><\/a><\/figure>\n<\/div>\n<\/div>\n\n\n\n<div class=\"wp-block-columns is-layout-flex wp-container-core-columns-is-layout-9d6595d7 wp-block-columns-is-layout-flex\">\n<div class=\"wp-block-column is-layout-flow wp-block-column-is-layout-flow\">\n<figure class=\"wp-block-image size-full\"><a href=\"https:\/\/www.almega.se\/2024\/01\/ett-intensivt-ar-och-en-ny-verklighet\/\"><img loading=\"lazy\" decoding=\"async\" width=\"1080\" height=\"1080\" src=\"https:\/\/www.almega.se\/app\/uploads\/2024\/01\/Ann-O-kronika-240126-1.png\" alt=\"Bild p\u00e5 Almegas vd Ann \u00d6berg med citat: Jag \u00e4r otroligt stolt \u00f6ver hela organisationer och n\u00e4r vi lyssnar med medlemsf\u00f6retagen \u00e4r de v\u00e4ldigt n\u00f6jda med Almegas leverans. L\u00e4nk i bild g\u00e5r till intervju med Ann p\u00e5 almega.se\" class=\"wp-image-70842\" srcset=\"https:\/\/www.almega.se\/app\/uploads\/2024\/01\/Ann-O-kronika-240126-1.png 1080w, https:\/\/www.almega.se\/app\/uploads\/2024\/01\/Ann-O-kronika-240126-1-580x580.png 580w, https:\/\/www.almega.se\/app\/uploads\/2024\/01\/Ann-O-kronika-240126-1-380x380.png 380w, https:\/\/www.almega.se\/app\/uploads\/2024\/01\/Ann-O-kronika-240126-1-768x768.png 768w\" sizes=\"auto, (max-width: 1080px) 100vw, 1080px\" \/><\/a><\/figure>\n<\/div>\n\n\n\n<div class=\"wp-block-column is-layout-flow wp-block-column-is-layout-flow\">\n<figure class=\"wp-block-image size-large\"><a href=\"https:\/\/www.almega.se\/2022\/07\/nya-las-quiz\/\"><img loading=\"lazy\" decoding=\"async\" width=\"1180\" height=\"1180\" src=\"https:\/\/www.almega.se\/app\/uploads\/2024\/01\/Quiz-Nya-LAS-1-1180x1180.png\" alt=\"Grafisk bild som \u00e4r orange och ljusgr\u00e5 med texten QUIZ, Hur bra koll har du p\u00e5 nya LAS? L\u00e4nk i bild g\u00e5r till almega.se d\u00e4r det finns ett QUIZ om LAS att g\u00f6ra. \" class=\"wp-image-70671\" srcset=\"https:\/\/www.almega.se\/app\/uploads\/2024\/01\/Quiz-Nya-LAS-1-1180x1180.png 1180w, https:\/\/www.almega.se\/app\/uploads\/2024\/01\/Quiz-Nya-LAS-1-580x580.png 580w, https:\/\/www.almega.se\/app\/uploads\/2024\/01\/Quiz-Nya-LAS-1-380x380.png 380w, https:\/\/www.almega.se\/app\/uploads\/2024\/01\/Quiz-Nya-LAS-1-768x768.png 768w, https:\/\/www.almega.se\/app\/uploads\/2024\/01\/Quiz-Nya-LAS-1.png 1200w\" sizes=\"auto, (max-width: 1180px) 100vw, 1180px\" \/><\/a><\/figure>\n<\/div>\n\n\n\n<div class=\"wp-block-column is-layout-flow wp-block-column-is-layout-flow\">\n<figure class=\"wp-block-image size-large\"><a href=\"https:\/\/www.almega.se\/\"><img loading=\"lazy\" decoding=\"async\" width=\"1180\" height=\"1180\" src=\"https:\/\/www.almega.se\/app\/uploads\/2024\/01\/16-1180x1180.png\" alt=\"Grafisk bild med texten &quot;Det h\u00e4r \u00e4r Almega&quot;. Bilden \u00e4r orange och texten svart. L\u00e4nk i bild g\u00e5r till almega.se\" class=\"wp-image-70412\" srcset=\"https:\/\/www.almega.se\/app\/uploads\/2024\/01\/16-1180x1180.png 1180w, https:\/\/www.almega.se\/app\/uploads\/2024\/01\/16-580x580.png 580w, https:\/\/www.almega.se\/app\/uploads\/2024\/01\/16-380x380.png 380w, https:\/\/www.almega.se\/app\/uploads\/2024\/01\/16-768x768.png 768w, https:\/\/www.almega.se\/app\/uploads\/2024\/01\/16.png 1200w\" sizes=\"auto, (max-width: 1180px) 100vw, 1180px\" \/><\/a><\/figure>\n<\/div>\n<\/div>\n\n\n\n<div class=\"wp-block-columns is-layout-flex wp-container-core-columns-is-layout-9d6595d7 wp-block-columns-is-layout-flex\">\n<div class=\"wp-block-column is-layout-flow wp-block-column-is-layout-flow\">\n<figure class=\"wp-block-image size-large\"><a href=\"https:\/\/www.prevent.se\/jobbfika\"><img loading=\"lazy\" decoding=\"async\" width=\"1180\" height=\"1180\" src=\"https:\/\/www.almega.se\/app\/uploads\/2024\/01\/Jobbfika-1180x1180.png\" alt=\"En grafisk bild med foto p\u00e5 Anki Udd fr\u00e5n Ledarna samt Tuija Kivist\u00f6 fr\u00e5n Almega. Text i bild: Jobbfika, avsnitt 41, Introverta chefer. L\u00e4nk till Prevents webbplats d\u00e4r poddavsnittet finns att lysnna p\u00e5. \" class=\"wp-image-70321\" srcset=\"https:\/\/www.almega.se\/app\/uploads\/2024\/01\/Jobbfika-1180x1180.png 1180w, https:\/\/www.almega.se\/app\/uploads\/2024\/01\/Jobbfika-580x580.png 580w, https:\/\/www.almega.se\/app\/uploads\/2024\/01\/Jobbfika-380x380.png 380w, https:\/\/www.almega.se\/app\/uploads\/2024\/01\/Jobbfika-768x768.png 768w, https:\/\/www.almega.se\/app\/uploads\/2024\/01\/Jobbfika-1536x1536.png 1536w, https:\/\/www.almega.se\/app\/uploads\/2024\/01\/Jobbfika-2048x2048.png 2048w\" sizes=\"auto, (max-width: 1180px) 100vw, 1180px\" \/><\/a><\/figure>\n<\/div>\n\n\n\n<div class=\"wp-block-column is-layout-flow wp-block-column-is-layout-flow\">\n<figure class=\"wp-block-image size-large\"><a href=\"https:\/\/www.almega.se\/bli-medlem\/\"><img loading=\"lazy\" decoding=\"async\" width=\"1180\" height=\"1180\" src=\"https:\/\/www.almega.se\/app\/uploads\/2024\/01\/Medlem-Almega_Sida_1-1180x1180.png\" alt=\"Orange bild med texten &quot;Medlemskap hos Almega inneb\u00e4r:&quot;. L\u00e4nk i bild g\u00e5r till almega.se sida om medlemskap.\" class=\"wp-image-70146\" srcset=\"https:\/\/www.almega.se\/app\/uploads\/2024\/01\/Medlem-Almega_Sida_1-1180x1180.png 1180w, https:\/\/www.almega.se\/app\/uploads\/2024\/01\/Medlem-Almega_Sida_1-580x580.png 580w, https:\/\/www.almega.se\/app\/uploads\/2024\/01\/Medlem-Almega_Sida_1-380x380.png 380w, https:\/\/www.almega.se\/app\/uploads\/2024\/01\/Medlem-Almega_Sida_1-768x768.png 768w, https:\/\/www.almega.se\/app\/uploads\/2024\/01\/Medlem-Almega_Sida_1-1536x1536.png 1536w, https:\/\/www.almega.se\/app\/uploads\/2024\/01\/Medlem-Almega_Sida_1-2048x2048.png 2048w\" sizes=\"auto, (max-width: 1180px) 100vw, 1180px\" \/><\/a><\/figure>\n<\/div>\n\n\n\n<div class=\"wp-block-column is-layout-flow wp-block-column-is-layout-flow\">\n<figure class=\"wp-block-image size-large\"><a href=\"https:\/\/www.prevent.se\/jobba-med-arbetsmiljo\/fysisk-arbetsmiljo\/ergonomi\/rorelse-och-variation-pa-jobbet\/\"><img loading=\"lazy\" decoding=\"async\" width=\"1180\" height=\"1180\" src=\"https:\/\/www.almega.se\/app\/uploads\/2024\/01\/Prevent_digitala-arbetssa\u2560ett_MUGGAR_1.1-1180x1180.png\" alt=\"Foto p\u00e5 en manshand som h\u00e5ller i en rosa kaffekopp som det st\u00e5r 5 kg p\u00e5. Tre kaffemuggar till p\u00e5 bilden i orange, gr\u00f6n och bl\u00e5 f\u00e4rg med 2 kg, 3 kg, 8 kg skrivet p\u00e5 dem. L\u00e4nk i bild g\u00e5r till Prevent.se \" class=\"wp-image-70110\" srcset=\"https:\/\/www.almega.se\/app\/uploads\/2024\/01\/Prevent_digitala-arbetssa\u2560ett_MUGGAR_1.1-1180x1180.png 1180w, https:\/\/www.almega.se\/app\/uploads\/2024\/01\/Prevent_digitala-arbetssa\u2560ett_MUGGAR_1.1-580x580.png 580w, https:\/\/www.almega.se\/app\/uploads\/2024\/01\/Prevent_digitala-arbetssa\u2560ett_MUGGAR_1.1-380x380.png 380w, https:\/\/www.almega.se\/app\/uploads\/2024\/01\/Prevent_digitala-arbetssa\u2560ett_MUGGAR_1.1-768x768.png 768w, https:\/\/www.almega.se\/app\/uploads\/2024\/01\/Prevent_digitala-arbetssa\u2560ett_MUGGAR_1.1-1536x1536.png 1536w, https:\/\/www.almega.se\/app\/uploads\/2024\/01\/Prevent_digitala-arbetssa\u2560ett_MUGGAR_1.1-2048x2048.png 2048w\" sizes=\"auto, (max-width: 1180px) 100vw, 1180px\" \/><\/a><\/figure>\n<\/div>\n<\/div>\n\n\n\n<div class=\"wp-block-columns is-layout-flex wp-container-core-columns-is-layout-9d6595d7 wp-block-columns-is-layout-flex\">\n<div class=\"wp-block-column is-layout-flow wp-block-column-is-layout-flow\">\n<figure class=\"wp-block-image size-large\"><a href=\"https:\/\/www.almega.se\/2023\/11\/9-myter-om-kollektivavtal\/\"><img loading=\"lazy\" decoding=\"async\" width=\"1180\" height=\"1180\" src=\"https:\/\/www.almega.se\/app\/uploads\/2023\/12\/3-1080x1080-1-1180x1180.png\" alt=\"Orange grafisk bild med f\u00f6ljande text: 9 myter om kollektivavtal, hur m\u00e5nga har du koll p\u00e5? L\u00e4nk i bild g\u00e5r till webbartikel som handlar om myter om kollektivavtal.\" class=\"wp-image-70060\" srcset=\"https:\/\/www.almega.se\/app\/uploads\/2023\/12\/3-1080x1080-1-1180x1180.png 1180w, https:\/\/www.almega.se\/app\/uploads\/2023\/12\/3-1080x1080-1-580x580.png 580w, https:\/\/www.almega.se\/app\/uploads\/2023\/12\/3-1080x1080-1-380x380.png 380w, https:\/\/www.almega.se\/app\/uploads\/2023\/12\/3-1080x1080-1-768x768.png 768w, https:\/\/www.almega.se\/app\/uploads\/2023\/12\/3-1080x1080-1.png 1200w\" sizes=\"auto, (max-width: 1180px) 100vw, 1180px\" \/><\/a><\/figure>\n<\/div>\n\n\n\n<div class=\"wp-block-column is-layout-flow wp-block-column-is-layout-flow\">\n<figure class=\"wp-block-image size-large\"><a href=\"https:\/\/www.almega.se\/2023\/12\/visselblasarlagen-har-ni-allt-pa-plats\/\"><img loading=\"lazy\" decoding=\"async\" width=\"1180\" height=\"1180\" src=\"https:\/\/www.almega.se\/app\/uploads\/2023\/12\/Visselblasarlagen-1-1180x1180.png\" alt=\"Grafisk bild med en asiatisk kvinna som tittar i en bokhylla. Text i bild: Visselbl\u00e5sarlagen - har du allt p\u00e5 plats? L\u00e4nk i bild g\u00e5r till artikel med information kring Visselbl\u00e5sarlagen. \" class=\"wp-image-69935\" srcset=\"https:\/\/www.almega.se\/app\/uploads\/2023\/12\/Visselblasarlagen-1-1180x1180.png 1180w, https:\/\/www.almega.se\/app\/uploads\/2023\/12\/Visselblasarlagen-1-580x580.png 580w, https:\/\/www.almega.se\/app\/uploads\/2023\/12\/Visselblasarlagen-1-380x380.png 380w, https:\/\/www.almega.se\/app\/uploads\/2023\/12\/Visselblasarlagen-1-768x768.png 768w, https:\/\/www.almega.se\/app\/uploads\/2023\/12\/Visselblasarlagen-1-1536x1536.png 1536w, https:\/\/www.almega.se\/app\/uploads\/2023\/12\/Visselblasarlagen-1-2048x2048.png 2048w\" sizes=\"auto, (max-width: 1180px) 100vw, 1180px\" \/><\/a><\/figure>\n<\/div>\n\n\n\n<div class=\"wp-block-column is-layout-flow wp-block-column-is-layout-flow\">\n<figure class=\"wp-block-image size-full\"><a href=\"https:\/\/www.almega.se\/bli-medlem\/\"><img loading=\"lazy\" decoding=\"async\" width=\"1080\" height=\"1080\" src=\"https:\/\/www.almega.se\/app\/uploads\/2023\/12\/Detta-far-du-som-medlem-1.png\" alt=\"Grafisk bild med text: Detta f\u00e5r du som medlem i Almega. R\u00e5dgivning av Sveriges fr\u00e4msta experter, Ett kollektivavtal utvecklat f\u00f6r framtiden, utbildningar som v\u00e4ssar dig som arbetsgivare. L\u00e4nk i bild g\u00e5r till almega.se\" class=\"wp-image-69830\" srcset=\"https:\/\/www.almega.se\/app\/uploads\/2023\/12\/Detta-far-du-som-medlem-1.png 1080w, https:\/\/www.almega.se\/app\/uploads\/2023\/12\/Detta-far-du-som-medlem-1-580x580.png 580w, https:\/\/www.almega.se\/app\/uploads\/2023\/12\/Detta-far-du-som-medlem-1-380x380.png 380w, https:\/\/www.almega.se\/app\/uploads\/2023\/12\/Detta-far-du-som-medlem-1-768x768.png 768w\" sizes=\"auto, (max-width: 1080px) 100vw, 1080px\" \/><\/a><\/figure>\n<\/div>\n<\/div>\n\n\n\n<div class=\"wp-block-columns is-layout-flex wp-container-core-columns-is-layout-9d6595d7 wp-block-columns-is-layout-flex\">\n<div class=\"wp-block-column is-layout-flow wp-block-column-is-layout-flow\">\n<figure class=\"wp-block-image size-full\"><img loading=\"lazy\" decoding=\"async\" width=\"1080\" height=\"1080\" src=\"https:\/\/www.almega.se\/app\/uploads\/2023\/12\/Arbetsro-i-jultider.png\" alt=\"AI-genererad bild p\u00e5 en tomte sittandes i f\u00e5t\u00f6lj med hund i kn\u00e4et. En t\u00e4nd brasa och julgran med lysande ljusslinga i bakgrunden. Text p\u00e5 bild: Arbetsro i juletider.\" class=\"wp-image-69743\" srcset=\"https:\/\/www.almega.se\/app\/uploads\/2023\/12\/Arbetsro-i-jultider.png 1080w, https:\/\/www.almega.se\/app\/uploads\/2023\/12\/Arbetsro-i-jultider-580x580.png 580w, https:\/\/www.almega.se\/app\/uploads\/2023\/12\/Arbetsro-i-jultider-380x380.png 380w, https:\/\/www.almega.se\/app\/uploads\/2023\/12\/Arbetsro-i-jultider-768x768.png 768w\" sizes=\"auto, (max-width: 1080px) 100vw, 1080px\" \/><\/figure>\n<\/div>\n\n\n\n<div class=\"wp-block-column is-layout-flow wp-block-column-is-layout-flow\">\n<figure class=\"wp-block-image size-full\"><a href=\"https:\/\/www.almega.se\/2023\/11\/sa-minskar-du-julstressen-pa-jobbet\/\"><img loading=\"lazy\" decoding=\"async\" width=\"1080\" height=\"1080\" src=\"https:\/\/www.almega.se\/app\/uploads\/2023\/12\/Sa-minskar-du-julstressen-pa-jobbet-film.png\" alt=\"Bild p\u00e5 tomtens h\u00e4nder ikl\u00e4dda vita vantar som knappar p\u00e5 en laptop. Bildtext: Minska julstressen p\u00e5 jobbet. L\u00e4nk i bild g\u00e5r till artikel med tips om hur du som arbetsgivare kan minska stressen p\u00e5 jobbet. \" class=\"wp-image-69515\" srcset=\"https:\/\/www.almega.se\/app\/uploads\/2023\/12\/Sa-minskar-du-julstressen-pa-jobbet-film.png 1080w, https:\/\/www.almega.se\/app\/uploads\/2023\/12\/Sa-minskar-du-julstressen-pa-jobbet-film-580x580.png 580w, https:\/\/www.almega.se\/app\/uploads\/2023\/12\/Sa-minskar-du-julstressen-pa-jobbet-film-380x380.png 380w, https:\/\/www.almega.se\/app\/uploads\/2023\/12\/Sa-minskar-du-julstressen-pa-jobbet-film-768x768.png 768w\" sizes=\"auto, (max-width: 1080px) 100vw, 1080px\" \/><\/a><\/figure>\n<\/div>\n\n\n\n<div class=\"wp-block-column is-layout-flow wp-block-column-is-layout-flow\">\n<figure class=\"wp-block-image size-full\"><img loading=\"lazy\" decoding=\"async\" width=\"1080\" height=\"1080\" src=\"https:\/\/www.almega.se\/app\/uploads\/2023\/12\/Utbildningsagg.png\" alt=\"Ett helt AI-genererat inneh\u00e5ll som f\u00f6rest\u00e4ller ett \u00e4gg med ansikte sittandes p\u00e5 en bok omgivet av grankvistar och ett vinterlandskap med skinande sol i bakgrunden. P\u00e5 bilden finns texten &quot;Utbildnings\u00e4gg&quot;.\" class=\"wp-image-69473\" srcset=\"https:\/\/www.almega.se\/app\/uploads\/2023\/12\/Utbildningsagg.png 1080w, https:\/\/www.almega.se\/app\/uploads\/2023\/12\/Utbildningsagg-580x580.png 580w, https:\/\/www.almega.se\/app\/uploads\/2023\/12\/Utbildningsagg-380x380.png 380w, https:\/\/www.almega.se\/app\/uploads\/2023\/12\/Utbildningsagg-768x768.png 768w\" sizes=\"auto, (max-width: 1080px) 100vw, 1080px\" \/><\/figure>\n<\/div>\n<\/div>\n\n\n\n<div class=\"wp-block-columns is-layout-flex wp-container-core-columns-is-layout-9d6595d7 wp-block-columns-is-layout-flex\">\n<div class=\"wp-block-column is-layout-flow wp-block-column-is-layout-flow\">\n<figure class=\"wp-block-image size-full\"><a href=\"https:\/\/www.almega.se\/2023\/11\/rapport-ge-larosatena-incitament-att-starka-svensk-kompetens\/\"><img loading=\"lazy\" decoding=\"async\" width=\"1080\" height=\"1080\" src=\"https:\/\/www.almega.se\/app\/uploads\/2023\/12\/Rapport-Ge-larosatena-ratt-incitament-att-starka-svensk-kompetens.png\" alt=\"Textplatta med f\u00f6ljande text: Ge l\u00e4ros\u00e4tena incitament att st\u00e4rka svensk kompetens. Rapporten har tagits fram av Almega, Techsverige och innovationsf\u00f6retagen. Malmer Insight AB har skrivit underlaget. Bilden l\u00e4nkar till rapportsidan. \" class=\"wp-image-69310\" srcset=\"https:\/\/www.almega.se\/app\/uploads\/2023\/12\/Rapport-Ge-larosatena-ratt-incitament-att-starka-svensk-kompetens.png 1080w, https:\/\/www.almega.se\/app\/uploads\/2023\/12\/Rapport-Ge-larosatena-ratt-incitament-att-starka-svensk-kompetens-580x580.png 580w, https:\/\/www.almega.se\/app\/uploads\/2023\/12\/Rapport-Ge-larosatena-ratt-incitament-att-starka-svensk-kompetens-380x380.png 380w, https:\/\/www.almega.se\/app\/uploads\/2023\/12\/Rapport-Ge-larosatena-ratt-incitament-att-starka-svensk-kompetens-768x768.png 768w\" sizes=\"auto, (max-width: 1080px) 100vw, 1080px\" \/><\/a><\/figure>\n<\/div>\n\n\n\n<div class=\"wp-block-column is-layout-flow wp-block-column-is-layout-flow\">\n<figure class=\"wp-block-image size-large\"><img loading=\"lazy\" decoding=\"async\" width=\"1354\" height=\"1354\" src=\"https:\/\/www.almega.se\/app\/uploads\/2023\/12\/DSC00071-edited.jpg\" alt=\"Bekomscenenfoto p\u00e5 ett filmb\u00e5s d\u00e4r en kvinna blir p\u00e5mickad av en man med glas\u00f6gon, samt en man sittandes bredvid. \" class=\"wp-image-69313\" srcset=\"https:\/\/www.almega.se\/app\/uploads\/2023\/12\/DSC00071-edited.jpg 1354w, https:\/\/www.almega.se\/app\/uploads\/2023\/12\/DSC00071-edited-580x580.jpg 580w, https:\/\/www.almega.se\/app\/uploads\/2023\/12\/DSC00071-edited-1180x1180.jpg 1180w, https:\/\/www.almega.se\/app\/uploads\/2023\/12\/DSC00071-edited-380x380.jpg 380w, https:\/\/www.almega.se\/app\/uploads\/2023\/12\/DSC00071-edited-768x768.jpg 768w\" sizes=\"auto, (max-width: 1354px) 100vw, 1354px\" \/><\/figure>\n<\/div>\n\n\n\n<div class=\"wp-block-column is-layout-flow wp-block-column-is-layout-flow\">\n<figure class=\"wp-block-image size-full\"><a href=\"https:\/\/www.almega.se\/2023\/12\/ar-svenska-modellen-aldrig-fardigutvecklad\/\"><img loading=\"lazy\" decoding=\"async\" width=\"1080\" height=\"1080\" src=\"https:\/\/www.almega.se\/app\/uploads\/2023\/12\/Ann-O-kronika-231204.png\" alt=\"Foto p\u00e5 Almegas vd Ann \u00d6berg med citatet &quot;All v\u00e5r verksamhet sker i syfte att skapa s\u00e5 goda f\u00f6ruts\u00e4ttningar som m\u00f6jligt&quot;. L\u00e4nk i bild g\u00e5r till webbartikel d\u00e4r Ann svarar p\u00e5 tre aktuella fr\u00e5gor. \" class=\"wp-image-69287\" srcset=\"https:\/\/www.almega.se\/app\/uploads\/2023\/12\/Ann-O-kronika-231204.png 1080w, https:\/\/www.almega.se\/app\/uploads\/2023\/12\/Ann-O-kronika-231204-580x580.png 580w, https:\/\/www.almega.se\/app\/uploads\/2023\/12\/Ann-O-kronika-231204-380x380.png 380w, https:\/\/www.almega.se\/app\/uploads\/2023\/12\/Ann-O-kronika-231204-768x768.png 768w\" sizes=\"auto, (max-width: 1080px) 100vw, 1080px\" \/><\/a><\/figure>\n<\/div>\n<\/div>\n\n\n\n<div class=\"wp-block-columns is-layout-flex wp-container-core-columns-is-layout-9d6595d7 wp-block-columns-is-layout-flex\">\n<div class=\"wp-block-column is-layout-flow wp-block-column-is-layout-flow\">\n<figure class=\"wp-block-image size-full\"><img loading=\"lazy\" decoding=\"async\" width=\"1080\" height=\"1080\" src=\"https:\/\/www.almega.se\/app\/uploads\/2023\/12\/Kommunikationskakor.png\" alt=\"Foto p\u00e5 tv\u00e5 pepparkaksgubbar med glada glasyrmunnar. En pratbubbla mellan pepparkakorna och f\u00f6ljande text &quot;Kommunikationskakor&quot;.\" class=\"wp-image-69253\" srcset=\"https:\/\/www.almega.se\/app\/uploads\/2023\/12\/Kommunikationskakor.png 1080w, https:\/\/www.almega.se\/app\/uploads\/2023\/12\/Kommunikationskakor-580x580.png 580w, https:\/\/www.almega.se\/app\/uploads\/2023\/12\/Kommunikationskakor-380x380.png 380w, https:\/\/www.almega.se\/app\/uploads\/2023\/12\/Kommunikationskakor-768x768.png 768w\" sizes=\"auto, (max-width: 1080px) 100vw, 1080px\" \/><\/figure>\n<\/div>\n\n\n\n<div class=\"wp-block-column is-layout-flow wp-block-column-is-layout-flow\">\n<figure class=\"wp-block-image size-full\"><a href=\"https:\/\/www.almega.se\/2023\/11\/snokaos-och-insnoad-far-jag-lon-anda\/\"><img loading=\"lazy\" decoding=\"async\" width=\"1080\" height=\"1080\" src=\"https:\/\/www.almega.se\/app\/uploads\/2023\/11\/Snostorm-och-insoad-Vad-galler-Instagram-Post-kopia.png\" alt=\"Bild p\u00e5 cyklar i ett cykelst\u00e4ll som \u00e4r t\u00e4ckt med sn\u00f6. Text i bild &quot;Sn\u00f6storm och insn\u00f6ad - vad g\u00e4ller?&quot;. Bildl\u00e4nk g\u00e5r till artikel p\u00e5 almega.se om vad som g\u00e4ller om man pga sn\u00f6kaos inte kan ta sig till sin arbetsplats. \" class=\"wp-image-69239\" srcset=\"https:\/\/www.almega.se\/app\/uploads\/2023\/11\/Snostorm-och-insoad-Vad-galler-Instagram-Post-kopia.png 1080w, https:\/\/www.almega.se\/app\/uploads\/2023\/11\/Snostorm-och-insoad-Vad-galler-Instagram-Post-kopia-580x580.png 580w, https:\/\/www.almega.se\/app\/uploads\/2023\/11\/Snostorm-och-insoad-Vad-galler-Instagram-Post-kopia-380x380.png 380w, https:\/\/www.almega.se\/app\/uploads\/2023\/11\/Snostorm-och-insoad-Vad-galler-Instagram-Post-kopia-768x768.png 768w\" sizes=\"auto, (max-width: 1080px) 100vw, 1080px\" \/><\/a><\/figure>\n<\/div>\n\n\n\n<div class=\"wp-block-column is-layout-flow wp-block-column-is-layout-flow\">\n<figure class=\"wp-block-image size-large\"><a href=\"https:\/\/www.prevent.se\/jobba-med-arbetsmiljo\/osa\/digital-arbetsmiljo\/digitala-arbetssatt-osha\/\"><img loading=\"lazy\" decoding=\"async\" width=\"1180\" height=\"1180\" src=\"https:\/\/www.almega.se\/app\/uploads\/2023\/11\/Prevent_digitala-arbetssa\u2560ett_BEN_1.1-1-1180x1180.png\" alt=\"Foto p\u00e5 tv\u00e5 ben, ena kl\u00e4dd i mysbyxa och lurvig toffel, andra kl\u00e4dd i finbyxa och vit sneaker. Bild l\u00e4nkar till Prevent.se.\" class=\"wp-image-69194\" srcset=\"https:\/\/www.almega.se\/app\/uploads\/2023\/11\/Prevent_digitala-arbetssa\u2560ett_BEN_1.1-1-1180x1180.png 1180w, https:\/\/www.almega.se\/app\/uploads\/2023\/11\/Prevent_digitala-arbetssa\u2560ett_BEN_1.1-1-580x580.png 580w, https:\/\/www.almega.se\/app\/uploads\/2023\/11\/Prevent_digitala-arbetssa\u2560ett_BEN_1.1-1-380x380.png 380w, https:\/\/www.almega.se\/app\/uploads\/2023\/11\/Prevent_digitala-arbetssa\u2560ett_BEN_1.1-1-768x768.png 768w, https:\/\/www.almega.se\/app\/uploads\/2023\/11\/Prevent_digitala-arbetssa\u2560ett_BEN_1.1-1-1536x1536.png 1536w, https:\/\/www.almega.se\/app\/uploads\/2023\/11\/Prevent_digitala-arbetssa\u2560ett_BEN_1.1-1-2048x2048.png 2048w\" sizes=\"auto, (max-width: 1180px) 100vw, 1180px\" \/><\/a><\/figure>\n<\/div>\n<\/div>\n\n\n\n<div class=\"wp-block-columns is-layout-flex wp-container-core-columns-is-layout-9d6595d7 wp-block-columns-is-layout-flex\">\n<div class=\"wp-block-column is-layout-flow wp-block-column-is-layout-flow\">\n<figure class=\"wp-block-image size-large\"><a href=\"https:\/\/www.almega.se\/2023\/11\/9-myter-om-kollektivavtal\/\"><img loading=\"lazy\" decoding=\"async\" width=\"1180\" height=\"1180\" src=\"https:\/\/www.almega.se\/app\/uploads\/2023\/11\/4-1080x1080-1-1180x1180.png\" alt=\"Grafisk bild med texten 9 myter om kollektivavtal, hur m\u00e5nga har du koll p\u00e5? Bildl\u00e4nk till webbartikel om myter om kollektivavtal. \" class=\"wp-image-69120\" srcset=\"https:\/\/www.almega.se\/app\/uploads\/2023\/11\/4-1080x1080-1-1180x1180.png 1180w, https:\/\/www.almega.se\/app\/uploads\/2023\/11\/4-1080x1080-1-580x580.png 580w, https:\/\/www.almega.se\/app\/uploads\/2023\/11\/4-1080x1080-1-380x380.png 380w, https:\/\/www.almega.se\/app\/uploads\/2023\/11\/4-1080x1080-1-768x768.png 768w, https:\/\/www.almega.se\/app\/uploads\/2023\/11\/4-1080x1080-1.png 1200w\" sizes=\"auto, (max-width: 1180px) 100vw, 1180px\" \/><\/a><\/figure>\n<\/div>\n\n\n\n<div class=\"wp-block-column is-layout-flow wp-block-column-is-layout-flow\">\n<figure class=\"wp-block-image size-full\"><img loading=\"lazy\" decoding=\"async\" width=\"1080\" height=\"1080\" src=\"https:\/\/www.almega.se\/app\/uploads\/2023\/11\/Det-hjartliga-valkomnandet.png\" alt=\"En AI-genererad bild som f\u00f6rest\u00e4ller ett pepparkakshj\u00e4rta med armar och ben, prydd med glasyr, som st\u00e5r med \u00f6ppna armar i en d\u00f6rr\u00f6ppning. Ett sn\u00f6t\u00e4ckt vinterlandskap och en lysande sol syns i bakgrunden. P\u00e5 bilden finns \u00e4ven texten: Det hj\u00e4rtliga v\u00e4lkomnandet. Bilden har ingen l\u00e4nk. \" class=\"wp-image-68984\" srcset=\"https:\/\/www.almega.se\/app\/uploads\/2023\/11\/Det-hjartliga-valkomnandet.png 1080w, https:\/\/www.almega.se\/app\/uploads\/2023\/11\/Det-hjartliga-valkomnandet-580x580.png 580w, https:\/\/www.almega.se\/app\/uploads\/2023\/11\/Det-hjartliga-valkomnandet-380x380.png 380w, https:\/\/www.almega.se\/app\/uploads\/2023\/11\/Det-hjartliga-valkomnandet-768x768.png 768w\" sizes=\"auto, (max-width: 1080px) 100vw, 1080px\" \/><\/figure>\n<\/div>\n\n\n\n<div class=\"wp-block-column is-layout-flow wp-block-column-is-layout-flow\">\n<figure class=\"wp-block-image size-full\"><img loading=\"lazy\" decoding=\"async\" width=\"1080\" height=\"1080\" src=\"https:\/\/www.almega.se\/app\/uploads\/2023\/11\/Almegadagen-Reel-Instagram-Post-1.png\" alt=\"Bild med texten &quot;missa inte Almegadagen, 30 november kl.09.00-16.00. Vd, chef eller HR-medarbetare? Rusta dig inf\u00f6r 2024 med en dag fylld av kunskap f\u00f6r dig inom tj\u00e4nstesektorn. Bild l\u00e4nkar till anm\u00e4lningssidan f\u00f6r Almegadagen.\" class=\"wp-image-68904\" srcset=\"https:\/\/www.almega.se\/app\/uploads\/2023\/11\/Almegadagen-Reel-Instagram-Post-1.png 1080w, https:\/\/www.almega.se\/app\/uploads\/2023\/11\/Almegadagen-Reel-Instagram-Post-1-580x580.png 580w, https:\/\/www.almega.se\/app\/uploads\/2023\/11\/Almegadagen-Reel-Instagram-Post-1-380x380.png 380w, https:\/\/www.almega.se\/app\/uploads\/2023\/11\/Almegadagen-Reel-Instagram-Post-1-768x768.png 768w\" sizes=\"auto, (max-width: 1080px) 100vw, 1080px\" \/><\/figure>\n<\/div>\n<\/div>\n\n\n\n<div class=\"wp-block-columns is-layout-flex wp-container-core-columns-is-layout-9d6595d7 wp-block-columns-is-layout-flex\">\n<div class=\"wp-block-column is-layout-flow wp-block-column-is-layout-flow\">\n<figure class=\"wp-block-image size-full\"><a href=\"https:\/\/www.almega.se\/utbildning\/filmer-fran-almega-utbildar\/\"><img loading=\"lazy\" decoding=\"async\" width=\"874\" height=\"874\" src=\"https:\/\/www.almega.se\/app\/uploads\/2023\/11\/Skarmavbild-2023-11-17-kl.-10.03.46-1-edited.png\" alt=\"Foto p\u00e5 Almegas arbetsr\u00e4ttsexpert Mattas \u00d6stman. Bilden l\u00e4nkar till filmer d\u00e4r du kan f\u00f6rdjupa dig i olika arbetsr\u00e4ttsliga fr\u00e5gor. \" class=\"wp-image-68892\" srcset=\"https:\/\/www.almega.se\/app\/uploads\/2023\/11\/Skarmavbild-2023-11-17-kl.-10.03.46-1-edited.png 874w, https:\/\/www.almega.se\/app\/uploads\/2023\/11\/Skarmavbild-2023-11-17-kl.-10.03.46-1-edited-580x580.png 580w, https:\/\/www.almega.se\/app\/uploads\/2023\/11\/Skarmavbild-2023-11-17-kl.-10.03.46-1-edited-380x380.png 380w, https:\/\/www.almega.se\/app\/uploads\/2023\/11\/Skarmavbild-2023-11-17-kl.-10.03.46-1-edited-768x768.png 768w\" sizes=\"auto, (max-width: 874px) 100vw, 874px\" \/><\/a><\/figure>\n<\/div>\n\n\n\n<div class=\"wp-block-column is-layout-flow wp-block-column-is-layout-flow\">\n<figure class=\"wp-block-image size-full\"><a href=\"https:\/\/www.almega.se\/om-arbetsgivarguiden\/\"><img loading=\"lazy\" decoding=\"async\" width=\"990\" height=\"990\" src=\"https:\/\/www.almega.se\/app\/uploads\/2023\/11\/Skarmavbild-2023-11-15-kl.-09.09.01-edited.png\" alt=\"Illustration med gr\u00f6n bakgrund och sju glada personer med stora leenden. Bilden l\u00e4nkar till arbetsgivarguiden.se\" class=\"wp-image-68789\" srcset=\"https:\/\/www.almega.se\/app\/uploads\/2023\/11\/Skarmavbild-2023-11-15-kl.-09.09.01-edited.png 990w, https:\/\/www.almega.se\/app\/uploads\/2023\/11\/Skarmavbild-2023-11-15-kl.-09.09.01-edited-580x580.png 580w, https:\/\/www.almega.se\/app\/uploads\/2023\/11\/Skarmavbild-2023-11-15-kl.-09.09.01-edited-380x380.png 380w, https:\/\/www.almega.se\/app\/uploads\/2023\/11\/Skarmavbild-2023-11-15-kl.-09.09.01-edited-768x768.png 768w\" sizes=\"auto, (max-width: 990px) 100vw, 990px\" \/><\/a><\/figure>\n<\/div>\n\n\n\n<div class=\"wp-block-column is-layout-flow wp-block-column-is-layout-flow\">\n<figure class=\"wp-block-image size-full\"><a href=\"https:\/\/www.almega.se\/almegadagen-2023\/\"><img loading=\"lazy\" decoding=\"async\" width=\"1080\" height=\"1080\" src=\"https:\/\/www.almega.se\/app\/uploads\/2023\/11\/MicrosoftTeams-image-6.png\" alt=\"Grafisk bild med foton p\u00e5 Almegas arbetsr\u00e4ttsjurist Hedda Mann och Jonas Stemo, Chefsjurit p\u00e5 Almega. Text p\u00e5 bild: Expertpanel. Bild l\u00e4nkar till anm\u00e4lningssidan f\u00f6r Almegadagen.\" class=\"wp-image-68783\" srcset=\"https:\/\/www.almega.se\/app\/uploads\/2023\/11\/MicrosoftTeams-image-6.png 1080w, https:\/\/www.almega.se\/app\/uploads\/2023\/11\/MicrosoftTeams-image-6-580x580.png 580w, https:\/\/www.almega.se\/app\/uploads\/2023\/11\/MicrosoftTeams-image-6-380x380.png 380w, https:\/\/www.almega.se\/app\/uploads\/2023\/11\/MicrosoftTeams-image-6-768x768.png 768w\" sizes=\"auto, (max-width: 1080px) 100vw, 1080px\" \/><\/a><\/figure>\n<\/div>\n<\/div>\n\n\n\n<div class=\"wp-block-columns is-layout-flex wp-container-core-columns-is-layout-9d6595d7 wp-block-columns-is-layout-flex\">\n<div class=\"wp-block-column is-layout-flow wp-block-column-is-layout-flow\">\n<figure class=\"wp-block-image size-large\"><a href=\"https:\/\/www.almega.se\/2023\/11\/9-myter-om-kollektivavtal\/\"><img loading=\"lazy\" decoding=\"async\" width=\"1180\" height=\"1180\" src=\"https:\/\/www.almega.se\/app\/uploads\/2023\/11\/3-1080x1080-1-1180x1180.png\" alt=\"Grafisk bild med f\u00f6ljande text: 9 myter om kollektivavtal. Hur m\u00e5nga har du koll p\u00e5? Bilden l\u00e4nkar till artikel p\u00e5 almega.se\" class=\"wp-image-68685\" srcset=\"https:\/\/www.almega.se\/app\/uploads\/2023\/11\/3-1080x1080-1-1180x1180.png 1180w, https:\/\/www.almega.se\/app\/uploads\/2023\/11\/3-1080x1080-1-580x580.png 580w, https:\/\/www.almega.se\/app\/uploads\/2023\/11\/3-1080x1080-1-380x380.png 380w, https:\/\/www.almega.se\/app\/uploads\/2023\/11\/3-1080x1080-1-768x768.png 768w, https:\/\/www.almega.se\/app\/uploads\/2023\/11\/3-1080x1080-1.png 1200w\" sizes=\"auto, (max-width: 1180px) 100vw, 1180px\" \/><\/a><\/figure>\n<\/div>\n\n\n\n<div class=\"wp-block-column is-layout-flow wp-block-column-is-layout-flow\">\n<figure class=\"wp-block-image size-full\"><a href=\"https:\/\/www.almega.se\/aktiviteter\/visselblasarlagen\/\"><img loading=\"lazy\" decoding=\"async\" width=\"1080\" height=\"1080\" src=\"https:\/\/www.almega.se\/app\/uploads\/2023\/11\/Visselblasarlagen-1-kopia-1.png\" alt=\"\" class=\"wp-image-68680\" srcset=\"https:\/\/www.almega.se\/app\/uploads\/2023\/11\/Visselblasarlagen-1-kopia-1.png 1080w, https:\/\/www.almega.se\/app\/uploads\/2023\/11\/Visselblasarlagen-1-kopia-1-580x580.png 580w, https:\/\/www.almega.se\/app\/uploads\/2023\/11\/Visselblasarlagen-1-kopia-1-380x380.png 380w, https:\/\/www.almega.se\/app\/uploads\/2023\/11\/Visselblasarlagen-1-kopia-1-768x768.png 768w\" sizes=\"auto, (max-width: 1080px) 100vw, 1080px\" \/><\/a><\/figure>\n<\/div>\n\n\n\n<div class=\"wp-block-column is-layout-flow wp-block-column-is-layout-flow\">\n<figure class=\"wp-block-image size-full\"><a href=\"https:\/\/www.almega.se\/2023\/10\/sankta-arbetsgivaravgifter-for-fler-jobb-och-okad-tillvaxt\/\"><img loading=\"lazy\" decoding=\"async\" width=\"1080\" height=\"1080\" src=\"https:\/\/www.almega.se\/app\/uploads\/2023\/11\/Rapport-Sankta-arbetsgivaravg..png\" alt=\"Foto p\u00e5 en t-banevagn i Stockholm med f\u00f6ljande text: S\u00e4nkta arbetsgivaravgifter f\u00f6r fler jobb och \u00f6kad tillv\u00e4xt. En rapport om tj\u00e4nstesektorn. Bildl\u00e4nk till rapportsidan. \" class=\"wp-image-68726\" srcset=\"https:\/\/www.almega.se\/app\/uploads\/2023\/11\/Rapport-Sankta-arbetsgivaravg..png 1080w, https:\/\/www.almega.se\/app\/uploads\/2023\/11\/Rapport-Sankta-arbetsgivaravg.-580x580.png 580w, https:\/\/www.almega.se\/app\/uploads\/2023\/11\/Rapport-Sankta-arbetsgivaravg.-380x380.png 380w, https:\/\/www.almega.se\/app\/uploads\/2023\/11\/Rapport-Sankta-arbetsgivaravg.-768x768.png 768w\" sizes=\"auto, (max-width: 1080px) 100vw, 1080px\" \/><\/a><\/figure>\n<\/div>\n<\/div>\n\n\n\n<div class=\"wp-block-columns is-layout-flex wp-container-core-columns-is-layout-9d6595d7 wp-block-columns-is-layout-flex\">\n<div class=\"wp-block-column is-layout-flow wp-block-column-is-layout-flow\">\n<figure class=\"wp-block-image size-large\"><a href=\"https:\/\/www.almega.se\/almegadagen-2023\/\"><img loading=\"lazy\" decoding=\"async\" width=\"1180\" height=\"1180\" src=\"https:\/\/www.almega.se\/app\/uploads\/2023\/11\/90-1180x1180.png\" alt=\"Grafisk platta med txten Almegadagen - Almegas st\u00f6rsta utbildningsevent. Bild l\u00e4nkar till anm\u00e4lningssidan f\u00f6r Almegadagen.\" class=\"wp-image-68611\" srcset=\"https:\/\/www.almega.se\/app\/uploads\/2023\/11\/90-1180x1180.png 1180w, https:\/\/www.almega.se\/app\/uploads\/2023\/11\/90-580x580.png 580w, https:\/\/www.almega.se\/app\/uploads\/2023\/11\/90-380x380.png 380w, https:\/\/www.almega.se\/app\/uploads\/2023\/11\/90-768x768.png 768w, https:\/\/www.almega.se\/app\/uploads\/2023\/11\/90.png 1200w\" sizes=\"auto, (max-width: 1180px) 100vw, 1180px\" \/><\/a><\/figure>\n<\/div>\n\n\n\n<div class=\"wp-block-column is-layout-flow wp-block-column-is-layout-flow\">\n<figure class=\"wp-block-image size-full\"><a href=\"https:\/\/www.svensktnaringsliv.se\/ageranu\/\"><img loading=\"lazy\" decoding=\"async\" width=\"1009\" height=\"1009\" src=\"https:\/\/www.almega.se\/app\/uploads\/2023\/11\/Tareq-01-edited.png\" alt=\"Foto p\u00e5 Tareq Taylor med bildtext f\u00f6retagen l\u00f6ser v\u00e5ra st\u00f6rsta utmaningar. Bild l\u00e4nkar Svenskt N\u00e4ringslivs kampanjsida F\u00f6retagen l\u00f6ser v\u00e5ra st\u00f6rsta utmaningar. \" class=\"wp-image-68613\" srcset=\"https:\/\/www.almega.se\/app\/uploads\/2023\/11\/Tareq-01-edited.png 1009w, https:\/\/www.almega.se\/app\/uploads\/2023\/11\/Tareq-01-edited-580x580.png 580w, https:\/\/www.almega.se\/app\/uploads\/2023\/11\/Tareq-01-edited-380x380.png 380w, https:\/\/www.almega.se\/app\/uploads\/2023\/11\/Tareq-01-edited-768x768.png 768w\" sizes=\"auto, (max-width: 1009px) 100vw, 1009px\" \/><\/a><\/figure>\n<\/div>\n\n\n\n<div class=\"wp-block-column is-layout-flow wp-block-column-is-layout-flow\">\n<figure class=\"wp-block-image size-full\"><a href=\"https:\/\/www.almega.se\/om-almega\/jobb-och-karriar\/\"><img loading=\"lazy\" decoding=\"async\" width=\"1080\" height=\"1080\" src=\"https:\/\/www.almega.se\/app\/uploads\/2023\/11\/Jobba-pa-Almega-1.png\" alt=\"Grafisk bild med texten Almega anst\u00e4ller arbetsr\u00e4ttsjurist\/expert till v\u00e5rt kontor i Link\u00f6ping. Ans\u00f6k senast 31 december. Bild l\u00e4nkar till jobbannons. \" class=\"wp-image-68612\" srcset=\"https:\/\/www.almega.se\/app\/uploads\/2023\/11\/Jobba-pa-Almega-1.png 1080w, https:\/\/www.almega.se\/app\/uploads\/2023\/11\/Jobba-pa-Almega-1-580x580.png 580w, https:\/\/www.almega.se\/app\/uploads\/2023\/11\/Jobba-pa-Almega-1-380x380.png 380w, https:\/\/www.almega.se\/app\/uploads\/2023\/11\/Jobba-pa-Almega-1-768x768.png 768w\" sizes=\"auto, (max-width: 1080px) 100vw, 1080px\" \/><\/a><\/figure>\n<\/div>\n<\/div>\n\n\n\n<div class=\"wp-block-columns is-layout-flex wp-container-core-columns-is-layout-9d6595d7 wp-block-columns-is-layout-flex\">\n<div class=\"wp-block-column is-layout-flow wp-block-column-is-layout-flow\">\n<figure class=\"wp-block-image size-full\"><a href=\"https:\/\/www.almega.se\/2023\/11\/tre-snabba-fragor-till-almegas-vd-ann-oberg\/\"><img loading=\"lazy\" decoding=\"async\" width=\"1080\" height=\"1080\" src=\"https:\/\/www.almega.se\/app\/uploads\/2023\/11\/Almegas-vd-har-ordet-Instagram-Post-Square-1.png\" alt=\"Foto p\u00e5 Almegas vd Ann \u00d6berg och f\u00f6ljande citat: Vi f\u00f6retr\u00e4der medlemsf\u00f6retagen i allt som r\u00f6r villkoren p\u00e5 den svenska arbetsmarknaden och arbetar f\u00f6r att fr\u00e4mja en konkurrenskraftig tj\u00e4nstesektor. Bilden l\u00e4nkar till intervju med Ann \u00d6berg. \" class=\"wp-image-68615\" srcset=\"https:\/\/www.almega.se\/app\/uploads\/2023\/11\/Almegas-vd-har-ordet-Instagram-Post-Square-1.png 1080w, https:\/\/www.almega.se\/app\/uploads\/2023\/11\/Almegas-vd-har-ordet-Instagram-Post-Square-1-580x580.png 580w, https:\/\/www.almega.se\/app\/uploads\/2023\/11\/Almegas-vd-har-ordet-Instagram-Post-Square-1-380x380.png 380w, https:\/\/www.almega.se\/app\/uploads\/2023\/11\/Almegas-vd-har-ordet-Instagram-Post-Square-1-768x768.png 768w\" sizes=\"auto, (max-width: 1080px) 100vw, 1080px\" \/><\/a><\/figure>\n<\/div>\n\n\n\n<div class=\"wp-block-column is-layout-flow wp-block-column-is-layout-flow\">\n<figure class=\"wp-block-image size-large\"><a href=\"https:\/\/www.almega.se\/almegadagen-2023\/\"><img loading=\"lazy\" decoding=\"async\" width=\"1180\" height=\"1180\" src=\"https:\/\/www.almega.se\/app\/uploads\/2023\/11\/96-1180x1180.png\" alt=\"Gafiskt blid med foto p\u00e5 Almegas arbetsr\u00e4ttsjurist Jonas St\u00e5lnacke med f\u00f6ljande citat: Det \u00e4r alltid sp\u00e4nnande att g\u00e5 igenom Arbetsdomstolens domar p\u00e5 Almegadagen. D\u00e4r f\u00e5r vi reflektera tillsammans \u00f6ver hur de p\u00e5verkar dig som arbetsgivare i din vardag. Bild l\u00e4nkar till anm\u00e4lningssidan f\u00f6r Almegadagen.\" class=\"wp-image-68617\" srcset=\"https:\/\/www.almega.se\/app\/uploads\/2023\/11\/96-1180x1180.png 1180w, https:\/\/www.almega.se\/app\/uploads\/2023\/11\/96-580x580.png 580w, https:\/\/www.almega.se\/app\/uploads\/2023\/11\/96-380x380.png 380w, https:\/\/www.almega.se\/app\/uploads\/2023\/11\/96-768x768.png 768w, https:\/\/www.almega.se\/app\/uploads\/2023\/11\/96.png 1200w\" sizes=\"auto, (max-width: 1180px) 100vw, 1180px\" \/><\/a><\/figure>\n<\/div>\n\n\n\n<div class=\"wp-block-column is-layout-flow wp-block-column-is-layout-flow\">\n<figure class=\"wp-block-image size-full\"><a href=\"https:\/\/www.almega.se\/sverige-kan-inte-vanta\/\"><img loading=\"lazy\" decoding=\"async\" width=\"1080\" height=\"1080\" src=\"https:\/\/www.almega.se\/app\/uploads\/2023\/11\/SKIV.png\" alt=\"Grafisk bild med foto p\u00e5 Almegas opinionsstrateg R\u00e9ka Tolnai. P\u00e5 bilden finns \u00e4ven Facebook-ikon och Instagram-ikon samt loggan Sverige kan inte v\u00e4nta. Bild l\u00e4nkar till Instagraminl\u00e4gg. \n\nBild l\u00e4nkar till Almegas kampanjsida Sverige kan inte v\u00e4nta. \" class=\"wp-image-68618\" srcset=\"https:\/\/www.almega.se\/app\/uploads\/2023\/11\/SKIV.png 1080w, https:\/\/www.almega.se\/app\/uploads\/2023\/11\/SKIV-580x580.png 580w, https:\/\/www.almega.se\/app\/uploads\/2023\/11\/SKIV-380x380.png 380w, https:\/\/www.almega.se\/app\/uploads\/2023\/11\/SKIV-768x768.png 768w\" sizes=\"auto, (max-width: 1080px) 100vw, 1080px\" \/><\/a><\/figure>\n<\/div>\n<\/div>\n\n\n\n<div class=\"wp-block-columns is-layout-flex wp-container-core-columns-is-layout-9d6595d7 wp-block-columns-is-layout-flex\">\n<div class=\"wp-block-column is-layout-flow wp-block-column-is-layout-flow\">\n<figure class=\"wp-block-image size-large\"><a href=\"https:\/\/www.almega.se\/\"><img loading=\"lazy\" decoding=\"async\" width=\"1180\" height=\"1180\" src=\"https:\/\/www.almega.se\/app\/uploads\/2023\/11\/Almega-medlemsundersokning-2023-IG-story-LinkedIn-Post-1180x1180.png\" alt=\"Grafisk bild med foto p\u00e5 en kvinna och tre pratbubblor. I pratbubblorna finns text. Pratbubbla 1: Almega tecknar bra kollektivavtal.&quot; Pratbubbla 2: Almega arbetar f\u00f6r att f\u00f6rb\u00e4ttra f\u00f6ruts\u00e4ttningarna f\u00f6r oss. Pratbubbla 3: Almegas medlemstj\u00e4nster t\u00e4cker v\u00e5ra behov. Bild l\u00e4nkar till Almega.se\" class=\"wp-image-68619\" srcset=\"https:\/\/www.almega.se\/app\/uploads\/2023\/11\/Almega-medlemsundersokning-2023-IG-story-LinkedIn-Post-1180x1180.png 1180w, https:\/\/www.almega.se\/app\/uploads\/2023\/11\/Almega-medlemsundersokning-2023-IG-story-LinkedIn-Post-580x580.png 580w, https:\/\/www.almega.se\/app\/uploads\/2023\/11\/Almega-medlemsundersokning-2023-IG-story-LinkedIn-Post-380x380.png 380w, https:\/\/www.almega.se\/app\/uploads\/2023\/11\/Almega-medlemsundersokning-2023-IG-story-LinkedIn-Post-768x768.png 768w, https:\/\/www.almega.se\/app\/uploads\/2023\/11\/Almega-medlemsundersokning-2023-IG-story-LinkedIn-Post.png 1200w\" sizes=\"auto, (max-width: 1180px) 100vw, 1180px\" \/><\/a><\/figure>\n<\/div>\n\n\n\n<div class=\"wp-block-column is-layout-flow wp-block-column-is-layout-flow\">\n<figure class=\"wp-block-image size-large\"><a href=\"https:\/\/www.almega.se\/almegadagen-2023\/\"><img loading=\"lazy\" decoding=\"async\" width=\"1180\" height=\"1180\" src=\"https:\/\/www.almega.se\/app\/uploads\/2023\/11\/94-1180x1180.png\" alt=\"Grafisk bild med foto p\u00e5 Almegas chef f\u00f6r Tj\u00e4nsteutveckling och citat: &quot;Almegadagen - dagen du inh\u00e4mtar kunskap, energi och n\u00e4tverkar inf\u00f6r 2024!&quot;. Bild l\u00e4nkar till anm\u00e4lningssidan f\u00f6r Almegadagen.\" class=\"wp-image-68620\" srcset=\"https:\/\/www.almega.se\/app\/uploads\/2023\/11\/94-1180x1180.png 1180w, https:\/\/www.almega.se\/app\/uploads\/2023\/11\/94-580x580.png 580w, https:\/\/www.almega.se\/app\/uploads\/2023\/11\/94-380x380.png 380w, https:\/\/www.almega.se\/app\/uploads\/2023\/11\/94-768x768.png 768w, https:\/\/www.almega.se\/app\/uploads\/2023\/11\/94.png 1200w\" sizes=\"auto, (max-width: 1180px) 100vw, 1180px\" \/><\/a><\/figure>\n<\/div>\n\n\n\n<div class=\"wp-block-column is-layout-flow wp-block-column-is-layout-flow\">\n<figure class=\"wp-block-image size-full\"><a href=\"https:\/\/www.prevent.se\/\"><img loading=\"lazy\" decoding=\"async\" width=\"1080\" height=\"1080\" src=\"https:\/\/www.almega.se\/app\/uploads\/2023\/11\/Prevent.png\" alt=\"Grafisk bild med gr\u00e5f\u00e4rgad oj\u00e4mn cirkel med f\u00f6ljande text: Vem v\u00e4nder du dig till n\u00e4r ett arbetsmilj\u00f6problem uppdagas?. P\u00e5 bilden finns \u00e4ven loggan f\u00f6r Prevent - arbetsmilj\u00f6 i samverkan Svensk N\u00e4ringsliv, LO &amp; PTK. Bild l\u00e4nkar till prevent.se\" class=\"wp-image-68621\" srcset=\"https:\/\/www.almega.se\/app\/uploads\/2023\/11\/Prevent.png 1080w, https:\/\/www.almega.se\/app\/uploads\/2023\/11\/Prevent-580x580.png 580w, https:\/\/www.almega.se\/app\/uploads\/2023\/11\/Prevent-380x380.png 380w, https:\/\/www.almega.se\/app\/uploads\/2023\/11\/Prevent-768x768.png 768w\" sizes=\"auto, (max-width: 1080px) 100vw, 1080px\" \/><\/a><\/figure>\n<\/div>\n<\/div>\n\n\n\n<div class=\"wp-block-columns is-layout-flex wp-container-core-columns-is-layout-9d6595d7 wp-block-columns-is-layout-flex\">\n<div class=\"wp-block-column is-layout-flow wp-block-column-is-layout-flow\">\n<figure class=\"wp-block-image size-full\"><a href=\"https:\/\/www.almega.se\/2023\/10\/att-vara-arbetsrattsjurist-pa-almega\/\"><img loading=\"lazy\" decoding=\"async\" width=\"1080\" height=\"1080\" src=\"https:\/\/www.almega.se\/app\/uploads\/2023\/11\/Axel-Hammaren.png\" alt=\"Foto p\u00e5 Almegas arbetsr\u00e4ttsjurist Axel Hammar\u00e9n samt f\u00f6ljande citat: F\u00f6rhandlarrollen kan man ha hela yrkeslivet och man utvecklas kontinuerligt&quot;. \nBild l\u00e4nkar till intervju med Axel Hammar\u00e9n.\" class=\"wp-image-68622\" srcset=\"https:\/\/www.almega.se\/app\/uploads\/2023\/11\/Axel-Hammaren.png 1080w, https:\/\/www.almega.se\/app\/uploads\/2023\/11\/Axel-Hammaren-580x580.png 580w, https:\/\/www.almega.se\/app\/uploads\/2023\/11\/Axel-Hammaren-380x380.png 380w, https:\/\/www.almega.se\/app\/uploads\/2023\/11\/Axel-Hammaren-768x768.png 768w\" sizes=\"auto, (max-width: 1080px) 100vw, 1080px\" \/><\/a><\/figure>\n<\/div>\n\n\n\n<div class=\"wp-block-column is-layout-flow wp-block-column-is-layout-flow\">\n<figure class=\"wp-block-image size-large\"><a href=\"https:\/\/www.almega.se\/almegadagen-2023\/\"><img loading=\"lazy\" decoding=\"async\" width=\"1180\" height=\"1180\" src=\"https:\/\/www.almega.se\/app\/uploads\/2023\/11\/91-1180x1180.png\" alt=\"Grafisk bild med f\u00f6ljande text: Almegadagen - Almegas st\u00f6rsta utbildningsevent. Bild l\u00e4nkar till anm\u00e4lningssidan f\u00f6r Almegadagen.\" class=\"wp-image-68623\" srcset=\"https:\/\/www.almega.se\/app\/uploads\/2023\/11\/91-1180x1180.png 1180w, https:\/\/www.almega.se\/app\/uploads\/2023\/11\/91-580x580.png 580w, https:\/\/www.almega.se\/app\/uploads\/2023\/11\/91-380x380.png 380w, https:\/\/www.almega.se\/app\/uploads\/2023\/11\/91-768x768.png 768w, https:\/\/www.almega.se\/app\/uploads\/2023\/11\/91.png 1200w\" sizes=\"auto, (max-width: 1180px) 100vw, 1180px\" \/><\/a><\/figure>\n<\/div>\n\n\n\n<div class=\"wp-block-column is-layout-flow wp-block-column-is-layout-flow\">\n<figure class=\"wp-block-image size-large\"><a href=\"https:\/\/www.almega.se\/2023\/10\/den-grona-omstallningen-i-norra-norrland\/\"><img loading=\"lazy\" decoding=\"async\" width=\"788\" height=\"788\" src=\"https:\/\/www.almega.se\/app\/uploads\/2023\/11\/Rapport-den-grona-omstallningen-edited.png\" alt=\"Foto p\u00e5 en skog uppifr\u00e5n med f\u00f6ljande bildtext: Den gr\u00f6na omst\u00e4llningen i norra Norrland. En rapport om tj\u00e4nstesektorns roll. Bild l\u00e4nkar till rapporten. \" class=\"wp-image-68627\" srcset=\"https:\/\/www.almega.se\/app\/uploads\/2023\/11\/Rapport-den-grona-omstallningen-edited.png 788w, https:\/\/www.almega.se\/app\/uploads\/2023\/11\/Rapport-den-grona-omstallningen-edited-580x580.png 580w, https:\/\/www.almega.se\/app\/uploads\/2023\/11\/Rapport-den-grona-omstallningen-edited-380x380.png 380w, https:\/\/www.almega.se\/app\/uploads\/2023\/11\/Rapport-den-grona-omstallningen-edited-768x768.png 768w\" sizes=\"auto, (max-width: 788px) 100vw, 788px\" \/><\/a><\/figure>\n<\/div>\n<\/div>\n\n\n\n<div class=\"wp-block-columns is-layout-flex wp-container-core-columns-is-layout-9d6595d7 wp-block-columns-is-layout-flex\">\n<div class=\"wp-block-column is-layout-flow wp-block-column-is-layout-flow\">\n<figure class=\"wp-block-image size-full\"><a href=\"https:\/\/www.almega.se\/sverige-kan-inte-vanta\/\"><img loading=\"lazy\" decoding=\"async\" width=\"1080\" height=\"1080\" src=\"https:\/\/www.almega.se\/app\/uploads\/2023\/11\/Intresserad-av-Almegas-naringspolitiska-arbete.png\" alt=\"Grafiskt bild med f\u00f6ljande text: F\u00f6lj Almegas n\u00e4ringspolitiska arbete i v\u00e5r nya kanal: Sverige kan inte v\u00e4nta. Bilden l\u00e4nkar till kampanjsidan Sverige kan inte v\u00e4nta. \" class=\"wp-image-68629\" srcset=\"https:\/\/www.almega.se\/app\/uploads\/2023\/11\/Intresserad-av-Almegas-naringspolitiska-arbete.png 1080w, https:\/\/www.almega.se\/app\/uploads\/2023\/11\/Intresserad-av-Almegas-naringspolitiska-arbete-580x580.png 580w, https:\/\/www.almega.se\/app\/uploads\/2023\/11\/Intresserad-av-Almegas-naringspolitiska-arbete-380x380.png 380w, https:\/\/www.almega.se\/app\/uploads\/2023\/11\/Intresserad-av-Almegas-naringspolitiska-arbete-768x768.png 768w\" sizes=\"auto, (max-width: 1080px) 100vw, 1080px\" \/><\/a><\/figure>\n<\/div>\n\n\n\n<div class=\"wp-block-column is-layout-flow wp-block-column-is-layout-flow\">\n<figure class=\"wp-block-image size-large\"><a href=\"https:\/\/www.almega.se\/om-arbetsgivarguiden\/\"><img loading=\"lazy\" decoding=\"async\" width=\"2160\" height=\"2160\" src=\"https:\/\/www.almega.se\/app\/uploads\/2023\/11\/0-edited.png\" alt=\"Gafiskt bild med orange bakgrund och f\u00f6ljande text: Hj\u00e4lp n\u00e4r du beh\u00f6ver den: arbetsgivarguiden.se\nBild l\u00e4nkar till arbetsgivarguiden.se\" class=\"wp-image-68631\" srcset=\"https:\/\/www.almega.se\/app\/uploads\/2023\/11\/0-edited.png 2160w, https:\/\/www.almega.se\/app\/uploads\/2023\/11\/0-edited-580x580.png 580w, https:\/\/www.almega.se\/app\/uploads\/2023\/11\/0-edited-1180x1180.png 1180w, https:\/\/www.almega.se\/app\/uploads\/2023\/11\/0-edited-380x380.png 380w, https:\/\/www.almega.se\/app\/uploads\/2023\/11\/0-edited-768x768.png 768w, https:\/\/www.almega.se\/app\/uploads\/2023\/11\/0-edited-1536x1536.png 1536w, https:\/\/www.almega.se\/app\/uploads\/2023\/11\/0-edited-2048x2048.png 2048w\" sizes=\"auto, (max-width: 2160px) 100vw, 2160px\" \/><\/a><\/figure>\n<\/div>\n\n\n\n<div class=\"wp-block-column is-layout-flow wp-block-column-is-layout-flow\">\n<figure class=\"wp-block-image size-large\"><img loading=\"lazy\" decoding=\"async\" width=\"1600\" height=\"1600\" src=\"https:\/\/www.almega.se\/app\/uploads\/2023\/11\/MicrosoftTeams-image-7-edited-1.jpg\" alt=\"Foto fr\u00e5n en m\u00e4ssa med fyra av Almegas arbetsr\u00e4ttsjurister vid en monter p\u00e5 juristm\u00e4ssan p\u00e5 Stockholms Universitet. \" class=\"wp-image-68636\" srcset=\"https:\/\/www.almega.se\/app\/uploads\/2023\/11\/MicrosoftTeams-image-7-edited-1.jpg 1600w, https:\/\/www.almega.se\/app\/uploads\/2023\/11\/MicrosoftTeams-image-7-edited-1-580x580.jpg 580w, https:\/\/www.almega.se\/app\/uploads\/2023\/11\/MicrosoftTeams-image-7-edited-1-1180x1180.jpg 1180w, https:\/\/www.almega.se\/app\/uploads\/2023\/11\/MicrosoftTeams-image-7-edited-1-380x380.jpg 380w, https:\/\/www.almega.se\/app\/uploads\/2023\/11\/MicrosoftTeams-image-7-edited-1-768x768.jpg 768w, https:\/\/www.almega.se\/app\/uploads\/2023\/11\/MicrosoftTeams-image-7-edited-1-1536x1536.jpg 1536w\" sizes=\"auto, (max-width: 1600px) 100vw, 1600px\" \/><\/figure>\n<\/div>\n<\/div>\n<\/div>\n\n\n\n<div class=\"wp-block-columns is-layout-flex wp-container-core-columns-is-layout-9d6595d7 wp-block-columns-is-layout-flex\"><\/div>\n\n\n<div id=\"block-iconlink-block_3685fdd9d2ba4d833316dd656d277c8a\" class=\"Icon-link Icon-link--arrow-tip\">\n      <a href=\"https:\/\/www.instagram.com\/almegaab\/\" target=\"_blank\" class=\"Button is-button is-style-fill has-primary-background-color has-primary-border-color Button--arrow-tip\">\n      <div class=\"Button__text\">\n        Se fler av v\u00e5ra inl\u00e4gg p\u00e5 Instgram h\u00e4r\n      <\/div>\n      <div class=\"Button__arrow  arrow-tip \">\n                <div class=\"Button__line\"><\/div>\n                <svg class='icon icon--arrow-tip'  width=\"11\" height=\"16\" viewBox=\"0 0 11 16\" fill=\"none\" xmlns=\"http:\/\/www.w3.org\/2000\/svg\">\n<path d=\"M0.858398 15L9.2304 7.99664L0.967732 1.00001\" stroke=\"black\" stroke-width=\"2\" stroke-miterlimit=\"10\"\/>\n<\/svg>\n\n        <\/div>\n    <\/a>\n  <\/div>\n","protected":false},"excerpt":{"rendered":"","protected":false},"author":15264,"featured_media":0,"parent":0,"menu_order":0,"comment_status":"closed","ping_status":"closed","template":"","meta":{"_acf_changed":false,"footnotes":""},"article_type":[],"agreement":[],"class_list":["post-68205","page","type-page","status-publish","hentry"],"acf":[],"yoast_head":"<!-- This site is optimized with the Yoast SEO Premium plugin v26.8 (Yoast SEO v26.8) - https:\/\/yoast.com\/product\/yoast-seo-premium-wordpress\/ -->\n<title>Instagram | Almega<\/title>\n<meta name=\"robots\" content=\"index, follow, max-snippet:-1, max-image-preview:large, max-video-preview:-1\" \/>\n<link rel=\"canonical\" href=\"https:\/\/www.almega.se\/instagram-3\/\" \/>\n<meta property=\"og:locale\" content=\"sv_SE\" \/>\n<meta property=\"og:type\" content=\"article\" \/>\n<meta property=\"og:title\" content=\"Instagram\" \/>\n<meta property=\"og:url\" content=\"https:\/\/www.almega.se\/instagram-3\/\" \/>\n<meta property=\"og:site_name\" content=\"Almega\" \/>\n<meta property=\"article:modified_time\" content=\"2024-03-05T13:44:11+00:00\" \/>\n<meta property=\"og:image\" content=\"https:\/\/www.almega.se\/app\/uploads\/2024\/03\/Vd-forum-3-1180x1180.png\" \/>\n<meta name=\"twitter:card\" content=\"summary_large_image\" \/>\n<meta name=\"twitter:label1\" content=\"Ber\u00e4knad l\u00e4stid\" \/>\n\t<meta name=\"twitter:data1\" content=\"12 minuter\" \/>\n<script type=\"application\/ld+json\" class=\"yoast-schema-graph\">{\"@context\":\"https:\/\/schema.org\",\"@graph\":[{\"@type\":\"WebPage\",\"@id\":\"https:\/\/www.almega.se\/instagram-3\/\",\"url\":\"https:\/\/www.almega.se\/instagram-3\/\",\"name\":\"Instagram | Almega\",\"isPartOf\":{\"@id\":\"https:\/\/www.almega.se\/#website\"},\"primaryImageOfPage\":{\"@id\":\"https:\/\/www.almega.se\/instagram-3\/#primaryimage\"},\"image\":{\"@id\":\"https:\/\/www.almega.se\/instagram-3\/#primaryimage\"},\"thumbnailUrl\":\"https:\/\/www.almega.se\/app\/uploads\/2024\/03\/Vd-forum-3-1180x1180.png\",\"datePublished\":\"2023-11-09T13:13:14+00:00\",\"dateModified\":\"2024-03-05T13:44:11+00:00\",\"breadcrumb\":{\"@id\":\"https:\/\/www.almega.se\/instagram-3\/#breadcrumb\"},\"inLanguage\":\"sv-SE\",\"potentialAction\":[{\"@type\":\"ReadAction\",\"target\":[\"https:\/\/www.almega.se\/instagram-3\/\"]}]},{\"@type\":\"ImageObject\",\"inLanguage\":\"sv-SE\",\"@id\":\"https:\/\/www.almega.se\/instagram-3\/#primaryimage\",\"url\":\"https:\/\/www.almega.se\/app\/uploads\/2024\/03\/Vd-forum-3.png\",\"contentUrl\":\"https:\/\/www.almega.se\/app\/uploads\/2024\/03\/Vd-forum-3.png\",\"width\":1200,\"height\":1200,\"caption\":\"Bild p\u00e5 Almegas chefekonom Patrick Joyce med citat \\\"I j\u00e4mf\u00f6relse med f\u00f6reg\u00e5ende \u00e5r anpassar nu f\u00f6retagen sina kostnader och d\u00e5 f\u00f6rsvinner jobb\\\" med anledning av ink\u00f6pschefsindex f\u00f6r februari. L\u00e4nkar till pressmeddelande.\"},{\"@type\":\"BreadcrumbList\",\"@id\":\"https:\/\/www.almega.se\/instagram-3\/#breadcrumb\",\"itemListElement\":[{\"@type\":\"ListItem\",\"position\":1,\"name\":\"Home\",\"item\":\"https:\/\/www.almega.se\/\"},{\"@type\":\"ListItem\",\"position\":2,\"name\":\"Instagram\"}]},{\"@type\":\"WebSite\",\"@id\":\"https:\/\/www.almega.se\/#website\",\"url\":\"https:\/\/www.almega.se\/\",\"name\":\"Almega\",\"description\":\"\",\"potentialAction\":[{\"@type\":\"SearchAction\",\"target\":{\"@type\":\"EntryPoint\",\"urlTemplate\":\"https:\/\/www.almega.se\/?s={search_term_string}\"},\"query-input\":{\"@type\":\"PropertyValueSpecification\",\"valueRequired\":true,\"valueName\":\"search_term_string\"}}],\"inLanguage\":\"sv-SE\"}]}<\/script>\n<!-- \/ Yoast SEO Premium plugin. -->","yoast_head_json":{"title":"Instagram | Almega","robots":{"index":"index","follow":"follow","max-snippet":"max-snippet:-1","max-image-preview":"max-image-preview:large","max-video-preview":"max-video-preview:-1"},"canonical":"https:\/\/www.almega.se\/instagram-3\/","og_locale":"sv_SE","og_type":"article","og_title":"Instagram","og_url":"https:\/\/www.almega.se\/instagram-3\/","og_site_name":"Almega","article_modified_time":"2024-03-05T13:44:11+00:00","og_image":[{"url":"https:\/\/www.almega.se\/app\/uploads\/2024\/03\/Vd-forum-3-1180x1180.png","type":"","width":"","height":""}],"twitter_card":"summary_large_image","twitter_misc":{"Ber\u00e4knad l\u00e4stid":"12 minuter"},"schema":{"@context":"https:\/\/schema.org","@graph":[{"@type":"WebPage","@id":"https:\/\/www.almega.se\/instagram-3\/","url":"https:\/\/www.almega.se\/instagram-3\/","name":"Instagram | Almega","isPartOf":{"@id":"https:\/\/www.almega.se\/#website"},"primaryImageOfPage":{"@id":"https:\/\/www.almega.se\/instagram-3\/#primaryimage"},"image":{"@id":"https:\/\/www.almega.se\/instagram-3\/#primaryimage"},"thumbnailUrl":"https:\/\/www.almega.se\/app\/uploads\/2024\/03\/Vd-forum-3-1180x1180.png","datePublished":"2023-11-09T13:13:14+00:00","dateModified":"2024-03-05T13:44:11+00:00","breadcrumb":{"@id":"https:\/\/www.almega.se\/instagram-3\/#breadcrumb"},"inLanguage":"sv-SE","potentialAction":[{"@type":"ReadAction","target":["https:\/\/www.almega.se\/instagram-3\/"]}]},{"@type":"ImageObject","inLanguage":"sv-SE","@id":"https:\/\/www.almega.se\/instagram-3\/#primaryimage","url":"https:\/\/www.almega.se\/app\/uploads\/2024\/03\/Vd-forum-3.png","contentUrl":"https:\/\/www.almega.se\/app\/uploads\/2024\/03\/Vd-forum-3.png","width":1200,"height":1200,"caption":"Bild p\u00e5 Almegas chefekonom Patrick Joyce med citat \"I j\u00e4mf\u00f6relse med f\u00f6reg\u00e5ende \u00e5r anpassar nu f\u00f6retagen sina kostnader och d\u00e5 f\u00f6rsvinner jobb\" med anledning av ink\u00f6pschefsindex f\u00f6r februari. L\u00e4nkar till pressmeddelande."},{"@type":"BreadcrumbList","@id":"https:\/\/www.almega.se\/instagram-3\/#breadcrumb","itemListElement":[{"@type":"ListItem","position":1,"name":"Home","item":"https:\/\/www.almega.se\/"},{"@type":"ListItem","position":2,"name":"Instagram"}]},{"@type":"WebSite","@id":"https:\/\/www.almega.se\/#website","url":"https:\/\/www.almega.se\/","name":"Almega","description":"","potentialAction":[{"@type":"SearchAction","target":{"@type":"EntryPoint","urlTemplate":"https:\/\/www.almega.se\/?s={search_term_string}"},"query-input":{"@type":"PropertyValueSpecification","valueRequired":true,"valueName":"search_term_string"}}],"inLanguage":"sv-SE"}]}},"_links":{"self":[{"href":"https:\/\/www.almega.se\/api\/wp\/v2\/pages\/68205","targetHints":{"allow":["GET"]}}],"collection":[{"href":"https:\/\/www.almega.se\/api\/wp\/v2\/pages"}],"about":[{"href":"https:\/\/www.almega.se\/api\/wp\/v2\/types\/page"}],"author":[{"embeddable":true,"href":"https:\/\/www.almega.se\/api\/wp\/v2\/users\/15264"}],"replies":[{"embeddable":true,"href":"https:\/\/www.almega.se\/api\/wp\/v2\/comments?post=68205"}],"version-history":[{"count":82,"href":"https:\/\/www.almega.se\/api\/wp\/v2\/pages\/68205\/revisions"}],"predecessor-version":[{"id":72068,"href":"https:\/\/www.almega.se\/api\/wp\/v2\/pages\/68205\/revisions\/72068"}],"wp:attachment":[{"href":"https:\/\/www.almega.se\/api\/wp\/v2\/media?parent=68205"}],"wp:term":[{"taxonomy":"type","embeddable":true,"href":"https:\/\/www.almega.se\/api\/wp\/v2\/article_type?post=68205"},{"taxonomy":"agreement","embeddable":true,"href":"https:\/\/www.almega.se\/api\/wp\/v2\/agreement?post=68205"}],"curies":[{"name":"wp","href":"https:\/\/api.w.org\/{rel}","templated":true}]}}