{"id":47062,"date":"2022-08-26T11:08:44","date_gmt":"2022-08-26T09:08:44","guid":{"rendered":"https:\/\/www.almega.se\/?page_id=47062"},"modified":"2024-09-20T14:03:52","modified_gmt":"2024-09-20T12:03:52","slug":"underlattad-kompetensinflyttning","status":"publish","type":"page","link":"https:\/\/www.almega.se\/underlattad-kompetensinflyttning\/","title":{"rendered":"Underl\u00e4tta kompetensinflyttning"},"content":{"rendered":"<div id=\"block-hero-block_ebe182b46a7cce0986a1ce5b80eb6636\" class=\"Hero has-green-background-color has-paragraph-text\">\n\n    \n  <div class=\"Hero__inner container has-green-background-color\">\n              <div class=\"Hero__title\">\n          <h1>Underl\u00e4tta<i> kompetensinflyttning<\/i><\/h1>\n        <\/div>\n                    <div class=\"Hero__text\">\n          <p>Tj\u00e4nstesektorn \u00e4r motorn i svensk ekonomi och \u00e4r beroende av r\u00e4tt medarbetare med r\u00e4tt kompetens. Sv\u00e5righeten att hitta r\u00e4tt medarbetare \u00e4r det st\u00f6rsta tillv\u00e4xthindret f\u00f6r tj\u00e4nste\u00adf\u00f6retag och d\u00e4rmed f\u00f6r en stor del av Sveriges ekonomi. D\u00e4rf\u00f6r beh\u00f6ver vi arbetskrafts\u00adinvandring.<\/p>\n\n        <\/div>\n                    <\/div>\n<\/div>\n\n\n\n<div class=\"wp-block-group has-secondary-background-color has-background is-layout-constrained wp-block-group-is-layout-constrained\"><div class=\"wp-block wp-block-core-heading heading-in-sidebar\" id=\"vad-tycker-almega?\"><a class='Share__link Share__link--url copy-text' href='#' rel='nofollow' data-text='vad-tycker-almega?' title='Dela url' data-confirmation='L\u00e4nken kopierades till urklipp'><svg class='icon icon--link'  width='18' height='18' viewBox='0 0 18 18' fill='none' xmlns='http:\/\/www.w3.org\/2000\/svg'>\n            <path d='M10.4142 0.514721L6.87868 4.05025L8.29289 5.46447L11.1213 2.63604L15.364 6.87868L12.5355 9.70711L13.9497 11.1213L17.4853 7.58579C17.8763 7.19476 17.8763 6.5626 17.4853 6.17158L11.8284 0.514721C11.4374 0.123691 10.8052 0.123691 10.4142 0.514721Z' fill='black'\/>\n            <path d='M9.7071 12.5355L6.87868 15.364L2.63604 11.1213L5.46446 8.2929L4.05025 6.87868L0.514716 10.4142C0.123686 10.8052 0.123686 11.4374 0.514716 11.8284L6.17157 17.4853C6.5626 17.8763 7.19475 17.8763 7.58578 17.4853L11.1213 13.9497L9.7071 12.5355Z' fill='black'\/>\n            <path d='M6.17157 11.8284C6.5626 12.2195 7.19475 12.2195 7.58578 11.8284L11.8284 7.58579C12.2195 7.19476 12.2195 6.56261 11.8284 6.17158C11.4374 5.78055 10.8052 5.78055 10.4142 6.17158L6.17157 10.4142C5.78054 10.8052 5.78054 11.4374 6.17157 11.8284Z' fill='black'\/>\n            <\/svg> <\/a>\n<h2 class=\"wp-block-heading\" id=\"h-vad-tycker-almega\">Vad tycker Almega?<\/h2>\n<\/div>\n\n<div class=\"wp-block wp-block-core-list\">\n<ul class=\"wp-block-list\">\n<li>L\u00f6negolvet f\u00f6r arbetskraft\u00adinvandring ska inte h\u00f6jas.<\/li>\n\n\n\n<li>Reglerna f\u00f6r arbetskrafts\u00adinvandring ska utg\u00e5 fr\u00e5n f\u00f6retagens rekryteringsbehov och bygga p\u00e5 principen att den som erbjuds ett arbete i Sverige till avtalsenliga villkor ska f\u00e5 arbetstillst\u00e5nd.<\/li>\n\n\n\n<li>Arbetskrafts\u00adinvandring ska vara till\u00e5ten i alla yrken s\u00e5 l\u00e4nge l\u00f6ner och andra villkor motsvarar svenska avtal.<\/li>\n\n\n\n<li>Kontroll av l\u00f6ner och andra villkor m\u00e5ste bli b\u00e4ttre och att f\u00f6retag som brutit mot reglerna inte f\u00e5r rekrytera arbetskraftsinvandrare.<\/li>\n\n\n\n<li>Det m\u00e5ste bli l\u00e4ttare f\u00f6r fler internationella studenter som utbildat sig i Sverige att stanna kvar och jobba efter examen.<\/li>\n\n\n\n<li>Regelverket f\u00f6r arbetskrafts\u00adinvandring m\u00e5ste h\u00e5llas enkelt och r\u00e4ttss\u00e4kert. Kompetensutvisningar p\u00e5 grund av enkla misstag f\u00e5r inte f\u00f6rekomma.<\/li>\n<\/ul>\n<\/div><\/div>\n\n\n\n<div class=\"wp-block-group has-lightgray-background-color has-background is-layout-constrained wp-block-group-is-layout-constrained\"><div class=\"wp-block wp-block-core-heading heading-in-sidebar\" id=\"hur-drabbas-tjanste\u00adforetagen?\"><a class='Share__link Share__link--url copy-text' href='#' rel='nofollow' data-text='hur-drabbas-tjanste\u00adforetagen?' title='Dela url' data-confirmation='L\u00e4nken kopierades till urklipp'><svg class='icon icon--link'  width='18' height='18' viewBox='0 0 18 18' fill='none' xmlns='http:\/\/www.w3.org\/2000\/svg'>\n            <path d='M10.4142 0.514721L6.87868 4.05025L8.29289 5.46447L11.1213 2.63604L15.364 6.87868L12.5355 9.70711L13.9497 11.1213L17.4853 7.58579C17.8763 7.19476 17.8763 6.5626 17.4853 6.17158L11.8284 0.514721C11.4374 0.123691 10.8052 0.123691 10.4142 0.514721Z' fill='black'\/>\n            <path d='M9.7071 12.5355L6.87868 15.364L2.63604 11.1213L5.46446 8.2929L4.05025 6.87868L0.514716 10.4142C0.123686 10.8052 0.123686 11.4374 0.514716 11.8284L6.17157 17.4853C6.5626 17.8763 7.19475 17.8763 7.58578 17.4853L11.1213 13.9497L9.7071 12.5355Z' fill='black'\/>\n            <path d='M6.17157 11.8284C6.5626 12.2195 7.19475 12.2195 7.58578 11.8284L11.8284 7.58579C12.2195 7.19476 12.2195 6.56261 11.8284 6.17158C11.4374 5.78055 10.8052 5.78055 10.4142 6.17158L6.17157 10.4142C5.78054 10.8052 5.78054 11.4374 6.17157 11.8284Z' fill='black'\/>\n            <\/svg> <\/a>\n<h2 class=\"wp-block-heading\" id=\"h-hur-drabbas-tjanste-foretagen\">Hur drabbas tj\u00e4nste\u00adf\u00f6retagen?<\/h2>\n<\/div>\n\n<div class=\"wp-block wp-block-core-paragraph\">\n<p class=\"has-normal-font-size\">Trots att m\u00e5nga svenska f\u00f6retag \u00e4r helt beroende av medarbetare fr\u00e5n andra l\u00e4nder har regeringen &#8211; med st\u00f6d av Socialdemokraterna &#8211; genomf\u00f6rt en kraftig begr\u00e4nsning av arbetskraftsinvandring. Fr\u00e5n den 1 november 2023 kr\u00e4vs en l\u00f6n p\u00e5 27&nbsp;360 kronor i m\u00e5naden f\u00f6r arbetstillst\u00e5nd. Det inneb\u00e4r att ungef\u00e4r var \u00e5ttonde arbetskraftsinvandrare f\u00e5r resa hem n\u00e4r deras tillst\u00e5nd l\u00f6per ut. Planen \u00e4r att till slutet av 2024 h\u00f6ja l\u00f6negolvet till 34&nbsp;200 kronor i m\u00e5naden men med vissa undantag. D\u00e5 kan n\u00e4rmare h\u00e4lften av alla arbetskraftsinvandrare tvingas resa hem.<\/p>\n<\/div>\n\n<div class=\"wp-block wp-block-core-paragraph\">\n<p class=\"has-normal-font-size\">Problemet \u00e4r att m\u00e5nga svenska f\u00f6retag har sv\u00e5rt att hitta r\u00e4tt kompetens inom landets gr\u00e4nser. Varje \u00e5r kommer drygt 20 000 personer till Sverige fr\u00e5n l\u00e4nder utanf\u00f6r EU f\u00f6r att arbeta. Den stora majoriteten av arbetskraftsinvandrarna arbetar inom bristyrken. De flesta stannar i Sverige ett par \u00e5r. I princip alla f\u00f6rs\u00f6rjer sig sj\u00e4lva och medf\u00f6ljande. Arbetskrafts\u00adinvandringen \u00e4r l\u00f6nsam f\u00f6r Sverige och bidrar varje \u00e5r med 34 miljarder kronor till BNP och 12 miljarder kronor i skatteint\u00e4kter.<\/p>\n<\/div><\/div>\n\n\n\n<div class=\"wp-block-group has-secondary-background-color has-background is-layout-constrained wp-block-group-is-layout-constrained\"><div class=\"wp-block wp-block-core-heading heading-in-sidebar\" id=\"vad-har-almega-gjort-i-fragan?\"><a class='Share__link Share__link--url copy-text' href='#' rel='nofollow' data-text='vad-har-almega-gjort-i-fragan?' title='Dela url' data-confirmation='L\u00e4nken kopierades till urklipp'><svg class='icon icon--link'  width='18' height='18' viewBox='0 0 18 18' fill='none' xmlns='http:\/\/www.w3.org\/2000\/svg'>\n            <path d='M10.4142 0.514721L6.87868 4.05025L8.29289 5.46447L11.1213 2.63604L15.364 6.87868L12.5355 9.70711L13.9497 11.1213L17.4853 7.58579C17.8763 7.19476 17.8763 6.5626 17.4853 6.17158L11.8284 0.514721C11.4374 0.123691 10.8052 0.123691 10.4142 0.514721Z' fill='black'\/>\n            <path d='M9.7071 12.5355L6.87868 15.364L2.63604 11.1213L5.46446 8.2929L4.05025 6.87868L0.514716 10.4142C0.123686 10.8052 0.123686 11.4374 0.514716 11.8284L6.17157 17.4853C6.5626 17.8763 7.19475 17.8763 7.58578 17.4853L11.1213 13.9497L9.7071 12.5355Z' fill='black'\/>\n            <path d='M6.17157 11.8284C6.5626 12.2195 7.19475 12.2195 7.58578 11.8284L11.8284 7.58579C12.2195 7.19476 12.2195 6.56261 11.8284 6.17158C11.4374 5.78055 10.8052 5.78055 10.4142 6.17158L6.17157 10.4142C5.78054 10.8052 5.78054 11.4374 6.17157 11.8284Z' fill='black'\/>\n            <\/svg> <\/a>\n<h2 class=\"wp-block-heading\" id=\"h-vad-har-almega-gjort-i-fragan\">Vad har Almega gjort i fr\u00e5gan?<\/h2>\n<\/div>\n\n<div class=\"Listing no-bg\">\n  <div class=\"container\">\n    <div class=\"Listing__heading\">\n          <\/div>\n    <div class=\"row\">\n                            <div class=\"col-md-4 \">\n                      <article class=\"Blurb Blurb--md Blurb--post Blurb--vertical has-thumbnail\">\n  <a href=\"https:\/\/www.almega.se\/2021\/09\/rapport-sa-slar-inkomstkraven-pa-arbetskraftsinvandringen\/\">\n          <div class=\"Blurb__thumbnail__wrap\">\n        <figure class=\"Blurb__thumbnail\">\n          <img loading=\"lazy\" decoding=\"async\" width=\"2560\" height=\"1228\" src=\"https:\/\/www.almega.se\/app\/uploads\/2021\/09\/gettyimages-1205727590-scaled-e1661349240283.jpg\" class=\"attachment-small size-small wp-post-image\" alt=\"\" srcset=\"https:\/\/www.almega.se\/app\/uploads\/2021\/09\/gettyimages-1205727590-scaled-e1661349240283.jpg 2560w, https:\/\/www.almega.se\/app\/uploads\/2021\/09\/gettyimages-1205727590-scaled-e1661349240283-580x278.jpg 580w, https:\/\/www.almega.se\/app\/uploads\/2021\/09\/gettyimages-1205727590-scaled-e1661349240283-1180x566.jpg 1180w, https:\/\/www.almega.se\/app\/uploads\/2021\/09\/gettyimages-1205727590-scaled-e1661349240283-380x182.jpg 380w, https:\/\/www.almega.se\/app\/uploads\/2021\/09\/gettyimages-1205727590-scaled-e1661349240283-768x368.jpg 768w, https:\/\/www.almega.se\/app\/uploads\/2021\/09\/gettyimages-1205727590-scaled-e1661349240283-1536x737.jpg 1536w, https:\/\/www.almega.se\/app\/uploads\/2021\/09\/gettyimages-1205727590-scaled-e1661349240283-2048x982.jpg 2048w\" sizes=\"auto, (max-width: 2560px) 100vw, 2560px\" \/>\n        <\/figure>\n      <\/div>\n        <div class=\"Blurb__content\">\n      <div class=\"Blurb__body\">\n        <div>\n                                <div class=\"Meta d-flex align-items-center Blurb__meta\">\n      <div class=\"Meta__tag item\">\n      Kompetensf\u00f6rs\u00f6rjning\n      <svg class='icon icon--triangle'  width=\"26\" height=\"32\" viewBox=\"0 0 26 32\" fill=\"none\" xmlns=\"http:\/\/www.w3.org\/2000\/svg\">\n<path fill-rule=\"evenodd\" clip-rule=\"evenodd\" d=\"M13.1315 0H0V32H13.1315L26 16L13.1315 0ZM9 18.581C10.6569 18.581 12 17.1946 12 15.4843C12 13.774 10.6569 12.3875 9 12.3875C7.34315 12.3875 6 13.774 6 15.4843C6 17.1946 7.34315 18.581 9 18.581Z\" fill=\"#FDDCC0\"\/>\n<\/svg>\n\n      <\/div>\n    <div class=\"Meta__group\">\n          <div class=\"Meta__date  d-flex align-items-center\">\n        <svg class='icon icon--timestamp'  width=\"16\" height=\"16\" viewBox=\"0 0 16 16\" fill=\"none\" xmlns=\"http:\/\/www.w3.org\/2000\/svg\">\n<path fill-rule=\"evenodd\" clip-rule=\"evenodd\" d=\"M10.4833 10.5818C10.7278 10.8452 10.7278 11.2723 10.4833 11.5357C10.361 11.6674 10.2008 11.7333 10.0405 11.7333C9.88023 11.7333 9.72008 11.6674 9.59781 11.5357L7.65015 9.43814C7.53273 9.31167 7.46667 9.14001 7.46667 8.96109V4.94118C7.46667 4.56868 7.74705 4.26667 8.09288 4.26667C8.4387 4.26667 8.71908 4.56868 8.71908 4.94118V8.68168L10.4833 10.5818ZM8 14.9333C4.177 14.9333 1.06667 11.823 1.06667 8C1.06667 4.177 4.177 1.06667 8 1.06667C11.8232 1.06667 14.9333 4.177 14.9333 8C14.9333 11.823 11.8232 14.9333 8 14.9333ZM8 0C3.58887 0 0 3.58887 0 8C0 12.4111 3.58887 16 8 16C12.4113 16 16 12.4111 16 8C16 3.58887 12.4113 0 8 0Z\" fill=\"black\"\/>\n<\/svg>\n\n          <time datetime=\"2021-09-15T12:00:27+00:00\">15 september 2021<\/time>\n      <\/div>\n              <div class=\"Meta__category\">\n        Nyheter\n      <\/div>\n      <\/div>\n<\/div>\n                  <\/div>\n        <h2 class=\"Blurb__title\">\n          Rapport: S\u00e5 sl\u00e5r h\u00f6jda inkomstkrav p\u00e5 arbetskrafts&shy;invandringen\n        <\/h2>\n                  <div class=\"Blurb__text\">\n            H\u00e4lften av arbetskraftsinvandrarna skulle f\u00f6rlora sina arbetstillst\u00e5nd med h\u00f6jda inkomstkrav f\u00f6r arbetskraftsinvandring. Detta visar Almegas rapport baserad p\u00e5 specialbest\u00e4lld statistik fr\u00e5n SCB.\n\n          <\/div>\n                <div class=\"Blurb__arrow\">\n                                <div class=\"Blurb__arrow__line\">\n              <svg class='icon icon--arrow-tip'  width=\"11\" height=\"16\" viewBox=\"0 0 11 16\" fill=\"none\" xmlns=\"http:\/\/www.w3.org\/2000\/svg\">\n<path d=\"M0.858398 15L9.2304 7.99664L0.967732 1.00001\" stroke=\"black\" stroke-width=\"2\" stroke-miterlimit=\"10\"\/>\n<\/svg>\n\n              <\/div>\n                  <\/div>\n      <\/div>\n    <\/div>\n  <\/a>\n<\/article>\n                  <\/div>\n                              <div class=\"col-md-4 \">\n                      <article class=\"Blurb Blurb--md Blurb--post Blurb--vertical has-thumbnail\">\n  <a href=\"https:\/\/www.almega.se\/2024\/02\/utredningen-om-arbetskraftsinvandring-missar-malet\/\">\n          <div class=\"Blurb__thumbnail__wrap\">\n        <figure class=\"Blurb__thumbnail\">\n          <img loading=\"lazy\" decoding=\"async\" width=\"2560\" height=\"1603\" src=\"https:\/\/www.almega.se\/app\/uploads\/2023\/12\/76be0dbb-81d8-48d7-938e-a5c83317c5f9-scaled.jpg\" class=\"attachment-small size-small wp-post-image\" alt=\"Patrick Joyce, chefekonom p\u00e5 Almega\" srcset=\"https:\/\/www.almega.se\/app\/uploads\/2023\/12\/76be0dbb-81d8-48d7-938e-a5c83317c5f9-scaled.jpg 2560w, https:\/\/www.almega.se\/app\/uploads\/2023\/12\/76be0dbb-81d8-48d7-938e-a5c83317c5f9-580x363.jpg 580w, https:\/\/www.almega.se\/app\/uploads\/2023\/12\/76be0dbb-81d8-48d7-938e-a5c83317c5f9-1180x739.jpg 1180w, https:\/\/www.almega.se\/app\/uploads\/2023\/12\/76be0dbb-81d8-48d7-938e-a5c83317c5f9-380x238.jpg 380w, https:\/\/www.almega.se\/app\/uploads\/2023\/12\/76be0dbb-81d8-48d7-938e-a5c83317c5f9-768x481.jpg 768w, https:\/\/www.almega.se\/app\/uploads\/2023\/12\/76be0dbb-81d8-48d7-938e-a5c83317c5f9-1536x962.jpg 1536w, https:\/\/www.almega.se\/app\/uploads\/2023\/12\/76be0dbb-81d8-48d7-938e-a5c83317c5f9-2048x1282.jpg 2048w\" sizes=\"auto, (max-width: 2560px) 100vw, 2560px\" \/>\n        <\/figure>\n      <\/div>\n        <div class=\"Blurb__content\">\n      <div class=\"Blurb__body\">\n        <div>\n                                <div class=\"Meta d-flex align-items-center Blurb__meta\">\n      <div class=\"Meta__tag item\">\n      Kompetensf\u00f6rs\u00f6rjning\n      <svg class='icon icon--triangle'  width=\"26\" height=\"32\" viewBox=\"0 0 26 32\" fill=\"none\" xmlns=\"http:\/\/www.w3.org\/2000\/svg\">\n<path fill-rule=\"evenodd\" clip-rule=\"evenodd\" d=\"M13.1315 0H0V32H13.1315L26 16L13.1315 0ZM9 18.581C10.6569 18.581 12 17.1946 12 15.4843C12 13.774 10.6569 12.3875 9 12.3875C7.34315 12.3875 6 13.774 6 15.4843C6 17.1946 7.34315 18.581 9 18.581Z\" fill=\"#FDDCC0\"\/>\n<\/svg>\n\n      <\/div>\n    <div class=\"Meta__group\">\n          <div class=\"Meta__date  d-flex align-items-center\">\n        <svg class='icon icon--timestamp'  width=\"16\" height=\"16\" viewBox=\"0 0 16 16\" fill=\"none\" xmlns=\"http:\/\/www.w3.org\/2000\/svg\">\n<path fill-rule=\"evenodd\" clip-rule=\"evenodd\" d=\"M10.4833 10.5818C10.7278 10.8452 10.7278 11.2723 10.4833 11.5357C10.361 11.6674 10.2008 11.7333 10.0405 11.7333C9.88023 11.7333 9.72008 11.6674 9.59781 11.5357L7.65015 9.43814C7.53273 9.31167 7.46667 9.14001 7.46667 8.96109V4.94118C7.46667 4.56868 7.74705 4.26667 8.09288 4.26667C8.4387 4.26667 8.71908 4.56868 8.71908 4.94118V8.68168L10.4833 10.5818ZM8 14.9333C4.177 14.9333 1.06667 11.823 1.06667 8C1.06667 4.177 4.177 1.06667 8 1.06667C11.8232 1.06667 14.9333 4.177 14.9333 8C14.9333 11.823 11.8232 14.9333 8 14.9333ZM8 0C3.58887 0 0 3.58887 0 8C0 12.4111 3.58887 16 8 16C12.4113 16 16 12.4111 16 8C16 3.58887 12.4113 0 8 0Z\" fill=\"black\"\/>\n<\/svg>\n\n          <time datetime=\"2024-02-15T13:41:02+00:00\">15 februari 2024<\/time>\n      <\/div>\n              <div class=\"Meta__category\">\n        Nyheter\n      <\/div>\n      <\/div>\n<\/div>\n                  <\/div>\n        <h2 class=\"Blurb__title\">\n          Utredningen om arbetskrafts&shy;invandring missar m\u00e5let\n        <\/h2>\n                  <div class=\"Blurb__text\">\n            Ytterligare \u00e5tstramningar av m\u00f6jligheten f\u00f6r personer att komma till Sverige f\u00f6r att arbeta \u00e4r inte vad svensk arbetsmarknad beh\u00f6ver, anser tj\u00e4nstef\u00f6retagens organisation Almega.\n\n          <\/div>\n                <div class=\"Blurb__arrow\">\n                                <div class=\"Blurb__arrow__line\">\n              <svg class='icon icon--arrow-tip'  width=\"11\" height=\"16\" viewBox=\"0 0 11 16\" fill=\"none\" xmlns=\"http:\/\/www.w3.org\/2000\/svg\">\n<path d=\"M0.858398 15L9.2304 7.99664L0.967732 1.00001\" stroke=\"black\" stroke-width=\"2\" stroke-miterlimit=\"10\"\/>\n<\/svg>\n\n              <\/div>\n                  <\/div>\n      <\/div>\n    <\/div>\n  <\/a>\n<\/article>\n                  <\/div>\n                              <div class=\"col-md-4 \">\n                      <article class=\"Blurb Blurb--md Blurb--post Blurb--vertical has-thumbnail\">\n  <a href=\"https:\/\/www.almega.se\/2021\/01\/ny-rapport-sveriges-valfard-vinner-pa-kompetensinvandring\/\">\n          <div class=\"Blurb__thumbnail__wrap\">\n        <figure class=\"Blurb__thumbnail\">\n          <img loading=\"lazy\" decoding=\"async\" width=\"1000\" height=\"600\" src=\"https:\/\/www.almega.se\/app\/uploads\/2021\/01\/namnlos-design-11.png\" class=\"attachment-small size-small wp-post-image\" alt=\"\" srcset=\"https:\/\/www.almega.se\/app\/uploads\/2021\/01\/namnlos-design-11.png 1000w, https:\/\/www.almega.se\/app\/uploads\/2021\/01\/namnlos-design-11-580x348.png 580w, https:\/\/www.almega.se\/app\/uploads\/2021\/01\/namnlos-design-11-380x228.png 380w, https:\/\/www.almega.se\/app\/uploads\/2021\/01\/namnlos-design-11-768x461.png 768w\" sizes=\"auto, (max-width: 1000px) 100vw, 1000px\" \/>\n        <\/figure>\n      <\/div>\n        <div class=\"Blurb__content\">\n      <div class=\"Blurb__body\">\n        <div>\n                                <div class=\"Meta d-flex align-items-center Blurb__meta\">\n      <div class=\"Meta__tag item\">\n      Kompetensf\u00f6rs\u00f6rjning\n      <svg class='icon icon--triangle'  width=\"26\" height=\"32\" viewBox=\"0 0 26 32\" fill=\"none\" xmlns=\"http:\/\/www.w3.org\/2000\/svg\">\n<path fill-rule=\"evenodd\" clip-rule=\"evenodd\" d=\"M13.1315 0H0V32H13.1315L26 16L13.1315 0ZM9 18.581C10.6569 18.581 12 17.1946 12 15.4843C12 13.774 10.6569 12.3875 9 12.3875C7.34315 12.3875 6 13.774 6 15.4843C6 17.1946 7.34315 18.581 9 18.581Z\" fill=\"#FDDCC0\"\/>\n<\/svg>\n\n      <\/div>\n    <div class=\"Meta__group\">\n          <div class=\"Meta__date  d-flex align-items-center\">\n        <svg class='icon icon--timestamp'  width=\"16\" height=\"16\" viewBox=\"0 0 16 16\" fill=\"none\" xmlns=\"http:\/\/www.w3.org\/2000\/svg\">\n<path fill-rule=\"evenodd\" clip-rule=\"evenodd\" d=\"M10.4833 10.5818C10.7278 10.8452 10.7278 11.2723 10.4833 11.5357C10.361 11.6674 10.2008 11.7333 10.0405 11.7333C9.88023 11.7333 9.72008 11.6674 9.59781 11.5357L7.65015 9.43814C7.53273 9.31167 7.46667 9.14001 7.46667 8.96109V4.94118C7.46667 4.56868 7.74705 4.26667 8.09288 4.26667C8.4387 4.26667 8.71908 4.56868 8.71908 4.94118V8.68168L10.4833 10.5818ZM8 14.9333C4.177 14.9333 1.06667 11.823 1.06667 8C1.06667 4.177 4.177 1.06667 8 1.06667C11.8232 1.06667 14.9333 4.177 14.9333 8C14.9333 11.823 11.8232 14.9333 8 14.9333ZM8 0C3.58887 0 0 3.58887 0 8C0 12.4111 3.58887 16 8 16C12.4113 16 16 12.4111 16 8C16 3.58887 12.4113 0 8 0Z\" fill=\"black\"\/>\n<\/svg>\n\n          <time datetime=\"2021-01-07T06:00:54+00:00\">7 januari 2021<\/time>\n      <\/div>\n              <div class=\"Meta__category\">\n        Nyheter\n      <\/div>\n      <\/div>\n<\/div>\n                  <\/div>\n        <h2 class=\"Blurb__title\">\n          Ny rapport \u2013 Sveriges v\u00e4lf\u00e4rd vinner p\u00e5 kompetens&shy;invandring\n        <\/h2>\n                  <div class=\"Blurb__text\">\n            Arbetskraftsinvandringen \u00e4r en het fr\u00e5ga. Men hur p\u00e5verkar den egentligen den offentliga ekonomin? Av Almegas nya rapport framg\u00e5r att den genererar ett stort ekonomiskt \u00f6verskott. N\u00e4rmare best\u00e4mt 1,7 miljarder kronor.\n\n          <\/div>\n                <div class=\"Blurb__arrow\">\n                                <div class=\"Blurb__arrow__line\">\n              <svg class='icon icon--arrow-tip'  width=\"11\" height=\"16\" viewBox=\"0 0 11 16\" fill=\"none\" xmlns=\"http:\/\/www.w3.org\/2000\/svg\">\n<path d=\"M0.858398 15L9.2304 7.99664L0.967732 1.00001\" stroke=\"black\" stroke-width=\"2\" stroke-miterlimit=\"10\"\/>\n<\/svg>\n\n              <\/div>\n                  <\/div>\n      <\/div>\n    <\/div>\n  <\/a>\n<\/article>\n                  <\/div>\n                              <div class=\"col-md-4 \">\n                      <article class=\"Blurb Blurb--md Blurb--post Blurb--vertical has-thumbnail\">\n  <a href=\"https:\/\/www.almega.se\/2023\/05\/debatt-arbetskraftsinvandrare-tar-inte-jobb-fran-svenskar-malmer-stenergard\/\">\n          <div class=\"Blurb__thumbnail__wrap\">\n        <figure class=\"Blurb__thumbnail\">\n          <img loading=\"lazy\" decoding=\"async\" width=\"1858\" height=\"1030\" src=\"https:\/\/www.almega.se\/app\/uploads\/2024\/01\/Skarmavbild-2024-01-12-kl.-10.59.12.png\" class=\"attachment-small size-small wp-post-image\" alt=\"Migrationsministern Maria Malmer Stenergard\" srcset=\"https:\/\/www.almega.se\/app\/uploads\/2024\/01\/Skarmavbild-2024-01-12-kl.-10.59.12.png 1858w, https:\/\/www.almega.se\/app\/uploads\/2024\/01\/Skarmavbild-2024-01-12-kl.-10.59.12-580x322.png 580w, https:\/\/www.almega.se\/app\/uploads\/2024\/01\/Skarmavbild-2024-01-12-kl.-10.59.12-1180x654.png 1180w, https:\/\/www.almega.se\/app\/uploads\/2024\/01\/Skarmavbild-2024-01-12-kl.-10.59.12-380x211.png 380w, https:\/\/www.almega.se\/app\/uploads\/2024\/01\/Skarmavbild-2024-01-12-kl.-10.59.12-768x426.png 768w, https:\/\/www.almega.se\/app\/uploads\/2024\/01\/Skarmavbild-2024-01-12-kl.-10.59.12-1536x851.png 1536w\" sizes=\"auto, (max-width: 1858px) 100vw, 1858px\" \/>\n        <\/figure>\n      <\/div>\n        <div class=\"Blurb__content\">\n      <div class=\"Blurb__body\">\n        <div>\n                                <div class=\"Meta d-flex align-items-center Blurb__meta\">\n      <div class=\"Meta__tag item\">\n      Kompetensf\u00f6rs\u00f6rjning\n      <svg class='icon icon--triangle'  width=\"26\" height=\"32\" viewBox=\"0 0 26 32\" fill=\"none\" xmlns=\"http:\/\/www.w3.org\/2000\/svg\">\n<path fill-rule=\"evenodd\" clip-rule=\"evenodd\" d=\"M13.1315 0H0V32H13.1315L26 16L13.1315 0ZM9 18.581C10.6569 18.581 12 17.1946 12 15.4843C12 13.774 10.6569 12.3875 9 12.3875C7.34315 12.3875 6 13.774 6 15.4843C6 17.1946 7.34315 18.581 9 18.581Z\" fill=\"#FDDCC0\"\/>\n<\/svg>\n\n      <\/div>\n    <div class=\"Meta__group\">\n          <div class=\"Meta__date  d-flex align-items-center\">\n        <svg class='icon icon--timestamp'  width=\"16\" height=\"16\" viewBox=\"0 0 16 16\" fill=\"none\" xmlns=\"http:\/\/www.w3.org\/2000\/svg\">\n<path fill-rule=\"evenodd\" clip-rule=\"evenodd\" d=\"M10.4833 10.5818C10.7278 10.8452 10.7278 11.2723 10.4833 11.5357C10.361 11.6674 10.2008 11.7333 10.0405 11.7333C9.88023 11.7333 9.72008 11.6674 9.59781 11.5357L7.65015 9.43814C7.53273 9.31167 7.46667 9.14001 7.46667 8.96109V4.94118C7.46667 4.56868 7.74705 4.26667 8.09288 4.26667C8.4387 4.26667 8.71908 4.56868 8.71908 4.94118V8.68168L10.4833 10.5818ZM8 14.9333C4.177 14.9333 1.06667 11.823 1.06667 8C1.06667 4.177 4.177 1.06667 8 1.06667C11.8232 1.06667 14.9333 4.177 14.9333 8C14.9333 11.823 11.8232 14.9333 8 14.9333ZM8 0C3.58887 0 0 3.58887 0 8C0 12.4111 3.58887 16 8 16C12.4113 16 16 12.4111 16 8C16 3.58887 12.4113 0 8 0Z\" fill=\"black\"\/>\n<\/svg>\n\n          <time datetime=\"2023-05-11T09:03:19+00:00\">11 maj 2023<\/time>\n      <\/div>\n              <div class=\"Meta__category\">\n        Debattartiklar\n      <\/div>\n      <\/div>\n<\/div>\n                  <\/div>\n        <h2 class=\"Blurb__title\">\n          Debatt: Arbetskraftsinvandrare tar inte jobb fr\u00e5n svenskar, Malmer Stenergard\n        <\/h2>\n                  <div class=\"Blurb__text\">\n            Att fr\u00e5n politiskt h\u00e5ll s\u00e4tta ett godtyckligt l\u00f6negolv som \u00f6verskrider de l\u00e4gsta kollektivavtalade l\u00f6nerna \u00e4r att underk\u00e4nna v\u00e5r framg\u00e5ngsrika svenska arbetsmarknadsmodell. Det skriver Patrick Joyce, chefekonom Almega, och Johannes Nathell, n\u00e4ringspolitisk expert Almega.\n\n          <\/div>\n                <div class=\"Blurb__arrow\">\n                                <div class=\"Blurb__arrow__line\">\n              <svg class='icon icon--arrow-tip'  width=\"11\" height=\"16\" viewBox=\"0 0 11 16\" fill=\"none\" xmlns=\"http:\/\/www.w3.org\/2000\/svg\">\n<path d=\"M0.858398 15L9.2304 7.99664L0.967732 1.00001\" stroke=\"black\" stroke-width=\"2\" stroke-miterlimit=\"10\"\/>\n<\/svg>\n\n              <\/div>\n                  <\/div>\n      <\/div>\n    <\/div>\n  <\/a>\n<\/article>\n                  <\/div>\n                              <div class=\"col-md-4 \">\n                      <article class=\"Blurb Blurb--md Blurb--post Blurb--vertical has-thumbnail\">\n  <a href=\"https:\/\/www.almega.se\/2023\/11\/debatt-lonegolvet-hotar-den-grona-omstallningen\/\">\n          <div class=\"Blurb__thumbnail__wrap\">\n        <figure class=\"Blurb__thumbnail\">\n          <img loading=\"lazy\" decoding=\"async\" width=\"1366\" height=\"768\" src=\"https:\/\/www.almega.se\/app\/uploads\/2024\/01\/debatt-norran.png\" class=\"attachment-small size-small wp-post-image\" alt=\"Debattartikel om kompetensf\u00f6rs\u00f6rjning\" srcset=\"https:\/\/www.almega.se\/app\/uploads\/2024\/01\/debatt-norran.png 1366w, https:\/\/www.almega.se\/app\/uploads\/2024\/01\/debatt-norran-580x326.png 580w, https:\/\/www.almega.se\/app\/uploads\/2024\/01\/debatt-norran-1180x663.png 1180w, https:\/\/www.almega.se\/app\/uploads\/2024\/01\/debatt-norran-380x214.png 380w, https:\/\/www.almega.se\/app\/uploads\/2024\/01\/debatt-norran-768x432.png 768w\" sizes=\"auto, (max-width: 1366px) 100vw, 1366px\" \/>\n        <\/figure>\n      <\/div>\n        <div class=\"Blurb__content\">\n      <div class=\"Blurb__body\">\n        <div>\n                                <div class=\"Meta d-flex align-items-center Blurb__meta\">\n      <div class=\"Meta__tag item\">\n      Kompetensf\u00f6rs\u00f6rjning\n      <svg class='icon icon--triangle'  width=\"26\" height=\"32\" viewBox=\"0 0 26 32\" fill=\"none\" xmlns=\"http:\/\/www.w3.org\/2000\/svg\">\n<path fill-rule=\"evenodd\" clip-rule=\"evenodd\" d=\"M13.1315 0H0V32H13.1315L26 16L13.1315 0ZM9 18.581C10.6569 18.581 12 17.1946 12 15.4843C12 13.774 10.6569 12.3875 9 12.3875C7.34315 12.3875 6 13.774 6 15.4843C6 17.1946 7.34315 18.581 9 18.581Z\" fill=\"#FDDCC0\"\/>\n<\/svg>\n\n      <\/div>\n    <div class=\"Meta__group\">\n          <div class=\"Meta__date  d-flex align-items-center\">\n        <svg class='icon icon--timestamp'  width=\"16\" height=\"16\" viewBox=\"0 0 16 16\" fill=\"none\" xmlns=\"http:\/\/www.w3.org\/2000\/svg\">\n<path fill-rule=\"evenodd\" clip-rule=\"evenodd\" d=\"M10.4833 10.5818C10.7278 10.8452 10.7278 11.2723 10.4833 11.5357C10.361 11.6674 10.2008 11.7333 10.0405 11.7333C9.88023 11.7333 9.72008 11.6674 9.59781 11.5357L7.65015 9.43814C7.53273 9.31167 7.46667 9.14001 7.46667 8.96109V4.94118C7.46667 4.56868 7.74705 4.26667 8.09288 4.26667C8.4387 4.26667 8.71908 4.56868 8.71908 4.94118V8.68168L10.4833 10.5818ZM8 14.9333C4.177 14.9333 1.06667 11.823 1.06667 8C1.06667 4.177 4.177 1.06667 8 1.06667C11.8232 1.06667 14.9333 4.177 14.9333 8C14.9333 11.823 11.8232 14.9333 8 14.9333ZM8 0C3.58887 0 0 3.58887 0 8C0 12.4111 3.58887 16 8 16C12.4113 16 16 12.4111 16 8C16 3.58887 12.4113 0 8 0Z\" fill=\"black\"\/>\n<\/svg>\n\n          <time datetime=\"2023-11-17T15:58:55+00:00\">17 november 2023<\/time>\n      <\/div>\n              <div class=\"Meta__category\">\n        Debattartiklar\n      <\/div>\n      <\/div>\n<\/div>\n                  <\/div>\n        <h2 class=\"Blurb__title\">\n          Debatt: L\u00f6negolvet hotar den gr\u00f6na omst\u00e4llningen\n        <\/h2>\n                  <div class=\"Blurb__text\">\n            Den gr\u00f6na omst\u00e4llningen kommer att skapa tiotusentals nya jobb i V\u00e4sterbotten de kommande \u00e5ren. En del av dessa jobb kommer att beh\u00f6va tills\u00e4ttas av arbetskraftsinvandrare. Nu kan regeringens \u00e5tstramningar av reglerna f\u00f6r arbetstillst\u00e5nd strypa den m\u00f6jligheten, skriver f\u00f6retr\u00e4dare f\u00f6r Almega.\n\n          <\/div>\n                <div class=\"Blurb__arrow\">\n                                <div class=\"Blurb__arrow__line\">\n              <svg class='icon icon--arrow-tip'  width=\"11\" height=\"16\" viewBox=\"0 0 11 16\" fill=\"none\" xmlns=\"http:\/\/www.w3.org\/2000\/svg\">\n<path d=\"M0.858398 15L9.2304 7.99664L0.967732 1.00001\" stroke=\"black\" stroke-width=\"2\" stroke-miterlimit=\"10\"\/>\n<\/svg>\n\n              <\/div>\n                  <\/div>\n      <\/div>\n    <\/div>\n  <\/a>\n<\/article>\n                  <\/div>\n                              <div class=\"col-md-4 \">\n                      <article class=\"Blurb Blurb--md Blurb--post Blurb--vertical has-thumbnail\">\n  <a href=\"https:\/\/www.almega.se\/2023\/11\/debatt-hojt-lonegolv-kostar-en-halv-miljard\/\">\n          <div class=\"Blurb__thumbnail__wrap\">\n        <figure class=\"Blurb__thumbnail\">\n          <img loading=\"lazy\" decoding=\"async\" width=\"640\" height=\"360\" src=\"https:\/\/www.almega.se\/app\/uploads\/2024\/01\/5cfc868e-a014-40ed-b44b-c3b0a311d95e.jpeg\" class=\"attachment-small size-small wp-post-image\" alt=\"Debattartikel om arbetskraftsinvandring\" srcset=\"https:\/\/www.almega.se\/app\/uploads\/2024\/01\/5cfc868e-a014-40ed-b44b-c3b0a311d95e.jpeg 640w, https:\/\/www.almega.se\/app\/uploads\/2024\/01\/5cfc868e-a014-40ed-b44b-c3b0a311d95e-580x326.jpeg 580w, https:\/\/www.almega.se\/app\/uploads\/2024\/01\/5cfc868e-a014-40ed-b44b-c3b0a311d95e-380x214.jpeg 380w\" sizes=\"auto, (max-width: 640px) 100vw, 640px\" \/>\n        <\/figure>\n      <\/div>\n        <div class=\"Blurb__content\">\n      <div class=\"Blurb__body\">\n        <div>\n                                <div class=\"Meta d-flex align-items-center Blurb__meta\">\n      <div class=\"Meta__tag item\">\n      Kompetensf\u00f6rs\u00f6rjning\n      <svg class='icon icon--triangle'  width=\"26\" height=\"32\" viewBox=\"0 0 26 32\" fill=\"none\" xmlns=\"http:\/\/www.w3.org\/2000\/svg\">\n<path fill-rule=\"evenodd\" clip-rule=\"evenodd\" d=\"M13.1315 0H0V32H13.1315L26 16L13.1315 0ZM9 18.581C10.6569 18.581 12 17.1946 12 15.4843C12 13.774 10.6569 12.3875 9 12.3875C7.34315 12.3875 6 13.774 6 15.4843C6 17.1946 7.34315 18.581 9 18.581Z\" fill=\"#FDDCC0\"\/>\n<\/svg>\n\n      <\/div>\n    <div class=\"Meta__group\">\n          <div class=\"Meta__date  d-flex align-items-center\">\n        <svg class='icon icon--timestamp'  width=\"16\" height=\"16\" viewBox=\"0 0 16 16\" fill=\"none\" xmlns=\"http:\/\/www.w3.org\/2000\/svg\">\n<path fill-rule=\"evenodd\" clip-rule=\"evenodd\" d=\"M10.4833 10.5818C10.7278 10.8452 10.7278 11.2723 10.4833 11.5357C10.361 11.6674 10.2008 11.7333 10.0405 11.7333C9.88023 11.7333 9.72008 11.6674 9.59781 11.5357L7.65015 9.43814C7.53273 9.31167 7.46667 9.14001 7.46667 8.96109V4.94118C7.46667 4.56868 7.74705 4.26667 8.09288 4.26667C8.4387 4.26667 8.71908 4.56868 8.71908 4.94118V8.68168L10.4833 10.5818ZM8 14.9333C4.177 14.9333 1.06667 11.823 1.06667 8C1.06667 4.177 4.177 1.06667 8 1.06667C11.8232 1.06667 14.9333 4.177 14.9333 8C14.9333 11.823 11.8232 14.9333 8 14.9333ZM8 0C3.58887 0 0 3.58887 0 8C0 12.4111 3.58887 16 8 16C12.4113 16 16 12.4111 16 8C16 3.58887 12.4113 0 8 0Z\" fill=\"black\"\/>\n<\/svg>\n\n          <time datetime=\"2023-11-01T16:01:25+00:00\">1 november 2023<\/time>\n      <\/div>\n              <div class=\"Meta__category\">\n        Debattartiklar\n      <\/div>\n      <\/div>\n<\/div>\n                  <\/div>\n        <h2 class=\"Blurb__title\">\n          Debatt: H\u00f6jt l\u00f6negolv kostar en halv miljard\n        <\/h2>\n                  <div class=\"Blurb__text\">\n            P\u00e5 onsdag den 1 november inf\u00f6rs det nya l\u00f6negolvet f\u00f6r arbetstillst\u00e5nd f\u00f6r personer fr\u00e5n l\u00e4nder utanf\u00f6r EU \u2013 27\u00a0360 kronor i m\u00e5naden. I Sk\u00e5ne kommer minst var \u00e5ttonde arbetskraftsinvandrare att f\u00e5 resa hem n\u00e4r deras tillst\u00e5nd l\u00f6per ut.\n\n          <\/div>\n                <div class=\"Blurb__arrow\">\n                                <div class=\"Blurb__arrow__line\">\n              <svg class='icon icon--arrow-tip'  width=\"11\" height=\"16\" viewBox=\"0 0 11 16\" fill=\"none\" xmlns=\"http:\/\/www.w3.org\/2000\/svg\">\n<path d=\"M0.858398 15L9.2304 7.99664L0.967732 1.00001\" stroke=\"black\" stroke-width=\"2\" stroke-miterlimit=\"10\"\/>\n<\/svg>\n\n              <\/div>\n                  <\/div>\n      <\/div>\n    <\/div>\n  <\/a>\n<\/article>\n                  <\/div>\n                  <\/div>\n  <\/div>\n<\/div><\/div>\n\n\n<figure class=\"wp-block-embed is-type-video is-provider-youtube wp-block-embed-youtube wp-embed-aspect-16-9 wp-has-aspect-ratio\"><div class=\"wp-block-embed__wrapper\" style=\"position: relative;\">\n        <div class=\"youtube-consent-placeholder\" data-consent=\"marketing\" data-inverse style=\"position: absolute; top: 0; left: 0; width: 100%; height: 100%; background: #ededed; border: 1px solid #dee2e6; display: flex; align-items: center; justify-content: center; text-align: center; padding: 20px; box-sizing: border-box; z-index: 10;\">\n          <div>\n            <p style=\"margin: 0 0 10px 0; font-size: 14px; color: #6c757d;\">Till\u00e5t marknadsf\u00f6ringscookies f\u00f6r att visa den inb\u00e4ddade YouTube-videon<\/p>\n            <p style=\"margin: 0; font-size: 14px;\">\n              <a href=\"#\" class=\"ch2-open-settings-btn\" style=\"color: #e26a34; text-decoration: underline;\">Hantera mina cookie-val<\/a>\n            <\/p>\n          <\/div>\n        <\/div>\n<iframe data-consent=\"marketing\" title=\"Seminarium 19 aug \u2013 Fler talanger med f\u00e4rre hinder\" width=\"500\" height=\"281\" data-src=\"https:\/\/www.youtube-nocookie.com\/embed\/e-e_by2dpoY?start=48&#038;feature=oembed\" frameborder=\"0\" allow=\"accelerometer; autoplay; clipboard-write; encrypted-media; gyroscope; picture-in-picture; web-share\" referrerpolicy=\"strict-origin-when-cross-origin\" allowfullscreen><\/iframe>\n<\/div><figcaption class=\"wp-element-caption\">Seminarium om arbetskraftsinvandring fr\u00e5n den 19 augusti 2022 d\u00e4r Almega, TechSverige och Innovations\u00adf\u00f6retagen diskuterade fr\u00e5gan tillsammans med medlems\u00adf\u00f6retag och riksdagsledam\u00f6ter<strong>.&nbsp;<\/strong><\/figcaption><\/figure>\n\n\n\n<div class=\"wp-block wp-block-core-heading heading-in-sidebar\" id=\"folj-vart-naringspolitiska-arbete-pa-sociala-medier\"><a class='Share__link Share__link--url copy-text' href='#' rel='nofollow' data-text='folj-vart-naringspolitiska-arbete-pa-sociala-medier' title='Dela url' data-confirmation='L\u00e4nken kopierades till urklipp'><svg class='icon icon--link'  width='18' height='18' viewBox='0 0 18 18' fill='none' xmlns='http:\/\/www.w3.org\/2000\/svg'>\n            <path d='M10.4142 0.514721L6.87868 4.05025L8.29289 5.46447L11.1213 2.63604L15.364 6.87868L12.5355 9.70711L13.9497 11.1213L17.4853 7.58579C17.8763 7.19476 17.8763 6.5626 17.4853 6.17158L11.8284 0.514721C11.4374 0.123691 10.8052 0.123691 10.4142 0.514721Z' fill='black'\/>\n            <path d='M9.7071 12.5355L6.87868 15.364L2.63604 11.1213L5.46446 8.2929L4.05025 6.87868L0.514716 10.4142C0.123686 10.8052 0.123686 11.4374 0.514716 11.8284L6.17157 17.4853C6.5626 17.8763 7.19475 17.8763 7.58578 17.4853L11.1213 13.9497L9.7071 12.5355Z' fill='black'\/>\n            <path d='M6.17157 11.8284C6.5626 12.2195 7.19475 12.2195 7.58578 11.8284L11.8284 7.58579C12.2195 7.19476 12.2195 6.56261 11.8284 6.17158C11.4374 5.78055 10.8052 5.78055 10.4142 6.17158L6.17157 10.4142C5.78054 10.8052 5.78054 11.4374 6.17157 11.8284Z' fill='black'\/>\n            <\/svg> <\/a>\n<h2 class=\"has-lightgray-background-color has-background wp-block-heading\">F\u00f6lj v\u00e5rt n\u00e4ringspolitiska arbete p\u00e5 sociala medier<\/h2>\n<\/div>\n\n\n<div class=\"wp-block-columns has-secondary-background-color has-background is-layout-flex wp-container-core-columns-is-layout-9d6595d7 wp-block-columns-is-layout-flex\">\n<div class=\"wp-block-column has-primary-background-color has-background is-layout-flow wp-block-column-is-layout-flow\"><div id=\"block-iconlink-block_d70a174b5a9a8a5e266c491c0a98cd78\" class=\"Icon-link Icon-link--arrow-tip\">\n      <a href=\"https:\/\/www.instagram.com\/sverige.kan.inte.vanta\/\" target=\"\" class=\"Button is-button is-style-fill has-black-background-color has-black-border-color has-white-color Button--arrow-tip\">\n      <div class=\"Button__text\">\n        F\u00f6lj oss p\u00e5 Instagram\n      <\/div>\n      <div class=\"Button__arrow  arrow-tip \">\n                <div class=\"Button__line\"><\/div>\n                <svg class='icon icon--arrow-tip'  width=\"11\" height=\"16\" viewBox=\"0 0 11 16\" fill=\"none\" xmlns=\"http:\/\/www.w3.org\/2000\/svg\">\n<path d=\"M0.858398 15L9.2304 7.99664L0.967732 1.00001\" stroke=\"black\" stroke-width=\"2\" stroke-miterlimit=\"10\"\/>\n<\/svg>\n\n        <\/div>\n    <\/a>\n  <\/div>\n<\/div>\n\n\n\n<div class=\"wp-block-column has-lightgray-background-color has-background is-layout-flow wp-block-column-is-layout-flow\"><div id=\"block-iconlink-block_9eba794e909119a27a814780c9dd0dac\" class=\"Icon-link Icon-link--arrow-tip\">\n      <a href=\"https:\/\/www.facebook.com\/profile.php?id=61552051127261\" target=\"\" class=\"Button is-button is-style-fill has-black-background-color has-black-border-color has-white-color Button--arrow-tip\">\n      <div class=\"Button__text\">\n        F\u00f6lj oss p\u00e5 Facebook\n      <\/div>\n      <div class=\"Button__arrow  arrow-tip \">\n                <div class=\"Button__line\"><\/div>\n                <svg class='icon icon--arrow-tip'  width=\"11\" height=\"16\" viewBox=\"0 0 11 16\" fill=\"none\" xmlns=\"http:\/\/www.w3.org\/2000\/svg\">\n<path d=\"M0.858398 15L9.2304 7.99664L0.967732 1.00001\" stroke=\"black\" stroke-width=\"2\" stroke-miterlimit=\"10\"\/>\n<\/svg>\n\n        <\/div>\n    <\/a>\n  <\/div>\n<\/div>\n\n\n\n<div class=\"wp-block-column has-green-background-color has-background is-layout-flow wp-block-column-is-layout-flow\"><div id=\"block-iconlink-block_e69696ca0e038f35c442c740ccd1749e\" class=\"Icon-link Icon-link--arrow-tip\">\n      <a href=\"https:\/\/www.linkedin.com\/company\/almega\/mycompany\/\" target=\"\" class=\"Button is-button is-style-fill has-black-background-color has-black-border-color has-white-color Button--arrow-tip\">\n      <div class=\"Button__text\">\n        F\u00f6lj oss p\u00e5 LinkedIn\n      <\/div>\n      <div class=\"Button__arrow  arrow-tip \">\n                <div class=\"Button__line\"><\/div>\n                <svg class='icon icon--arrow-tip'  width=\"11\" height=\"16\" viewBox=\"0 0 11 16\" fill=\"none\" xmlns=\"http:\/\/www.w3.org\/2000\/svg\">\n<path d=\"M0.858398 15L9.2304 7.99664L0.967732 1.00001\" stroke=\"black\" stroke-width=\"2\" stroke-miterlimit=\"10\"\/>\n<\/svg>\n\n        <\/div>\n    <\/a>\n  <\/div>\n<\/div>\n<\/div>\n\n\n<div class=\"Listing no-bg\" id=\"block-b9c107f1-3b41-4ecc-870a-fb44f607f41d\">\n  <div class=\"container\">\n    <div class=\"Listing__heading\">\n       <h2>L\u00e4s mer<\/h2>     <\/div>\n    <div class=\"row\">\n      \n                      <div class=\"col-12\">\n                      <article class=\"Blurb Blurb--lg Blurb--post Blurb--horizontal has-thumbnail\">\n  <a href=\"https:\/\/www.almega.se\/2023\/02\/skarpta-regler-hotar-kompetensforsorjningen\/\">\n          <div class=\"Blurb__thumbnail__wrap\">\n        <figure class=\"Blurb__thumbnail\">\n          <img decoding=\"async\" src=\"https:\/\/www.almega.se\/app\/uploads\/2023\/02\/f19d7b55-3bb7-4854-b24a-4a2813bc5247.jpg\" class=\"attachment-small size-small wp-post-image\" alt=\"Patrick Joyce, chefekonom, Almega\" \/>\n        <\/figure>\n      <\/div>\n        <div class=\"Blurb__content\">\n      <div class=\"Blurb__body\">\n        <div>\n                                <div class=\"Meta d-flex align-items-center Blurb__meta\">\n      <div class=\"Meta__tag item\">\n      Kompetensf\u00f6rs\u00f6rjning\n      <svg class='icon icon--triangle'  width=\"26\" height=\"32\" viewBox=\"0 0 26 32\" fill=\"none\" xmlns=\"http:\/\/www.w3.org\/2000\/svg\">\n<path fill-rule=\"evenodd\" clip-rule=\"evenodd\" d=\"M13.1315 0H0V32H13.1315L26 16L13.1315 0ZM9 18.581C10.6569 18.581 12 17.1946 12 15.4843C12 13.774 10.6569 12.3875 9 12.3875C7.34315 12.3875 6 13.774 6 15.4843C6 17.1946 7.34315 18.581 9 18.581Z\" fill=\"#FDDCC0\"\/>\n<\/svg>\n\n      <\/div>\n    <div class=\"Meta__group\">\n          <div class=\"Meta__date  d-flex align-items-center\">\n        <svg class='icon icon--timestamp'  width=\"16\" height=\"16\" viewBox=\"0 0 16 16\" fill=\"none\" xmlns=\"http:\/\/www.w3.org\/2000\/svg\">\n<path fill-rule=\"evenodd\" clip-rule=\"evenodd\" d=\"M10.4833 10.5818C10.7278 10.8452 10.7278 11.2723 10.4833 11.5357C10.361 11.6674 10.2008 11.7333 10.0405 11.7333C9.88023 11.7333 9.72008 11.6674 9.59781 11.5357L7.65015 9.43814C7.53273 9.31167 7.46667 9.14001 7.46667 8.96109V4.94118C7.46667 4.56868 7.74705 4.26667 8.09288 4.26667C8.4387 4.26667 8.71908 4.56868 8.71908 4.94118V8.68168L10.4833 10.5818ZM8 14.9333C4.177 14.9333 1.06667 11.823 1.06667 8C1.06667 4.177 4.177 1.06667 8 1.06667C11.8232 1.06667 14.9333 4.177 14.9333 8C14.9333 11.823 11.8232 14.9333 8 14.9333ZM8 0C3.58887 0 0 3.58887 0 8C0 12.4111 3.58887 16 8 16C12.4113 16 16 12.4111 16 8C16 3.58887 12.4113 0 8 0Z\" fill=\"black\"\/>\n<\/svg>\n\n          <time datetime=\"2023-02-17T09:40:11+00:00\">17 februari 2023<\/time>\n      <\/div>\n              <div class=\"Meta__category\">\n        Pressmeddelanden\n      <\/div>\n      <\/div>\n<\/div>\n                  <\/div>\n        <h3 class=\"Blurb__title\">\n          Sk\u00e4rpta regler hotar kompetens&shy;f\u00f6rs\u00f6rjningen\n        <\/h3>\n                  <div class=\"Blurb__text\">\n            I dag presenterade regeringen f\u00f6rslag till sk\u00e4rpta regler f\u00f6r arbetskraftsinvandring. M\u00e5ls\u00e4ttningen \u00e4r att arbetskraftsinvandringen ska halveras inom ett par \u00e5r. \u201dDet kommer att f\u00f6rv\u00e4rra bristen p\u00e5 kompetens och kan hota den gr\u00f6na omst\u00e4llningen, inte minst i norra Sverige\u201d, s\u00e4ger Patrick Joyce, chefekonom p\u00e5 Almega.\n          <\/div>\n                <div class=\"Blurb__arrow\">\n                                <div class=\"Blurb__arrow__line\">\n              <svg class='icon icon--arrow-tip'  width=\"11\" height=\"16\" viewBox=\"0 0 11 16\" fill=\"none\" xmlns=\"http:\/\/www.w3.org\/2000\/svg\">\n<path d=\"M0.858398 15L9.2304 7.99664L0.967732 1.00001\" stroke=\"black\" stroke-width=\"2\" stroke-miterlimit=\"10\"\/>\n<\/svg>\n\n              <\/div>\n                  <\/div>\n      <\/div>\n    <\/div>\n  <\/a>\n<\/article>\n                  <\/div>\n                              <div class=\"col-md-6\">\n                      <article class=\"Blurb Blurb--md Blurb--post Blurb--vertical has-thumbnail\">\n  <a href=\"https:\/\/www.almega.se\/2022\/11\/fel-med-statlig-minimilon-for-arbetstillstand\/\">\n          <div class=\"Blurb__thumbnail__wrap\">\n        <figure class=\"Blurb__thumbnail\">\n          <img loading=\"lazy\" decoding=\"async\" width=\"2560\" height=\"1707\" src=\"https:\/\/www.almega.se\/app\/uploads\/2022\/11\/39c06082-8771-4868-956e-5395e2e473c3-scaled.jpeg\" class=\"attachment-small size-small wp-post-image\" alt=\"\" srcset=\"https:\/\/www.almega.se\/app\/uploads\/2022\/11\/39c06082-8771-4868-956e-5395e2e473c3-scaled.jpeg 2560w, https:\/\/www.almega.se\/app\/uploads\/2022\/11\/39c06082-8771-4868-956e-5395e2e473c3-580x387.jpeg 580w, https:\/\/www.almega.se\/app\/uploads\/2022\/11\/39c06082-8771-4868-956e-5395e2e473c3-1180x787.jpeg 1180w, https:\/\/www.almega.se\/app\/uploads\/2022\/11\/39c06082-8771-4868-956e-5395e2e473c3-380x253.jpeg 380w, https:\/\/www.almega.se\/app\/uploads\/2022\/11\/39c06082-8771-4868-956e-5395e2e473c3-768x512.jpeg 768w, https:\/\/www.almega.se\/app\/uploads\/2022\/11\/39c06082-8771-4868-956e-5395e2e473c3-1536x1024.jpeg 1536w, https:\/\/www.almega.se\/app\/uploads\/2022\/11\/39c06082-8771-4868-956e-5395e2e473c3-2048x1365.jpeg 2048w\" sizes=\"auto, (max-width: 2560px) 100vw, 2560px\" \/>\n        <\/figure>\n      <\/div>\n        <div class=\"Blurb__content\">\n      <div class=\"Blurb__body\">\n        <div>\n                                <div class=\"Meta d-flex align-items-center Blurb__meta\">\n      <div class=\"Meta__tag item\">\n      Kompetensf\u00f6rs\u00f6rjning\n      <svg class='icon icon--triangle'  width=\"26\" height=\"32\" viewBox=\"0 0 26 32\" fill=\"none\" xmlns=\"http:\/\/www.w3.org\/2000\/svg\">\n<path fill-rule=\"evenodd\" clip-rule=\"evenodd\" d=\"M13.1315 0H0V32H13.1315L26 16L13.1315 0ZM9 18.581C10.6569 18.581 12 17.1946 12 15.4843C12 13.774 10.6569 12.3875 9 12.3875C7.34315 12.3875 6 13.774 6 15.4843C6 17.1946 7.34315 18.581 9 18.581Z\" fill=\"#FDDCC0\"\/>\n<\/svg>\n\n      <\/div>\n    <div class=\"Meta__group\">\n          <div class=\"Meta__date  d-flex align-items-center\">\n        <svg class='icon icon--timestamp'  width=\"16\" height=\"16\" viewBox=\"0 0 16 16\" fill=\"none\" xmlns=\"http:\/\/www.w3.org\/2000\/svg\">\n<path fill-rule=\"evenodd\" clip-rule=\"evenodd\" d=\"M10.4833 10.5818C10.7278 10.8452 10.7278 11.2723 10.4833 11.5357C10.361 11.6674 10.2008 11.7333 10.0405 11.7333C9.88023 11.7333 9.72008 11.6674 9.59781 11.5357L7.65015 9.43814C7.53273 9.31167 7.46667 9.14001 7.46667 8.96109V4.94118C7.46667 4.56868 7.74705 4.26667 8.09288 4.26667C8.4387 4.26667 8.71908 4.56868 8.71908 4.94118V8.68168L10.4833 10.5818ZM8 14.9333C4.177 14.9333 1.06667 11.823 1.06667 8C1.06667 4.177 4.177 1.06667 8 1.06667C11.8232 1.06667 14.9333 4.177 14.9333 8C14.9333 11.823 11.8232 14.9333 8 14.9333ZM8 0C3.58887 0 0 3.58887 0 8C0 12.4111 3.58887 16 8 16C12.4113 16 16 12.4111 16 8C16 3.58887 12.4113 0 8 0Z\" fill=\"black\"\/>\n<\/svg>\n\n          <time datetime=\"2022-11-30T15:08:56+00:00\">30 november 2022<\/time>\n      <\/div>\n              <div class=\"Meta__category\">\n        Nyheter\n      <\/div>\n      <\/div>\n<\/div>\n                  <\/div>\n        <h3 class=\"Blurb__title\">\n          Fel med statlig minimil\u00f6n f\u00f6r arbetstillst\u00e5nd\n        <\/h3>\n                  <div class=\"Blurb__text\">\n            Riksdagen r\u00f6stade i dag igenom den tidigare regeringens f\u00f6rslag om h\u00f6jt f\u00f6rs\u00f6rjningskrav f\u00f6r arbetskraftsinvandrare fr\u00e5n l\u00e4nder utanf\u00f6r EU. \u201dEtt d\u00e5ligt f\u00f6rslag\u201d, konstaterar Patrick Joyce, chefekonom p\u00e5 tj\u00e4nstef\u00f6retagens organisation Almega. L\u00f6ner best\u00e4ms inte av staten I &hellip;\n          <\/div>\n                <div class=\"Blurb__arrow\">\n                                <div class=\"Blurb__arrow__line\">\n              <svg class='icon icon--arrow-tip'  width=\"11\" height=\"16\" viewBox=\"0 0 11 16\" fill=\"none\" xmlns=\"http:\/\/www.w3.org\/2000\/svg\">\n<path d=\"M0.858398 15L9.2304 7.99664L0.967732 1.00001\" stroke=\"black\" stroke-width=\"2\" stroke-miterlimit=\"10\"\/>\n<\/svg>\n\n              <\/div>\n                  <\/div>\n      <\/div>\n    <\/div>\n  <\/a>\n<\/article>\n                  <\/div>\n                              <div class=\"col-md-6\">\n                      <article class=\"Blurb Blurb--md Blurb--post Blurb--vertical has-thumbnail\">\n  <a href=\"https:\/\/www.almega.se\/2022\/11\/sverige-alltmer-en-tjansteekonomi-kunskapsintensiva-foretagstjanster-driver-utvecklingen\/\">\n          <div class=\"Blurb__thumbnail__wrap\">\n        <figure class=\"Blurb__thumbnail\">\n          <img loading=\"lazy\" decoding=\"async\" width=\"2560\" height=\"1920\" src=\"https:\/\/www.almega.se\/app\/uploads\/2022\/11\/ed1bb452-d588-4cad-bd32-bfb2ce498c56-scaled.jpg\" class=\"attachment-small size-small wp-post-image\" alt=\"\" srcset=\"https:\/\/www.almega.se\/app\/uploads\/2022\/11\/ed1bb452-d588-4cad-bd32-bfb2ce498c56-scaled.jpg 2560w, https:\/\/www.almega.se\/app\/uploads\/2022\/11\/ed1bb452-d588-4cad-bd32-bfb2ce498c56-580x435.jpg 580w, https:\/\/www.almega.se\/app\/uploads\/2022\/11\/ed1bb452-d588-4cad-bd32-bfb2ce498c56-1180x885.jpg 1180w, https:\/\/www.almega.se\/app\/uploads\/2022\/11\/ed1bb452-d588-4cad-bd32-bfb2ce498c56-380x285.jpg 380w, https:\/\/www.almega.se\/app\/uploads\/2022\/11\/ed1bb452-d588-4cad-bd32-bfb2ce498c56-768x576.jpg 768w, https:\/\/www.almega.se\/app\/uploads\/2022\/11\/ed1bb452-d588-4cad-bd32-bfb2ce498c56-1536x1152.jpg 1536w, https:\/\/www.almega.se\/app\/uploads\/2022\/11\/ed1bb452-d588-4cad-bd32-bfb2ce498c56-2048x1536.jpg 2048w\" sizes=\"auto, (max-width: 2560px) 100vw, 2560px\" \/>\n        <\/figure>\n      <\/div>\n        <div class=\"Blurb__content\">\n      <div class=\"Blurb__body\">\n        <div>\n                                <div class=\"Meta d-flex align-items-center Blurb__meta\">\n      <div class=\"Meta__tag item\">\n      Kompetensf\u00f6rs\u00f6rjning\n      <svg class='icon icon--triangle'  width=\"26\" height=\"32\" viewBox=\"0 0 26 32\" fill=\"none\" xmlns=\"http:\/\/www.w3.org\/2000\/svg\">\n<path fill-rule=\"evenodd\" clip-rule=\"evenodd\" d=\"M13.1315 0H0V32H13.1315L26 16L13.1315 0ZM9 18.581C10.6569 18.581 12 17.1946 12 15.4843C12 13.774 10.6569 12.3875 9 12.3875C7.34315 12.3875 6 13.774 6 15.4843C6 17.1946 7.34315 18.581 9 18.581Z\" fill=\"#FDDCC0\"\/>\n<\/svg>\n\n      <\/div>\n    <div class=\"Meta__group\">\n          <div class=\"Meta__date  d-flex align-items-center\">\n        <svg class='icon icon--timestamp'  width=\"16\" height=\"16\" viewBox=\"0 0 16 16\" fill=\"none\" xmlns=\"http:\/\/www.w3.org\/2000\/svg\">\n<path fill-rule=\"evenodd\" clip-rule=\"evenodd\" d=\"M10.4833 10.5818C10.7278 10.8452 10.7278 11.2723 10.4833 11.5357C10.361 11.6674 10.2008 11.7333 10.0405 11.7333C9.88023 11.7333 9.72008 11.6674 9.59781 11.5357L7.65015 9.43814C7.53273 9.31167 7.46667 9.14001 7.46667 8.96109V4.94118C7.46667 4.56868 7.74705 4.26667 8.09288 4.26667C8.4387 4.26667 8.71908 4.56868 8.71908 4.94118V8.68168L10.4833 10.5818ZM8 14.9333C4.177 14.9333 1.06667 11.823 1.06667 8C1.06667 4.177 4.177 1.06667 8 1.06667C11.8232 1.06667 14.9333 4.177 14.9333 8C14.9333 11.823 11.8232 14.9333 8 14.9333ZM8 0C3.58887 0 0 3.58887 0 8C0 12.4111 3.58887 16 8 16C12.4113 16 16 12.4111 16 8C16 3.58887 12.4113 0 8 0Z\" fill=\"black\"\/>\n<\/svg>\n\n          <time datetime=\"2022-11-17T08:27:50+00:00\">17 november 2022<\/time>\n      <\/div>\n              <div class=\"Meta__category\">\n        Pressmeddelanden\n      <\/div>\n      <\/div>\n<\/div>\n                  <\/div>\n        <h3 class=\"Blurb__title\">\n          Sverige alltmer en tj\u00e4nsteekonomi \u2013 kunskapsintensiva f\u00f6retagstj\u00e4nster driver utvecklingen\n        <\/h3>\n                  <div class=\"Blurb__text\">\n            Tv\u00e5 av tre nya jobb i n\u00e4ringslivet skapas i tj\u00e4nstef\u00f6retag. Enligt en ny rapport fr\u00e5n Almega \u00e4r det tillv\u00e4xten inom f\u00f6retagstj\u00e4nster som driver utvecklingen. \u201dSverige har g\u00e5tt fr\u00e5n en utpr\u00e4glad industrination till en tj\u00e4nstebaserad ekonomi\u201d, s\u00e4ger Patrick Joyce, chefekonom p\u00e5 tj\u00e4nstef\u00f6retagens organisation Almega.\n          <\/div>\n                <div class=\"Blurb__arrow\">\n                                <div class=\"Blurb__arrow__line\">\n              <svg class='icon icon--arrow-tip'  width=\"11\" height=\"16\" viewBox=\"0 0 11 16\" fill=\"none\" xmlns=\"http:\/\/www.w3.org\/2000\/svg\">\n<path d=\"M0.858398 15L9.2304 7.99664L0.967732 1.00001\" stroke=\"black\" stroke-width=\"2\" stroke-miterlimit=\"10\"\/>\n<\/svg>\n\n              <\/div>\n                  <\/div>\n      <\/div>\n    <\/div>\n  <\/a>\n<\/article>\n                  <\/div>\n                              <div class=\"col-md-6\">\n                      <article class=\"Blurb Blurb--md Blurb--post Blurb--vertical has-thumbnail\">\n  <a href=\"https:\/\/www.almega.se\/2022\/11\/ny-rapport-sverige-alltmer-en-tjansteekonomi\/\">\n          <div class=\"Blurb__thumbnail__wrap\">\n        <figure class=\"Blurb__thumbnail\">\n          <img loading=\"lazy\" decoding=\"async\" width=\"2560\" height=\"1920\" src=\"https:\/\/www.almega.se\/app\/uploads\/2022\/11\/gettyimages-672153817-scaled.jpg\" class=\"attachment-small size-small wp-post-image\" alt=\"\" srcset=\"https:\/\/www.almega.se\/app\/uploads\/2022\/11\/gettyimages-672153817-scaled.jpg 2560w, https:\/\/www.almega.se\/app\/uploads\/2022\/11\/gettyimages-672153817-580x435.jpg 580w, https:\/\/www.almega.se\/app\/uploads\/2022\/11\/gettyimages-672153817-1180x885.jpg 1180w, https:\/\/www.almega.se\/app\/uploads\/2022\/11\/gettyimages-672153817-380x285.jpg 380w, https:\/\/www.almega.se\/app\/uploads\/2022\/11\/gettyimages-672153817-768x576.jpg 768w, https:\/\/www.almega.se\/app\/uploads\/2022\/11\/gettyimages-672153817-1536x1152.jpg 1536w, https:\/\/www.almega.se\/app\/uploads\/2022\/11\/gettyimages-672153817-2048x1536.jpg 2048w\" sizes=\"auto, (max-width: 2560px) 100vw, 2560px\" \/>\n        <\/figure>\n      <\/div>\n        <div class=\"Blurb__content\">\n      <div class=\"Blurb__body\">\n        <div>\n                                <div class=\"Meta d-flex align-items-center Blurb__meta\">\n      <div class=\"Meta__tag item\">\n      Kompetensf\u00f6rs\u00f6rjning\n      <svg class='icon icon--triangle'  width=\"26\" height=\"32\" viewBox=\"0 0 26 32\" fill=\"none\" xmlns=\"http:\/\/www.w3.org\/2000\/svg\">\n<path fill-rule=\"evenodd\" clip-rule=\"evenodd\" d=\"M13.1315 0H0V32H13.1315L26 16L13.1315 0ZM9 18.581C10.6569 18.581 12 17.1946 12 15.4843C12 13.774 10.6569 12.3875 9 12.3875C7.34315 12.3875 6 13.774 6 15.4843C6 17.1946 7.34315 18.581 9 18.581Z\" fill=\"#FDDCC0\"\/>\n<\/svg>\n\n      <\/div>\n    <div class=\"Meta__group\">\n          <div class=\"Meta__date  d-flex align-items-center\">\n        <svg class='icon icon--timestamp'  width=\"16\" height=\"16\" viewBox=\"0 0 16 16\" fill=\"none\" xmlns=\"http:\/\/www.w3.org\/2000\/svg\">\n<path fill-rule=\"evenodd\" clip-rule=\"evenodd\" d=\"M10.4833 10.5818C10.7278 10.8452 10.7278 11.2723 10.4833 11.5357C10.361 11.6674 10.2008 11.7333 10.0405 11.7333C9.88023 11.7333 9.72008 11.6674 9.59781 11.5357L7.65015 9.43814C7.53273 9.31167 7.46667 9.14001 7.46667 8.96109V4.94118C7.46667 4.56868 7.74705 4.26667 8.09288 4.26667C8.4387 4.26667 8.71908 4.56868 8.71908 4.94118V8.68168L10.4833 10.5818ZM8 14.9333C4.177 14.9333 1.06667 11.823 1.06667 8C1.06667 4.177 4.177 1.06667 8 1.06667C11.8232 1.06667 14.9333 4.177 14.9333 8C14.9333 11.823 11.8232 14.9333 8 14.9333ZM8 0C3.58887 0 0 3.58887 0 8C0 12.4111 3.58887 16 8 16C12.4113 16 16 12.4111 16 8C16 3.58887 12.4113 0 8 0Z\" fill=\"black\"\/>\n<\/svg>\n\n          <time datetime=\"2022-11-17T08:27:46+00:00\">17 november 2022<\/time>\n      <\/div>\n              <div class=\"Meta__category\">\n        Nyheter\n      <\/div>\n      <\/div>\n<\/div>\n                  <\/div>\n        <h3 class=\"Blurb__title\">\n          Ny rapport \u2013 Sverige alltmer en tj\u00e4nsteekonomi\n        <\/h3>\n                  <div class=\"Blurb__text\">\n            Tv\u00e5 av tre nya jobb inom n\u00e4ringslivet skapas i tj\u00e4nstef\u00f6retag. Rapporten visar att kunskapsintensiva f\u00f6retagstj\u00e4nster inom tj\u00e4nstesektorn som v\u00e4xer snabbast. \u201dMen utbildningsniv\u00e5n \u00f6kar snabbt bland de yngre i Europa, s\u00e5 vi tappar v\u00e5rt f\u00f6rspr\u00e5ng. P\u00e5 sikt kan det leda till att f\u00f6retag v\u00e4ljer att etablera sig utanf\u00f6r Sverige\u201d, s\u00e4ger Patrick Joyce, Almegas chefsekonom.\n\n          <\/div>\n                <div class=\"Blurb__arrow\">\n                                <div class=\"Blurb__arrow__line\">\n              <svg class='icon icon--arrow-tip'  width=\"11\" height=\"16\" viewBox=\"0 0 11 16\" fill=\"none\" xmlns=\"http:\/\/www.w3.org\/2000\/svg\">\n<path d=\"M0.858398 15L9.2304 7.99664L0.967732 1.00001\" stroke=\"black\" stroke-width=\"2\" stroke-miterlimit=\"10\"\/>\n<\/svg>\n\n              <\/div>\n                  <\/div>\n      <\/div>\n    <\/div>\n  <\/a>\n<\/article>\n                  <\/div>\n                              <div class=\"col-md-6\">\n                      <article class=\"Blurb Blurb--md Blurb--post Blurb--vertical has-thumbnail\">\n  <a href=\"https:\/\/www.almega.se\/2022\/11\/fa-forslag-som-gynnar-foretagande\/\">\n          <div class=\"Blurb__thumbnail__wrap\">\n        <figure class=\"Blurb__thumbnail\">\n          <img loading=\"lazy\" decoding=\"async\" width=\"2560\" height=\"1737\" src=\"https:\/\/www.almega.se\/app\/uploads\/2022\/11\/nypressbildfredrik2-scaled.jpg\" class=\"attachment-small size-small wp-post-image\" alt=\"\" srcset=\"https:\/\/www.almega.se\/app\/uploads\/2022\/11\/nypressbildfredrik2-scaled.jpg 2560w, https:\/\/www.almega.se\/app\/uploads\/2022\/11\/nypressbildfredrik2-580x394.jpg 580w, https:\/\/www.almega.se\/app\/uploads\/2022\/11\/nypressbildfredrik2-1180x801.jpg 1180w, https:\/\/www.almega.se\/app\/uploads\/2022\/11\/nypressbildfredrik2-380x258.jpg 380w, https:\/\/www.almega.se\/app\/uploads\/2022\/11\/nypressbildfredrik2-768x521.jpg 768w, https:\/\/www.almega.se\/app\/uploads\/2022\/11\/nypressbildfredrik2-1536x1042.jpg 1536w, https:\/\/www.almega.se\/app\/uploads\/2022\/11\/nypressbildfredrik2-2048x1390.jpg 2048w\" sizes=\"auto, (max-width: 2560px) 100vw, 2560px\" \/>\n        <\/figure>\n      <\/div>\n        <div class=\"Blurb__content\">\n      <div class=\"Blurb__body\">\n        <div>\n                                <div class=\"Meta d-flex align-items-center Blurb__meta\">\n      <div class=\"Meta__tag item\">\n      Arbetsmarknad\n      <svg class='icon icon--triangle'  width=\"26\" height=\"32\" viewBox=\"0 0 26 32\" fill=\"none\" xmlns=\"http:\/\/www.w3.org\/2000\/svg\">\n<path fill-rule=\"evenodd\" clip-rule=\"evenodd\" d=\"M13.1315 0H0V32H13.1315L26 16L13.1315 0ZM9 18.581C10.6569 18.581 12 17.1946 12 15.4843C12 13.774 10.6569 12.3875 9 12.3875C7.34315 12.3875 6 13.774 6 15.4843C6 17.1946 7.34315 18.581 9 18.581Z\" fill=\"#FDDCC0\"\/>\n<\/svg>\n\n      <\/div>\n    <div class=\"Meta__group\">\n          <div class=\"Meta__date  d-flex align-items-center\">\n        <svg class='icon icon--timestamp'  width=\"16\" height=\"16\" viewBox=\"0 0 16 16\" fill=\"none\" xmlns=\"http:\/\/www.w3.org\/2000\/svg\">\n<path fill-rule=\"evenodd\" clip-rule=\"evenodd\" d=\"M10.4833 10.5818C10.7278 10.8452 10.7278 11.2723 10.4833 11.5357C10.361 11.6674 10.2008 11.7333 10.0405 11.7333C9.88023 11.7333 9.72008 11.6674 9.59781 11.5357L7.65015 9.43814C7.53273 9.31167 7.46667 9.14001 7.46667 8.96109V4.94118C7.46667 4.56868 7.74705 4.26667 8.09288 4.26667C8.4387 4.26667 8.71908 4.56868 8.71908 4.94118V8.68168L10.4833 10.5818ZM8 14.9333C4.177 14.9333 1.06667 11.823 1.06667 8C1.06667 4.177 4.177 1.06667 8 1.06667C11.8232 1.06667 14.9333 4.177 14.9333 8C14.9333 11.823 11.8232 14.9333 8 14.9333ZM8 0C3.58887 0 0 3.58887 0 8C0 12.4111 3.58887 16 8 16C12.4113 16 16 12.4111 16 8C16 3.58887 12.4113 0 8 0Z\" fill=\"black\"\/>\n<\/svg>\n\n          <time datetime=\"2022-11-10T08:10:38+00:00\">10 november 2022<\/time>\n      <\/div>\n              <div class=\"Meta__category\">\n        Nyheter\n      <\/div>\n      <\/div>\n<\/div>\n                  <\/div>\n        <h3 class=\"Blurb__title\">\n          F\u00e5 f\u00f6rslag som gynnar f\u00f6retagande\n        <\/h3>\n                  <div class=\"Blurb__text\">\n            Den nya regeringen har presenterat sin budget f\u00f6r n\u00e4sta \u00e5r. Almega har granskat inneh\u00e5llet och tyv\u00e4rr \u00e4r det f\u00e5 f\u00f6rslag som gynnar f\u00f6retagande, jobb och tillv\u00e4xt. \u201dSpeciellt bekymmersamt givet att vi \u00e4r p\u00e5 v\u00e4g in i en l\u00e5gkonjunktur\u201d, s\u00e4ger Fredrik \u00d6stbom, n\u00e4ringspolitisk chef p\u00e5 Almega.\n\n          <\/div>\n                <div class=\"Blurb__arrow\">\n                                <div class=\"Blurb__arrow__line\">\n              <svg class='icon icon--arrow-tip'  width=\"11\" height=\"16\" viewBox=\"0 0 11 16\" fill=\"none\" xmlns=\"http:\/\/www.w3.org\/2000\/svg\">\n<path d=\"M0.858398 15L9.2304 7.99664L0.967732 1.00001\" stroke=\"black\" stroke-width=\"2\" stroke-miterlimit=\"10\"\/>\n<\/svg>\n\n              <\/div>\n                  <\/div>\n      <\/div>\n    <\/div>\n  <\/a>\n<\/article>\n                  <\/div>\n                              <div class=\"col-md-6\">\n                      <article class=\"Blurb Blurb--md Blurb--post Blurb--vertical no-thumbnail\">\n  <a href=\"https:\/\/www.almega.se\/2022\/10\/ris-och-ros-till-den-nya-regeringen\/\">\n        <div class=\"Blurb__content\">\n      <div class=\"Blurb__body\">\n        <div>\n                                <div class=\"Meta d-flex align-items-center Blurb__meta\">\n      <div class=\"Meta__tag item\">\n      Arbetsmarknad\n      <svg class='icon icon--triangle'  width=\"26\" height=\"32\" viewBox=\"0 0 26 32\" fill=\"none\" xmlns=\"http:\/\/www.w3.org\/2000\/svg\">\n<path fill-rule=\"evenodd\" clip-rule=\"evenodd\" d=\"M13.1315 0H0V32H13.1315L26 16L13.1315 0ZM9 18.581C10.6569 18.581 12 17.1946 12 15.4843C12 13.774 10.6569 12.3875 9 12.3875C7.34315 12.3875 6 13.774 6 15.4843C6 17.1946 7.34315 18.581 9 18.581Z\" fill=\"#FDDCC0\"\/>\n<\/svg>\n\n      <\/div>\n    <div class=\"Meta__group\">\n          <div class=\"Meta__date  d-flex align-items-center\">\n        <svg class='icon icon--timestamp'  width=\"16\" height=\"16\" viewBox=\"0 0 16 16\" fill=\"none\" xmlns=\"http:\/\/www.w3.org\/2000\/svg\">\n<path fill-rule=\"evenodd\" clip-rule=\"evenodd\" d=\"M10.4833 10.5818C10.7278 10.8452 10.7278 11.2723 10.4833 11.5357C10.361 11.6674 10.2008 11.7333 10.0405 11.7333C9.88023 11.7333 9.72008 11.6674 9.59781 11.5357L7.65015 9.43814C7.53273 9.31167 7.46667 9.14001 7.46667 8.96109V4.94118C7.46667 4.56868 7.74705 4.26667 8.09288 4.26667C8.4387 4.26667 8.71908 4.56868 8.71908 4.94118V8.68168L10.4833 10.5818ZM8 14.9333C4.177 14.9333 1.06667 11.823 1.06667 8C1.06667 4.177 4.177 1.06667 8 1.06667C11.8232 1.06667 14.9333 4.177 14.9333 8C14.9333 11.823 11.8232 14.9333 8 14.9333ZM8 0C3.58887 0 0 3.58887 0 8C0 12.4111 3.58887 16 8 16C12.4113 16 16 12.4111 16 8C16 3.58887 12.4113 0 8 0Z\" fill=\"black\"\/>\n<\/svg>\n\n          <time datetime=\"2022-10-18T08:48:08+00:00\">18 oktober 2022<\/time>\n      <\/div>\n              <div class=\"Meta__category\">\n        Pressmeddelanden\n      <\/div>\n      <\/div>\n<\/div>\n                  <\/div>\n        <h3 class=\"Blurb__title\">\n          Ris och ros till den nya regeringen\n        <\/h3>\n                  <div class=\"Blurb__text\">\n            En ny regering inneb\u00e4r en ny inriktning f\u00f6r svensk politik. Men hur f\u00f6r\u00e4ndras spelreglerna f\u00f6r n\u00e4ringslivet? Almega har granskat Tid\u00f6avtalet och regeringsf\u00f6rklaringen och hittat b\u00e5de bra, och mindre bra, f\u00f6rslag f\u00f6r tj\u00e4nstesektorns vidkommande.\n          <\/div>\n                <div class=\"Blurb__arrow\">\n                                <div class=\"Blurb__arrow__line\">\n              <svg class='icon icon--arrow-tip'  width=\"11\" height=\"16\" viewBox=\"0 0 11 16\" fill=\"none\" xmlns=\"http:\/\/www.w3.org\/2000\/svg\">\n<path d=\"M0.858398 15L9.2304 7.99664L0.967732 1.00001\" stroke=\"black\" stroke-width=\"2\" stroke-miterlimit=\"10\"\/>\n<\/svg>\n\n              <\/div>\n                  <\/div>\n      <\/div>\n    <\/div>\n  <\/a>\n<\/article>\n                  <\/div>\n                  <\/div>\n    \n      <\/div>\n<\/div>\n\n<div class=\"wp-block wp-block-core-heading heading-in-sidebar\" id=\"kontaktperson-for-kompetensinflyttning\"><a class='Share__link Share__link--url copy-text' href='#' rel='nofollow' data-text='kontaktperson-for-kompetensinflyttning' title='Dela url' data-confirmation='L\u00e4nken kopierades till urklipp'><svg class='icon icon--link'  width='18' height='18' viewBox='0 0 18 18' fill='none' xmlns='http:\/\/www.w3.org\/2000\/svg'>\n            <path d='M10.4142 0.514721L6.87868 4.05025L8.29289 5.46447L11.1213 2.63604L15.364 6.87868L12.5355 9.70711L13.9497 11.1213L17.4853 7.58579C17.8763 7.19476 17.8763 6.5626 17.4853 6.17158L11.8284 0.514721C11.4374 0.123691 10.8052 0.123691 10.4142 0.514721Z' fill='black'\/>\n            <path d='M9.7071 12.5355L6.87868 15.364L2.63604 11.1213L5.46446 8.2929L4.05025 6.87868L0.514716 10.4142C0.123686 10.8052 0.123686 11.4374 0.514716 11.8284L6.17157 17.4853C6.5626 17.8763 7.19475 17.8763 7.58578 17.4853L11.1213 13.9497L9.7071 12.5355Z' fill='black'\/>\n            <path d='M6.17157 11.8284C6.5626 12.2195 7.19475 12.2195 7.58578 11.8284L11.8284 7.58579C12.2195 7.19476 12.2195 6.56261 11.8284 6.17158C11.4374 5.78055 10.8052 5.78055 10.4142 6.17158L6.17157 10.4142C5.78054 10.8052 5.78054 11.4374 6.17157 11.8284Z' fill='black'\/>\n            <\/svg> <\/a>\n<h2 class=\"wp-block-heading\" id=\"h-kontaktperson-for-kompetensinflyttning\">Kontaktperson f\u00f6r kompetensinflyttning<\/h2>\n<\/div>\n\n<div id=\"block-contact-block_efb0a9e81f604cb928112fdec2a158a2\" class=\"Contact\">\n      <div class=\"Contact__title\">\n      \n    <\/div>\n    <div class=\" row \">\n              <div class=\"col-lg-12 pb-md-4 pb-3\">\n          <div class=\"Contact-card   --has-image \">\n             <a href=\"https:\/\/www.almega.se\/person\/patrickjoyce\/\">\n          <figure class=\"Contact-card__image\">\n            <img decoding=\"async\" src=\"https:\/\/www.almega.se\/app\/uploads\/2026\/03\/Patrick_Joyce__DSF0902-380x285.jpg\" alt=\"Patrick Joyce\">\n          <\/figure>\n        <\/a>\n          <div class=\"Contact-card__body\">\n      <h2 class=\"Contact-card__title\">Patrick Joyce<\/h2>\n      <p class=\"mb-0\">Chefekonom<\/p>\n      \n              <p class=\"mb-2\">Stockholm<\/p>\n                    <p>\n                      <a href=\"tel:+46 8 762 6967\">+46 8 762 6967<\/a>\n                                <a href=\"tel:+46 76 018 70 34\">+46 76 018 70 34<\/a>\n                                <a href=\"mailto:patrick.joyce@almega.se\">E-post<\/a>\n                  <\/p>\n            <a href=\"https:\/\/www.almega.se\/person\/patrickjoyce\/\" class=\"Contact-card__link\">\n        <div class=\"Contact-card__arrow\">\n          <p class=\"Contact-card__arrow__text\">L\u00e4s mer<\/p>\n          <div class=\"Contact-card__arrow__line\"><\/div>\n          <svg class='icon icon--arrow-tip'  width=\"11\" height=\"16\" viewBox=\"0 0 11 16\" fill=\"none\" xmlns=\"http:\/\/www.w3.org\/2000\/svg\">\n<path d=\"M0.858398 15L9.2304 7.99664L0.967732 1.00001\" stroke=\"black\" stroke-width=\"2\" stroke-miterlimit=\"10\"\/>\n<\/svg>\n\n          <\/div>\n      <\/a>\n\n      \n    <\/div>\n  <\/div>\n        <\/div>\n          <\/div>\n    <\/div>\n\n\n<div id=\"block-iconlink-block_cbc60a816e2cd182006cd2a7a04e159b\" class=\"Icon-link Icon-link--arrow-tip\">\n      <a href=\"https:\/\/www.almega.se\/vart-naringspolitiska-arbete\/\" target=\"\" class=\"Button is-button is-fullwidth is-style-fill has-primary-background-color has-primary-border-color Button--arrow-tip\">\n      <div class=\"Button__text\">\n        V\u00e5rt n\u00e4ringspolitiska arbete\n      <\/div>\n      <div class=\"Button__arrow  arrow-tip \">\n                <div class=\"Button__line\"><\/div>\n                <svg class='icon icon--arrow-tip'  width=\"11\" height=\"16\" viewBox=\"0 0 11 16\" fill=\"none\" xmlns=\"http:\/\/www.w3.org\/2000\/svg\">\n<path d=\"M0.858398 15L9.2304 7.99664L0.967732 1.00001\" stroke=\"black\" stroke-width=\"2\" stroke-miterlimit=\"10\"\/>\n<\/svg>\n\n        <\/div>\n    <\/a>\n  <\/div>\n","protected":false},"excerpt":{"rendered":"<p>Arbetskraft\u00adinvandring beh\u00f6vs inom m\u00e5nga svenska branscher och behoven av detta m\u00e5ste f\u00f6retagen sj\u00e4lva f\u00e5 avg\u00f6ra.<\/p>\n","protected":false},"author":16543,"featured_media":75391,"parent":0,"menu_order":0,"comment_status":"closed","ping_status":"closed","template":"","meta":{"_acf_changed":false,"footnotes":""},"article_type":[],"agreement":[],"class_list":["post-47062","page","type-page","status-publish","has-post-thumbnail","hentry"],"acf":[],"yoast_head":"<!-- This site is optimized with the Yoast SEO Premium plugin v26.8 (Yoast SEO v26.8) - https:\/\/yoast.com\/product\/yoast-seo-premium-wordpress\/ -->\n<title>Underl\u00e4tta kompetensinflyttning | Almega<\/title>\n<meta name=\"description\" content=\"M\u00e5nga inom tj\u00e4nstesektorn har sv\u00e5rt att hitta medarbetare och m\u00e5ste rekrytera utomlands. Vi m\u00e5ste underl\u00e4tta arbetskraftsinvandring.\" \/>\n<meta name=\"robots\" content=\"index, follow, max-snippet:-1, max-image-preview:large, max-video-preview:-1\" \/>\n<link rel=\"canonical\" href=\"https:\/\/www.almega.se\/underlattad-kompetensinflyttning\/\" \/>\n<meta property=\"og:locale\" content=\"sv_SE\" \/>\n<meta property=\"og:type\" content=\"article\" \/>\n<meta property=\"og:title\" content=\"Underl\u00e4tta kompetensinflyttning\" \/>\n<meta property=\"og:description\" content=\"M\u00e5nga inom tj\u00e4nstesektorn har sv\u00e5rt att hitta medarbetare och m\u00e5ste rekrytera utomlands. Vi m\u00e5ste underl\u00e4tta arbetskraftsinvandring.\" \/>\n<meta property=\"og:url\" content=\"https:\/\/www.almega.se\/underlattad-kompetensinflyttning\/\" \/>\n<meta property=\"og:site_name\" content=\"Almega\" \/>\n<meta property=\"article:modified_time\" content=\"2024-09-20T12:03:52+00:00\" \/>\n<meta property=\"og:image\" content=\"https:\/\/www.almega.se\/app\/uploads\/2024\/08\/pexels-fauxels-3184296-scaled.jpg\" \/>\n\t<meta property=\"og:image:width\" content=\"2560\" \/>\n\t<meta property=\"og:image:height\" content=\"1707\" \/>\n\t<meta property=\"og:image:type\" content=\"image\/jpeg\" \/>\n<meta name=\"twitter:card\" content=\"summary_large_image\" \/>\n<meta name=\"twitter:label1\" content=\"Ber\u00e4knad l\u00e4stid\" \/>\n\t<meta name=\"twitter:data1\" content=\"2 minuter\" \/>\n<script type=\"application\/ld+json\" class=\"yoast-schema-graph\">{\"@context\":\"https:\/\/schema.org\",\"@graph\":[{\"@type\":\"WebPage\",\"@id\":\"https:\/\/www.almega.se\/underlattad-kompetensinflyttning\/\",\"url\":\"https:\/\/www.almega.se\/underlattad-kompetensinflyttning\/\",\"name\":\"Underl\u00e4tta kompetensinflyttning | Almega\",\"isPartOf\":{\"@id\":\"https:\/\/www.almega.se\/#website\"},\"primaryImageOfPage\":{\"@id\":\"https:\/\/www.almega.se\/underlattad-kompetensinflyttning\/#primaryimage\"},\"image\":{\"@id\":\"https:\/\/www.almega.se\/underlattad-kompetensinflyttning\/#primaryimage\"},\"thumbnailUrl\":\"https:\/\/www.almega.se\/app\/uploads\/2024\/08\/pexels-fauxels-3184296-scaled.jpg\",\"datePublished\":\"2022-08-26T09:08:44+00:00\",\"dateModified\":\"2024-09-20T12:03:52+00:00\",\"description\":\"M\u00e5nga inom tj\u00e4nstesektorn har sv\u00e5rt att hitta medarbetare och m\u00e5ste rekrytera utomlands. Vi m\u00e5ste underl\u00e4tta arbetskraftsinvandring.\",\"breadcrumb\":{\"@id\":\"https:\/\/www.almega.se\/underlattad-kompetensinflyttning\/#breadcrumb\"},\"inLanguage\":\"sv-SE\",\"potentialAction\":[{\"@type\":\"ReadAction\",\"target\":[\"https:\/\/www.almega.se\/underlattad-kompetensinflyttning\/\"]}]},{\"@type\":\"ImageObject\",\"inLanguage\":\"sv-SE\",\"@id\":\"https:\/\/www.almega.se\/underlattad-kompetensinflyttning\/#primaryimage\",\"url\":\"https:\/\/www.almega.se\/app\/uploads\/2024\/08\/pexels-fauxels-3184296-scaled.jpg\",\"contentUrl\":\"https:\/\/www.almega.se\/app\/uploads\/2024\/08\/pexels-fauxels-3184296-scaled.jpg\",\"width\":2560,\"height\":1707},{\"@type\":\"BreadcrumbList\",\"@id\":\"https:\/\/www.almega.se\/underlattad-kompetensinflyttning\/#breadcrumb\",\"itemListElement\":[{\"@type\":\"ListItem\",\"position\":1,\"name\":\"Home\",\"item\":\"https:\/\/www.almega.se\/\"},{\"@type\":\"ListItem\",\"position\":2,\"name\":\"Underl\u00e4tta kompetensinflyttning\"}]},{\"@type\":\"WebSite\",\"@id\":\"https:\/\/www.almega.se\/#website\",\"url\":\"https:\/\/www.almega.se\/\",\"name\":\"Almega\",\"description\":\"\",\"potentialAction\":[{\"@type\":\"SearchAction\",\"target\":{\"@type\":\"EntryPoint\",\"urlTemplate\":\"https:\/\/www.almega.se\/?s={search_term_string}\"},\"query-input\":{\"@type\":\"PropertyValueSpecification\",\"valueRequired\":true,\"valueName\":\"search_term_string\"}}],\"inLanguage\":\"sv-SE\"}]}<\/script>\n<!-- \/ Yoast SEO Premium plugin. -->","yoast_head_json":{"title":"Underl\u00e4tta kompetensinflyttning | Almega","description":"M\u00e5nga inom tj\u00e4nstesektorn har sv\u00e5rt att hitta medarbetare och m\u00e5ste rekrytera utomlands. Vi m\u00e5ste underl\u00e4tta arbetskraftsinvandring.","robots":{"index":"index","follow":"follow","max-snippet":"max-snippet:-1","max-image-preview":"max-image-preview:large","max-video-preview":"max-video-preview:-1"},"canonical":"https:\/\/www.almega.se\/underlattad-kompetensinflyttning\/","og_locale":"sv_SE","og_type":"article","og_title":"Underl\u00e4tta kompetensinflyttning","og_description":"M\u00e5nga inom tj\u00e4nstesektorn har sv\u00e5rt att hitta medarbetare och m\u00e5ste rekrytera utomlands. Vi m\u00e5ste underl\u00e4tta arbetskraftsinvandring.","og_url":"https:\/\/www.almega.se\/underlattad-kompetensinflyttning\/","og_site_name":"Almega","article_modified_time":"2024-09-20T12:03:52+00:00","og_image":[{"width":2560,"height":1707,"url":"https:\/\/www.almega.se\/app\/uploads\/2024\/08\/pexels-fauxels-3184296-scaled.jpg","type":"image\/jpeg"}],"twitter_card":"summary_large_image","twitter_misc":{"Ber\u00e4knad l\u00e4stid":"2 minuter"},"schema":{"@context":"https:\/\/schema.org","@graph":[{"@type":"WebPage","@id":"https:\/\/www.almega.se\/underlattad-kompetensinflyttning\/","url":"https:\/\/www.almega.se\/underlattad-kompetensinflyttning\/","name":"Underl\u00e4tta kompetensinflyttning | Almega","isPartOf":{"@id":"https:\/\/www.almega.se\/#website"},"primaryImageOfPage":{"@id":"https:\/\/www.almega.se\/underlattad-kompetensinflyttning\/#primaryimage"},"image":{"@id":"https:\/\/www.almega.se\/underlattad-kompetensinflyttning\/#primaryimage"},"thumbnailUrl":"https:\/\/www.almega.se\/app\/uploads\/2024\/08\/pexels-fauxels-3184296-scaled.jpg","datePublished":"2022-08-26T09:08:44+00:00","dateModified":"2024-09-20T12:03:52+00:00","description":"M\u00e5nga inom tj\u00e4nstesektorn har sv\u00e5rt att hitta medarbetare och m\u00e5ste rekrytera utomlands. Vi m\u00e5ste underl\u00e4tta arbetskraftsinvandring.","breadcrumb":{"@id":"https:\/\/www.almega.se\/underlattad-kompetensinflyttning\/#breadcrumb"},"inLanguage":"sv-SE","potentialAction":[{"@type":"ReadAction","target":["https:\/\/www.almega.se\/underlattad-kompetensinflyttning\/"]}]},{"@type":"ImageObject","inLanguage":"sv-SE","@id":"https:\/\/www.almega.se\/underlattad-kompetensinflyttning\/#primaryimage","url":"https:\/\/www.almega.se\/app\/uploads\/2024\/08\/pexels-fauxels-3184296-scaled.jpg","contentUrl":"https:\/\/www.almega.se\/app\/uploads\/2024\/08\/pexels-fauxels-3184296-scaled.jpg","width":2560,"height":1707},{"@type":"BreadcrumbList","@id":"https:\/\/www.almega.se\/underlattad-kompetensinflyttning\/#breadcrumb","itemListElement":[{"@type":"ListItem","position":1,"name":"Home","item":"https:\/\/www.almega.se\/"},{"@type":"ListItem","position":2,"name":"Underl\u00e4tta kompetensinflyttning"}]},{"@type":"WebSite","@id":"https:\/\/www.almega.se\/#website","url":"https:\/\/www.almega.se\/","name":"Almega","description":"","potentialAction":[{"@type":"SearchAction","target":{"@type":"EntryPoint","urlTemplate":"https:\/\/www.almega.se\/?s={search_term_string}"},"query-input":{"@type":"PropertyValueSpecification","valueRequired":true,"valueName":"search_term_string"}}],"inLanguage":"sv-SE"}]}},"_links":{"self":[{"href":"https:\/\/www.almega.se\/api\/wp\/v2\/pages\/47062","targetHints":{"allow":["GET"]}}],"collection":[{"href":"https:\/\/www.almega.se\/api\/wp\/v2\/pages"}],"about":[{"href":"https:\/\/www.almega.se\/api\/wp\/v2\/types\/page"}],"author":[{"embeddable":true,"href":"https:\/\/www.almega.se\/api\/wp\/v2\/users\/16543"}],"replies":[{"embeddable":true,"href":"https:\/\/www.almega.se\/api\/wp\/v2\/comments?post=47062"}],"version-history":[{"count":48,"href":"https:\/\/www.almega.se\/api\/wp\/v2\/pages\/47062\/revisions"}],"predecessor-version":[{"id":76085,"href":"https:\/\/www.almega.se\/api\/wp\/v2\/pages\/47062\/revisions\/76085"}],"wp:featuredmedia":[{"embeddable":true,"href":"https:\/\/www.almega.se\/api\/wp\/v2\/media\/75391"}],"wp:attachment":[{"href":"https:\/\/www.almega.se\/api\/wp\/v2\/media?parent=47062"}],"wp:term":[{"taxonomy":"type","embeddable":true,"href":"https:\/\/www.almega.se\/api\/wp\/v2\/article_type?post=47062"},{"taxonomy":"agreement","embeddable":true,"href":"https:\/\/www.almega.se\/api\/wp\/v2\/agreement?post=47062"}],"curies":[{"name":"wp","href":"https:\/\/api.w.org\/{rel}","templated":true}]}}