{"id":47031,"date":"2022-08-26T11:15:02","date_gmt":"2022-08-26T09:15:02","guid":{"rendered":"https:\/\/www.almega.se\/?page_id=47031"},"modified":"2024-09-20T14:20:55","modified_gmt":"2024-09-20T12:20:55","slug":"sank-arbetsgivaravgifterna","status":"publish","type":"page","link":"https:\/\/www.almega.se\/sank-arbetsgivaravgifterna\/","title":{"rendered":"S\u00e4nk arbetsgivar&shy;avgifterna"},"content":{"rendered":"<div id=\"block-hero-block_46cf5bac0d876eec29077c25bc447bb7\" class=\"Hero has-green-background-color has-paragraph-text\">\n\n    \n  <div class=\"Hero__inner container has-green-background-color\">\n              <div class=\"Hero__title\">\n          <h1>S\u00e4nk<i> arbetsgivar&shy;avgifterna<\/i><\/h1>\n        <\/div>\n                    <div class=\"Hero__text\">\n          <p>Kostnaden f\u00f6r att anst\u00e4lla \u00e4r h\u00f6gre i Sverige \u00e4n i de flesta av v\u00e5ra konkurrentl\u00e4nder. Men det beror inte p\u00e5 l\u00f6nerna i Sverige, utan p\u00e5 v\u00e5ra h\u00f6ga arbetsgivaravgifter. De svenska arbetsgivaravgifterna \u00e4r bland de h\u00f6gsta i Europa.<\/p>\n\n        <\/div>\n                    <\/div>\n<\/div>\n\n\n\n<div class=\"wp-block-group has-secondary-background-color has-background is-layout-constrained wp-block-group-is-layout-constrained\"><div class=\"wp-block wp-block-core-heading heading-in-sidebar\" id=\"vad-tycker-almega?\"><a class='Share__link Share__link--url copy-text' href='#' rel='nofollow' data-text='vad-tycker-almega?' title='Dela url' data-confirmation='L\u00e4nken kopierades till urklipp'><svg class='icon icon--link'  width='18' height='18' viewBox='0 0 18 18' fill='none' xmlns='http:\/\/www.w3.org\/2000\/svg'>\n            <path d='M10.4142 0.514721L6.87868 4.05025L8.29289 5.46447L11.1213 2.63604L15.364 6.87868L12.5355 9.70711L13.9497 11.1213L17.4853 7.58579C17.8763 7.19476 17.8763 6.5626 17.4853 6.17158L11.8284 0.514721C11.4374 0.123691 10.8052 0.123691 10.4142 0.514721Z' fill='black'\/>\n            <path d='M9.7071 12.5355L6.87868 15.364L2.63604 11.1213L5.46446 8.2929L4.05025 6.87868L0.514716 10.4142C0.123686 10.8052 0.123686 11.4374 0.514716 11.8284L6.17157 17.4853C6.5626 17.8763 7.19475 17.8763 7.58578 17.4853L11.1213 13.9497L9.7071 12.5355Z' fill='black'\/>\n            <path d='M6.17157 11.8284C6.5626 12.2195 7.19475 12.2195 7.58578 11.8284L11.8284 7.58579C12.2195 7.19476 12.2195 6.56261 11.8284 6.17158C11.4374 5.78055 10.8052 5.78055 10.4142 6.17158L6.17157 10.4142C5.78054 10.8052 5.78054 11.4374 6.17157 11.8284Z' fill='black'\/>\n            <\/svg> <\/a>\n<h2 class=\"wp-block-heading\" id=\"h-vad-tycker-almega\">Vad tycker Almega?<\/h2>\n<\/div>\n\n<div class=\"wp-block wp-block-core-list\">\n<ul class=\"wp-block-list\">\n<li>En s\u00e4nkning av arbetsgivar\u00adavgiften skulle hj\u00e4lpa m\u00e5nga f\u00f6retag och individer utan att det kr\u00e4ver omfattande administration. En generell s\u00e4nkning snedvrider inte heller konkurrensen i n\u00e5gon betydande omfattning. Om s\u00e4nkningen m\u00f6jligg\u00f6rs genom en minskning av den allm\u00e4nna l\u00f6ne\u00adavgiften \u2013 som \u00e4r en ren skatt och idag utg\u00f6r mer \u00e4n en tredjedel av arbetsgivar\u00adavgiften \u2013 skapas dessutom l\u00e5ngsiktiga f\u00f6ruts\u00e4ttningar f\u00f6r l\u00f6ne\u00f6kningar utan risk f\u00f6r att f\u00f6rm\u00e5nerna i socialf\u00f6rs\u00e4kringssystemet urholkas.\u00a0\u00a0<\/li>\n<\/ul>\n<\/div>\n\n<div class=\"wp-block wp-block-core-list\">\n<ul class=\"wp-block-list\">\n<li>Den generella s\u00e4nkning p\u00e5 tre procentenheter som Almega f\u00f6respr\u00e5kar \u00e4r till h\u00f6g grad sj\u00e4lvfinansierade eftersom \u00f6kad produktion och syssels\u00e4ttning ger upphov till nya int\u00e4kter fr\u00e5n inkomstskatter, arbetsgivaravgifter och konsumtionsskatter.\u00a0<\/li>\n<\/ul>\n<\/div>\n\n<div class=\"wp-block wp-block-core-list\">\n<ul class=\"wp-block-list\">\n<li>En s\u00e5dan s\u00e4nkning skulle ha en initial budgetp\u00e5verkan p\u00e5 39,9 miljarder kronor p\u00e5 de offentliga finanserna. De \u00f6kade skatteint\u00e4kterna fr\u00e5n de nya jobb som skapas ber\u00e4knas dock finansiera 77 procent av skattes\u00e4nkningen. Nettop\u00e5verkan ber\u00e4knas d\u00e4rmed till 9,1 miljarder kronor.\u00a0\u00a0<\/li>\n<\/ul>\n<\/div><\/div>\n\n\n\n<div class=\"wp-block-group has-lightgray-background-color has-background is-layout-constrained wp-block-group-is-layout-constrained\"><div class=\"wp-block wp-block-core-heading heading-in-sidebar\" id=\"hur-drabbas-tjanste\u00adforetagen?\"><a class='Share__link Share__link--url copy-text' href='#' rel='nofollow' data-text='hur-drabbas-tjanste\u00adforetagen?' title='Dela url' data-confirmation='L\u00e4nken kopierades till urklipp'><svg class='icon icon--link'  width='18' height='18' viewBox='0 0 18 18' fill='none' xmlns='http:\/\/www.w3.org\/2000\/svg'>\n            <path d='M10.4142 0.514721L6.87868 4.05025L8.29289 5.46447L11.1213 2.63604L15.364 6.87868L12.5355 9.70711L13.9497 11.1213L17.4853 7.58579C17.8763 7.19476 17.8763 6.5626 17.4853 6.17158L11.8284 0.514721C11.4374 0.123691 10.8052 0.123691 10.4142 0.514721Z' fill='black'\/>\n            <path d='M9.7071 12.5355L6.87868 15.364L2.63604 11.1213L5.46446 8.2929L4.05025 6.87868L0.514716 10.4142C0.123686 10.8052 0.123686 11.4374 0.514716 11.8284L6.17157 17.4853C6.5626 17.8763 7.19475 17.8763 7.58578 17.4853L11.1213 13.9497L9.7071 12.5355Z' fill='black'\/>\n            <path d='M6.17157 11.8284C6.5626 12.2195 7.19475 12.2195 7.58578 11.8284L11.8284 7.58579C12.2195 7.19476 12.2195 6.56261 11.8284 6.17158C11.4374 5.78055 10.8052 5.78055 10.4142 6.17158L6.17157 10.4142C5.78054 10.8052 5.78054 11.4374 6.17157 11.8284Z' fill='black'\/>\n            <\/svg> <\/a>\n<h2 class=\"wp-block-heading\" id=\"h-hur-drabbas-tjanste-foretagen\">Hur drabbas tj\u00e4nste\u00adf\u00f6retagen?<\/h2>\n<\/div>\n\n<div class=\"wp-block wp-block-core-paragraph\">\n<p class=\"has-excerpt-font-size\">Tv\u00e5 av tre nya jobb i n\u00e4ringslivet skapas i tj\u00e4nstesektorn som \u00e4r en personalintensiv bransch och till stor del bygger p\u00e5 medarbetarnas kompetens. D\u00e4rf\u00f6r best\u00e5r ocks\u00e5 kostnaderna fr\u00e4mst av l\u00f6nekostnader.<\/p>\n<\/div>\n\n<div class=\"wp-block wp-block-core-paragraph\">\n<p>Kunskapsintensiva tj\u00e4nste\u00adf\u00f6retag blir allt viktigare f\u00f6r n\u00e4ringsliv och jobbskapande i Sverige, men utvecklingen av tj\u00e4nsterna h\u00e4mmas av h\u00f6ga svenska arbetskraftskostnader.<\/p>\n<\/div>\n\n<div class=\"wp-block wp-block-core-paragraph\">\n<p>Stora delar tj\u00e4nstesektorn agerar dessutom p\u00e5 en internationell marknad och blir allt viktigare f\u00f6r exporten. F\u00f6retagstj\u00e4nster utg\u00f6r numera 17 procent av exporten r\u00e4knat i f\u00f6r\u00e4dlingsv\u00e4rde. Arbetsgivaravgifterna har d\u00e4rf\u00f6r \u00e4ven stor betydelse f\u00f6r f\u00f6retagens beslut om i vilka l\u00e4nder de ska l\u00e4gga sin verksamhet.<\/p>\n<\/div>\n\n<div class=\"wp-block wp-block-core-paragraph\">\n<p>Om tj\u00e4nstesektorn ska forts\u00e4tta att skapa v\u00e4lst\u00e5nd och jobb i Sverige f\u00e5r vi inte straffbeskatta branschens viktigaste resurs \u2013 kompetensen. En s\u00e4nkning av arbetsgivaravgifterna \u00e4r helt n\u00f6dv\u00e4ndig f\u00f6r att v\u00e4rna kunskapsintensiva jobb i Sverige.<\/p>\n<\/div><\/div>\n\n\n<figure class=\"wp-block-embed is-type-video is-provider-youtube wp-block-embed-youtube wp-embed-aspect-16-9 wp-has-aspect-ratio\"><div class=\"wp-block-embed__wrapper\" style=\"position: relative;\">\n        <div class=\"youtube-consent-placeholder\" data-consent=\"marketing\" data-inverse style=\"position: absolute; top: 0; left: 0; width: 100%; height: 100%; background: #ededed; border: 1px solid #dee2e6; display: flex; align-items: center; justify-content: center; text-align: center; padding: 20px; box-sizing: border-box; z-index: 10;\">\n          <div>\n            <p style=\"margin: 0 0 10px 0; font-size: 14px; color: #6c757d;\">Till\u00e5t marknadsf\u00f6ringscookies f\u00f6r att visa den inb\u00e4ddade YouTube-videon<\/p>\n            <p style=\"margin: 0; font-size: 14px;\">\n              <a href=\"#\" class=\"ch2-open-settings-btn\" style=\"color: #e26a34; text-decoration: underline;\">Hantera mina cookie-val<\/a>\n            <\/p>\n          <\/div>\n        <\/div>\n<iframe data-consent=\"marketing\" title=\"Seminarium den 23 augusti 2022: D\u00e4rf\u00f6r beh\u00f6ver arbetsgivaravgifterna s\u00e4nkas\" width=\"500\" height=\"281\" data-src=\"https:\/\/www.youtube-nocookie.com\/embed\/krIBfp804X4?start=4612&#038;feature=oembed\" frameborder=\"0\" allow=\"accelerometer; autoplay; clipboard-write; encrypted-media; gyroscope; picture-in-picture; web-share\" referrerpolicy=\"strict-origin-when-cross-origin\" allowfullscreen><\/iframe>\n<\/div><figcaption class=\"wp-element-caption\">Seminarium fr\u00e5n den 23 augusti 2022 d\u00e4r Almega, TechSverige, Svenskt N\u00e4ringsliv, F\u00f6retagarna, Svensk Handel och Visita diskuterade fr\u00e5gan med riksdagsledam\u00f6ter.<\/figcaption><\/figure>\n\n\n\n<div class=\"Listing has-secondary-background-color\">\n  <div class=\"container\">\n    <div class=\"Listing__heading\">\n       <h2>Vad har Almega gjort i fr\u00e5gan?<\/h2>     <\/div>\n    <div class=\"row\">\n                            <div class=\"col-md-6 \">\n                      <article class=\"Blurb Blurb--xs Blurb--post no-thumbnail\">\n  <a href=\"https:\/\/www.almega.se\/2023\/10\/sankta-arbetsgivaravgifter-for-fler-jobb-och-okad-tillvaxt\/\">\n        <div class=\"Blurb__content\">\n      <div class=\"Blurb__body\">\n        <div>\n                                <div class=\"Meta d-flex align-items-center Blurb__meta\">\n    <div class=\"Meta__group\">\n          <div class=\"Meta__date  d-flex align-items-center\">\n        <svg class='icon icon--timestamp'  width=\"16\" height=\"16\" viewBox=\"0 0 16 16\" fill=\"none\" xmlns=\"http:\/\/www.w3.org\/2000\/svg\">\n<path fill-rule=\"evenodd\" clip-rule=\"evenodd\" d=\"M10.4833 10.5818C10.7278 10.8452 10.7278 11.2723 10.4833 11.5357C10.361 11.6674 10.2008 11.7333 10.0405 11.7333C9.88023 11.7333 9.72008 11.6674 9.59781 11.5357L7.65015 9.43814C7.53273 9.31167 7.46667 9.14001 7.46667 8.96109V4.94118C7.46667 4.56868 7.74705 4.26667 8.09288 4.26667C8.4387 4.26667 8.71908 4.56868 8.71908 4.94118V8.68168L10.4833 10.5818ZM8 14.9333C4.177 14.9333 1.06667 11.823 1.06667 8C1.06667 4.177 4.177 1.06667 8 1.06667C11.8232 1.06667 14.9333 4.177 14.9333 8C14.9333 11.823 11.8232 14.9333 8 14.9333ZM8 0C3.58887 0 0 3.58887 0 8C0 12.4111 3.58887 16 8 16C12.4113 16 16 12.4111 16 8C16 3.58887 12.4113 0 8 0Z\" fill=\"black\"\/>\n<\/svg>\n\n          <time datetime=\"2023-10-24T04:00:00+00:00\">24 oktober 2023<\/time>\n      <\/div>\n              <div class=\"Meta__category\">\n        Rapporter\n      <\/div>\n      <\/div>\n<\/div>\n                  <\/div>\n        <h3 class=\"Blurb__title\">\n          S\u00e4nkta arbetsgivaravgifter f\u00f6r fler jobb och \u00f6kad tillv\u00e4xt\n        <\/h3>\n                  <div class=\"Blurb__text\">\n            Ladda ner rapporten Rapporten finns i sin helhet p\u00e5 denna sida men finns \u00e4ven att h\u00e4mtas som pdf-fil. F\u00f6rord Tj\u00e4nstesektorn har l\u00f6sningarna p\u00e5 s\u00e5v\u00e4l dagens som framtidens stora utmaningar. Varje dag skapar Almegas medlemsf\u00f6retag jobb, &hellip;\n          <\/div>\n                <div class=\"Blurb__arrow\">\n                                <div class=\"Blurb__arrow__line\">\n              <svg class='icon icon--arrow-tip'  width=\"11\" height=\"16\" viewBox=\"0 0 11 16\" fill=\"none\" xmlns=\"http:\/\/www.w3.org\/2000\/svg\">\n<path d=\"M0.858398 15L9.2304 7.99664L0.967732 1.00001\" stroke=\"black\" stroke-width=\"2\" stroke-miterlimit=\"10\"\/>\n<\/svg>\n\n              <\/div>\n                  <\/div>\n      <\/div>\n    <\/div>\n  <\/a>\n<\/article>\n                  <\/div>\n                              <div class=\"col-md-6 \">\n                      <article class=\"Blurb Blurb--xs Blurb--post no-thumbnail\">\n  <a href=\"https:\/\/www.almega.se\/2024\/02\/13-000-nya-jobb-i-sydsverige-med-sankt-arbetsgivaravgift\/\">\n        <div class=\"Blurb__content\">\n      <div class=\"Blurb__body\">\n        <div>\n                                <div class=\"Meta d-flex align-items-center Blurb__meta\">\n      <div class=\"Meta__tag item\">\n      Arbetsmarknad\n      <svg class='icon icon--triangle'  width=\"26\" height=\"32\" viewBox=\"0 0 26 32\" fill=\"none\" xmlns=\"http:\/\/www.w3.org\/2000\/svg\">\n<path fill-rule=\"evenodd\" clip-rule=\"evenodd\" d=\"M13.1315 0H0V32H13.1315L26 16L13.1315 0ZM9 18.581C10.6569 18.581 12 17.1946 12 15.4843C12 13.774 10.6569 12.3875 9 12.3875C7.34315 12.3875 6 13.774 6 15.4843C6 17.1946 7.34315 18.581 9 18.581Z\" fill=\"#FDDCC0\"\/>\n<\/svg>\n\n      <\/div>\n    <div class=\"Meta__group\">\n          <div class=\"Meta__date  d-flex align-items-center\">\n        <svg class='icon icon--timestamp'  width=\"16\" height=\"16\" viewBox=\"0 0 16 16\" fill=\"none\" xmlns=\"http:\/\/www.w3.org\/2000\/svg\">\n<path fill-rule=\"evenodd\" clip-rule=\"evenodd\" d=\"M10.4833 10.5818C10.7278 10.8452 10.7278 11.2723 10.4833 11.5357C10.361 11.6674 10.2008 11.7333 10.0405 11.7333C9.88023 11.7333 9.72008 11.6674 9.59781 11.5357L7.65015 9.43814C7.53273 9.31167 7.46667 9.14001 7.46667 8.96109V4.94118C7.46667 4.56868 7.74705 4.26667 8.09288 4.26667C8.4387 4.26667 8.71908 4.56868 8.71908 4.94118V8.68168L10.4833 10.5818ZM8 14.9333C4.177 14.9333 1.06667 11.823 1.06667 8C1.06667 4.177 4.177 1.06667 8 1.06667C11.8232 1.06667 14.9333 4.177 14.9333 8C14.9333 11.823 11.8232 14.9333 8 14.9333ZM8 0C3.58887 0 0 3.58887 0 8C0 12.4111 3.58887 16 8 16C12.4113 16 16 12.4111 16 8C16 3.58887 12.4113 0 8 0Z\" fill=\"black\"\/>\n<\/svg>\n\n          <time datetime=\"2024-02-12T04:30:00+00:00\">12 februari 2024<\/time>\n      <\/div>\n              <div class=\"Meta__category\">\n        Rapporter\n      <\/div>\n      <\/div>\n<\/div>\n                  <\/div>\n        <h3 class=\"Blurb__title\">\n          13 000 nya jobb i Sydsverige med s\u00e4nkt arbetsgivaravgift\n        <\/h3>\n                  <div class=\"Blurb__text\">\n            Fler jobb, \u00f6kad tillv\u00e4xt och st\u00e4rkt\nekonomi f\u00f6r kommuner och regioner.\n          <\/div>\n                <div class=\"Blurb__arrow\">\n                                <div class=\"Blurb__arrow__line\">\n              <svg class='icon icon--arrow-tip'  width=\"11\" height=\"16\" viewBox=\"0 0 11 16\" fill=\"none\" xmlns=\"http:\/\/www.w3.org\/2000\/svg\">\n<path d=\"M0.858398 15L9.2304 7.99664L0.967732 1.00001\" stroke=\"black\" stroke-width=\"2\" stroke-miterlimit=\"10\"\/>\n<\/svg>\n\n              <\/div>\n                  <\/div>\n      <\/div>\n    <\/div>\n  <\/a>\n<\/article>\n                  <\/div>\n                              <div class=\"col-md-6 \">\n                      <article class=\"Blurb Blurb--xs Blurb--post no-thumbnail\">\n  <a href=\"https:\/\/www.almega.se\/2024\/01\/19-000-nya-jobb-i-vastsverige-med-sankt-arbetsgivaravgift\/\">\n        <div class=\"Blurb__content\">\n      <div class=\"Blurb__body\">\n        <div>\n                                <div class=\"Meta d-flex align-items-center Blurb__meta\">\n      <div class=\"Meta__tag item\">\n      Arbetsmarknad\n      <svg class='icon icon--triangle'  width=\"26\" height=\"32\" viewBox=\"0 0 26 32\" fill=\"none\" xmlns=\"http:\/\/www.w3.org\/2000\/svg\">\n<path fill-rule=\"evenodd\" clip-rule=\"evenodd\" d=\"M13.1315 0H0V32H13.1315L26 16L13.1315 0ZM9 18.581C10.6569 18.581 12 17.1946 12 15.4843C12 13.774 10.6569 12.3875 9 12.3875C7.34315 12.3875 6 13.774 6 15.4843C6 17.1946 7.34315 18.581 9 18.581Z\" fill=\"#FDDCC0\"\/>\n<\/svg>\n\n      <\/div>\n    <div class=\"Meta__group\">\n          <div class=\"Meta__date  d-flex align-items-center\">\n        <svg class='icon icon--timestamp'  width=\"16\" height=\"16\" viewBox=\"0 0 16 16\" fill=\"none\" xmlns=\"http:\/\/www.w3.org\/2000\/svg\">\n<path fill-rule=\"evenodd\" clip-rule=\"evenodd\" d=\"M10.4833 10.5818C10.7278 10.8452 10.7278 11.2723 10.4833 11.5357C10.361 11.6674 10.2008 11.7333 10.0405 11.7333C9.88023 11.7333 9.72008 11.6674 9.59781 11.5357L7.65015 9.43814C7.53273 9.31167 7.46667 9.14001 7.46667 8.96109V4.94118C7.46667 4.56868 7.74705 4.26667 8.09288 4.26667C8.4387 4.26667 8.71908 4.56868 8.71908 4.94118V8.68168L10.4833 10.5818ZM8 14.9333C4.177 14.9333 1.06667 11.823 1.06667 8C1.06667 4.177 4.177 1.06667 8 1.06667C11.8232 1.06667 14.9333 4.177 14.9333 8C14.9333 11.823 11.8232 14.9333 8 14.9333ZM8 0C3.58887 0 0 3.58887 0 8C0 12.4111 3.58887 16 8 16C12.4113 16 16 12.4111 16 8C16 3.58887 12.4113 0 8 0Z\" fill=\"black\"\/>\n<\/svg>\n\n          <time datetime=\"2024-01-30T04:30:00+00:00\">30 januari 2024<\/time>\n      <\/div>\n              <div class=\"Meta__category\">\n        Rapporter\n      <\/div>\n      <\/div>\n<\/div>\n                  <\/div>\n        <h3 class=\"Blurb__title\">\n          19 000 nya jobb i V\u00e4stsverige med s\u00e4nkt arbetsgivaravgift\n        <\/h3>\n                  <div class=\"Blurb__text\">\n            Fler jobb, \u00f6kad tillv\u00e4xt och st\u00e4rkt\nekonomi f\u00f6r kommuner och regioner.\n          <\/div>\n                <div class=\"Blurb__arrow\">\n                                <div class=\"Blurb__arrow__line\">\n              <svg class='icon icon--arrow-tip'  width=\"11\" height=\"16\" viewBox=\"0 0 11 16\" fill=\"none\" xmlns=\"http:\/\/www.w3.org\/2000\/svg\">\n<path d=\"M0.858398 15L9.2304 7.99664L0.967732 1.00001\" stroke=\"black\" stroke-width=\"2\" stroke-miterlimit=\"10\"\/>\n<\/svg>\n\n              <\/div>\n                  <\/div>\n      <\/div>\n    <\/div>\n  <\/a>\n<\/article>\n                  <\/div>\n                              <div class=\"col-md-6 \">\n                      <article class=\"Blurb Blurb--xs Blurb--post no-thumbnail\">\n  <a href=\"https:\/\/www.almega.se\/2023\/09\/sveriges-arbetsgivaravgifter-fortsatt-i-europatoppen\/\">\n        <div class=\"Blurb__content\">\n      <div class=\"Blurb__body\">\n        <div>\n                                <div class=\"Meta d-flex align-items-center Blurb__meta\">\n    <div class=\"Meta__group\">\n          <div class=\"Meta__date  d-flex align-items-center\">\n        <svg class='icon icon--timestamp'  width=\"16\" height=\"16\" viewBox=\"0 0 16 16\" fill=\"none\" xmlns=\"http:\/\/www.w3.org\/2000\/svg\">\n<path fill-rule=\"evenodd\" clip-rule=\"evenodd\" d=\"M10.4833 10.5818C10.7278 10.8452 10.7278 11.2723 10.4833 11.5357C10.361 11.6674 10.2008 11.7333 10.0405 11.7333C9.88023 11.7333 9.72008 11.6674 9.59781 11.5357L7.65015 9.43814C7.53273 9.31167 7.46667 9.14001 7.46667 8.96109V4.94118C7.46667 4.56868 7.74705 4.26667 8.09288 4.26667C8.4387 4.26667 8.71908 4.56868 8.71908 4.94118V8.68168L10.4833 10.5818ZM8 14.9333C4.177 14.9333 1.06667 11.823 1.06667 8C1.06667 4.177 4.177 1.06667 8 1.06667C11.8232 1.06667 14.9333 4.177 14.9333 8C14.9333 11.823 11.8232 14.9333 8 14.9333ZM8 0C3.58887 0 0 3.58887 0 8C0 12.4111 3.58887 16 8 16C12.4113 16 16 12.4111 16 8C16 3.58887 12.4113 0 8 0Z\" fill=\"black\"\/>\n<\/svg>\n\n          <time datetime=\"2023-09-12T06:56:08+00:00\">12 september 2023<\/time>\n      <\/div>\n              <div class=\"Meta__category\">\n        Rapporter\n      <\/div>\n      <\/div>\n<\/div>\n                  <\/div>\n        <h3 class=\"Blurb__title\">\n          Sveriges arbetsgivaravgifter fortsatt i Europatoppen\n        <\/h3>\n                  <div class=\"Blurb__text\">\n            Ladda ner rapporten Rapporten finns i sin helhet p\u00e5 denna sida men kan ocks\u00e5 h\u00e4mtas som pdf-fil. Sammanfattning Tj\u00e4nstesektorns betydelse f\u00f6r samh\u00e4llsekonomin och samh\u00e4llet i stort kan knappast underskattas. Det \u00e4r tj\u00e4nstef\u00f6retagen som driver innovation &hellip;\n          <\/div>\n                <div class=\"Blurb__arrow\">\n                                <div class=\"Blurb__arrow__line\">\n              <svg class='icon icon--arrow-tip'  width=\"11\" height=\"16\" viewBox=\"0 0 11 16\" fill=\"none\" xmlns=\"http:\/\/www.w3.org\/2000\/svg\">\n<path d=\"M0.858398 15L9.2304 7.99664L0.967732 1.00001\" stroke=\"black\" stroke-width=\"2\" stroke-miterlimit=\"10\"\/>\n<\/svg>\n\n              <\/div>\n                  <\/div>\n      <\/div>\n    <\/div>\n  <\/a>\n<\/article>\n                  <\/div>\n                  <\/div>\n  <\/div>\n<\/div>\n\n<div class=\"wp-block wp-block-core-heading heading-in-sidebar\" id=\"folj-almegas-naringspolitiska-arbete-pa-sociala-medier\"><a class='Share__link Share__link--url copy-text' href='#' rel='nofollow' data-text='folj-almegas-naringspolitiska-arbete-pa-sociala-medier' title='Dela url' data-confirmation='L\u00e4nken kopierades till urklipp'><svg class='icon icon--link'  width='18' height='18' viewBox='0 0 18 18' fill='none' xmlns='http:\/\/www.w3.org\/2000\/svg'>\n            <path d='M10.4142 0.514721L6.87868 4.05025L8.29289 5.46447L11.1213 2.63604L15.364 6.87868L12.5355 9.70711L13.9497 11.1213L17.4853 7.58579C17.8763 7.19476 17.8763 6.5626 17.4853 6.17158L11.8284 0.514721C11.4374 0.123691 10.8052 0.123691 10.4142 0.514721Z' fill='black'\/>\n            <path d='M9.7071 12.5355L6.87868 15.364L2.63604 11.1213L5.46446 8.2929L4.05025 6.87868L0.514716 10.4142C0.123686 10.8052 0.123686 11.4374 0.514716 11.8284L6.17157 17.4853C6.5626 17.8763 7.19475 17.8763 7.58578 17.4853L11.1213 13.9497L9.7071 12.5355Z' fill='black'\/>\n            <path d='M6.17157 11.8284C6.5626 12.2195 7.19475 12.2195 7.58578 11.8284L11.8284 7.58579C12.2195 7.19476 12.2195 6.56261 11.8284 6.17158C11.4374 5.78055 10.8052 5.78055 10.4142 6.17158L6.17157 10.4142C5.78054 10.8052 5.78054 11.4374 6.17157 11.8284Z' fill='black'\/>\n            <\/svg> <\/a>\n<h2 class=\"has-lightgray-background-color has-background wp-block-heading\" id=\"h-folj-almegas-naringspolitiska-arbete-pa-sociala-medier\">F\u00f6lj Almegas n\u00e4ringspolitiska arbete p\u00e5 sociala medier<\/h2>\n<\/div>\n\n\n<div class=\"wp-block-columns has-secondary-background-color has-background is-layout-flex wp-container-core-columns-is-layout-9d6595d7 wp-block-columns-is-layout-flex\">\n<div class=\"wp-block-column has-primary-background-color has-background is-layout-flow wp-block-column-is-layout-flow\"><div id=\"block-iconlink-block_24e55c1d9c8922de5023a6dcf438ec39\" class=\"Icon-link Icon-link--arrow-tip\">\n      <a href=\"https:\/\/www.instagram.com\/sverige.kan.inte.vanta\/\" target=\"\" class=\"Button is-button is-style-fill has-black-background-color has-black-border-color has-white-color Button--arrow-tip\">\n      <div class=\"Button__text\">\n        F\u00f6lj oss p\u00e5 Instagram\n      <\/div>\n      <div class=\"Button__arrow  arrow-tip \">\n                <div class=\"Button__line\"><\/div>\n                <svg class='icon icon--arrow-tip'  width=\"11\" height=\"16\" viewBox=\"0 0 11 16\" fill=\"none\" xmlns=\"http:\/\/www.w3.org\/2000\/svg\">\n<path d=\"M0.858398 15L9.2304 7.99664L0.967732 1.00001\" stroke=\"black\" stroke-width=\"2\" stroke-miterlimit=\"10\"\/>\n<\/svg>\n\n        <\/div>\n    <\/a>\n  <\/div>\n<\/div>\n\n\n\n<div class=\"wp-block-column has-lightgray-background-color has-background is-layout-flow wp-block-column-is-layout-flow\"><div id=\"block-iconlink-block_a448a4ba05057dbb33b08b069d77552b\" class=\"Icon-link Icon-link--arrow-tip\">\n      <a href=\"https:\/\/www.facebook.com\/profile.php?id=61552051127261\" target=\"\" class=\"Button is-button is-style-fill has-black-background-color has-black-border-color has-white-color Button--arrow-tip\">\n      <div class=\"Button__text\">\n        F\u00f6lj oss p\u00e5 Facebook\n      <\/div>\n      <div class=\"Button__arrow  arrow-tip \">\n                <div class=\"Button__line\"><\/div>\n                <svg class='icon icon--arrow-tip'  width=\"11\" height=\"16\" viewBox=\"0 0 11 16\" fill=\"none\" xmlns=\"http:\/\/www.w3.org\/2000\/svg\">\n<path d=\"M0.858398 15L9.2304 7.99664L0.967732 1.00001\" stroke=\"black\" stroke-width=\"2\" stroke-miterlimit=\"10\"\/>\n<\/svg>\n\n        <\/div>\n    <\/a>\n  <\/div>\n<\/div>\n\n\n\n<div class=\"wp-block-column has-green-background-color has-background is-layout-flow wp-block-column-is-layout-flow\"><div id=\"block-iconlink-block_002aa3fb45e9b119b1065aff5127bbec\" class=\"Icon-link Icon-link--arrow-tip\">\n      <a href=\"https:\/\/www.linkedin.com\/company\/almega\/mycompany\/\" target=\"\" class=\"Button is-button is-style-fill has-black-background-color has-black-border-color has-white-color Button--arrow-tip\">\n      <div class=\"Button__text\">\n        F\u00f6lj oss p\u00e5 LinkedIn\n      <\/div>\n      <div class=\"Button__arrow  arrow-tip \">\n                <div class=\"Button__line\"><\/div>\n                <svg class='icon icon--arrow-tip'  width=\"11\" height=\"16\" viewBox=\"0 0 11 16\" fill=\"none\" xmlns=\"http:\/\/www.w3.org\/2000\/svg\">\n<path d=\"M0.858398 15L9.2304 7.99664L0.967732 1.00001\" stroke=\"black\" stroke-width=\"2\" stroke-miterlimit=\"10\"\/>\n<\/svg>\n\n        <\/div>\n    <\/a>\n  <\/div>\n<\/div>\n<\/div>\n\n\n<div class=\"Listing no-bg\">\n  <div class=\"container\">\n    <div class=\"Listing__heading\">\n       <h2>L\u00e4s mer<\/h2>     <\/div>\n    <div class=\"row\">\n                            <div class=\"col-md-6 \">\n                      <article class=\"Blurb Blurb--vertical Blurb--post Blurb--vertical has-thumbnail\">\n  <a href=\"https:\/\/www.almega.se\/2023\/10\/debatt-95-000-anledningar-att-sanka-arbetsgivaravgiften\/\">\n          <div class=\"Blurb__thumbnail__wrap\">\n        <figure class=\"Blurb__thumbnail\">\n          <img loading=\"lazy\" decoding=\"async\" width=\"1834\" height=\"1026\" src=\"https:\/\/www.almega.se\/app\/uploads\/2024\/01\/Skarmavbild-2024-01-11-kl.-17.10.10.png\" class=\"attachment-small size-small wp-post-image\" alt=\"Ann \u00d6berg, Patrick Joyce och Fredrik \u00d6stbom\" srcset=\"https:\/\/www.almega.se\/app\/uploads\/2024\/01\/Skarmavbild-2024-01-11-kl.-17.10.10.png 1834w, https:\/\/www.almega.se\/app\/uploads\/2024\/01\/Skarmavbild-2024-01-11-kl.-17.10.10-580x324.png 580w, https:\/\/www.almega.se\/app\/uploads\/2024\/01\/Skarmavbild-2024-01-11-kl.-17.10.10-1180x660.png 1180w, https:\/\/www.almega.se\/app\/uploads\/2024\/01\/Skarmavbild-2024-01-11-kl.-17.10.10-380x213.png 380w, https:\/\/www.almega.se\/app\/uploads\/2024\/01\/Skarmavbild-2024-01-11-kl.-17.10.10-768x430.png 768w, https:\/\/www.almega.se\/app\/uploads\/2024\/01\/Skarmavbild-2024-01-11-kl.-17.10.10-1536x859.png 1536w\" sizes=\"auto, (max-width: 1834px) 100vw, 1834px\" \/>\n        <\/figure>\n      <\/div>\n        <div class=\"Blurb__content\">\n      <div class=\"Blurb__body\">\n        <div>\n                                <div class=\"Meta d-flex align-items-center Blurb__meta\">\n    <div class=\"Meta__group\">\n          <div class=\"Meta__date  d-flex align-items-center\">\n        <svg class='icon icon--timestamp'  width=\"16\" height=\"16\" viewBox=\"0 0 16 16\" fill=\"none\" xmlns=\"http:\/\/www.w3.org\/2000\/svg\">\n<path fill-rule=\"evenodd\" clip-rule=\"evenodd\" d=\"M10.4833 10.5818C10.7278 10.8452 10.7278 11.2723 10.4833 11.5357C10.361 11.6674 10.2008 11.7333 10.0405 11.7333C9.88023 11.7333 9.72008 11.6674 9.59781 11.5357L7.65015 9.43814C7.53273 9.31167 7.46667 9.14001 7.46667 8.96109V4.94118C7.46667 4.56868 7.74705 4.26667 8.09288 4.26667C8.4387 4.26667 8.71908 4.56868 8.71908 4.94118V8.68168L10.4833 10.5818ZM8 14.9333C4.177 14.9333 1.06667 11.823 1.06667 8C1.06667 4.177 4.177 1.06667 8 1.06667C11.8232 1.06667 14.9333 4.177 14.9333 8C14.9333 11.823 11.8232 14.9333 8 14.9333ZM8 0C3.58887 0 0 3.58887 0 8C0 12.4111 3.58887 16 8 16C12.4113 16 16 12.4111 16 8C16 3.58887 12.4113 0 8 0Z\" fill=\"black\"\/>\n<\/svg>\n\n          <time datetime=\"2023-10-23T15:06:20+00:00\">23 oktober 2023<\/time>\n      <\/div>\n              <div class=\"Meta__category\">\n        Debattartiklar\n      <\/div>\n      <\/div>\n<\/div>\n                  <\/div>\n        <h3 class=\"Blurb__title\">\n          Debatt: 95.000 anledningar att s\u00e4nka arbetsgivar&shy;avgiften\n        <\/h3>\n                  <div class=\"Blurb__text\">\n            Svenska tj\u00e4nstef\u00f6retag har betydligt h\u00f6gre personalkostnader \u00e4n sina europeiska konkurrenter. Halva f\u00f6rklaringen \u00e4r de svenska arbetsgivaravgifterna som \u00e4r de sj\u00e4tte h\u00f6gsta i EU. En s\u00e4nkning av arbetsgivaravgiften med tre procentenheter kan skapa minst 95.000 nya jobb, skriver\u00a0Almegas vd Ann \u00d6berg, n\u00e4ringspolitiska chefen\u00a0Fredrik \u00d6stbom\u00a0och chefekonomen\u00a0Patrick Joyce i Dagens Industri\n\n          <\/div>\n                <div class=\"Blurb__arrow\">\n                                <div class=\"Blurb__arrow__line\">\n              <svg class='icon icon--arrow-tip'  width=\"11\" height=\"16\" viewBox=\"0 0 11 16\" fill=\"none\" xmlns=\"http:\/\/www.w3.org\/2000\/svg\">\n<path d=\"M0.858398 15L9.2304 7.99664L0.967732 1.00001\" stroke=\"black\" stroke-width=\"2\" stroke-miterlimit=\"10\"\/>\n<\/svg>\n\n              <\/div>\n                  <\/div>\n      <\/div>\n    <\/div>\n  <\/a>\n<\/article>\n                  <\/div>\n                              <div class=\"col-md-6 \">\n                      <article class=\"Blurb Blurb--vertical Blurb--post Blurb--vertical has-thumbnail\">\n  <a href=\"https:\/\/www.almega.se\/2023\/08\/debattartikel-kom-igen-nu-svantesson-sank-arbetsgivaravgifterna\/\">\n          <div class=\"Blurb__thumbnail__wrap\">\n        <figure class=\"Blurb__thumbnail\">\n          <img loading=\"lazy\" decoding=\"async\" width=\"1920\" height=\"1080\" src=\"https:\/\/www.almega.se\/app\/uploads\/2023\/08\/Gruppbild-NP.png\" class=\"attachment-small size-small wp-post-image\" alt=\"Gruppbild. Fr\u00e5n v\u00e4nster: Jonathan Natell,Patrick Joyce och Fredrik \u00d6stbom\" srcset=\"https:\/\/www.almega.se\/app\/uploads\/2023\/08\/Gruppbild-NP.png 1920w, https:\/\/www.almega.se\/app\/uploads\/2023\/08\/Gruppbild-NP-580x326.png 580w, https:\/\/www.almega.se\/app\/uploads\/2023\/08\/Gruppbild-NP-1180x664.png 1180w, https:\/\/www.almega.se\/app\/uploads\/2023\/08\/Gruppbild-NP-380x214.png 380w, https:\/\/www.almega.se\/app\/uploads\/2023\/08\/Gruppbild-NP-768x432.png 768w, https:\/\/www.almega.se\/app\/uploads\/2023\/08\/Gruppbild-NP-1536x864.png 1536w\" sizes=\"auto, (max-width: 1920px) 100vw, 1920px\" \/>\n        <\/figure>\n      <\/div>\n        <div class=\"Blurb__content\">\n      <div class=\"Blurb__body\">\n        <div>\n                                <div class=\"Meta d-flex align-items-center Blurb__meta\">\n      <div class=\"Meta__tag item\">\n      Skatter\n      <svg class='icon icon--triangle'  width=\"26\" height=\"32\" viewBox=\"0 0 26 32\" fill=\"none\" xmlns=\"http:\/\/www.w3.org\/2000\/svg\">\n<path fill-rule=\"evenodd\" clip-rule=\"evenodd\" d=\"M13.1315 0H0V32H13.1315L26 16L13.1315 0ZM9 18.581C10.6569 18.581 12 17.1946 12 15.4843C12 13.774 10.6569 12.3875 9 12.3875C7.34315 12.3875 6 13.774 6 15.4843C6 17.1946 7.34315 18.581 9 18.581Z\" fill=\"#FDDCC0\"\/>\n<\/svg>\n\n      <\/div>\n    <div class=\"Meta__group\">\n          <div class=\"Meta__date  d-flex align-items-center\">\n        <svg class='icon icon--timestamp'  width=\"16\" height=\"16\" viewBox=\"0 0 16 16\" fill=\"none\" xmlns=\"http:\/\/www.w3.org\/2000\/svg\">\n<path fill-rule=\"evenodd\" clip-rule=\"evenodd\" d=\"M10.4833 10.5818C10.7278 10.8452 10.7278 11.2723 10.4833 11.5357C10.361 11.6674 10.2008 11.7333 10.0405 11.7333C9.88023 11.7333 9.72008 11.6674 9.59781 11.5357L7.65015 9.43814C7.53273 9.31167 7.46667 9.14001 7.46667 8.96109V4.94118C7.46667 4.56868 7.74705 4.26667 8.09288 4.26667C8.4387 4.26667 8.71908 4.56868 8.71908 4.94118V8.68168L10.4833 10.5818ZM8 14.9333C4.177 14.9333 1.06667 11.823 1.06667 8C1.06667 4.177 4.177 1.06667 8 1.06667C11.8232 1.06667 14.9333 4.177 14.9333 8C14.9333 11.823 11.8232 14.9333 8 14.9333ZM8 0C3.58887 0 0 3.58887 0 8C0 12.4111 3.58887 16 8 16C12.4113 16 16 12.4111 16 8C16 3.58887 12.4113 0 8 0Z\" fill=\"black\"\/>\n<\/svg>\n\n          <time datetime=\"2023-08-17T12:11:00+00:00\">17 augusti 2023<\/time>\n      <\/div>\n              <div class=\"Meta__category\">\n        Debattartiklar\n      <\/div>\n      <\/div>\n<\/div>\n                  <\/div>\n        <h3 class=\"Blurb__title\">\n          Debatt: Kom igen nu Svantesson, s\u00e4nk arbetsgivar&shy;avgifterna\n        <\/h3>\n                  <div class=\"Blurb__text\">\n            Sveriges h\u00f6ga arbetsgivaravgifter h\u00e4mmar skapandet av nya jobb och \u00f6kar kostnaderna f\u00f6r att beh\u00e5lla befintlig personal. Mer om det i debattartikeln &#8221;Kom igen nu Svantesson, s\u00e4nk arbetsgivaravgifterna&#8221;.\n          <\/div>\n                <div class=\"Blurb__arrow\">\n                                <div class=\"Blurb__arrow__line\">\n              <svg class='icon icon--arrow-tip'  width=\"11\" height=\"16\" viewBox=\"0 0 11 16\" fill=\"none\" xmlns=\"http:\/\/www.w3.org\/2000\/svg\">\n<path d=\"M0.858398 15L9.2304 7.99664L0.967732 1.00001\" stroke=\"black\" stroke-width=\"2\" stroke-miterlimit=\"10\"\/>\n<\/svg>\n\n              <\/div>\n                  <\/div>\n      <\/div>\n    <\/div>\n  <\/a>\n<\/article>\n                  <\/div>\n                              <div class=\"col-md-6 \">\n                      <article class=\"Blurb Blurb--vertical Blurb--post Blurb--vertical has-thumbnail\">\n  <a href=\"https:\/\/www.almega.se\/2022\/11\/fa-forslag-som-gynnar-foretagande\/\">\n          <div class=\"Blurb__thumbnail__wrap\">\n        <figure class=\"Blurb__thumbnail\">\n          <img loading=\"lazy\" decoding=\"async\" width=\"2560\" height=\"1737\" src=\"https:\/\/www.almega.se\/app\/uploads\/2022\/11\/nypressbildfredrik2-scaled.jpg\" class=\"attachment-small size-small wp-post-image\" alt=\"\" srcset=\"https:\/\/www.almega.se\/app\/uploads\/2022\/11\/nypressbildfredrik2-scaled.jpg 2560w, https:\/\/www.almega.se\/app\/uploads\/2022\/11\/nypressbildfredrik2-580x394.jpg 580w, https:\/\/www.almega.se\/app\/uploads\/2022\/11\/nypressbildfredrik2-1180x801.jpg 1180w, https:\/\/www.almega.se\/app\/uploads\/2022\/11\/nypressbildfredrik2-380x258.jpg 380w, https:\/\/www.almega.se\/app\/uploads\/2022\/11\/nypressbildfredrik2-768x521.jpg 768w, https:\/\/www.almega.se\/app\/uploads\/2022\/11\/nypressbildfredrik2-1536x1042.jpg 1536w, https:\/\/www.almega.se\/app\/uploads\/2022\/11\/nypressbildfredrik2-2048x1390.jpg 2048w\" sizes=\"auto, (max-width: 2560px) 100vw, 2560px\" \/>\n        <\/figure>\n      <\/div>\n        <div class=\"Blurb__content\">\n      <div class=\"Blurb__body\">\n        <div>\n                                <div class=\"Meta d-flex align-items-center Blurb__meta\">\n      <div class=\"Meta__tag item\">\n      Arbetsmarknad\n      <svg class='icon icon--triangle'  width=\"26\" height=\"32\" viewBox=\"0 0 26 32\" fill=\"none\" xmlns=\"http:\/\/www.w3.org\/2000\/svg\">\n<path fill-rule=\"evenodd\" clip-rule=\"evenodd\" d=\"M13.1315 0H0V32H13.1315L26 16L13.1315 0ZM9 18.581C10.6569 18.581 12 17.1946 12 15.4843C12 13.774 10.6569 12.3875 9 12.3875C7.34315 12.3875 6 13.774 6 15.4843C6 17.1946 7.34315 18.581 9 18.581Z\" fill=\"#FDDCC0\"\/>\n<\/svg>\n\n      <\/div>\n    <div class=\"Meta__group\">\n          <div class=\"Meta__date  d-flex align-items-center\">\n        <svg class='icon icon--timestamp'  width=\"16\" height=\"16\" viewBox=\"0 0 16 16\" fill=\"none\" xmlns=\"http:\/\/www.w3.org\/2000\/svg\">\n<path fill-rule=\"evenodd\" clip-rule=\"evenodd\" d=\"M10.4833 10.5818C10.7278 10.8452 10.7278 11.2723 10.4833 11.5357C10.361 11.6674 10.2008 11.7333 10.0405 11.7333C9.88023 11.7333 9.72008 11.6674 9.59781 11.5357L7.65015 9.43814C7.53273 9.31167 7.46667 9.14001 7.46667 8.96109V4.94118C7.46667 4.56868 7.74705 4.26667 8.09288 4.26667C8.4387 4.26667 8.71908 4.56868 8.71908 4.94118V8.68168L10.4833 10.5818ZM8 14.9333C4.177 14.9333 1.06667 11.823 1.06667 8C1.06667 4.177 4.177 1.06667 8 1.06667C11.8232 1.06667 14.9333 4.177 14.9333 8C14.9333 11.823 11.8232 14.9333 8 14.9333ZM8 0C3.58887 0 0 3.58887 0 8C0 12.4111 3.58887 16 8 16C12.4113 16 16 12.4111 16 8C16 3.58887 12.4113 0 8 0Z\" fill=\"black\"\/>\n<\/svg>\n\n          <time datetime=\"2022-11-10T08:10:38+00:00\">10 november 2022<\/time>\n      <\/div>\n              <div class=\"Meta__category\">\n        Nyheter\n      <\/div>\n      <\/div>\n<\/div>\n                  <\/div>\n        <h3 class=\"Blurb__title\">\n          F\u00e5 f\u00f6rslag som gynnar f\u00f6retagande\n        <\/h3>\n                  <div class=\"Blurb__text\">\n            Den nya regeringen har presenterat sin budget f\u00f6r n\u00e4sta \u00e5r. Almega har granskat inneh\u00e5llet och tyv\u00e4rr \u00e4r det f\u00e5 f\u00f6rslag som gynnar f\u00f6retagande, jobb och tillv\u00e4xt. \u201dSpeciellt bekymmersamt givet att vi \u00e4r p\u00e5 v\u00e4g in i en l\u00e5gkonjunktur\u201d, s\u00e4ger Fredrik \u00d6stbom, n\u00e4ringspolitisk chef p\u00e5 Almega.\n\n          <\/div>\n                <div class=\"Blurb__arrow\">\n                                <div class=\"Blurb__arrow__line\">\n              <svg class='icon icon--arrow-tip'  width=\"11\" height=\"16\" viewBox=\"0 0 11 16\" fill=\"none\" xmlns=\"http:\/\/www.w3.org\/2000\/svg\">\n<path d=\"M0.858398 15L9.2304 7.99664L0.967732 1.00001\" stroke=\"black\" stroke-width=\"2\" stroke-miterlimit=\"10\"\/>\n<\/svg>\n\n              <\/div>\n                  <\/div>\n      <\/div>\n    <\/div>\n  <\/a>\n<\/article>\n                  <\/div>\n                              <div class=\"col-md-6 \">\n                      <article class=\"Blurb Blurb--vertical Blurb--post Blurb--vertical has-thumbnail\">\n  <a href=\"https:\/\/www.almega.se\/2023\/02\/debatt-sa-kan-den-nya-centerledningen-starka-tjanstesektorn\/\">\n          <div class=\"Blurb__thumbnail__wrap\">\n        <figure class=\"Blurb__thumbnail\">\n          <img loading=\"lazy\" decoding=\"async\" width=\"960\" height=\"496\" src=\"https:\/\/www.almega.se\/app\/uploads\/2024\/01\/407420.jpeg\" class=\"attachment-small size-small wp-post-image\" alt=\"Muharrem Demirok f\u00e5r tips fr\u00e5n Almega\" srcset=\"https:\/\/www.almega.se\/app\/uploads\/2024\/01\/407420.jpeg 960w, https:\/\/www.almega.se\/app\/uploads\/2024\/01\/407420-580x300.jpeg 580w, https:\/\/www.almega.se\/app\/uploads\/2024\/01\/407420-380x196.jpeg 380w, https:\/\/www.almega.se\/app\/uploads\/2024\/01\/407420-768x397.jpeg 768w\" sizes=\"auto, (max-width: 960px) 100vw, 960px\" \/>\n        <\/figure>\n      <\/div>\n        <div class=\"Blurb__content\">\n      <div class=\"Blurb__body\">\n        <div>\n                                <div class=\"Meta d-flex align-items-center Blurb__meta\">\n      <div class=\"Meta__tag item\">\n      Tj\u00e4nstesektorns betydelse\n      <svg class='icon icon--triangle'  width=\"26\" height=\"32\" viewBox=\"0 0 26 32\" fill=\"none\" xmlns=\"http:\/\/www.w3.org\/2000\/svg\">\n<path fill-rule=\"evenodd\" clip-rule=\"evenodd\" d=\"M13.1315 0H0V32H13.1315L26 16L13.1315 0ZM9 18.581C10.6569 18.581 12 17.1946 12 15.4843C12 13.774 10.6569 12.3875 9 12.3875C7.34315 12.3875 6 13.774 6 15.4843C6 17.1946 7.34315 18.581 9 18.581Z\" fill=\"#FDDCC0\"\/>\n<\/svg>\n\n      <\/div>\n    <div class=\"Meta__group\">\n          <div class=\"Meta__date  d-flex align-items-center\">\n        <svg class='icon icon--timestamp'  width=\"16\" height=\"16\" viewBox=\"0 0 16 16\" fill=\"none\" xmlns=\"http:\/\/www.w3.org\/2000\/svg\">\n<path fill-rule=\"evenodd\" clip-rule=\"evenodd\" d=\"M10.4833 10.5818C10.7278 10.8452 10.7278 11.2723 10.4833 11.5357C10.361 11.6674 10.2008 11.7333 10.0405 11.7333C9.88023 11.7333 9.72008 11.6674 9.59781 11.5357L7.65015 9.43814C7.53273 9.31167 7.46667 9.14001 7.46667 8.96109V4.94118C7.46667 4.56868 7.74705 4.26667 8.09288 4.26667C8.4387 4.26667 8.71908 4.56868 8.71908 4.94118V8.68168L10.4833 10.5818ZM8 14.9333C4.177 14.9333 1.06667 11.823 1.06667 8C1.06667 4.177 4.177 1.06667 8 1.06667C11.8232 1.06667 14.9333 4.177 14.9333 8C14.9333 11.823 11.8232 14.9333 8 14.9333ZM8 0C3.58887 0 0 3.58887 0 8C0 12.4111 3.58887 16 8 16C12.4113 16 16 12.4111 16 8C16 3.58887 12.4113 0 8 0Z\" fill=\"black\"\/>\n<\/svg>\n\n          <time datetime=\"2023-02-02T10:08:00+00:00\">2 februari 2023<\/time>\n      <\/div>\n              <div class=\"Meta__category\">\n        Debattartiklar\n      <\/div>\n      <\/div>\n<\/div>\n                  <\/div>\n        <h3 class=\"Blurb__title\">\n          Debatt: S\u00e5 kan den nya centerledningen st\u00e4rka tj\u00e4nstesektorn\n        <\/h3>\n                  <div class=\"Blurb__text\">\n            F\u00f6r att mildra l\u00e5gkonjunkturens effekt p\u00e5 Sveriges fortsatta utveckling \u00e4r det helt avg\u00f6rande att tj\u00e4nstesektorn ges \u00e4nnu b\u00e4ttre f\u00f6ruts\u00e4ttningar. Det skriver Ann \u00d6berg och Fredrik \u00d6stbom, Almega, och tipsar det nya ledarskapet f\u00f6r Centerpartiet om flera reformf\u00f6rslag.\n\n          <\/div>\n                <div class=\"Blurb__arrow\">\n                                <div class=\"Blurb__arrow__line\">\n              <svg class='icon icon--arrow-tip'  width=\"11\" height=\"16\" viewBox=\"0 0 11 16\" fill=\"none\" xmlns=\"http:\/\/www.w3.org\/2000\/svg\">\n<path d=\"M0.858398 15L9.2304 7.99664L0.967732 1.00001\" stroke=\"black\" stroke-width=\"2\" stroke-miterlimit=\"10\"\/>\n<\/svg>\n\n              <\/div>\n                  <\/div>\n      <\/div>\n    <\/div>\n  <\/a>\n<\/article>\n                  <\/div>\n                  <\/div>\n  <\/div>\n<\/div>\n\n<div id=\"block-contact-block_8d25afd34bcfe3697ad51f262f6eb79f\" class=\"Contact\">\n      <div class=\"Contact__title\">\n      <p>Kontaktperson f\u00f6r fr\u00e5gor r\u00f6rande arbetsgivaravgifter<\/p>\n\n    <\/div>\n    <div class=\" row \">\n              <div class=\"col-lg-12 pb-md-4 pb-3\">\n          <div class=\"Contact-card   --has-image \">\n             <a href=\"https:\/\/www.almega.se\/person\/patrickjoyce\/\">\n          <figure class=\"Contact-card__image\">\n            <img decoding=\"async\" src=\"https:\/\/www.almega.se\/app\/uploads\/2026\/03\/Patrick_Joyce__DSF0902-380x285.jpg\" alt=\"Patrick Joyce\">\n          <\/figure>\n        <\/a>\n          <div class=\"Contact-card__body\">\n      <h2 class=\"Contact-card__title\">Patrick Joyce<\/h2>\n      <p class=\"mb-0\">Chefekonom<\/p>\n      \n              <p class=\"mb-2\">Stockholm<\/p>\n                    <p>\n                      <a href=\"tel:+46 8 762 6967\">+46 8 762 6967<\/a>\n                                <a href=\"tel:+46 76 018 70 34\">+46 76 018 70 34<\/a>\n                                <a href=\"mailto:patrick.joyce@almega.se\">E-post<\/a>\n                  <\/p>\n            <a href=\"https:\/\/www.almega.se\/person\/patrickjoyce\/\" class=\"Contact-card__link\">\n        <div class=\"Contact-card__arrow\">\n          <p class=\"Contact-card__arrow__text\">L\u00e4s mer<\/p>\n          <div class=\"Contact-card__arrow__line\"><\/div>\n          <svg class='icon icon--arrow-tip'  width=\"11\" height=\"16\" viewBox=\"0 0 11 16\" fill=\"none\" xmlns=\"http:\/\/www.w3.org\/2000\/svg\">\n<path d=\"M0.858398 15L9.2304 7.99664L0.967732 1.00001\" stroke=\"black\" stroke-width=\"2\" stroke-miterlimit=\"10\"\/>\n<\/svg>\n\n          <\/div>\n      <\/a>\n\n      \n    <\/div>\n  <\/div>\n        <\/div>\n          <\/div>\n    <\/div>\n\n\n<div id=\"block-iconlink-block_be77d1baed466f74c604601835672997\" class=\"Icon-link Icon-link--arrow-tip\">\n      <a href=\"https:\/\/www.almega.se\/vart-naringspolitiska-arbete\/\" target=\"\" class=\"Button is-button is-fullwidth is-style-fill has-primary-background-color has-primary-border-color Button--arrow-tip\">\n      <div class=\"Button__text\">\n        V\u00e5rt n\u00e4rings\u00adpolitiska arbete\n      <\/div>\n      <div class=\"Button__arrow  arrow-tip \">\n                <div class=\"Button__line\"><\/div>\n                <svg class='icon icon--arrow-tip'  width=\"11\" height=\"16\" viewBox=\"0 0 11 16\" fill=\"none\" xmlns=\"http:\/\/www.w3.org\/2000\/svg\">\n<path d=\"M0.858398 15L9.2304 7.99664L0.967732 1.00001\" stroke=\"black\" stroke-width=\"2\" stroke-miterlimit=\"10\"\/>\n<\/svg>\n\n        <\/div>\n    <\/a>\n  <\/div>\n","protected":false},"excerpt":{"rendered":"<p>Kostnaden f\u00f6r att anst\u00e4lla \u00e4r h\u00f6gre i Sverige \u00e4n i de flesta av v\u00e5ra konkurrentl\u00e4nder. Men det beror inte p\u00e5 l\u00f6nerna i Sverige, utan p\u00e5 v\u00e5ra h\u00f6ga arbetsgivaravgifter.<\/p>\n","protected":false},"author":6058,"featured_media":47305,"parent":0,"menu_order":0,"comment_status":"closed","ping_status":"closed","template":"","meta":{"_acf_changed":false,"footnotes":""},"article_type":[],"agreement":[],"class_list":["post-47031","page","type-page","status-publish","has-post-thumbnail","hentry"],"acf":[],"yoast_head":"<!-- This site is optimized with the Yoast SEO Premium plugin v26.8 (Yoast SEO v26.8) - https:\/\/yoast.com\/product\/yoast-seo-premium-wordpress\/ -->\n<title>S\u00e4nk arbetsgivaravgifterna | Almega<\/title>\n<meta name=\"description\" content=\"Kostnaden f\u00f6r att anst\u00e4lla \u00e4r h\u00f6gre i Sverige p\u00e5 grund av arbetsgivaravgifterna, som \u00e4r bland de h\u00f6gsta i Europa och m\u00e5ste s\u00e4nkas.\" \/>\n<meta name=\"robots\" content=\"index, follow, max-snippet:-1, max-image-preview:large, max-video-preview:-1\" \/>\n<link rel=\"canonical\" href=\"https:\/\/www.almega.se\/sank-arbetsgivaravgifterna\/\" \/>\n<meta property=\"og:locale\" content=\"sv_SE\" \/>\n<meta property=\"og:type\" content=\"article\" \/>\n<meta property=\"og:title\" content=\"S\u00e4nk arbetsgivaravgifterna\" \/>\n<meta property=\"og:description\" content=\"Kostnaden f\u00f6r att anst\u00e4lla \u00e4r h\u00f6gre i Sverige p\u00e5 grund av arbetsgivaravgifterna, som \u00e4r bland de h\u00f6gsta i Europa och m\u00e5ste s\u00e4nkas.\" \/>\n<meta property=\"og:url\" content=\"https:\/\/www.almega.se\/sank-arbetsgivaravgifterna\/\" \/>\n<meta property=\"og:site_name\" content=\"Almega\" \/>\n<meta property=\"article:modified_time\" content=\"2024-09-20T12:20:55+00:00\" \/>\n<meta property=\"og:image\" content=\"https:\/\/www.almega.se\/app\/uploads\/2022\/09\/gettyimages-1300207759-scaled-e1662034867788.jpg\" \/>\n\t<meta property=\"og:image:width\" content=\"2560\" \/>\n\t<meta property=\"og:image:height\" content=\"1094\" \/>\n\t<meta property=\"og:image:type\" content=\"image\/jpeg\" \/>\n<meta name=\"twitter:card\" content=\"summary_large_image\" \/>\n<meta name=\"twitter:label1\" content=\"Ber\u00e4knad l\u00e4stid\" \/>\n\t<meta name=\"twitter:data1\" content=\"2 minuter\" \/>\n<script type=\"application\/ld+json\" class=\"yoast-schema-graph\">{\"@context\":\"https:\/\/schema.org\",\"@graph\":[{\"@type\":\"WebPage\",\"@id\":\"https:\/\/www.almega.se\/sank-arbetsgivaravgifterna\/\",\"url\":\"https:\/\/www.almega.se\/sank-arbetsgivaravgifterna\/\",\"name\":\"S\u00e4nk arbetsgivaravgifterna | Almega\",\"isPartOf\":{\"@id\":\"https:\/\/www.almega.se\/#website\"},\"primaryImageOfPage\":{\"@id\":\"https:\/\/www.almega.se\/sank-arbetsgivaravgifterna\/#primaryimage\"},\"image\":{\"@id\":\"https:\/\/www.almega.se\/sank-arbetsgivaravgifterna\/#primaryimage\"},\"thumbnailUrl\":\"https:\/\/www.almega.se\/app\/uploads\/2022\/09\/gettyimages-1300207759-scaled-e1662034867788.jpg\",\"datePublished\":\"2022-08-26T09:15:02+00:00\",\"dateModified\":\"2024-09-20T12:20:55+00:00\",\"description\":\"Kostnaden f\u00f6r att anst\u00e4lla \u00e4r h\u00f6gre i Sverige p\u00e5 grund av arbetsgivaravgifterna, som \u00e4r bland de h\u00f6gsta i Europa och m\u00e5ste s\u00e4nkas.\",\"breadcrumb\":{\"@id\":\"https:\/\/www.almega.se\/sank-arbetsgivaravgifterna\/#breadcrumb\"},\"inLanguage\":\"sv-SE\",\"potentialAction\":[{\"@type\":\"ReadAction\",\"target\":[\"https:\/\/www.almega.se\/sank-arbetsgivaravgifterna\/\"]}]},{\"@type\":\"ImageObject\",\"inLanguage\":\"sv-SE\",\"@id\":\"https:\/\/www.almega.se\/sank-arbetsgivaravgifterna\/#primaryimage\",\"url\":\"https:\/\/www.almega.se\/app\/uploads\/2022\/09\/gettyimages-1300207759-scaled-e1662034867788.jpg\",\"contentUrl\":\"https:\/\/www.almega.se\/app\/uploads\/2022\/09\/gettyimages-1300207759-scaled-e1662034867788.jpg\",\"width\":2560,\"height\":1094,\"caption\":\"Business people handshaking after business meeting. Female manager is content whit this male candidate.\"},{\"@type\":\"BreadcrumbList\",\"@id\":\"https:\/\/www.almega.se\/sank-arbetsgivaravgifterna\/#breadcrumb\",\"itemListElement\":[{\"@type\":\"ListItem\",\"position\":1,\"name\":\"Home\",\"item\":\"https:\/\/www.almega.se\/\"},{\"@type\":\"ListItem\",\"position\":2,\"name\":\"S\u00e4nk arbetsgivar&shy;avgifterna\"}]},{\"@type\":\"WebSite\",\"@id\":\"https:\/\/www.almega.se\/#website\",\"url\":\"https:\/\/www.almega.se\/\",\"name\":\"Almega\",\"description\":\"\",\"potentialAction\":[{\"@type\":\"SearchAction\",\"target\":{\"@type\":\"EntryPoint\",\"urlTemplate\":\"https:\/\/www.almega.se\/?s={search_term_string}\"},\"query-input\":{\"@type\":\"PropertyValueSpecification\",\"valueRequired\":true,\"valueName\":\"search_term_string\"}}],\"inLanguage\":\"sv-SE\"}]}<\/script>\n<!-- \/ Yoast SEO Premium plugin. -->","yoast_head_json":{"title":"S\u00e4nk arbetsgivaravgifterna | Almega","description":"Kostnaden f\u00f6r att anst\u00e4lla \u00e4r h\u00f6gre i Sverige p\u00e5 grund av arbetsgivaravgifterna, som \u00e4r bland de h\u00f6gsta i Europa och m\u00e5ste s\u00e4nkas.","robots":{"index":"index","follow":"follow","max-snippet":"max-snippet:-1","max-image-preview":"max-image-preview:large","max-video-preview":"max-video-preview:-1"},"canonical":"https:\/\/www.almega.se\/sank-arbetsgivaravgifterna\/","og_locale":"sv_SE","og_type":"article","og_title":"S\u00e4nk arbetsgivaravgifterna","og_description":"Kostnaden f\u00f6r att anst\u00e4lla \u00e4r h\u00f6gre i Sverige p\u00e5 grund av arbetsgivaravgifterna, som \u00e4r bland de h\u00f6gsta i Europa och m\u00e5ste s\u00e4nkas.","og_url":"https:\/\/www.almega.se\/sank-arbetsgivaravgifterna\/","og_site_name":"Almega","article_modified_time":"2024-09-20T12:20:55+00:00","og_image":[{"width":2560,"height":1094,"url":"https:\/\/www.almega.se\/app\/uploads\/2022\/09\/gettyimages-1300207759-scaled-e1662034867788.jpg","type":"image\/jpeg"}],"twitter_card":"summary_large_image","twitter_misc":{"Ber\u00e4knad l\u00e4stid":"2 minuter"},"schema":{"@context":"https:\/\/schema.org","@graph":[{"@type":"WebPage","@id":"https:\/\/www.almega.se\/sank-arbetsgivaravgifterna\/","url":"https:\/\/www.almega.se\/sank-arbetsgivaravgifterna\/","name":"S\u00e4nk arbetsgivaravgifterna | Almega","isPartOf":{"@id":"https:\/\/www.almega.se\/#website"},"primaryImageOfPage":{"@id":"https:\/\/www.almega.se\/sank-arbetsgivaravgifterna\/#primaryimage"},"image":{"@id":"https:\/\/www.almega.se\/sank-arbetsgivaravgifterna\/#primaryimage"},"thumbnailUrl":"https:\/\/www.almega.se\/app\/uploads\/2022\/09\/gettyimages-1300207759-scaled-e1662034867788.jpg","datePublished":"2022-08-26T09:15:02+00:00","dateModified":"2024-09-20T12:20:55+00:00","description":"Kostnaden f\u00f6r att anst\u00e4lla \u00e4r h\u00f6gre i Sverige p\u00e5 grund av arbetsgivaravgifterna, som \u00e4r bland de h\u00f6gsta i Europa och m\u00e5ste s\u00e4nkas.","breadcrumb":{"@id":"https:\/\/www.almega.se\/sank-arbetsgivaravgifterna\/#breadcrumb"},"inLanguage":"sv-SE","potentialAction":[{"@type":"ReadAction","target":["https:\/\/www.almega.se\/sank-arbetsgivaravgifterna\/"]}]},{"@type":"ImageObject","inLanguage":"sv-SE","@id":"https:\/\/www.almega.se\/sank-arbetsgivaravgifterna\/#primaryimage","url":"https:\/\/www.almega.se\/app\/uploads\/2022\/09\/gettyimages-1300207759-scaled-e1662034867788.jpg","contentUrl":"https:\/\/www.almega.se\/app\/uploads\/2022\/09\/gettyimages-1300207759-scaled-e1662034867788.jpg","width":2560,"height":1094,"caption":"Business people handshaking after business meeting. Female manager is content whit this male candidate."},{"@type":"BreadcrumbList","@id":"https:\/\/www.almega.se\/sank-arbetsgivaravgifterna\/#breadcrumb","itemListElement":[{"@type":"ListItem","position":1,"name":"Home","item":"https:\/\/www.almega.se\/"},{"@type":"ListItem","position":2,"name":"S\u00e4nk arbetsgivar&shy;avgifterna"}]},{"@type":"WebSite","@id":"https:\/\/www.almega.se\/#website","url":"https:\/\/www.almega.se\/","name":"Almega","description":"","potentialAction":[{"@type":"SearchAction","target":{"@type":"EntryPoint","urlTemplate":"https:\/\/www.almega.se\/?s={search_term_string}"},"query-input":{"@type":"PropertyValueSpecification","valueRequired":true,"valueName":"search_term_string"}}],"inLanguage":"sv-SE"}]}},"_links":{"self":[{"href":"https:\/\/www.almega.se\/api\/wp\/v2\/pages\/47031","targetHints":{"allow":["GET"]}}],"collection":[{"href":"https:\/\/www.almega.se\/api\/wp\/v2\/pages"}],"about":[{"href":"https:\/\/www.almega.se\/api\/wp\/v2\/types\/page"}],"author":[{"embeddable":true,"href":"https:\/\/www.almega.se\/api\/wp\/v2\/users\/6058"}],"replies":[{"embeddable":true,"href":"https:\/\/www.almega.se\/api\/wp\/v2\/comments?post=47031"}],"version-history":[{"count":18,"href":"https:\/\/www.almega.se\/api\/wp\/v2\/pages\/47031\/revisions"}],"predecessor-version":[{"id":76091,"href":"https:\/\/www.almega.se\/api\/wp\/v2\/pages\/47031\/revisions\/76091"}],"wp:featuredmedia":[{"embeddable":true,"href":"https:\/\/www.almega.se\/api\/wp\/v2\/media\/47305"}],"wp:attachment":[{"href":"https:\/\/www.almega.se\/api\/wp\/v2\/media?parent=47031"}],"wp:term":[{"taxonomy":"type","embeddable":true,"href":"https:\/\/www.almega.se\/api\/wp\/v2\/article_type?post=47031"},{"taxonomy":"agreement","embeddable":true,"href":"https:\/\/www.almega.se\/api\/wp\/v2\/agreement?post=47031"}],"curies":[{"name":"wp","href":"https:\/\/api.w.org\/{rel}","templated":true}]}}