{"id":18555,"date":"2018-08-15T11:39:56","date_gmt":"2018-08-15T09:39:56","guid":{"rendered":"https:\/\/www.almega.se\/?page_id=18555"},"modified":"2023-10-25T09:50:16","modified_gmt":"2023-10-25T07:50:16","slug":"darfor-behovs-valfardsforetagen","status":"publish","type":"page","link":"https:\/\/www.almega.se\/darfor-behovs-valfardsforetagen\/","title":{"rendered":"D\u00e4rf\u00f6r beh\u00f6vs v\u00e4lf\u00e4rds&shy;f\u00f6retagen"},"content":{"rendered":"<div id=\"block-hero-block_5b0af61a9aeb553982d6d2e3f77757f6\" class=\"Hero has-lightgray-background-color has-paragraph-text\">\n\n    \n  <div class=\"Hero__inner container has-lightgray-background-color\">\n              <div class=\"Hero__title\">\n          <h1>D\u00e4rf\u00f6r beh\u00f6vs<i> v\u00e4lf\u00e4rds&shy;f\u00f6retagen<\/i><\/h1>\n        <\/div>\n                    <div class=\"Hero__text\">\n          <p>Sveriges befolkning v\u00e4ntas v\u00e4xa snabbt samtidigt som vi blir allt \u00e4ldre. Det inneb\u00e4r att vi beh\u00f6ver fler platser f\u00f6r b\u00e5de elever och patienter. <\/p>\n\n        <\/div>\n                    <\/div>\n<\/div>\n\n\n\n<div class=\"wp-block-group has-secondary-background-color has-background is-layout-constrained wp-block-group-is-layout-constrained\"><div class=\"wp-block wp-block-core-heading heading-in-sidebar\" id=\"8-a-10-valfardsforetag-kan-forsvinna\"><a class='Share__link Share__link--url copy-text' href='#' rel='nofollow' data-text='8-a-10-valfardsforetag-kan-forsvinna' title='Dela url' data-confirmation='L\u00e4nken kopierades till urklipp'><svg class='icon icon--link'  width='18' height='18' viewBox='0 0 18 18' fill='none' xmlns='http:\/\/www.w3.org\/2000\/svg'>\n            <path d='M10.4142 0.514721L6.87868 4.05025L8.29289 5.46447L11.1213 2.63604L15.364 6.87868L12.5355 9.70711L13.9497 11.1213L17.4853 7.58579C17.8763 7.19476 17.8763 6.5626 17.4853 6.17158L11.8284 0.514721C11.4374 0.123691 10.8052 0.123691 10.4142 0.514721Z' fill='black'\/>\n            <path d='M9.7071 12.5355L6.87868 15.364L2.63604 11.1213L5.46446 8.2929L4.05025 6.87868L0.514716 10.4142C0.123686 10.8052 0.123686 11.4374 0.514716 11.8284L6.17157 17.4853C6.5626 17.8763 7.19475 17.8763 7.58578 17.4853L11.1213 13.9497L9.7071 12.5355Z' fill='black'\/>\n            <path d='M6.17157 11.8284C6.5626 12.2195 7.19475 12.2195 7.58578 11.8284L11.8284 7.58579C12.2195 7.19476 12.2195 6.56261 11.8284 6.17158C11.4374 5.78055 10.8052 5.78055 10.4142 6.17158L6.17157 10.4142C5.78054 10.8052 5.78054 11.4374 6.17157 11.8284Z' fill='black'\/>\n            <\/svg> <\/a>\n<h2 class=\"wp-block-heading\">8 a 10 v\u00e4lf\u00e4rdsf\u00f6retag kan f\u00f6rsvinna<\/h2>\n<\/div>\n\n<div class=\"wp-block wp-block-core-paragraph\">\n<p class=\"has-normal-font-size\">Redan nu bed\u00f6mer till exempel 4 av 10 av landets kommuner att de inte kommer kunna tillgodose efterfr\u00e5gan p\u00e5 platser i \u00e4ldreboenden om fem \u00e5r. Samtidigt finns det politiska f\u00f6rslag som vill stoppa valfriheten i v\u00e4lf\u00e4rden.<\/p>\n<\/div>\n\n<div class=\"wp-block wp-block-core-paragraph\">\n<p>Med ett s\u00e5dant f\u00f6rslag riskerar 8 av 10 av v\u00e4lf\u00e4rds\u00adf\u00f6retag att f\u00f6rsvinna. Det skulle inneb\u00e4ra dramatiskt \u00f6kade krav p\u00e5 kommuner och landstings v\u00e4lf\u00e4rdskapacitet.<\/p>\n<\/div>\n\n<div class=\"wp-block wp-block-core-paragraph\">\n<p class=\"has-normal-font-size\">F\u00f6r att vi ska klara de utmaningar som Sverige st\u00e5r inf\u00f6r beh\u00f6ver vi v\u00e4lf\u00e4rds\u00adf\u00f6retagen.<\/p>\n<\/div><\/div>\n\n\n\n<div class=\"wp-block-columns is-layout-flex wp-container-core-columns-is-layout-9d6595d7 wp-block-columns-is-layout-flex\">\n<div class=\"wp-block-column is-layout-flow wp-block-column-is-layout-flow\"><div class=\"wp-block wp-block-core-paragraph\">\n<p><\/p>\n<\/div>\n\n<div class=\"wp-block wp-block-core-heading heading-in-sidebar\" id=\"vanliga-myter-om-valfards\u00adforetag-inom-vard-och-skola\"><a class='Share__link Share__link--url copy-text' href='#' rel='nofollow' data-text='vanliga-myter-om-valfards\u00adforetag-inom-vard-och-skola' title='Dela url' data-confirmation='L\u00e4nken kopierades till urklipp'><svg class='icon icon--link'  width='18' height='18' viewBox='0 0 18 18' fill='none' xmlns='http:\/\/www.w3.org\/2000\/svg'>\n            <path d='M10.4142 0.514721L6.87868 4.05025L8.29289 5.46447L11.1213 2.63604L15.364 6.87868L12.5355 9.70711L13.9497 11.1213L17.4853 7.58579C17.8763 7.19476 17.8763 6.5626 17.4853 6.17158L11.8284 0.514721C11.4374 0.123691 10.8052 0.123691 10.4142 0.514721Z' fill='black'\/>\n            <path d='M9.7071 12.5355L6.87868 15.364L2.63604 11.1213L5.46446 8.2929L4.05025 6.87868L0.514716 10.4142C0.123686 10.8052 0.123686 11.4374 0.514716 11.8284L6.17157 17.4853C6.5626 17.8763 7.19475 17.8763 7.58578 17.4853L11.1213 13.9497L9.7071 12.5355Z' fill='black'\/>\n            <path d='M6.17157 11.8284C6.5626 12.2195 7.19475 12.2195 7.58578 11.8284L11.8284 7.58579C12.2195 7.19476 12.2195 6.56261 11.8284 6.17158C11.4374 5.78055 10.8052 5.78055 10.4142 6.17158L6.17157 10.4142C5.78054 10.8052 5.78054 11.4374 6.17157 11.8284Z' fill='black'\/>\n            <\/svg> <\/a>\n<h2 class=\"wp-block-heading\">Vanliga myter om v\u00e4lf\u00e4rds\u00adf\u00f6retag inom v\u00e5rd och skola<\/h2>\n<\/div>\n\n<div class=\"wp-block wp-block-core-heading\" id=\"myt-1:-man-drar-ned-pa-kvaliteten-for-att-gora-vinst!\">\n<h4 class=\"wp-block-heading\">Myt 1: Man drar ned p\u00e5 kvaliteten f\u00f6r att g\u00f6ra vinst!<\/h4>\n<\/div>\n\n<div class=\"wp-block wp-block-core-paragraph\">\n<p>FALSKT!&nbsp;Nej, privata \u00e4ldreboenden \u00e4r b\u00e4ttre p\u00e5 18 av 22 kvalitetsm\u00e5tt och 15 av de 20 b\u00e4sta v\u00e5rdcentralerna drivs i privat regi. Studier visar samtidigt att det oftare \u00e4r f\u00f6retag med god kvalitet som g\u00f6r vinst.<\/p>\n<\/div>\n\n<div class=\"wp-block wp-block-core-heading\" id=\"myt-2:&nbsp;blojor-vags-for-att-tjana-pengar!\">\n<h4 class=\"wp-block-heading\">Myt 2:&nbsp;Bl\u00f6jor v\u00e4gs f\u00f6r att tj\u00e4na pengar!<\/h4>\n<\/div>\n\n<div class=\"wp-block wp-block-core-paragraph\">\n<p>FALSKT!&nbsp;Nej. Sanningen \u00e4r att alla seri\u00f6sa utf\u00f6rare \u2013 b\u00e5de i offentlig och privat regi \u2013 v\u00e4ger inkontinensskydd enligt riktlinjer fr\u00e5n Socialstyrelsen. Det \u00e4r en kvalitetss\u00e4kring f\u00f6r att anpassa skydden till individen och exempelvis undvika byten som st\u00f6r natts\u00f6mnen.<\/p>\n<\/div>\n\n<div class=\"wp-block wp-block-core-heading\" id=\"myt-3:&nbsp;ett-vinsttak-forbattrar-valfarden!\">\n<h4 class=\"wp-block-heading\">Myt 3:&nbsp;Ett vinsttak f\u00f6rb\u00e4ttrar v\u00e4lf\u00e4rden!<\/h4>\n<\/div>\n\n<div class=\"wp-block wp-block-core-paragraph\">\n<p>FALSKT!&nbsp;Nej, enligt oberoende revisionsbyr\u00e5n PwC skulle vinsttaket vara ett h\u00e5rt slag mot dagens v\u00e4lf\u00e4rd. F\u00f6rslaget med vinstbegr\u00e4nsning p\u00e5 7 Reepaluprocent inneb\u00e4r att ca 80 procent av f\u00f6retagen inte skulle kunna driva en ekonomiskt sund och stabil verksamhet.<\/p>\n<\/div>\n\n<div class=\"wp-block wp-block-core-heading\" id=\"myt-4:&nbsp;medarbetarna-hos-privata-vardgivare-vantrivs!\">\n<h4 class=\"wp-block-heading\">Myt 4:&nbsp;Medarbetarna hos privata v\u00e5rdgivare vantrivs!<\/h4>\n<\/div>\n\n<div class=\"wp-block wp-block-core-paragraph\">\n<p>FALSKT!&nbsp;Nej, det st\u00e4mmer inte. Medarbetare inom det privata k\u00e4nner sig tv\u00e4rtom mer motiverade, \u00e4r mer n\u00f6jda med chefens ledaregenskaper och anser sig b\u00e4ttre kunna p\u00e5verka sin arbetsmilj\u00f6.<\/p>\n<\/div>\n\n<div class=\"wp-block wp-block-core-heading\" id=\"myt-5:&nbsp;rena-guldgruvan-att-driva-foretag-inom-vard-och-omsorg!\">\n<h4 class=\"wp-block-heading\">Myt 5:&nbsp;Rena guldgruvan att driva f\u00f6retag inom v\u00e5rd och omsorg!<\/h4>\n<\/div>\n\n<div class=\"wp-block wp-block-core-paragraph\">\n<p>FALSKT!&nbsp;Nej, v\u00e5rd- och omsorgs\u00adbranschens genomsnittliga r\u00f6relsemarginal ligger i linje med \u00f6vriga n\u00e4ringslivet, 8,4 procent. Genomsnittlig vinstutdelningen \u00e4r 3,4 procent.<\/p>\n<\/div>\n\n<div class=\"wp-block wp-block-core-heading\" id=\"myt-6:-friskolor-sallar-och-valjer-ut-de-basta-eleverna.\">\n<h4 class=\"wp-block-heading\">Myt 6: Friskolor s\u00e5llar och v\u00e4ljer ut de b\u00e4sta eleverna.<\/h4>\n<\/div>\n\n<div class=\"wp-block wp-block-core-paragraph\">\n<p>FALSKT!&nbsp;Det st\u00e4mmer inte och det \u00e4r heller inte f\u00f6renligt med svensk lag. Frist\u00e5ende grundskolor m\u00e5ste anv\u00e4nda de urvalskriterier som Skolinspektionen beslutat om. F\u00f6r gymnasieskolan \u00e4r det betygen som avg\u00f6r, precis som f\u00f6r kommunala skolor. Ingen friskola har heller r\u00e4tt att v\u00e4lja bort elever i behov av s\u00e4rskilt st\u00f6d.<\/p>\n<\/div>\n\n<div class=\"wp-block wp-block-core-heading\" id=\"myt-7:-det-ar-bara-stora-koncerner-som-driver-skolor.varfor-ar-det-sa-fa-smaforetag-i-valfarden?\">\n<h4 class=\"wp-block-heading\">Myt 7: Det \u00e4r bara stora koncerner som driver skolor.Varf\u00f6r \u00e4r det s\u00e5 f\u00e5 sm\u00e5f\u00f6retag i v\u00e4lf\u00e4rden?<\/h4>\n<\/div>\n\n<div class=\"wp-block wp-block-core-paragraph\">\n<p>FALSKT!&nbsp;De allra flesta friskolorna \u00e4r sm\u00e5, 94 procent av de frist\u00e5ende friskoleakt\u00f6rerna har bara en eller tv\u00e5 enheter. D\u00e4remot \u00e4r det ofta \u00e4r de st\u00f6rre f\u00f6retagen som syns i debatten.<\/p>\n<\/div>\n\n<div class=\"wp-block wp-block-core-heading\" id=\"myt-8:-fristaende-skolor-ar-bara-ute-efter-att-tjana-pengar-och-ta-ut-vinst.\">\n<h4 class=\"wp-block-heading\">Myt 8: Frist\u00e5ende skolor \u00e4r bara ute efter att tj\u00e4na pengar och ta ut vinst.<\/h4>\n<\/div>\n\n<div class=\"wp-block wp-block-core-paragraph\">\n<p>FALSKT!&nbsp;Friskolor vill naturligtvis vara framg\u00e5ngsrika och attrahera elever. F\u00f6r att g\u00f6ra detta m\u00e5ste de erbjuda bra undervisning och kunna visa p\u00e5 ett bra resultat. En trygg ekonomi \u00e4r en viktig del och ocks\u00e5 n\u00e5got som Skolinspektionen granskar. Om f\u00f6retaget inte har en marginal riskerar verksamheten att bli mycket s\u00e5rbar. Friskolor f\u00e5r inte ta ut avgifter utan int\u00e4kten best\u00e5r av elevpengen. Det \u00e4r kommunen som best\u00e4mmer niv\u00e5n p\u00e5 elevpengen, baserat p\u00e5 kommunens egna kostnader f\u00f6r sin skolverksamhet. Skollagen f\u00f6reskriver ocks\u00e5 att kommunerna ska ta h\u00e4nsyn till elevunderlaget n\u00e4r de f\u00f6rdelar ut pengen, dvs st\u00f6rst elevpeng f\u00e5r de skolor som beh\u00f6ver det b\u00e4st. Statistik fr\u00e5n SCB visar dessutom att l\u00f6nsamheten i skattefinansierade v\u00e4lf\u00e4rds\u00adf\u00f6retag \u00e4r l\u00e4gre \u00e4n f\u00f6r \u00f6vriga f\u00f6retag i v\u00e4lf\u00e4rden och tj\u00e4nstesektorn i stort.<\/p>\n<\/div><\/div>\n\n\n\n<div class=\"wp-block-column is-layout-flow wp-block-column-is-layout-flow\">\n<figure class=\"wp-block-image size-large is-resized\"><img loading=\"lazy\" decoding=\"async\" src=\"https:\/\/www.almega.se\/app\/uploads\/2018\/08\/vacc8ardfocc88retagarna_faktakort_11st_4.jpg\" alt=\"\" width=\"350\" height=\"350\"\/><\/figure>\n\n\n\n<figure class=\"wp-block-image size-large is-resized\"><img loading=\"lazy\" decoding=\"async\" src=\"https:\/\/www.almega.se\/app\/uploads\/2018\/08\/vardforetagarna_faktakort_omg1_33.jpg\" alt=\"\" width=\"365\" height=\"365\"\/><\/figure>\n<\/div>\n<\/div>\n\n\n\n<div class=\"wp-block-columns is-layout-flex wp-container-core-columns-is-layout-9d6595d7 wp-block-columns-is-layout-flex\">\n<div class=\"wp-block-column is-layout-flow wp-block-column-is-layout-flow\" style=\"flex-basis:33.33%\">\n<figure class=\"wp-block-image size-large\"><img decoding=\"async\" src=\"https:\/\/www.almega.se\/app\/uploads\/2018\/08\/vacc8ardfocc88retagarna_faktakort_10st6.jpg\" alt=\"\"\/><\/figure>\n<\/div>\n\n\n\n<div class=\"wp-block-column is-layout-flow wp-block-column-is-layout-flow\" style=\"flex-basis:66.66%\"><div class=\"wp-block wp-block-core-heading heading-in-sidebar\" id=\"valfardsutmaningen-2020\"><a class='Share__link Share__link--url copy-text' href='#' rel='nofollow' data-text='valfardsutmaningen-2020' title='Dela url' data-confirmation='L\u00e4nken kopierades till urklipp'><svg class='icon icon--link'  width='18' height='18' viewBox='0 0 18 18' fill='none' xmlns='http:\/\/www.w3.org\/2000\/svg'>\n            <path d='M10.4142 0.514721L6.87868 4.05025L8.29289 5.46447L11.1213 2.63604L15.364 6.87868L12.5355 9.70711L13.9497 11.1213L17.4853 7.58579C17.8763 7.19476 17.8763 6.5626 17.4853 6.17158L11.8284 0.514721C11.4374 0.123691 10.8052 0.123691 10.4142 0.514721Z' fill='black'\/>\n            <path d='M9.7071 12.5355L6.87868 15.364L2.63604 11.1213L5.46446 8.2929L4.05025 6.87868L0.514716 10.4142C0.123686 10.8052 0.123686 11.4374 0.514716 11.8284L6.17157 17.4853C6.5626 17.8763 7.19475 17.8763 7.58578 17.4853L11.1213 13.9497L9.7071 12.5355Z' fill='black'\/>\n            <path d='M6.17157 11.8284C6.5626 12.2195 7.19475 12.2195 7.58578 11.8284L11.8284 7.58579C12.2195 7.19476 12.2195 6.56261 11.8284 6.17158C11.4374 5.78055 10.8052 5.78055 10.4142 6.17158L6.17157 10.4142C5.78054 10.8052 5.78054 11.4374 6.17157 11.8284Z' fill='black'\/>\n            <\/svg> <\/a>\n<h2 class=\"wp-block-heading\">V\u00e4lf\u00e4rdsutmaningen 2020<\/h2>\n<\/div>\n\n<div class=\"wp-block wp-block-core-paragraph\">\n<p>Sveriges befolkning v\u00e4ntas v\u00e4xa snabbt och Ilmar Reepalus v\u00e4lf\u00e4rdsutredning bed\u00f6ms hota upp till 80 procent av v\u00e4lf\u00e4rdsf\u00f6retagen, enligt revisionsbyr\u00e5n PWC. Det inneb\u00e4r dramatiskt \u00f6kade krav p\u00e5 kommuner och landstings v\u00e4lf\u00e4rdskapacitet, visar en detaljerad rapport som Almega presenterat.<\/p>\n<\/div>\n\n<div class=\"wp-block wp-block-core-paragraph\">\n<p><strong>I denna rapport analyseras de \u00f6kade behov av offentlig v\u00e4lf\u00e4rdsproduktion som kan f\u00f6rv\u00e4ntas fram till 2020.&nbsp;<\/strong><\/p>\n<\/div>\n\n\n<div class=\"wp-block-buttons is-layout-flex wp-block-buttons-is-layout-flex\">\n<div class=\"wp-block-button\"><a class=\"wp-block-button__link wp-element-button\" href=\"https:\/\/www.almega.se\/2017\/06\/valfardsutmaningen-2020\/\">L\u00e4s mer om rapporten<\/a><\/div>\n<\/div>\n<\/div>\n<\/div>\n","protected":false},"excerpt":{"rendered":"<p>8 a 10 v\u00e4lf\u00e4rdsf\u00f6retag kan f\u00f6rsvinna Redan nu bed\u00f6mer till exempel 4 av 10 av landets kommuner att de inte kommer kunna tillgodose efterfr\u00e5gan p\u00e5 platser i \u00e4ldreboenden om fem \u00e5r. Samtidigt finns det politiska &hellip;<\/p>\n","protected":false},"author":3,"featured_media":0,"parent":0,"menu_order":0,"comment_status":"closed","ping_status":"closed","template":"","meta":{"_acf_changed":false,"footnotes":""},"article_type":[],"agreement":[],"class_list":["post-18555","page","type-page","status-publish","hentry"],"acf":[],"yoast_head":"<!-- This site is optimized with the Yoast SEO Premium plugin v26.8 (Yoast SEO v26.8) - https:\/\/yoast.com\/product\/yoast-seo-premium-wordpress\/ -->\n<title>D\u00e4rf\u00f6r beh\u00f6vs v\u00e4lf\u00e4rdsf\u00f6retagen | Almega<\/title>\n<meta name=\"robots\" content=\"index, follow, max-snippet:-1, max-image-preview:large, max-video-preview:-1\" \/>\n<link rel=\"canonical\" href=\"https:\/\/www.almega.se\/darfor-behovs-valfardsforetagen\/\" \/>\n<meta property=\"og:locale\" content=\"sv_SE\" \/>\n<meta property=\"og:type\" content=\"article\" \/>\n<meta property=\"og:title\" content=\"D\u00e4rf\u00f6r beh\u00f6vs v\u00e4lf\u00e4rdsf\u00f6retagen\" \/>\n<meta property=\"og:description\" content=\"8 a 10 v\u00e4lf\u00e4rdsf\u00f6retag kan f\u00f6rsvinna Redan nu bed\u00f6mer till exempel 4 av 10 av landets kommuner att de inte kommer kunna tillgodose efterfr\u00e5gan p\u00e5 platser i \u00e4ldreboenden om fem \u00e5r. Samtidigt finns det politiska &hellip;\" \/>\n<meta property=\"og:url\" content=\"https:\/\/www.almega.se\/darfor-behovs-valfardsforetagen\/\" \/>\n<meta property=\"og:site_name\" content=\"Almega\" \/>\n<meta property=\"article:modified_time\" content=\"2023-10-25T07:50:16+00:00\" \/>\n<meta property=\"og:image\" content=\"https:\/\/www.almega.se\/app\/uploads\/2018\/08\/vacc8ardfocc88retagarna_faktakort_11st_4.jpg\" \/>\n<meta name=\"twitter:card\" content=\"summary_large_image\" \/>\n<meta name=\"twitter:label1\" content=\"Ber\u00e4knad l\u00e4stid\" \/>\n\t<meta name=\"twitter:data1\" content=\"4 minuter\" \/>\n<script type=\"application\/ld+json\" class=\"yoast-schema-graph\">{\"@context\":\"https:\/\/schema.org\",\"@graph\":[{\"@type\":\"WebPage\",\"@id\":\"https:\/\/www.almega.se\/darfor-behovs-valfardsforetagen\/\",\"url\":\"https:\/\/www.almega.se\/darfor-behovs-valfardsforetagen\/\",\"name\":\"D\u00e4rf\u00f6r beh\u00f6vs v\u00e4lf\u00e4rdsf\u00f6retagen | Almega\",\"isPartOf\":{\"@id\":\"https:\/\/www.almega.se\/#website\"},\"primaryImageOfPage\":{\"@id\":\"https:\/\/www.almega.se\/darfor-behovs-valfardsforetagen\/#primaryimage\"},\"image\":{\"@id\":\"https:\/\/www.almega.se\/darfor-behovs-valfardsforetagen\/#primaryimage\"},\"thumbnailUrl\":\"https:\/\/www.almega.se\/app\/uploads\/2018\/08\/vacc8ardfocc88retagarna_faktakort_11st_4.jpg\",\"datePublished\":\"2018-08-15T09:39:56+00:00\",\"dateModified\":\"2023-10-25T07:50:16+00:00\",\"breadcrumb\":{\"@id\":\"https:\/\/www.almega.se\/darfor-behovs-valfardsforetagen\/#breadcrumb\"},\"inLanguage\":\"sv-SE\",\"potentialAction\":[{\"@type\":\"ReadAction\",\"target\":[\"https:\/\/www.almega.se\/darfor-behovs-valfardsforetagen\/\"]}]},{\"@type\":\"ImageObject\",\"inLanguage\":\"sv-SE\",\"@id\":\"https:\/\/www.almega.se\/darfor-behovs-valfardsforetagen\/#primaryimage\",\"url\":\"https:\/\/www.almega.se\/app\/uploads\/2018\/08\/vacc8ardfocc88retagarna_faktakort_11st_4.jpg\",\"contentUrl\":\"https:\/\/www.almega.se\/app\/uploads\/2018\/08\/vacc8ardfocc88retagarna_faktakort_11st_4.jpg\"},{\"@type\":\"BreadcrumbList\",\"@id\":\"https:\/\/www.almega.se\/darfor-behovs-valfardsforetagen\/#breadcrumb\",\"itemListElement\":[{\"@type\":\"ListItem\",\"position\":1,\"name\":\"Home\",\"item\":\"https:\/\/www.almega.se\/\"},{\"@type\":\"ListItem\",\"position\":2,\"name\":\"D\u00e4rf\u00f6r beh\u00f6vs v\u00e4lf\u00e4rds&shy;f\u00f6retagen\"}]},{\"@type\":\"WebSite\",\"@id\":\"https:\/\/www.almega.se\/#website\",\"url\":\"https:\/\/www.almega.se\/\",\"name\":\"Almega\",\"description\":\"\",\"potentialAction\":[{\"@type\":\"SearchAction\",\"target\":{\"@type\":\"EntryPoint\",\"urlTemplate\":\"https:\/\/www.almega.se\/?s={search_term_string}\"},\"query-input\":{\"@type\":\"PropertyValueSpecification\",\"valueRequired\":true,\"valueName\":\"search_term_string\"}}],\"inLanguage\":\"sv-SE\"}]}<\/script>\n<!-- \/ Yoast SEO Premium plugin. -->","yoast_head_json":{"title":"D\u00e4rf\u00f6r beh\u00f6vs v\u00e4lf\u00e4rdsf\u00f6retagen | Almega","robots":{"index":"index","follow":"follow","max-snippet":"max-snippet:-1","max-image-preview":"max-image-preview:large","max-video-preview":"max-video-preview:-1"},"canonical":"https:\/\/www.almega.se\/darfor-behovs-valfardsforetagen\/","og_locale":"sv_SE","og_type":"article","og_title":"D\u00e4rf\u00f6r beh\u00f6vs v\u00e4lf\u00e4rdsf\u00f6retagen","og_description":"8 a 10 v\u00e4lf\u00e4rdsf\u00f6retag kan f\u00f6rsvinna Redan nu bed\u00f6mer till exempel 4 av 10 av landets kommuner att de inte kommer kunna tillgodose efterfr\u00e5gan p\u00e5 platser i \u00e4ldreboenden om fem \u00e5r. Samtidigt finns det politiska &hellip;","og_url":"https:\/\/www.almega.se\/darfor-behovs-valfardsforetagen\/","og_site_name":"Almega","article_modified_time":"2023-10-25T07:50:16+00:00","og_image":[{"url":"https:\/\/www.almega.se\/app\/uploads\/2018\/08\/vacc8ardfocc88retagarna_faktakort_11st_4.jpg","type":"","width":"","height":""}],"twitter_card":"summary_large_image","twitter_misc":{"Ber\u00e4knad l\u00e4stid":"4 minuter"},"schema":{"@context":"https:\/\/schema.org","@graph":[{"@type":"WebPage","@id":"https:\/\/www.almega.se\/darfor-behovs-valfardsforetagen\/","url":"https:\/\/www.almega.se\/darfor-behovs-valfardsforetagen\/","name":"D\u00e4rf\u00f6r beh\u00f6vs v\u00e4lf\u00e4rdsf\u00f6retagen | Almega","isPartOf":{"@id":"https:\/\/www.almega.se\/#website"},"primaryImageOfPage":{"@id":"https:\/\/www.almega.se\/darfor-behovs-valfardsforetagen\/#primaryimage"},"image":{"@id":"https:\/\/www.almega.se\/darfor-behovs-valfardsforetagen\/#primaryimage"},"thumbnailUrl":"https:\/\/www.almega.se\/app\/uploads\/2018\/08\/vacc8ardfocc88retagarna_faktakort_11st_4.jpg","datePublished":"2018-08-15T09:39:56+00:00","dateModified":"2023-10-25T07:50:16+00:00","breadcrumb":{"@id":"https:\/\/www.almega.se\/darfor-behovs-valfardsforetagen\/#breadcrumb"},"inLanguage":"sv-SE","potentialAction":[{"@type":"ReadAction","target":["https:\/\/www.almega.se\/darfor-behovs-valfardsforetagen\/"]}]},{"@type":"ImageObject","inLanguage":"sv-SE","@id":"https:\/\/www.almega.se\/darfor-behovs-valfardsforetagen\/#primaryimage","url":"https:\/\/www.almega.se\/app\/uploads\/2018\/08\/vacc8ardfocc88retagarna_faktakort_11st_4.jpg","contentUrl":"https:\/\/www.almega.se\/app\/uploads\/2018\/08\/vacc8ardfocc88retagarna_faktakort_11st_4.jpg"},{"@type":"BreadcrumbList","@id":"https:\/\/www.almega.se\/darfor-behovs-valfardsforetagen\/#breadcrumb","itemListElement":[{"@type":"ListItem","position":1,"name":"Home","item":"https:\/\/www.almega.se\/"},{"@type":"ListItem","position":2,"name":"D\u00e4rf\u00f6r beh\u00f6vs v\u00e4lf\u00e4rds&shy;f\u00f6retagen"}]},{"@type":"WebSite","@id":"https:\/\/www.almega.se\/#website","url":"https:\/\/www.almega.se\/","name":"Almega","description":"","potentialAction":[{"@type":"SearchAction","target":{"@type":"EntryPoint","urlTemplate":"https:\/\/www.almega.se\/?s={search_term_string}"},"query-input":{"@type":"PropertyValueSpecification","valueRequired":true,"valueName":"search_term_string"}}],"inLanguage":"sv-SE"}]}},"_links":{"self":[{"href":"https:\/\/www.almega.se\/api\/wp\/v2\/pages\/18555","targetHints":{"allow":["GET"]}}],"collection":[{"href":"https:\/\/www.almega.se\/api\/wp\/v2\/pages"}],"about":[{"href":"https:\/\/www.almega.se\/api\/wp\/v2\/types\/page"}],"author":[{"embeddable":true,"href":"https:\/\/www.almega.se\/api\/wp\/v2\/users\/3"}],"replies":[{"embeddable":true,"href":"https:\/\/www.almega.se\/api\/wp\/v2\/comments?post=18555"}],"version-history":[{"count":17,"href":"https:\/\/www.almega.se\/api\/wp\/v2\/pages\/18555\/revisions"}],"predecessor-version":[{"id":67916,"href":"https:\/\/www.almega.se\/api\/wp\/v2\/pages\/18555\/revisions\/67916"}],"wp:attachment":[{"href":"https:\/\/www.almega.se\/api\/wp\/v2\/media?parent=18555"}],"wp:term":[{"taxonomy":"type","embeddable":true,"href":"https:\/\/www.almega.se\/api\/wp\/v2\/article_type?post=18555"},{"taxonomy":"agreement","embeddable":true,"href":"https:\/\/www.almega.se\/api\/wp\/v2\/agreement?post=18555"}],"curies":[{"name":"wp","href":"https:\/\/api.w.org\/{rel}","templated":true}]}}