{"id":15767,"date":"2018-08-30T12:27:13","date_gmt":"2018-08-30T10:27:13","guid":{"rendered":"https:\/\/www.almega.se\/?page_id=15767"},"modified":"2025-06-05T15:20:36","modified_gmt":"2025-06-05T13:20:36","slug":"arbetsmarknad","status":"publish","type":"page","link":"https:\/\/www.almega.se\/naringspolitik\/arbetsmarknad\/","title":{"rendered":"Arbetsmarknad"},"content":{"rendered":"<div id=\"block-hero-block_5b8a04c6559f1a1400950c987c2aa3a2\" class=\"Hero has-green-background-color has-paragraph-text\">\n\n    \n  <div class=\"Hero__inner container has-green-background-color\">\n              <div class=\"Hero__title\">\n          <h1>Arbetsmarknad<\/h1>\n        <\/div>\n                    <div class=\"Hero__text\">\n          <p>Den svenska ekonomin och arbetsmarknaden har f\u00f6r\u00e4ndrats mycket de senaste decennierna.<\/p>\n\n        <\/div>\n                    <\/div>\n<\/div>\n\n\n\n<div class=\"wp-block-group is-layout-constrained wp-block-group-is-layout-constrained\"><div class=\"wp-block wp-block-core-paragraph\">\n<p class=\"has-text-align-left has-normal-font-size\">Tidigare stod en mindre grupp st\u00f6rre industri\u00adf\u00f6retag f\u00f6r exporten medan tj\u00e4nste\u00adf\u00f6retagen s\u00e5lde inom Sverige. Idag har vi m\u00e5nga mindre f\u00f6retag som sj\u00e4lva exporterar och verkar \u00f6ver hela v\u00e4rlden. Framf\u00f6r allt tj\u00e4nstesektorn har p\u00e5verkats av globaliseringen och kan nu konkurrera och s\u00e4lja sina tj\u00e4nster p\u00e5 en global marknad.<\/p>\n<\/div>\n\n<div class=\"wp-block wp-block-core-paragraph\">\n<p class=\"has-text-align-left has-normal-font-size\">Tidigare hade flesta ett eller ett par jobb under sitt yrkesliv. Nu byter allt fler jobb oftare. Tillf\u00e4lliga anst\u00e4llningar och egen\u00adanst\u00e4llningar, s\u00e5 kallade gig-jobb, har ocks\u00e5 blivit betydligt vanligare.<\/p>\n<\/div>\n\n<div class=\"wp-block wp-block-core-paragraph\">\n<p class=\"has-normal-font-size\">Reglerna f\u00f6r den svenska arbetsmarknad \u00e4r i stora delar skapade f\u00f6r 1970-talets n\u00e4ringsliv och arbetsmarknad och behoven hos de stora exporterande industri\u00adf\u00f6retag och deras underleverant\u00f6rer.<\/p>\n<\/div>\n\n<div class=\"wp-block wp-block-core-paragraph\">\n<p class=\"has-normal-font-size\">Dagens r\u00f6rligare och mer konkurrensutsatta ekonomi kr\u00e4ver ett regelverk som g\u00f6r det l\u00e4ttare f\u00f6r arbetsmarknaden att st\u00e4lla om till nya f\u00f6ruts\u00e4ttningar. Det beh\u00f6vs en modernare och flexiblare arbetsr\u00e4tt men ocks\u00e5 b\u00e4ttre m\u00f6jligheter till kompetens\u00adutveckling och ett b\u00e4ttre st\u00f6d f\u00f6r att s\u00f6ka nya arbeten.<\/p>\n<\/div>\n\n<div class=\"wp-block wp-block-core-heading heading-in-sidebar\" id=\"darfor-vill-vi-se:\"><a class='Share__link Share__link--url copy-text' href='#' rel='nofollow' data-text='darfor-vill-vi-se:' title='Dela url' data-confirmation='L\u00e4nken kopierades till urklipp'><svg class='icon icon--link'  width='18' height='18' viewBox='0 0 18 18' fill='none' xmlns='http:\/\/www.w3.org\/2000\/svg'>\n            <path d='M10.4142 0.514721L6.87868 4.05025L8.29289 5.46447L11.1213 2.63604L15.364 6.87868L12.5355 9.70711L13.9497 11.1213L17.4853 7.58579C17.8763 7.19476 17.8763 6.5626 17.4853 6.17158L11.8284 0.514721C11.4374 0.123691 10.8052 0.123691 10.4142 0.514721Z' fill='black'\/>\n            <path d='M9.7071 12.5355L6.87868 15.364L2.63604 11.1213L5.46446 8.2929L4.05025 6.87868L0.514716 10.4142C0.123686 10.8052 0.123686 11.4374 0.514716 11.8284L6.17157 17.4853C6.5626 17.8763 7.19475 17.8763 7.58578 17.4853L11.1213 13.9497L9.7071 12.5355Z' fill='black'\/>\n            <path d='M6.17157 11.8284C6.5626 12.2195 7.19475 12.2195 7.58578 11.8284L11.8284 7.58579C12.2195 7.19476 12.2195 6.56261 11.8284 6.17158C11.4374 5.78055 10.8052 5.78055 10.4142 6.17158L6.17157 10.4142C5.78054 10.8052 5.78054 11.4374 6.17157 11.8284Z' fill='black'\/>\n            <\/svg> <\/a>\n<h2 class=\"has-normal-font-size wp-block-heading\">D\u00e4rf\u00f6r vill vi se:<\/h2>\n<\/div>\n\n<div class=\"wp-block wp-block-core-list\">\n<ul class=\"wp-block-list\">\n<li>En modernare arbetsr\u00e4tt.<\/li>\n\n\n\n<li>Att f\u00f6retag ska f\u00e5 g\u00f6ra avdrag f\u00f6r kompetens\u00adutveckling.<\/li>\n\n\n\n<li>En reformerad arbetsf\u00f6rmedling.<\/li>\n<\/ul>\n<\/div>\n\n<div class=\"wp-block wp-block-core-paragraph\">\n<p><a href=\"https:\/\/www.almega.se\/vart-naringspolitiska-arbete\/\">L\u00e4s mer om Almegas n\u00e4ringspolitiska arbete<\/a><\/p>\n<\/div>\n\n\n<hr class=\"wp-block-separator has-alpha-channel-opacity\"\/>\n<\/div>\n\n\n<div class=\"Listing no-bg\" id=\"block-263cfb2e-4c44-4ca3-b460-12049b51a741\">\n  <div class=\"container\">\n    <div class=\"Listing__heading\">\n       <h2>Mer om Arbetsmarknad<\/h2>     <\/div>\n    <div class=\"row\">\n      \n                      <div class=\"col-md-4\">\n                      <article class=\"Blurb Blurb--md Blurb--post Blurb--vertical has-thumbnail\">\n  <a href=\"https:\/\/www.almega.se\/2026\/04\/kvalificerade-jobb-gig-sant\/\">\n          <div class=\"Blurb__thumbnail__wrap\">\n        <figure class=\"Blurb__thumbnail\">\n          <img loading=\"lazy\" decoding=\"async\" width=\"1912\" height=\"958\" src=\"https:\/\/www.almega.se\/app\/uploads\/2026\/04\/bg_gig.png\" class=\"attachment-small size-small wp-post-image\" alt=\"Bakgrundsbild\" srcset=\"https:\/\/www.almega.se\/app\/uploads\/2026\/04\/bg_gig.png 1912w, https:\/\/www.almega.se\/app\/uploads\/2026\/04\/bg_gig-580x291.png 580w, https:\/\/www.almega.se\/app\/uploads\/2026\/04\/bg_gig-1180x591.png 1180w, https:\/\/www.almega.se\/app\/uploads\/2026\/04\/bg_gig-380x190.png 380w, https:\/\/www.almega.se\/app\/uploads\/2026\/04\/bg_gig-768x385.png 768w, https:\/\/www.almega.se\/app\/uploads\/2026\/04\/bg_gig-1536x770.png 1536w\" sizes=\"auto, (max-width: 1912px) 100vw, 1912px\" \/>\n        <\/figure>\n      <\/div>\n        <div class=\"Blurb__content\">\n      <div class=\"Blurb__body\">\n        <div>\n                                <div class=\"Meta d-flex align-items-center Blurb__meta\">\n      <div class=\"Meta__tag item\">\n      Almega\n      <svg class='icon icon--triangle'  width=\"26\" height=\"32\" viewBox=\"0 0 26 32\" fill=\"none\" xmlns=\"http:\/\/www.w3.org\/2000\/svg\">\n<path fill-rule=\"evenodd\" clip-rule=\"evenodd\" d=\"M13.1315 0H0V32H13.1315L26 16L13.1315 0ZM9 18.581C10.6569 18.581 12 17.1946 12 15.4843C12 13.774 10.6569 12.3875 9 12.3875C7.34315 12.3875 6 13.774 6 15.4843C6 17.1946 7.34315 18.581 9 18.581Z\" fill=\"#FDDCC0\"\/>\n<\/svg>\n\n      <\/div>\n    <div class=\"Meta__group\">\n          <div class=\"Meta__date  d-flex align-items-center\">\n        <svg class='icon icon--timestamp'  width=\"16\" height=\"16\" viewBox=\"0 0 16 16\" fill=\"none\" xmlns=\"http:\/\/www.w3.org\/2000\/svg\">\n<path fill-rule=\"evenodd\" clip-rule=\"evenodd\" d=\"M10.4833 10.5818C10.7278 10.8452 10.7278 11.2723 10.4833 11.5357C10.361 11.6674 10.2008 11.7333 10.0405 11.7333C9.88023 11.7333 9.72008 11.6674 9.59781 11.5357L7.65015 9.43814C7.53273 9.31167 7.46667 9.14001 7.46667 8.96109V4.94118C7.46667 4.56868 7.74705 4.26667 8.09288 4.26667C8.4387 4.26667 8.71908 4.56868 8.71908 4.94118V8.68168L10.4833 10.5818ZM8 14.9333C4.177 14.9333 1.06667 11.823 1.06667 8C1.06667 4.177 4.177 1.06667 8 1.06667C11.8232 1.06667 14.9333 4.177 14.9333 8C14.9333 11.823 11.8232 14.9333 8 14.9333ZM8 0C3.58887 0 0 3.58887 0 8C0 12.4111 3.58887 16 8 16C12.4113 16 16 12.4111 16 8C16 3.58887 12.4113 0 8 0Z\" fill=\"black\"\/>\n<\/svg>\n\n          <time datetime=\"2026-04-23T13:44:57+00:00\">23 april<\/time>\n      <\/div>\n              <div class=\"Meta__category\">\n        Rapporter\n      <\/div>\n      <\/div>\n<\/div>\n                  <\/div>\n        <h3 class=\"Blurb__title\">\n          Kvalificerade jobb + gig = sant?\n        <\/h3>\n                  <div class=\"Blurb__text\">\n            Elva r\u00f6ster ur gig-ekonomin: &#8221;D\u00e4rf\u00f6r v\u00e4ljer vi att arbeta s\u00e5 h\u00e4r&#8221;.\n\n          <\/div>\n                <div class=\"Blurb__arrow\">\n                                <div class=\"Blurb__arrow__line\">\n              <svg class='icon icon--arrow-tip'  width=\"11\" height=\"16\" viewBox=\"0 0 11 16\" fill=\"none\" xmlns=\"http:\/\/www.w3.org\/2000\/svg\">\n<path d=\"M0.858398 15L9.2304 7.99664L0.967732 1.00001\" stroke=\"black\" stroke-width=\"2\" stroke-miterlimit=\"10\"\/>\n<\/svg>\n\n              <\/div>\n                  <\/div>\n      <\/div>\n    <\/div>\n  <\/a>\n<\/article>\n                  <\/div>\n                              <div class=\"col-md-4\">\n                      <article class=\"Blurb Blurb--md Blurb--post Blurb--vertical has-thumbnail\">\n  <a href=\"https:\/\/www.almega.se\/2026\/04\/stort-engagemang-pa-lunchseminarium-om-sfi\/\">\n          <div class=\"Blurb__thumbnail__wrap\">\n        <figure class=\"Blurb__thumbnail\">\n          <img loading=\"lazy\" decoding=\"async\" width=\"2048\" height=\"1223\" src=\"https:\/\/www.almega.se\/app\/uploads\/2026\/04\/DSC06901.jpg\" class=\"attachment-small size-small wp-post-image\" alt=\"\" srcset=\"https:\/\/www.almega.se\/app\/uploads\/2026\/04\/DSC06901.jpg 2048w, https:\/\/www.almega.se\/app\/uploads\/2026\/04\/DSC06901-580x346.jpg 580w, https:\/\/www.almega.se\/app\/uploads\/2026\/04\/DSC06901-1180x705.jpg 1180w, https:\/\/www.almega.se\/app\/uploads\/2026\/04\/DSC06901-380x227.jpg 380w, https:\/\/www.almega.se\/app\/uploads\/2026\/04\/DSC06901-768x459.jpg 768w, https:\/\/www.almega.se\/app\/uploads\/2026\/04\/DSC06901-1536x917.jpg 1536w\" sizes=\"auto, (max-width: 2048px) 100vw, 2048px\" \/>\n        <\/figure>\n      <\/div>\n        <div class=\"Blurb__content\">\n      <div class=\"Blurb__body\">\n        <div>\n                                <div class=\"Meta d-flex align-items-center Blurb__meta\">\n      <div class=\"Meta__tag item\">\n      Arbetsmarknad\n      <svg class='icon icon--triangle'  width=\"26\" height=\"32\" viewBox=\"0 0 26 32\" fill=\"none\" xmlns=\"http:\/\/www.w3.org\/2000\/svg\">\n<path fill-rule=\"evenodd\" clip-rule=\"evenodd\" d=\"M13.1315 0H0V32H13.1315L26 16L13.1315 0ZM9 18.581C10.6569 18.581 12 17.1946 12 15.4843C12 13.774 10.6569 12.3875 9 12.3875C7.34315 12.3875 6 13.774 6 15.4843C6 17.1946 7.34315 18.581 9 18.581Z\" fill=\"#FDDCC0\"\/>\n<\/svg>\n\n      <\/div>\n    <div class=\"Meta__group\">\n          <div class=\"Meta__date  d-flex align-items-center\">\n        <svg class='icon icon--timestamp'  width=\"16\" height=\"16\" viewBox=\"0 0 16 16\" fill=\"none\" xmlns=\"http:\/\/www.w3.org\/2000\/svg\">\n<path fill-rule=\"evenodd\" clip-rule=\"evenodd\" d=\"M10.4833 10.5818C10.7278 10.8452 10.7278 11.2723 10.4833 11.5357C10.361 11.6674 10.2008 11.7333 10.0405 11.7333C9.88023 11.7333 9.72008 11.6674 9.59781 11.5357L7.65015 9.43814C7.53273 9.31167 7.46667 9.14001 7.46667 8.96109V4.94118C7.46667 4.56868 7.74705 4.26667 8.09288 4.26667C8.4387 4.26667 8.71908 4.56868 8.71908 4.94118V8.68168L10.4833 10.5818ZM8 14.9333C4.177 14.9333 1.06667 11.823 1.06667 8C1.06667 4.177 4.177 1.06667 8 1.06667C11.8232 1.06667 14.9333 4.177 14.9333 8C14.9333 11.823 11.8232 14.9333 8 14.9333ZM8 0C3.58887 0 0 3.58887 0 8C0 12.4111 3.58887 16 8 16C12.4113 16 16 12.4111 16 8C16 3.58887 12.4113 0 8 0Z\" fill=\"black\"\/>\n<\/svg>\n\n          <time datetime=\"2026-04-23T13:08:56+00:00\">23 april<\/time>\n      <\/div>\n              <div class=\"Meta__category\">\n        Artiklar\n      <\/div>\n      <\/div>\n<\/div>\n                  <\/div>\n        <h3 class=\"Blurb__title\">\n          Stort engagemang p\u00e5 lunchseminarium om sfi\n        <\/h3>\n                  <div class=\"Blurb__text\">\n            Sverige har under l\u00e5ng tid investerat stora resurser i svenska f\u00f6r invandrare (sfi). Trots det uppger 87 procent av arbetsgivare att bristande svenska \u00e4r det st\u00f6rsta hindret f\u00f6r att anst\u00e4lla. Vad beh\u00f6ver g\u00f6ras annorlunda?\n\n          <\/div>\n                <div class=\"Blurb__arrow\">\n                                <div class=\"Blurb__arrow__line\">\n              <svg class='icon icon--arrow-tip'  width=\"11\" height=\"16\" viewBox=\"0 0 11 16\" fill=\"none\" xmlns=\"http:\/\/www.w3.org\/2000\/svg\">\n<path d=\"M0.858398 15L9.2304 7.99664L0.967732 1.00001\" stroke=\"black\" stroke-width=\"2\" stroke-miterlimit=\"10\"\/>\n<\/svg>\n\n              <\/div>\n                  <\/div>\n      <\/div>\n    <\/div>\n  <\/a>\n<\/article>\n                  <\/div>\n                              <div class=\"col-md-4\">\n                      <article class=\"Blurb Blurb--md Blurb--post Blurb--vertical has-thumbnail\">\n  <a href=\"https:\/\/www.almega.se\/2026\/04\/lyckat-seminarium-om-plattformsarbete\/\">\n          <div class=\"Blurb__thumbnail__wrap\">\n        <figure class=\"Blurb__thumbnail\">\n          <img loading=\"lazy\" decoding=\"async\" width=\"2048\" height=\"1382\" src=\"https:\/\/www.almega.se\/app\/uploads\/2026\/04\/DSC06898.jpg\" class=\"attachment-small size-small wp-post-image\" alt=\"\" srcset=\"https:\/\/www.almega.se\/app\/uploads\/2026\/04\/DSC06898.jpg 2048w, https:\/\/www.almega.se\/app\/uploads\/2026\/04\/DSC06898-580x391.jpg 580w, https:\/\/www.almega.se\/app\/uploads\/2026\/04\/DSC06898-1180x796.jpg 1180w, https:\/\/www.almega.se\/app\/uploads\/2026\/04\/DSC06898-380x256.jpg 380w, https:\/\/www.almega.se\/app\/uploads\/2026\/04\/DSC06898-768x518.jpg 768w, https:\/\/www.almega.se\/app\/uploads\/2026\/04\/DSC06898-1536x1037.jpg 1536w\" sizes=\"auto, (max-width: 2048px) 100vw, 2048px\" \/>\n        <\/figure>\n      <\/div>\n        <div class=\"Blurb__content\">\n      <div class=\"Blurb__body\">\n        <div>\n                                <div class=\"Meta d-flex align-items-center Blurb__meta\">\n      <div class=\"Meta__tag item\">\n      Arbetsmarknad\n      <svg class='icon icon--triangle'  width=\"26\" height=\"32\" viewBox=\"0 0 26 32\" fill=\"none\" xmlns=\"http:\/\/www.w3.org\/2000\/svg\">\n<path fill-rule=\"evenodd\" clip-rule=\"evenodd\" d=\"M13.1315 0H0V32H13.1315L26 16L13.1315 0ZM9 18.581C10.6569 18.581 12 17.1946 12 15.4843C12 13.774 10.6569 12.3875 9 12.3875C7.34315 12.3875 6 13.774 6 15.4843C6 17.1946 7.34315 18.581 9 18.581Z\" fill=\"#FDDCC0\"\/>\n<\/svg>\n\n      <\/div>\n    <div class=\"Meta__group\">\n          <div class=\"Meta__date  d-flex align-items-center\">\n        <svg class='icon icon--timestamp'  width=\"16\" height=\"16\" viewBox=\"0 0 16 16\" fill=\"none\" xmlns=\"http:\/\/www.w3.org\/2000\/svg\">\n<path fill-rule=\"evenodd\" clip-rule=\"evenodd\" d=\"M10.4833 10.5818C10.7278 10.8452 10.7278 11.2723 10.4833 11.5357C10.361 11.6674 10.2008 11.7333 10.0405 11.7333C9.88023 11.7333 9.72008 11.6674 9.59781 11.5357L7.65015 9.43814C7.53273 9.31167 7.46667 9.14001 7.46667 8.96109V4.94118C7.46667 4.56868 7.74705 4.26667 8.09288 4.26667C8.4387 4.26667 8.71908 4.56868 8.71908 4.94118V8.68168L10.4833 10.5818ZM8 14.9333C4.177 14.9333 1.06667 11.823 1.06667 8C1.06667 4.177 4.177 1.06667 8 1.06667C11.8232 1.06667 14.9333 4.177 14.9333 8C14.9333 11.823 11.8232 14.9333 8 14.9333ZM8 0C3.58887 0 0 3.58887 0 8C0 12.4111 3.58887 16 8 16C12.4113 16 16 12.4111 16 8C16 3.58887 12.4113 0 8 0Z\" fill=\"black\"\/>\n<\/svg>\n\n          <time datetime=\"2026-04-23T12:59:10+00:00\">23 april<\/time>\n      <\/div>\n              <div class=\"Meta__category\">\n        Artiklar\n      <\/div>\n      <\/div>\n<\/div>\n                  <\/div>\n        <h3 class=\"Blurb__title\">\n          Lyckat seminarium om plattformsarbete\n        <\/h3>\n                  <div class=\"Blurb__text\">\n            Ett av de vanligaste missf\u00f6rst\u00e5nden kring plattformsarbete \u00e4r att det uteslutande skulle handla om relativt enkla tj\u00e4nster, som matleveranser eller taxitj\u00e4nster. I sj\u00e4lva verket kan plattformsarbete, eller s\u00e5 kallade gigtj\u00e4nster, inneb\u00e4ra allt fr\u00e5n juridiska tj\u00e4nster till programmering \u2013 arbeten som ofta kr\u00e4ver postgymnasial utbildning.\n\n          <\/div>\n                <div class=\"Blurb__arrow\">\n                                <div class=\"Blurb__arrow__line\">\n              <svg class='icon icon--arrow-tip'  width=\"11\" height=\"16\" viewBox=\"0 0 11 16\" fill=\"none\" xmlns=\"http:\/\/www.w3.org\/2000\/svg\">\n<path d=\"M0.858398 15L9.2304 7.99664L0.967732 1.00001\" stroke=\"black\" stroke-width=\"2\" stroke-miterlimit=\"10\"\/>\n<\/svg>\n\n              <\/div>\n                  <\/div>\n      <\/div>\n    <\/div>\n  <\/a>\n<\/article>\n                  <\/div>\n                  <\/div>\n          <a class=\"Listing__more Button is-style-outline has-black-color \" href=\"https:\/\/almega.se\/aktuellt\/\">\n        <div class=\"Button__text\">\n          Fler aktuella artiklar\n        <\/div>\n        <div class=\"Button__arrow arrow-tip\">\n          <div class=\"Button__line\"><\/div>\n          <svg class='icon icon--arrow-tip'  width=\"11\" height=\"16\" viewBox=\"0 0 11 16\" fill=\"none\" xmlns=\"http:\/\/www.w3.org\/2000\/svg\">\n<path d=\"M0.858398 15L9.2304 7.99664L0.967732 1.00001\" stroke=\"black\" stroke-width=\"2\" stroke-miterlimit=\"10\"\/>\n<\/svg>\n\n          <\/div>\n      <\/a>\n    \n      <\/div>\n<\/div>\n\n<div class=\"wp-block wp-block-core-paragraph\">\n<p class=\"has-text-align-center\"><\/p>\n<\/div>","protected":false},"excerpt":{"rendered":"<p>Tidigare stod en mindre grupp st\u00f6rre industri\u00adf\u00f6retag f\u00f6r exporten medan tj\u00e4nste\u00adf\u00f6retagen s\u00e5lde inom Sverige. Idag har vi m\u00e5nga mindre f\u00f6retag som sj\u00e4lva exporterar och verkar \u00f6ver hela v\u00e4rlden. Framf\u00f6r allt tj\u00e4nstesektorn har p\u00e5verkats av globaliseringen &hellip;<\/p>\n","protected":false},"author":3,"featured_media":0,"parent":47026,"menu_order":0,"comment_status":"closed","ping_status":"closed","template":"","meta":{"_acf_changed":false,"footnotes":""},"article_type":[],"agreement":[],"class_list":["post-15767","page","type-page","status-publish","hentry"],"acf":[],"yoast_head":"<!-- This site is optimized with the Yoast SEO Premium plugin v26.8 (Yoast SEO v26.8) - https:\/\/yoast.com\/product\/yoast-seo-premium-wordpress\/ -->\n<title>Arbetsmarknad | Almega<\/title>\n<meta name=\"robots\" content=\"index, follow, max-snippet:-1, max-image-preview:large, max-video-preview:-1\" \/>\n<link rel=\"canonical\" href=\"https:\/\/www.almega.se\/naringspolitik\/arbetsmarknad\/\" \/>\n<meta property=\"og:locale\" content=\"sv_SE\" \/>\n<meta property=\"og:type\" content=\"article\" \/>\n<meta property=\"og:title\" content=\"Arbetsmarknad\" \/>\n<meta property=\"og:description\" content=\"Tidigare stod en mindre grupp st\u00f6rre industri\u00adf\u00f6retag f\u00f6r exporten medan tj\u00e4nste\u00adf\u00f6retagen s\u00e5lde inom Sverige. Idag har vi m\u00e5nga mindre f\u00f6retag som sj\u00e4lva exporterar och verkar \u00f6ver hela v\u00e4rlden. Framf\u00f6r allt tj\u00e4nstesektorn har p\u00e5verkats av globaliseringen &hellip;\" \/>\n<meta property=\"og:url\" content=\"https:\/\/www.almega.se\/naringspolitik\/arbetsmarknad\/\" \/>\n<meta property=\"og:site_name\" content=\"Almega\" \/>\n<meta property=\"article:modified_time\" content=\"2025-06-05T13:20:36+00:00\" \/>\n<meta property=\"og:image\" content=\"https:\/\/www.almega.se\/app\/uploads\/2020\/12\/almega-share-logo.png\" \/>\n\t<meta property=\"og:image:width\" content=\"1200\" \/>\n\t<meta property=\"og:image:height\" content=\"630\" \/>\n\t<meta property=\"og:image:type\" content=\"image\/png\" \/>\n<meta name=\"twitter:card\" content=\"summary_large_image\" \/>\n<meta name=\"twitter:label1\" content=\"Ber\u00e4knad l\u00e4stid\" \/>\n\t<meta name=\"twitter:data1\" content=\"1 minut\" \/>\n<script type=\"application\/ld+json\" class=\"yoast-schema-graph\">{\"@context\":\"https:\/\/schema.org\",\"@graph\":[{\"@type\":\"WebPage\",\"@id\":\"https:\/\/www.almega.se\/naringspolitik\/arbetsmarknad\/\",\"url\":\"https:\/\/www.almega.se\/naringspolitik\/arbetsmarknad\/\",\"name\":\"Arbetsmarknad | Almega\",\"isPartOf\":{\"@id\":\"https:\/\/www.almega.se\/#website\"},\"datePublished\":\"2018-08-30T10:27:13+00:00\",\"dateModified\":\"2025-06-05T13:20:36+00:00\",\"breadcrumb\":{\"@id\":\"https:\/\/www.almega.se\/naringspolitik\/arbetsmarknad\/#breadcrumb\"},\"inLanguage\":\"sv-SE\",\"potentialAction\":[{\"@type\":\"ReadAction\",\"target\":[\"https:\/\/www.almega.se\/naringspolitik\/arbetsmarknad\/\"]}]},{\"@type\":\"BreadcrumbList\",\"@id\":\"https:\/\/www.almega.se\/naringspolitik\/arbetsmarknad\/#breadcrumb\",\"itemListElement\":[{\"@type\":\"ListItem\",\"position\":1,\"name\":\"Home\",\"item\":\"https:\/\/www.almega.se\/\"},{\"@type\":\"ListItem\",\"position\":2,\"name\":\"N\u00e4ringspolitik\",\"item\":\"https:\/\/www.almega.se\/naringspolitik\/\"},{\"@type\":\"ListItem\",\"position\":3,\"name\":\"Arbetsmarknad\"}]},{\"@type\":\"WebSite\",\"@id\":\"https:\/\/www.almega.se\/#website\",\"url\":\"https:\/\/www.almega.se\/\",\"name\":\"Almega\",\"description\":\"\",\"potentialAction\":[{\"@type\":\"SearchAction\",\"target\":{\"@type\":\"EntryPoint\",\"urlTemplate\":\"https:\/\/www.almega.se\/?s={search_term_string}\"},\"query-input\":{\"@type\":\"PropertyValueSpecification\",\"valueRequired\":true,\"valueName\":\"search_term_string\"}}],\"inLanguage\":\"sv-SE\"}]}<\/script>\n<!-- \/ Yoast SEO Premium plugin. -->","yoast_head_json":{"title":"Arbetsmarknad | Almega","robots":{"index":"index","follow":"follow","max-snippet":"max-snippet:-1","max-image-preview":"max-image-preview:large","max-video-preview":"max-video-preview:-1"},"canonical":"https:\/\/www.almega.se\/naringspolitik\/arbetsmarknad\/","og_locale":"sv_SE","og_type":"article","og_title":"Arbetsmarknad","og_description":"Tidigare stod en mindre grupp st\u00f6rre industri\u00adf\u00f6retag f\u00f6r exporten medan tj\u00e4nste\u00adf\u00f6retagen s\u00e5lde inom Sverige. Idag har vi m\u00e5nga mindre f\u00f6retag som sj\u00e4lva exporterar och verkar \u00f6ver hela v\u00e4rlden. Framf\u00f6r allt tj\u00e4nstesektorn har p\u00e5verkats av globaliseringen &hellip;","og_url":"https:\/\/www.almega.se\/naringspolitik\/arbetsmarknad\/","og_site_name":"Almega","article_modified_time":"2025-06-05T13:20:36+00:00","og_image":[{"width":1200,"height":630,"url":"https:\/\/www.almega.se\/app\/uploads\/2020\/12\/almega-share-logo.png","type":"image\/png"}],"twitter_card":"summary_large_image","twitter_misc":{"Ber\u00e4knad l\u00e4stid":"1 minut"},"schema":{"@context":"https:\/\/schema.org","@graph":[{"@type":"WebPage","@id":"https:\/\/www.almega.se\/naringspolitik\/arbetsmarknad\/","url":"https:\/\/www.almega.se\/naringspolitik\/arbetsmarknad\/","name":"Arbetsmarknad | Almega","isPartOf":{"@id":"https:\/\/www.almega.se\/#website"},"datePublished":"2018-08-30T10:27:13+00:00","dateModified":"2025-06-05T13:20:36+00:00","breadcrumb":{"@id":"https:\/\/www.almega.se\/naringspolitik\/arbetsmarknad\/#breadcrumb"},"inLanguage":"sv-SE","potentialAction":[{"@type":"ReadAction","target":["https:\/\/www.almega.se\/naringspolitik\/arbetsmarknad\/"]}]},{"@type":"BreadcrumbList","@id":"https:\/\/www.almega.se\/naringspolitik\/arbetsmarknad\/#breadcrumb","itemListElement":[{"@type":"ListItem","position":1,"name":"Home","item":"https:\/\/www.almega.se\/"},{"@type":"ListItem","position":2,"name":"N\u00e4ringspolitik","item":"https:\/\/www.almega.se\/naringspolitik\/"},{"@type":"ListItem","position":3,"name":"Arbetsmarknad"}]},{"@type":"WebSite","@id":"https:\/\/www.almega.se\/#website","url":"https:\/\/www.almega.se\/","name":"Almega","description":"","potentialAction":[{"@type":"SearchAction","target":{"@type":"EntryPoint","urlTemplate":"https:\/\/www.almega.se\/?s={search_term_string}"},"query-input":{"@type":"PropertyValueSpecification","valueRequired":true,"valueName":"search_term_string"}}],"inLanguage":"sv-SE"}]}},"_links":{"self":[{"href":"https:\/\/www.almega.se\/api\/wp\/v2\/pages\/15767","targetHints":{"allow":["GET"]}}],"collection":[{"href":"https:\/\/www.almega.se\/api\/wp\/v2\/pages"}],"about":[{"href":"https:\/\/www.almega.se\/api\/wp\/v2\/types\/page"}],"author":[{"embeddable":true,"href":"https:\/\/www.almega.se\/api\/wp\/v2\/users\/3"}],"replies":[{"embeddable":true,"href":"https:\/\/www.almega.se\/api\/wp\/v2\/comments?post=15767"}],"version-history":[{"count":21,"href":"https:\/\/www.almega.se\/api\/wp\/v2\/pages\/15767\/revisions"}],"predecessor-version":[{"id":59797,"href":"https:\/\/www.almega.se\/api\/wp\/v2\/pages\/15767\/revisions\/59797"}],"up":[{"embeddable":true,"href":"https:\/\/www.almega.se\/api\/wp\/v2\/pages\/47026"}],"wp:attachment":[{"href":"https:\/\/www.almega.se\/api\/wp\/v2\/media?parent=15767"}],"wp:term":[{"taxonomy":"type","embeddable":true,"href":"https:\/\/www.almega.se\/api\/wp\/v2\/article_type?post=15767"},{"taxonomy":"agreement","embeddable":true,"href":"https:\/\/www.almega.se\/api\/wp\/v2\/agreement?post=15767"}],"curies":[{"name":"wp","href":"https:\/\/api.w.org\/{rel}","templated":true}]}}