{"id":10173,"date":"2017-10-05T14:04:20","date_gmt":"2017-10-05T14:04:20","guid":{"rendered":"http:\/\/almega.azurewebsites.net\/?page_id=10173"},"modified":"2023-02-11T10:11:34","modified_gmt":"2023-02-11T09:11:34","slug":"asylboendeforetagen","status":"publish","type":"page","link":"https:\/\/www.almega.se\/almega-tjansteforetagen\/asylboendeforetagen\/","title":{"rendered":"Asylboende&shy;f\u00f6retagen"},"content":{"rendered":"<div class=\"wp-block wp-block-core-paragraph\">\n<p class=\"has-excerpt-font-size\">Almega Asylboendef\u00f6retagen \u00e4r bransch- och arbetsgivarorganisationen f\u00f6r asylboendef\u00f6retag.<\/p>\n<\/div>\n\n\n<figure class=\"wp-block-image aligncenter\"><a href=\"https:\/\/www.almega.se\/app\/uploads\/2018\/10\/asylboendeforetagen.jpg\"><img loading=\"lazy\" decoding=\"async\" width=\"580\" height=\"348\" src=\"https:\/\/www.almega.se\/app\/uploads\/2018\/10\/asylboendeforetagen-580x348.jpg\" alt=\"\" class=\"wp-image-19425\" srcset=\"https:\/\/www.almega.se\/app\/uploads\/2018\/10\/asylboendeforetagen-580x348.jpg 580w, https:\/\/www.almega.se\/app\/uploads\/2018\/10\/asylboendeforetagen-380x228.jpg 380w, https:\/\/www.almega.se\/app\/uploads\/2018\/10\/asylboendeforetagen-768x461.jpg 768w, https:\/\/www.almega.se\/app\/uploads\/2018\/10\/asylboendeforetagen.jpg 1000w\" sizes=\"auto, (max-width: 580px) 100vw, 580px\" \/><\/a><\/figure>\n\n\n<div class=\"wp-block wp-block-core-paragraph\">\n<p>Almega Asylboendef\u00f6retagen \u00e4r en ideell f\u00f6rening inom Almega Tj\u00e4nstef\u00f6retagen som organiserar f\u00f6retag som bedriver boenden f\u00f6r asyls\u00f6kanden i Sverige.&nbsp; Almega Tj\u00e4nstef\u00f6retagen tecknar kollektivavtal f\u00f6r Asylboendebranschen och som medlem f\u00e5r du r\u00e5d och st\u00f6d i bl a arbetsr\u00e4ttsliga fr\u00e5gor som en del av v\u00e5r medlemsservice.<\/p>\n<\/div>\n\n<div class=\"wp-block wp-block-core-heading heading-in-sidebar\" id=\"branschfragor\"><a class='Share__link Share__link--url copy-text' href='#' rel='nofollow' data-text='branschfragor' title='Dela url' data-confirmation='L\u00e4nken kopierades till urklipp'><svg class='icon icon--link'  width='18' height='18' viewBox='0 0 18 18' fill='none' xmlns='http:\/\/www.w3.org\/2000\/svg'>\n            <path d='M10.4142 0.514721L6.87868 4.05025L8.29289 5.46447L11.1213 2.63604L15.364 6.87868L12.5355 9.70711L13.9497 11.1213L17.4853 7.58579C17.8763 7.19476 17.8763 6.5626 17.4853 6.17158L11.8284 0.514721C11.4374 0.123691 10.8052 0.123691 10.4142 0.514721Z' fill='black'\/>\n            <path d='M9.7071 12.5355L6.87868 15.364L2.63604 11.1213L5.46446 8.2929L4.05025 6.87868L0.514716 10.4142C0.123686 10.8052 0.123686 11.4374 0.514716 11.8284L6.17157 17.4853C6.5626 17.8763 7.19475 17.8763 7.58578 17.4853L11.1213 13.9497L9.7071 12.5355Z' fill='black'\/>\n            <path d='M6.17157 11.8284C6.5626 12.2195 7.19475 12.2195 7.58578 11.8284L11.8284 7.58579C12.2195 7.19476 12.2195 6.56261 11.8284 6.17158C11.4374 5.78055 10.8052 5.78055 10.4142 6.17158L6.17157 10.4142C5.78054 10.8052 5.78054 11.4374 6.17157 11.8284Z' fill='black'\/>\n            <\/svg> <\/a>\n<h2 class=\"wp-block-heading\">Branschfr\u00e5gor<\/h2>\n<\/div>\n\n<div class=\"wp-block wp-block-core-heading\" id=\"almega-asylboendeforetagen-har-till-uppgift-att-arbeta-med-flertalet&nbsp;branschfragor-som-exempelvis:\">\n<h3 class=\"wp-block-heading\">Almega Asylboendef\u00f6retagen har till uppgift att arbeta med flertalet&nbsp;branschfr\u00e5gor som exempelvis:<\/h3>\n<\/div>\n\n<div class=\"wp-block wp-block-core-list\">\n<ul class=\"wp-block-list\">\n<li>Att bevaka\/p\u00e5verka myndigheternas regler och andra n\u00e4rings\u00adpolitiska fr\u00e5gor som ber\u00f6r branschen.<\/li>\n\n\n\n<li>Att vara branschens spr\u00e5kr\u00f6r i gemensamma fr\u00e5gor och d\u00e4rmed verka f\u00f6r att utveckla de f\u00f6ruts\u00e4ttningar som p\u00e5verkar medlems\u00adf\u00f6retagens villkor.<\/li>\n\n\n\n<li>Att arbeta f\u00f6r att skapa bra villkor och f\u00f6ruts\u00e4ttningar f\u00f6r effektivitet och l\u00f6nsamhet.<\/li>\n\n\n\n<li>Att verka f\u00f6r uppr\u00e4tth\u00e5llande av h\u00f6g standard och h\u00f6g etik inom branschen.<\/li>\n\n\n\n<li>Att genom information till allm\u00e4nhet, f\u00f6retag och myndigheter arbeta f\u00f6r vidgad kunskap och k\u00e4nnedom om branschen och dess betydelse.<\/li>\n<\/ul>\n<\/div>\n\n<div class=\"wp-block wp-block-core-paragraph\">\n<p>Mer information om styrelse, stadgar, etiska regler mm hittar du i den h\u00f6gra spalten.<\/p>\n<\/div>\n\n<div class=\"wp-block wp-block-core-paragraph\">\n<p>\u00c4r du intresserad av att bli medlem? Information om medlemskap, avgiftsmodell mm hittar du i den h\u00f6gra spalten. Observera att medlemsavgiften till f\u00f6reningen Asylboendef\u00f6retagen f\u00f6r n\u00e4rvarande \u00e4r s\u00e4nkt till 100 kr per \u00e5r d\u00e5 f\u00f6reningen \u00e4r vilande, se nedan.<\/p>\n<\/div>\n\n<div class=\"wp-block wp-block-core-heading heading-in-sidebar\" id=\"information-om-medlemskap\"><a class='Share__link Share__link--url copy-text' href='#' rel='nofollow' data-text='information-om-medlemskap' title='Dela url' data-confirmation='L\u00e4nken kopierades till urklipp'><svg class='icon icon--link'  width='18' height='18' viewBox='0 0 18 18' fill='none' xmlns='http:\/\/www.w3.org\/2000\/svg'>\n            <path d='M10.4142 0.514721L6.87868 4.05025L8.29289 5.46447L11.1213 2.63604L15.364 6.87868L12.5355 9.70711L13.9497 11.1213L17.4853 7.58579C17.8763 7.19476 17.8763 6.5626 17.4853 6.17158L11.8284 0.514721C11.4374 0.123691 10.8052 0.123691 10.4142 0.514721Z' fill='black'\/>\n            <path d='M9.7071 12.5355L6.87868 15.364L2.63604 11.1213L5.46446 8.2929L4.05025 6.87868L0.514716 10.4142C0.123686 10.8052 0.123686 11.4374 0.514716 11.8284L6.17157 17.4853C6.5626 17.8763 7.19475 17.8763 7.58578 17.4853L11.1213 13.9497L9.7071 12.5355Z' fill='black'\/>\n            <path d='M6.17157 11.8284C6.5626 12.2195 7.19475 12.2195 7.58578 11.8284L11.8284 7.58579C12.2195 7.19476 12.2195 6.56261 11.8284 6.17158C11.4374 5.78055 10.8052 5.78055 10.4142 6.17158L6.17157 10.4142C5.78054 10.8052 5.78054 11.4374 6.17157 11.8284Z' fill='black'\/>\n            <\/svg> <\/a>\n<h2 class=\"wp-block-heading\">Information om medlemskap<\/h2>\n<\/div>\n\n<div class=\"wp-block wp-block-core-list\">\n<ul class=\"wp-block-list\">\n<li><a href=\"https:\/\/www.almega.se\/app\/uploads\/imported\/Varfor-medlemsskap-Asylboendeforetagen.pdf\" target=\"_blank\" rel=\"noreferrer noopener\">Varf\u00f6r medlem i Almega Asylboendef\u00f6retagen?<\/a><\/li>\n\n\n\n<li><a href=\"https:\/\/www.almega.se\/app\/uploads\/2020\/09\/faktablad-medlemskap-asyl.pdf\" target=\"_blank\" rel=\"noreferrer noopener\">Information om medlemskap Almega Asylboendef\u00f6retagen Almega Tj\u00e4nstef\u00f6retagen och Svenskt N\u00e4ringsliv<\/a><\/li>\n<\/ul>\n<\/div>\n\n<div class=\"wp-block wp-block-core-heading\" id=\"kontakt-medlemskap\">\n<h3 class=\"wp-block-heading\">Kontakt medlemskap<\/h3>\n<\/div>\n\n<div id=\"block-contact-block_2e9d4dcc99851a98d5dac3b0540db010\" class=\"Contact\">\n      <div class=\"Contact__title\">\n      \n    <\/div>\n    <div class=\" row \">\n              <div class=\"col-lg-6 pb-md-4 pb-3\">\n                  <\/div>\n              <div class=\"col-lg-6 pb-md-4 pb-3\">\n          <div class=\"Contact-card  \">\n          <div class=\"Contact-card__body\">\n      <h2 class=\"Contact-card__title\">Ulrika Kohlin<\/h2>\n      <p class=\"mb-0\">F\u00f6rs\u00e4ljningschef<\/p>\n      \n              <p class=\"mb-2\">Stockholm<\/p>\n                    <p>\n                      <a href=\"tel:+46 8 762 69 92\">+46 8 762 69 92<\/a>\n                                <a href=\"tel:+46 70 689 69 92\">+46 70 689 69 92<\/a>\n                                <a href=\"mailto:ulrika.kohlin@almega.se\">E-post<\/a>\n                  <\/p>\n            <a href=\"https:\/\/www.almega.se\/person\/ulrikakohlin\/\" class=\"Contact-card__link\">\n        <div class=\"Contact-card__arrow\">\n          <p class=\"Contact-card__arrow__text\">L\u00e4s mer<\/p>\n          <div class=\"Contact-card__arrow__line\"><\/div>\n          <svg class='icon icon--arrow-tip'  width=\"11\" height=\"16\" viewBox=\"0 0 11 16\" fill=\"none\" xmlns=\"http:\/\/www.w3.org\/2000\/svg\">\n<path d=\"M0.858398 15L9.2304 7.99664L0.967732 1.00001\" stroke=\"black\" stroke-width=\"2\" stroke-miterlimit=\"10\"\/>\n<\/svg>\n\n          <\/div>\n      <\/a>\n\n      \n    <\/div>\n  <\/div>\n        <\/div>\n          <\/div>\n    <\/div>\n\n\n<div class=\"wp-block wp-block-core-heading\" id=\"forsakring\">\n<h4 class=\"wp-block-heading\">F\u00f6rs\u00e4kring<\/h4>\n<\/div>\n\n<div class=\"wp-block wp-block-core-list\">\n<ul class=\"wp-block-list\">\n<li><strong>F\u00f6retags- och fastighetsf\u00f6rs\u00e4kring.<\/strong><br>Specialanpassad f\u00f6rs\u00e4kringsl\u00f6sning f\u00f6r medlemmar i Almega Asylboendef\u00f6retagen.<br><a href=\"https:\/\/www.almega.se\/app\/uploads\/imported\/Information-forsakring-Asyl-A.pdf\" target=\"_blank\" rel=\"noreferrer noopener\">L\u00e4s mer h\u00e4r!<\/a><\/li>\n\n\n\n<li><strong><a href=\"https:\/\/www.almega.se\/app\/uploads\/imported\/Forsakring-Asylboendeforetagen-A.pdf\" target=\"_blank\" rel=\"noreferrer noopener\">Produktblad f\u00f6rs\u00e4kring<\/a><\/strong><\/li>\n\n\n\n<li><a href=\"https:\/\/www.almega.se\/app\/uploads\/imported\/Forsakring-ansokan-A.pdf\" target=\"_blank\" rel=\"noreferrer noopener\"><strong>Ans\u00f6kan f\u00f6rs\u00e4kring<\/strong><\/a><\/li>\n<\/ul>\n<\/div>\n\n<div class=\"wp-block wp-block-core-heading heading-in-sidebar\" id=\"branschforening-for-asylboendeforetag-vilande\"><a class='Share__link Share__link--url copy-text' href='#' rel='nofollow' data-text='branschforening-for-asylboendeforetag-vilande' title='Dela url' data-confirmation='L\u00e4nken kopierades till urklipp'><svg class='icon icon--link'  width='18' height='18' viewBox='0 0 18 18' fill='none' xmlns='http:\/\/www.w3.org\/2000\/svg'>\n            <path d='M10.4142 0.514721L6.87868 4.05025L8.29289 5.46447L11.1213 2.63604L15.364 6.87868L12.5355 9.70711L13.9497 11.1213L17.4853 7.58579C17.8763 7.19476 17.8763 6.5626 17.4853 6.17158L11.8284 0.514721C11.4374 0.123691 10.8052 0.123691 10.4142 0.514721Z' fill='black'\/>\n            <path d='M9.7071 12.5355L6.87868 15.364L2.63604 11.1213L5.46446 8.2929L4.05025 6.87868L0.514716 10.4142C0.123686 10.8052 0.123686 11.4374 0.514716 11.8284L6.17157 17.4853C6.5626 17.8763 7.19475 17.8763 7.58578 17.4853L11.1213 13.9497L9.7071 12.5355Z' fill='black'\/>\n            <path d='M6.17157 11.8284C6.5626 12.2195 7.19475 12.2195 7.58578 11.8284L11.8284 7.58579C12.2195 7.19476 12.2195 6.56261 11.8284 6.17158C11.4374 5.78055 10.8052 5.78055 10.4142 6.17158L6.17157 10.4142C5.78054 10.8052 5.78054 11.4374 6.17157 11.8284Z' fill='black'\/>\n            <\/svg> <\/a>\n<h2 class=\"wp-block-heading\">Branschf\u00f6rening f\u00f6r asylboendef\u00f6retag vilande<\/h2>\n<\/div>\n\n<div class=\"wp-block wp-block-core-paragraph\">\n<p>P\u00e5 \u00c5rsm\u00f6tet den 24 augusti beslutades att f\u00f6rklara f\u00f6reningen Asylboendef\u00f6retagen f\u00f6r vilande med avst\u00e4mning 2019-05-01 om inte behov uppst\u00e5r att aktivera f\u00f6reningen tidigare.<\/p>\n<\/div>\n\n<div class=\"wp-block wp-block-core-paragraph\">\n<p>\u00c5rsm\u00f6tet beslutade \u00e4ven att medlemsavgiften till branschen skall vara 100&nbsp;kr per \u00e5r. Avgiften till Almega Tj\u00e4nstef\u00f6retagen och Svenskt N\u00e4ringsliv kvarst\u00e5r enligt g\u00e4llande tariffer.<\/p>\n<\/div>\n\n<div class=\"wp-block wp-block-core-paragraph\">\n<p>\u00c5rsm\u00f6tet beslutade&nbsp;ocks\u00e5 att under perioden som f\u00f6reningen \u00e4r vilande kommer det inte att finnas n\u00e5gon vald styrelse utan endast en kontaktperson. \u00c5rsm\u00f6tet valde styrelsens ordf\u00f6rande Karin Welin till kontaktperson.<\/p>\n<\/div>\n\n<div class=\"wp-block wp-block-core-paragraph\">\n<p>Har du fr\u00e5gor eller synpunkter \u00e4r du v\u00e4lkommen att kontakta&nbsp; Karin Welin, mobil 070-522 2560<br>eller e-post:&nbsp;<a href=\"mailto:karin.welin@v%C3%A4lkommengruppen.se\">karin.welin@valkommengruppen.se<\/a><\/p>\n<\/div>\n\n<div class=\"wp-block wp-block-core-paragraph\">\n<p><a href=\"https:\/\/www.almega.se\/app\/uploads\/2017\/10\/protokoll-arsmote-asyl-2017-08-24-justerat-med-bilagor.pdf\">\u00c5rsm\u00f6tets protokoll inklusive bilagor<\/a><\/p>\n<\/div>\n\n<div class=\"wp-block wp-block-core-heading heading-in-sidebar\" id=\"branschforening-for-asylboendeforetag-bildas\"><a class='Share__link Share__link--url copy-text' href='#' rel='nofollow' data-text='branschforening-for-asylboendeforetag-bildas' title='Dela url' data-confirmation='L\u00e4nken kopierades till urklipp'><svg class='icon icon--link'  width='18' height='18' viewBox='0 0 18 18' fill='none' xmlns='http:\/\/www.w3.org\/2000\/svg'>\n            <path d='M10.4142 0.514721L6.87868 4.05025L8.29289 5.46447L11.1213 2.63604L15.364 6.87868L12.5355 9.70711L13.9497 11.1213L17.4853 7.58579C17.8763 7.19476 17.8763 6.5626 17.4853 6.17158L11.8284 0.514721C11.4374 0.123691 10.8052 0.123691 10.4142 0.514721Z' fill='black'\/>\n            <path d='M9.7071 12.5355L6.87868 15.364L2.63604 11.1213L5.46446 8.2929L4.05025 6.87868L0.514716 10.4142C0.123686 10.8052 0.123686 11.4374 0.514716 11.8284L6.17157 17.4853C6.5626 17.8763 7.19475 17.8763 7.58578 17.4853L11.1213 13.9497L9.7071 12.5355Z' fill='black'\/>\n            <path d='M6.17157 11.8284C6.5626 12.2195 7.19475 12.2195 7.58578 11.8284L11.8284 7.58579C12.2195 7.19476 12.2195 6.56261 11.8284 6.17158C11.4374 5.78055 10.8052 5.78055 10.4142 6.17158L6.17157 10.4142C5.78054 10.8052 5.78054 11.4374 6.17157 11.8284Z' fill='black'\/>\n            <\/svg> <\/a>\n<h2 class=\"wp-block-heading\">Branschf\u00f6rening f\u00f6r asylboendef\u00f6retag bildas<\/h2>\n<\/div>\n\n<div class=\"wp-block wp-block-core-paragraph\">\n<p>Efter ett initiativ fr\u00e5n Almega och n\u00e5gra asylboendef\u00f6retag inbj\u00f6ds alla hos Migrationsverket registrerade f\u00f6retag som bedriver boenden f\u00f6r asyls\u00f6kanden i Sverige, in till ett informationsm\u00f6te p\u00e5 Almega i Stockholm den 8 juni 2015. V\u00e4rd f\u00f6r detta m\u00f6te var Stefan Koskinen, f\u00f6rbundsdirekt\u00f6r Almega Tj\u00e4nstef\u00f6retagen samt Karin Welin, styrelseledamot i V\u00e4lkommengruppen i G\u00f6taland AB. Detta f\u00f6rsta m\u00f6te slutade med att den samlade gruppen p\u00e5 drygt 50 personer enades om det gemensamma intresset i att starta en branschf\u00f6rening och ett uppstarts\u00e5rsm\u00f6te h\u00f6lls i direkt anslutning till informationsm\u00f6tet.<\/p>\n<\/div>\n\n<div class=\"wp-block wp-block-core-paragraph\">\n<p>Syftet med den nya branschf\u00f6reningen \u00e4r bland annat att verka f\u00f6r uppr\u00e4tth\u00e5llandet av god standard samt h\u00f6g etik inom branschen samt att samla hela branschen kring de fr\u00e5gor som ber\u00f6r och \u00e4r v\u00e4sentliga f\u00f6r en fortsatt sund tillv\u00e4xt. Dessutom att genom information till allm\u00e4nheten, f\u00f6retag och myndigheter ge en vidgad kunskap om branschen.<\/p>\n<\/div>\n\n<div class=\"wp-block wp-block-core-paragraph\">\n<p>Har du fr\u00e5gor eller synpunkter \u00e4r du v\u00e4lkommen att kontakta&nbsp; Karin Welin,<br>mobil 070-522 2560 eller e-post:&nbsp;<a href=\"mailto:karin.welin@v%C3%A4lkommengruppen.se\">karin.welin@valkommengruppen.se<\/a><\/p>\n<\/div>\n\n<div class=\"wp-block wp-block-core-paragraph\">\n<p><a class=\"button\" href=\"https:\/\/www.almega.se\/forbund-branscher\/almega-tjansteforetagen\/asylboendeforetagen\/etiska-riktlinjer\/\">Etiska riktlinjer<\/a><\/p>\n<\/div>\n\n<div class=\"wp-block wp-block-core-heading heading-in-sidebar\" id=\"etiska-riktlinjer\"><a class='Share__link Share__link--url copy-text' href='#' rel='nofollow' data-text='etiska-riktlinjer' title='Dela url' data-confirmation='L\u00e4nken kopierades till urklipp'><svg class='icon icon--link'  width='18' height='18' viewBox='0 0 18 18' fill='none' xmlns='http:\/\/www.w3.org\/2000\/svg'>\n            <path d='M10.4142 0.514721L6.87868 4.05025L8.29289 5.46447L11.1213 2.63604L15.364 6.87868L12.5355 9.70711L13.9497 11.1213L17.4853 7.58579C17.8763 7.19476 17.8763 6.5626 17.4853 6.17158L11.8284 0.514721C11.4374 0.123691 10.8052 0.123691 10.4142 0.514721Z' fill='black'\/>\n            <path d='M9.7071 12.5355L6.87868 15.364L2.63604 11.1213L5.46446 8.2929L4.05025 6.87868L0.514716 10.4142C0.123686 10.8052 0.123686 11.4374 0.514716 11.8284L6.17157 17.4853C6.5626 17.8763 7.19475 17.8763 7.58578 17.4853L11.1213 13.9497L9.7071 12.5355Z' fill='black'\/>\n            <path d='M6.17157 11.8284C6.5626 12.2195 7.19475 12.2195 7.58578 11.8284L11.8284 7.58579C12.2195 7.19476 12.2195 6.56261 11.8284 6.17158C11.4374 5.78055 10.8052 5.78055 10.4142 6.17158L6.17157 10.4142C5.78054 10.8052 5.78054 11.4374 6.17157 11.8284Z' fill='black'\/>\n            <\/svg> <\/a>\n<h2 class=\"wp-block-heading\">Etiska riktlinjer<\/h2>\n<\/div>\n\n<div class=\"wp-block wp-block-core-paragraph\">\n<p class=\"has-excerpt-font-size\">Etiska riktlinjer f\u00f6r medlemmar i Almega Asylboendef\u00f6retagen Godk\u00e4nda p\u00e5 styrelsem\u00f6tet 2016-01-28<\/p>\n<\/div>\n\n<div class=\"wp-block wp-block-core-paragraph\">\n<p>Nedan f\u00f6ljer uppst\u00e4llning p\u00e5 handlingar som ett medlemsf\u00f6retag skall, respektive inte skall utf\u00f6ra f\u00f6r att f\u00f6lja god branschetik.<\/p>\n<\/div>\n\n<div class=\"wp-block wp-block-core-paragraph\">\n<p>Medlem i Asylboendef\u00f6retagen skall:<\/p>\n<\/div>\n\n<div class=\"wp-block wp-block-core-list\">\n<ul class=\"wp-block-list\">\n<li>pr\u00e4glas av r\u00e4ttr\u00e5dighet och hederlighet och f\u00f6lja lagar och regler<\/li>\n\n\n\n<li>vara professionella gentemot uppdragsgivare<\/li>\n\n\n\n<li>arbeta f\u00f6r att skapa meningsfullhet, god h\u00e4lsa och m\u00f6ten med det svenska samh\u00e4llet \u00e5t de boende samt v\u00e4rna om de boendes integritet<\/li>\n\n\n\n<li>visa respekt i alla situationer<\/li>\n\n\n\n<li>vara samarbetsinriktade gentemot frivilligorganisationer, grannar och kommun<\/li>\n\n\n\n<li>vara \u00f6ppna i f\u00f6rh\u00e5llande till media<\/li>\n\n\n\n<li>str\u00e4va efter en sund och rimlig ekonomisk avkastning<\/li>\n<\/ul>\n<\/div>\n\n<div class=\"wp-block wp-block-core-paragraph\">\n<p>I enlighet av f\u00f6rbundets stadgar skall dessa regler f\u00f6ljas och underl\u00e5tenhet \u00e4r grund f\u00f6r upps\u00e4gning av medlemskapet s\u00e5v\u00e4l i branschf\u00f6reningen som i arbetsgivarorganisationen.<\/p>\n<\/div>","protected":false},"excerpt":{"rendered":"<p>Almega Asylboendef\u00f6retagen \u00e4r bransch- och arbetsgivarorganisationen f\u00f6r asylboendef\u00f6retag. Almega Asylboendef\u00f6retagen \u00e4r en ideell f\u00f6rening inom Almega Tj\u00e4nstef\u00f6retagen som organiserar f\u00f6retag som bedriver boenden f\u00f6r asyls\u00f6kanden i Sverige.&nbsp; Almega Tj\u00e4nstef\u00f6retagen tecknar kollektivavtal f\u00f6r Asylboendebranschen och som &hellip;<\/p>\n","protected":false},"author":2,"featured_media":0,"parent":10004,"menu_order":0,"comment_status":"closed","ping_status":"closed","template":"template-forbund.blade.php","meta":{"_acf_changed":false,"footnotes":""},"article_type":[],"agreement":[],"class_list":["post-10173","page","type-page","status-publish","hentry"],"acf":[],"yoast_head":"<!-- This site is optimized with the Yoast SEO Premium plugin v26.8 (Yoast SEO v26.8) - https:\/\/yoast.com\/product\/yoast-seo-premium-wordpress\/ -->\n<title>Asylboendef\u00f6retagen - en ideell f\u00f6rening inom Almega Tj\u00e4nstef\u00f6retagen<\/title>\n<meta name=\"description\" content=\"Almega Asylboendef\u00f6retagen \u00e4r en ideell f\u00f6rening inom Almega Tj\u00e4nstef\u00f6retagen som organiserar f\u00f6retag som bedriver boenden f\u00f6r asyls\u00f6kanden i Sverige.\" \/>\n<meta name=\"robots\" content=\"index, follow, max-snippet:-1, max-image-preview:large, max-video-preview:-1\" \/>\n<link rel=\"canonical\" href=\"https:\/\/www.almega.se\/almega-tjansteforetagen\/asylboendeforetagen\/\" \/>\n<meta property=\"og:locale\" content=\"sv_SE\" \/>\n<meta property=\"og:type\" content=\"article\" \/>\n<meta property=\"og:title\" content=\"Asylboendef\u00f6retagen\" \/>\n<meta property=\"og:description\" content=\"Almega Asylboendef\u00f6retagen \u00e4r en ideell f\u00f6rening inom Almega Tj\u00e4nstef\u00f6retagen som organiserar f\u00f6retag som bedriver boenden f\u00f6r asyls\u00f6kanden i Sverige.\" \/>\n<meta property=\"og:url\" content=\"https:\/\/www.almega.se\/almega-tjansteforetagen\/asylboendeforetagen\/\" \/>\n<meta property=\"og:site_name\" content=\"Almega\" \/>\n<meta property=\"article:modified_time\" content=\"2023-02-11T09:11:34+00:00\" \/>\n<meta property=\"og:image\" content=\"https:\/\/www.almega.se\/app\/uploads\/2018\/10\/asylboendeforetagen-580x348.jpg\" \/>\n<meta name=\"twitter:card\" content=\"summary_large_image\" \/>\n<meta name=\"twitter:label1\" content=\"Ber\u00e4knad l\u00e4stid\" \/>\n\t<meta name=\"twitter:data1\" content=\"4 minuter\" \/>\n<script type=\"application\/ld+json\" class=\"yoast-schema-graph\">{\"@context\":\"https:\/\/schema.org\",\"@graph\":[{\"@type\":\"WebPage\",\"@id\":\"https:\/\/www.almega.se\/almega-tjansteforetagen\/asylboendeforetagen\/\",\"url\":\"https:\/\/www.almega.se\/almega-tjansteforetagen\/asylboendeforetagen\/\",\"name\":\"Asylboendef\u00f6retagen - en ideell f\u00f6rening inom Almega Tj\u00e4nstef\u00f6retagen\",\"isPartOf\":{\"@id\":\"https:\/\/www.almega.se\/#website\"},\"primaryImageOfPage\":{\"@id\":\"https:\/\/www.almega.se\/almega-tjansteforetagen\/asylboendeforetagen\/#primaryimage\"},\"image\":{\"@id\":\"https:\/\/www.almega.se\/almega-tjansteforetagen\/asylboendeforetagen\/#primaryimage\"},\"thumbnailUrl\":\"https:\/\/www.almega.se\/app\/uploads\/2018\/10\/asylboendeforetagen-580x348.jpg\",\"datePublished\":\"2017-10-05T14:04:20+00:00\",\"dateModified\":\"2023-02-11T09:11:34+00:00\",\"description\":\"Almega Asylboendef\u00f6retagen \u00e4r en ideell f\u00f6rening inom Almega Tj\u00e4nstef\u00f6retagen som organiserar f\u00f6retag som bedriver boenden f\u00f6r asyls\u00f6kanden i Sverige.\",\"breadcrumb\":{\"@id\":\"https:\/\/www.almega.se\/almega-tjansteforetagen\/asylboendeforetagen\/#breadcrumb\"},\"inLanguage\":\"sv-SE\",\"potentialAction\":[{\"@type\":\"ReadAction\",\"target\":[\"https:\/\/www.almega.se\/almega-tjansteforetagen\/asylboendeforetagen\/\"]}]},{\"@type\":\"ImageObject\",\"inLanguage\":\"sv-SE\",\"@id\":\"https:\/\/www.almega.se\/almega-tjansteforetagen\/asylboendeforetagen\/#primaryimage\",\"url\":\"https:\/\/www.almega.se\/app\/uploads\/2018\/10\/asylboendeforetagen-580x348.jpg\",\"contentUrl\":\"https:\/\/www.almega.se\/app\/uploads\/2018\/10\/asylboendeforetagen-580x348.jpg\"},{\"@type\":\"BreadcrumbList\",\"@id\":\"https:\/\/www.almega.se\/almega-tjansteforetagen\/asylboendeforetagen\/#breadcrumb\",\"itemListElement\":[{\"@type\":\"ListItem\",\"position\":1,\"name\":\"Home\",\"item\":\"https:\/\/www.almega.se\/\"},{\"@type\":\"ListItem\",\"position\":2,\"name\":\"Almega Tj\u00e4nste&shy;f\u00f6retagen\",\"item\":\"https:\/\/www.almega.se\/almega-tjansteforetagen\/\"},{\"@type\":\"ListItem\",\"position\":3,\"name\":\"Asylboende&shy;f\u00f6retagen\"}]},{\"@type\":\"WebSite\",\"@id\":\"https:\/\/www.almega.se\/#website\",\"url\":\"https:\/\/www.almega.se\/\",\"name\":\"Almega\",\"description\":\"\",\"potentialAction\":[{\"@type\":\"SearchAction\",\"target\":{\"@type\":\"EntryPoint\",\"urlTemplate\":\"https:\/\/www.almega.se\/?s={search_term_string}\"},\"query-input\":{\"@type\":\"PropertyValueSpecification\",\"valueRequired\":true,\"valueName\":\"search_term_string\"}}],\"inLanguage\":\"sv-SE\"}]}<\/script>\n<!-- \/ Yoast SEO Premium plugin. -->","yoast_head_json":{"title":"Asylboendef\u00f6retagen - en ideell f\u00f6rening inom Almega Tj\u00e4nstef\u00f6retagen","description":"Almega Asylboendef\u00f6retagen \u00e4r en ideell f\u00f6rening inom Almega Tj\u00e4nstef\u00f6retagen som organiserar f\u00f6retag som bedriver boenden f\u00f6r asyls\u00f6kanden i Sverige.","robots":{"index":"index","follow":"follow","max-snippet":"max-snippet:-1","max-image-preview":"max-image-preview:large","max-video-preview":"max-video-preview:-1"},"canonical":"https:\/\/www.almega.se\/almega-tjansteforetagen\/asylboendeforetagen\/","og_locale":"sv_SE","og_type":"article","og_title":"Asylboendef\u00f6retagen","og_description":"Almega Asylboendef\u00f6retagen \u00e4r en ideell f\u00f6rening inom Almega Tj\u00e4nstef\u00f6retagen som organiserar f\u00f6retag som bedriver boenden f\u00f6r asyls\u00f6kanden i Sverige.","og_url":"https:\/\/www.almega.se\/almega-tjansteforetagen\/asylboendeforetagen\/","og_site_name":"Almega","article_modified_time":"2023-02-11T09:11:34+00:00","og_image":[{"url":"https:\/\/www.almega.se\/app\/uploads\/2018\/10\/asylboendeforetagen-580x348.jpg","type":"","width":"","height":""}],"twitter_card":"summary_large_image","twitter_misc":{"Ber\u00e4knad l\u00e4stid":"4 minuter"},"schema":{"@context":"https:\/\/schema.org","@graph":[{"@type":"WebPage","@id":"https:\/\/www.almega.se\/almega-tjansteforetagen\/asylboendeforetagen\/","url":"https:\/\/www.almega.se\/almega-tjansteforetagen\/asylboendeforetagen\/","name":"Asylboendef\u00f6retagen - en ideell f\u00f6rening inom Almega Tj\u00e4nstef\u00f6retagen","isPartOf":{"@id":"https:\/\/www.almega.se\/#website"},"primaryImageOfPage":{"@id":"https:\/\/www.almega.se\/almega-tjansteforetagen\/asylboendeforetagen\/#primaryimage"},"image":{"@id":"https:\/\/www.almega.se\/almega-tjansteforetagen\/asylboendeforetagen\/#primaryimage"},"thumbnailUrl":"https:\/\/www.almega.se\/app\/uploads\/2018\/10\/asylboendeforetagen-580x348.jpg","datePublished":"2017-10-05T14:04:20+00:00","dateModified":"2023-02-11T09:11:34+00:00","description":"Almega Asylboendef\u00f6retagen \u00e4r en ideell f\u00f6rening inom Almega Tj\u00e4nstef\u00f6retagen som organiserar f\u00f6retag som bedriver boenden f\u00f6r asyls\u00f6kanden i Sverige.","breadcrumb":{"@id":"https:\/\/www.almega.se\/almega-tjansteforetagen\/asylboendeforetagen\/#breadcrumb"},"inLanguage":"sv-SE","potentialAction":[{"@type":"ReadAction","target":["https:\/\/www.almega.se\/almega-tjansteforetagen\/asylboendeforetagen\/"]}]},{"@type":"ImageObject","inLanguage":"sv-SE","@id":"https:\/\/www.almega.se\/almega-tjansteforetagen\/asylboendeforetagen\/#primaryimage","url":"https:\/\/www.almega.se\/app\/uploads\/2018\/10\/asylboendeforetagen-580x348.jpg","contentUrl":"https:\/\/www.almega.se\/app\/uploads\/2018\/10\/asylboendeforetagen-580x348.jpg"},{"@type":"BreadcrumbList","@id":"https:\/\/www.almega.se\/almega-tjansteforetagen\/asylboendeforetagen\/#breadcrumb","itemListElement":[{"@type":"ListItem","position":1,"name":"Home","item":"https:\/\/www.almega.se\/"},{"@type":"ListItem","position":2,"name":"Almega Tj\u00e4nste&shy;f\u00f6retagen","item":"https:\/\/www.almega.se\/almega-tjansteforetagen\/"},{"@type":"ListItem","position":3,"name":"Asylboende&shy;f\u00f6retagen"}]},{"@type":"WebSite","@id":"https:\/\/www.almega.se\/#website","url":"https:\/\/www.almega.se\/","name":"Almega","description":"","potentialAction":[{"@type":"SearchAction","target":{"@type":"EntryPoint","urlTemplate":"https:\/\/www.almega.se\/?s={search_term_string}"},"query-input":{"@type":"PropertyValueSpecification","valueRequired":true,"valueName":"search_term_string"}}],"inLanguage":"sv-SE"}]}},"_links":{"self":[{"href":"https:\/\/www.almega.se\/api\/wp\/v2\/pages\/10173","targetHints":{"allow":["GET"]}}],"collection":[{"href":"https:\/\/www.almega.se\/api\/wp\/v2\/pages"}],"about":[{"href":"https:\/\/www.almega.se\/api\/wp\/v2\/types\/page"}],"author":[{"embeddable":true,"href":"https:\/\/www.almega.se\/api\/wp\/v2\/users\/2"}],"replies":[{"embeddable":true,"href":"https:\/\/www.almega.se\/api\/wp\/v2\/comments?post=10173"}],"version-history":[{"count":6,"href":"https:\/\/www.almega.se\/api\/wp\/v2\/pages\/10173\/revisions"}],"predecessor-version":[{"id":57953,"href":"https:\/\/www.almega.se\/api\/wp\/v2\/pages\/10173\/revisions\/57953"}],"up":[{"embeddable":true,"href":"https:\/\/www.almega.se\/api\/wp\/v2\/pages\/10004"}],"wp:attachment":[{"href":"https:\/\/www.almega.se\/api\/wp\/v2\/media?parent=10173"}],"wp:term":[{"taxonomy":"type","embeddable":true,"href":"https:\/\/www.almega.se\/api\/wp\/v2\/article_type?post=10173"},{"taxonomy":"agreement","embeddable":true,"href":"https:\/\/www.almega.se\/api\/wp\/v2\/agreement?post=10173"}],"curies":[{"name":"wp","href":"https:\/\/api.w.org\/{rel}","templated":true}]}}