{"id":86982,"date":"2026-04-07T14:01:08","date_gmt":"2026-04-07T12:01:08","guid":{"rendered":"https:\/\/www.almega.se\/?post_type=event&#038;p=86982"},"modified":"2026-04-07T14:05:55","modified_gmt":"2026-04-07T12:05:55","slug":"lunchmote-for-medlemsforetag-inom-skola-vard-och-omsorg-4-juni-i-malmo","status":"publish","type":"event","link":"https:\/\/www.almega.se\/aktiviteter\/lunchmote-for-medlemsforetag-inom-skola-vard-och-omsorg-4-juni-i-malmo\/","title":{"rendered":"Lunchm\u00f6te f\u00f6r medlems&shy;f\u00f6retag inom skola, v\u00e5rd och omsorg \u2013 4 juni i Malm\u00f6"},"content":{"rendered":"<div class=\"wp-block wp-block-core-paragraph\">\n<p>Den 4 juni bjuder vi in medlemsf\u00f6retag i Sk\u00e5ne till ett lunchm\u00f6te d\u00e4r du f\u00e5r chans att b\u00e5de p\u00e5verka och inspireras. Som medlem f\u00e5r du en unik m\u00f6jlighet att tr\u00e4ffa andra f\u00f6retagare i v\u00e4lf\u00e4rdssektorn och tillsammans diskutera f\u00f6ruts\u00e4ttningarna i just din bransch.<\/p>\n<\/div>\n\n<div class=\"wp-block wp-block-core-paragraph\">\n<p>Under lunchen bjuder vi p\u00e5 en aktuell omv\u00e4rldsbild och g\u00e5r igenom Almegas och Svenskt N\u00e4ringslivs viktigaste fr\u00e5gor p\u00e5 v\u00e4lf\u00e4rdsomr\u00e5det. Det blir fullt fokus p\u00e5 utvecklingen i v\u00e4lf\u00e4rdssektorn och d\u00e4refter ett samtal d\u00e4r ni som f\u00f6retagare f\u00e5r dela erfarenheter, beskriva utmaningar och lyfta id\u00e9er fram\u00e5t.<\/p>\n<\/div>\n\n<div class=\"wp-block wp-block-core-paragraph\">\n<p>M\u00e5let \u00e4r ett \u00f6ppet och konkret samtal d\u00e4r vi b\u00e4ttre f\u00e5ngar upp vilka fr\u00e5gor som \u00e4r allra viktigast f\u00f6r er i vardagen, s\u00e5 att ert perspektiv syns och h\u00f6rs d\u00e4r besluten tas.<\/p>\n<\/div>\n\n<div class=\"wp-block wp-block-core-paragraph\">\n<p>Datum: 4 juni 2026<\/p>\n<\/div>\n\n<div class=\"wp-block wp-block-core-paragraph\">\n<p>Tid: kl.&nbsp;12.00\u201313.30&nbsp;(lunch ing\u00e5r)<\/p>\n<\/div>\n\n<div class=\"wp-block wp-block-core-paragraph\">\n<p>Plats:&nbsp;Svenskt N\u00e4ringslivs regionkontor, Malm\u00f6,&nbsp;<\/p>\n<\/div>\n\n<div class=\"wp-block wp-block-core-paragraph\">\n<p>Navigationsgatan 1a, 3:e v\u00e5ningen<\/p>\n<\/div>\n\n<div class=\"wp-block wp-block-core-heading\" id=\"anmalan\">\n<h4 class=\"wp-block-heading\" id=\"h-anmalan\">Anm\u00e4lan<\/h4>\n<\/div>\n\n<div class=\"wp-block wp-block-core-paragraph\">\n<p id=\"h-anmalan-vanligen-anmal-dig-senast-28-maj-uppge-eventuella-allergier-eller-specialkost-i-samband-med-anmalan\">V\u00e4nligen anm\u00e4l dig senast 28 maj via <a href=\"https:\/\/event.snmo.se\/event\/sessions?id=Lunchmte_fr_medlemsfretag_inom_skola_vrd_och_omsorg_4_juni_i_Malm2920128877\" id=\"https:\/\/event.snmo.se\/event\/sessions?id=Lunchmte_fr_medlemsfretag_inom_skola_vrd_och_omsorg_4_juni_i_Malm2920128877\">l\u00e4nken<\/a>.. Uppge eventuella allergier eller specialkost i samband med anm\u00e4lan.<\/p>\n<\/div>\n\n<div class=\"wp-block wp-block-core-paragraph\">\n<p>Vi ser fram emot ett givande samtal tillsammans.<\/p>\n<\/div>\n\n<div class=\"wp-block wp-block-core-paragraph\">\n<p>Varmt v\u00e4lkommen!<\/p>\n<\/div>","protected":false},"excerpt":{"rendered":"<p>Den 4 juni bjuder vi in medlemsf\u00f6retag i Sk\u00e5ne till ett lunchm\u00f6te d\u00e4r du f\u00e5r chans att b\u00e5de p\u00e5verka och inspireras. Som medlem f\u00e5r du en unik m\u00f6jlighet att tr\u00e4ffa andra f\u00f6retagare i v\u00e4lf\u00e4rdssektorn och &hellip;<\/p>\n","protected":false},"featured_media":86983,"template":"","eventcat":[],"eventtype":[793],"eventformat":[792],"agreement":[],"class_list":["post-86982","event","type-event","status-publish","has-post-thumbnail","hentry","eventtype-event","eventformat-pa-plats"],"acf":[],"yoast_head":"<!-- This site is optimized with the Yoast SEO Premium plugin v26.8 (Yoast SEO v26.8) - https:\/\/yoast.com\/product\/yoast-seo-premium-wordpress\/ -->\n<title>Lunchm\u00f6te f\u00f6r medlemsf\u00f6retag inom skola, v\u00e5rd och omsorg \u2013 4 juni i Malm\u00f6 | Almega<\/title>\n<meta name=\"robots\" content=\"index, follow, max-snippet:-1, max-image-preview:large, max-video-preview:-1\" \/>\n<link rel=\"canonical\" href=\"https:\/\/www.almega.se\/aktiviteter\/lunchmote-for-medlemsforetag-inom-skola-vard-och-omsorg-4-juni-i-malmo\/\" \/>\n<meta property=\"og:locale\" content=\"sv_SE\" \/>\n<meta property=\"og:type\" content=\"article\" \/>\n<meta property=\"og:title\" content=\"Lunchm\u00f6te f\u00f6r medlemsf\u00f6retag inom skola, v\u00e5rd och omsorg \u2013 4 juni i Malm\u00f6\" \/>\n<meta property=\"og:description\" content=\"Den 4 juni bjuder vi in medlemsf\u00f6retag i Sk\u00e5ne till ett lunchm\u00f6te d\u00e4r du f\u00e5r chans att b\u00e5de p\u00e5verka och inspireras. Som medlem f\u00e5r du en unik m\u00f6jlighet att tr\u00e4ffa andra f\u00f6retagare i v\u00e4lf\u00e4rdssektorn och &hellip;\" \/>\n<meta property=\"og:url\" content=\"https:\/\/www.almega.se\/aktiviteter\/lunchmote-for-medlemsforetag-inom-skola-vard-och-omsorg-4-juni-i-malmo\/\" \/>\n<meta property=\"og:site_name\" content=\"Almega\" \/>\n<meta property=\"article:modified_time\" content=\"2026-04-07T12:05:55+00:00\" \/>\n<meta property=\"og:image\" content=\"https:\/\/www.almega.se\/app\/uploads\/2026\/04\/weekly-salad-base-234919-2-1.jpg\" \/>\n\t<meta property=\"og:image:width\" content=\"1500\" \/>\n\t<meta property=\"og:image:height\" content=\"1000\" \/>\n\t<meta property=\"og:image:type\" content=\"image\/jpeg\" \/>\n<meta name=\"twitter:card\" content=\"summary_large_image\" \/>\n<meta name=\"twitter:label1\" content=\"Ber\u00e4knad l\u00e4stid\" \/>\n\t<meta name=\"twitter:data1\" content=\"2 minuter\" \/>\n<script type=\"application\/ld+json\" class=\"yoast-schema-graph\">{\"@context\":\"https:\/\/schema.org\",\"@graph\":[{\"@type\":\"WebPage\",\"@id\":\"https:\/\/www.almega.se\/aktiviteter\/lunchmote-for-medlemsforetag-inom-skola-vard-och-omsorg-4-juni-i-malmo\/\",\"url\":\"https:\/\/www.almega.se\/aktiviteter\/lunchmote-for-medlemsforetag-inom-skola-vard-och-omsorg-4-juni-i-malmo\/\",\"name\":\"Lunchm\u00f6te f\u00f6r medlemsf\u00f6retag inom skola, v\u00e5rd och omsorg \u2013 4 juni i Malm\u00f6 | Almega\",\"isPartOf\":{\"@id\":\"https:\/\/www.almega.se\/#website\"},\"primaryImageOfPage\":{\"@id\":\"https:\/\/www.almega.se\/aktiviteter\/lunchmote-for-medlemsforetag-inom-skola-vard-och-omsorg-4-juni-i-malmo\/#primaryimage\"},\"image\":{\"@id\":\"https:\/\/www.almega.se\/aktiviteter\/lunchmote-for-medlemsforetag-inom-skola-vard-och-omsorg-4-juni-i-malmo\/#primaryimage\"},\"thumbnailUrl\":\"https:\/\/www.almega.se\/app\/uploads\/2026\/04\/weekly-salad-base-234919-2-1.jpg\",\"datePublished\":\"2026-04-07T12:01:08+00:00\",\"dateModified\":\"2026-04-07T12:05:55+00:00\",\"breadcrumb\":{\"@id\":\"https:\/\/www.almega.se\/aktiviteter\/lunchmote-for-medlemsforetag-inom-skola-vard-och-omsorg-4-juni-i-malmo\/#breadcrumb\"},\"inLanguage\":\"sv-SE\",\"potentialAction\":[{\"@type\":\"ReadAction\",\"target\":[\"https:\/\/www.almega.se\/aktiviteter\/lunchmote-for-medlemsforetag-inom-skola-vard-och-omsorg-4-juni-i-malmo\/\"]}]},{\"@type\":\"ImageObject\",\"inLanguage\":\"sv-SE\",\"@id\":\"https:\/\/www.almega.se\/aktiviteter\/lunchmote-for-medlemsforetag-inom-skola-vard-och-omsorg-4-juni-i-malmo\/#primaryimage\",\"url\":\"https:\/\/www.almega.se\/app\/uploads\/2026\/04\/weekly-salad-base-234919-2-1.jpg\",\"contentUrl\":\"https:\/\/www.almega.se\/app\/uploads\/2026\/04\/weekly-salad-base-234919-2-1.jpg\",\"width\":1500,\"height\":1000},{\"@type\":\"BreadcrumbList\",\"@id\":\"https:\/\/www.almega.se\/aktiviteter\/lunchmote-for-medlemsforetag-inom-skola-vard-och-omsorg-4-juni-i-malmo\/#breadcrumb\",\"itemListElement\":[{\"@type\":\"ListItem\",\"position\":1,\"name\":\"Home\",\"item\":\"https:\/\/www.almega.se\/\"},{\"@type\":\"ListItem\",\"position\":2,\"name\":\"Aktiviteter\",\"item\":\"https:\/\/www.almega.se\/aktiviteter\/\"},{\"@type\":\"ListItem\",\"position\":3,\"name\":\"Lunchm\u00f6te f\u00f6r medlems&shy;f\u00f6retag inom skola, v\u00e5rd och omsorg \u2013 4 juni i Malm\u00f6\"}]},{\"@type\":\"WebSite\",\"@id\":\"https:\/\/www.almega.se\/#website\",\"url\":\"https:\/\/www.almega.se\/\",\"name\":\"Almega\",\"description\":\"\",\"potentialAction\":[{\"@type\":\"SearchAction\",\"target\":{\"@type\":\"EntryPoint\",\"urlTemplate\":\"https:\/\/www.almega.se\/?s={search_term_string}\"},\"query-input\":{\"@type\":\"PropertyValueSpecification\",\"valueRequired\":true,\"valueName\":\"search_term_string\"}}],\"inLanguage\":\"sv-SE\"}]}<\/script>\n<!-- \/ Yoast SEO Premium plugin. -->","yoast_head_json":{"title":"Lunchm\u00f6te f\u00f6r medlemsf\u00f6retag inom skola, v\u00e5rd och omsorg \u2013 4 juni i Malm\u00f6 | Almega","robots":{"index":"index","follow":"follow","max-snippet":"max-snippet:-1","max-image-preview":"max-image-preview:large","max-video-preview":"max-video-preview:-1"},"canonical":"https:\/\/www.almega.se\/aktiviteter\/lunchmote-for-medlemsforetag-inom-skola-vard-och-omsorg-4-juni-i-malmo\/","og_locale":"sv_SE","og_type":"article","og_title":"Lunchm\u00f6te f\u00f6r medlemsf\u00f6retag inom skola, v\u00e5rd och omsorg \u2013 4 juni i Malm\u00f6","og_description":"Den 4 juni bjuder vi in medlemsf\u00f6retag i Sk\u00e5ne till ett lunchm\u00f6te d\u00e4r du f\u00e5r chans att b\u00e5de p\u00e5verka och inspireras. Som medlem f\u00e5r du en unik m\u00f6jlighet att tr\u00e4ffa andra f\u00f6retagare i v\u00e4lf\u00e4rdssektorn och &hellip;","og_url":"https:\/\/www.almega.se\/aktiviteter\/lunchmote-for-medlemsforetag-inom-skola-vard-och-omsorg-4-juni-i-malmo\/","og_site_name":"Almega","article_modified_time":"2026-04-07T12:05:55+00:00","og_image":[{"width":1500,"height":1000,"url":"https:\/\/www.almega.se\/app\/uploads\/2026\/04\/weekly-salad-base-234919-2-1.jpg","type":"image\/jpeg"}],"twitter_card":"summary_large_image","twitter_misc":{"Ber\u00e4knad l\u00e4stid":"2 minuter"},"schema":{"@context":"https:\/\/schema.org","@graph":[{"@type":"WebPage","@id":"https:\/\/www.almega.se\/aktiviteter\/lunchmote-for-medlemsforetag-inom-skola-vard-och-omsorg-4-juni-i-malmo\/","url":"https:\/\/www.almega.se\/aktiviteter\/lunchmote-for-medlemsforetag-inom-skola-vard-och-omsorg-4-juni-i-malmo\/","name":"Lunchm\u00f6te f\u00f6r medlemsf\u00f6retag inom skola, v\u00e5rd och omsorg \u2013 4 juni i Malm\u00f6 | Almega","isPartOf":{"@id":"https:\/\/www.almega.se\/#website"},"primaryImageOfPage":{"@id":"https:\/\/www.almega.se\/aktiviteter\/lunchmote-for-medlemsforetag-inom-skola-vard-och-omsorg-4-juni-i-malmo\/#primaryimage"},"image":{"@id":"https:\/\/www.almega.se\/aktiviteter\/lunchmote-for-medlemsforetag-inom-skola-vard-och-omsorg-4-juni-i-malmo\/#primaryimage"},"thumbnailUrl":"https:\/\/www.almega.se\/app\/uploads\/2026\/04\/weekly-salad-base-234919-2-1.jpg","datePublished":"2026-04-07T12:01:08+00:00","dateModified":"2026-04-07T12:05:55+00:00","breadcrumb":{"@id":"https:\/\/www.almega.se\/aktiviteter\/lunchmote-for-medlemsforetag-inom-skola-vard-och-omsorg-4-juni-i-malmo\/#breadcrumb"},"inLanguage":"sv-SE","potentialAction":[{"@type":"ReadAction","target":["https:\/\/www.almega.se\/aktiviteter\/lunchmote-for-medlemsforetag-inom-skola-vard-och-omsorg-4-juni-i-malmo\/"]}]},{"@type":"ImageObject","inLanguage":"sv-SE","@id":"https:\/\/www.almega.se\/aktiviteter\/lunchmote-for-medlemsforetag-inom-skola-vard-och-omsorg-4-juni-i-malmo\/#primaryimage","url":"https:\/\/www.almega.se\/app\/uploads\/2026\/04\/weekly-salad-base-234919-2-1.jpg","contentUrl":"https:\/\/www.almega.se\/app\/uploads\/2026\/04\/weekly-salad-base-234919-2-1.jpg","width":1500,"height":1000},{"@type":"BreadcrumbList","@id":"https:\/\/www.almega.se\/aktiviteter\/lunchmote-for-medlemsforetag-inom-skola-vard-och-omsorg-4-juni-i-malmo\/#breadcrumb","itemListElement":[{"@type":"ListItem","position":1,"name":"Home","item":"https:\/\/www.almega.se\/"},{"@type":"ListItem","position":2,"name":"Aktiviteter","item":"https:\/\/www.almega.se\/aktiviteter\/"},{"@type":"ListItem","position":3,"name":"Lunchm\u00f6te f\u00f6r medlems&shy;f\u00f6retag inom skola, v\u00e5rd och omsorg \u2013 4 juni i Malm\u00f6"}]},{"@type":"WebSite","@id":"https:\/\/www.almega.se\/#website","url":"https:\/\/www.almega.se\/","name":"Almega","description":"","potentialAction":[{"@type":"SearchAction","target":{"@type":"EntryPoint","urlTemplate":"https:\/\/www.almega.se\/?s={search_term_string}"},"query-input":{"@type":"PropertyValueSpecification","valueRequired":true,"valueName":"search_term_string"}}],"inLanguage":"sv-SE"}]}},"_links":{"self":[{"href":"https:\/\/www.almega.se\/api\/wp\/v2\/event\/86982","targetHints":{"allow":["GET"]}}],"collection":[{"href":"https:\/\/www.almega.se\/api\/wp\/v2\/event"}],"about":[{"href":"https:\/\/www.almega.se\/api\/wp\/v2\/types\/event"}],"wp:featuredmedia":[{"embeddable":true,"href":"https:\/\/www.almega.se\/api\/wp\/v2\/media\/86983"}],"wp:attachment":[{"href":"https:\/\/www.almega.se\/api\/wp\/v2\/media?parent=86982"}],"wp:term":[{"taxonomy":"eventcat","embeddable":true,"href":"https:\/\/www.almega.se\/api\/wp\/v2\/eventcat?post=86982"},{"taxonomy":"eventtype","embeddable":true,"href":"https:\/\/www.almega.se\/api\/wp\/v2\/eventtype?post=86982"},{"taxonomy":"eventformat","embeddable":true,"href":"https:\/\/www.almega.se\/api\/wp\/v2\/eventformat?post=86982"},{"taxonomy":"agreement","embeddable":true,"href":"https:\/\/www.almega.se\/api\/wp\/v2\/agreement?post=86982"}],"curies":[{"name":"wp","href":"https:\/\/api.w.org\/{rel}","templated":true}]}}