{"id":70009,"date":"2023-12-21T16:01:11","date_gmt":"2023-12-21T15:01:11","guid":{"rendered":"https:\/\/www.almega.se\/aktiviteter\/upptack-framtidens-arbetsliv-ai-och-arbetsratt\/"},"modified":"2026-03-01T03:01:22","modified_gmt":"2026-03-01T02:01:22","slug":"upptack-framtidens-arbetsliv-ai-och-arbetsratt","status":"publish","type":"event","link":"https:\/\/www.almega.se\/aktiviteter\/upptack-framtidens-arbetsliv-ai-och-arbetsratt\/","title":{"rendered":"Navigera AI i arbetslivet: Juridiska perspektiv och praktiska verktyg"},"content":{"rendered":"<div class=\"wp-block wp-block-classic-editor\">\n<p class=\"intro\">Att anv\u00e4nda AI i arbetslivet handlar inte bara om teknik \u2013 det \u00e4r en f\u00f6r\u00e4ndringsresa som p\u00e5verkar hela organisationens arbetss\u00e4tt och kultur. I en tid d\u00e5 AI-hypen mattats av \u00e4r det nu dags att fokusera p\u00e5 hur vi p\u00e5 riktigt kan leda och anpassa v\u00e5ra organisationer f\u00f6r att b\u00e5de f\u00f6lja regelverken och dra nytta av AI:s m\u00f6jligheter.&nbsp;<\/p>\n<h2>Inneh\u00e5ll<\/h2>\n<p>Genom den h\u00e4r kursen f\u00e5r du praktiska verktyg f\u00f6r att hantera AI-relaterade juridiska fr\u00e5gor, samtidigt som du l\u00e4r dig att navigera de f\u00f6r\u00e4ndringar AI medf\u00f6r i v\u00e5ra arbetsprocesser och organisationskulturer.<\/p>\n<p><strong>Under kursen kommer vi att behandla:<\/strong><\/p>\n<ul>\n<li><strong>AI och tj\u00e4nstesektorn<\/strong>\n<p>Hur f\u00f6r\u00e4ndrar AI v\u00e5r vardag p\u00e5 jobbet? Vi ser p\u00e5 hur AI automatiserar administrativa uppgifter, f\u00f6rb\u00e4ttrar kundinteraktioner och skapar nya aff\u00e4rsm\u00f6jligheter. Men viktigast \u00e4r att f\u00f6rst\u00e5 hur AI p\u00e5verkar v\u00e5ra arbetsprocesser och vad det betyder f\u00f6r framtidens arbetss\u00e4tt \u2013 och hur vi som ledare kan st\u00f6tta medarbetarna i denna f\u00f6r\u00e4ndring.<\/p>\n<\/li>\n<li><strong>Juridiska ramar och arbetsr\u00e4tt<\/strong>\n<p>Vilka lagar och regler styr AI-anv\u00e4ndningen p\u00e5 arbetsplatsen? Vi g\u00e5r igenom GDPR, diskrimineringslagstiftning, AI-f\u00f6rordningen (och dess eventuella paus av inf\u00f6rande) och andra relevanta regelverk. Dessutom f\u00f6rdjupar vi oss i AI-kunnighetsartikeln (AI Literacy Article, Artikel 4 i AI-f\u00f6rordningen) som tr\u00e4dde i kraft 2 februari 2025. H\u00e4r \u00e4r kravet att organisationer aktivt st\u00e4rker medarbetares AI-kompetens f\u00f6r att hantera risker och m\u00f6jligheter p\u00e5 ett s\u00e4kert s\u00e4tt.<\/p>\n<\/li>\n<li><strong>Policyutveckling f\u00f6r AI-anv\u00e4ndning<\/strong>\n<p>Hur tar vi fram AI-policies som balanserar innovation med integritet och s\u00e4kerhet? Vi ger v\u00e4gledning kring hur ni kan hantera anv\u00e4ndningen av AI-verktyg som ChatGPT, Claude och Copilot \u2013 fr\u00e5n f\u00f6rbud till begr\u00e4nsningar eller uppmuntran.<\/li>\n<\/ul>\n<p><strong>Almegas insikter:<\/strong><\/p>\n<p>Tekniken \u00e4r bara en del av ekvationen. F\u00f6r att lyckas med AI i organisationen beh\u00f6ver vi b\u00f6rja med hur vi arbetar och hur v\u00e5r kultur hanterar f\u00f6r\u00e4ndring. AI kommer att ge upphov till helt nya arbetsprocesser \u2013 hur kan vi d\u00e5 b\u00e4st f\u00f6rbereda oss och v\u00e5r organisation? Denna kurs hj\u00e4lper dig att f\u00f6rst\u00e5 och leda i denna f\u00f6r\u00e4ndringsresa.<\/p>\n<h2><strong>Kursledare<\/strong><\/h2>\n<p>Mia Fransson, arbetsr\u00e4ttsjurist <\/p>\n<p>Maria Elinder, arbetsr\u00e4ttsexpert<\/p>\n<h2><strong>Pris<\/strong><\/h2>\n<p>795 kr ex moms per person f\u00f6r medlemmar<\/p>\n<p>3900kr ex moms per person f\u00f6r icke-medlemmar<\/p>\n<h2>M\u00e5lgrupp<\/h2>\n<p>Denna kurs riktar sig fr\u00e4mst till dig som arbetar inom HR eller innehar en ledande befattning inom f\u00f6retaget och som vill f\u00f6rst\u00e5 hur AI p\u00e5verkar arbetsplatsen ur b\u00e5de ett praktiskt och juridiskt perspektiv.<\/p>\n<h3><strong>\u00c4r du icke-medlem och vill g\u00e5 kursen?<\/strong><\/h3>\n<p>Du \u00e4r sj\u00e4lvklart v\u00e4lkommen att delta! Priset f\u00f6r icke-medlemmar \u00e4r 6900kr exkl moms per person.<\/p>\n<p><strong>H\u00e4r anm\u00e4ler du dig:<\/strong> <a href=\"https:\/\/app.eduadmin.se\/form\/7f84c82598ca8210\/2151068?publicFormId=cd2f2c91-56ad-4053-bc3b-38d39b28d15c\"><strong>anm\u00e4lan icke-medlem<\/strong><\/a><\/p>\n<p>Information om hur du ansluter dig till kursen f\u00e5r du i ett separat mail.<\/p>\n<\/div>\n","protected":false},"excerpt":{"rendered":"<p>Att anv\u00e4nda AI i arbetslivet handlar inte bara om teknik \u2013 det \u00e4r en f\u00f6r\u00e4ndringsresa som p\u00e5verkar hela organisationens arbetss\u00e4tt och kultur. I en tid d\u00e5 AI-hypen mattats av \u00e4r det nu dags att fokusera p\u00e5 hur vi p\u00e5 riktigt kan leda och anpassa v\u00e5ra organisationer f\u00f6r att b\u00e5de f\u00f6lja regelverken och dra nytta av AI:s m\u00f6jligheter.&nbsp;<\/p>\n","protected":false},"featured_media":81515,"template":"","eventcat":[788],"eventtype":[790],"eventformat":[789],"agreement":[],"class_list":["post-70009","event","type-event","status-publish","has-post-thumbnail","hentry","eventcat-ai-och-digitalisering","eventtype-kurs","eventformat-distans"],"acf":[],"yoast_head":"<!-- This site is optimized with the Yoast SEO Premium plugin v26.8 (Yoast SEO v26.8) - https:\/\/yoast.com\/product\/yoast-seo-premium-wordpress\/ -->\n<title>Navigera AI i arbetslivet: Juridiska perspektiv och praktiska verktyg | Almega<\/title>\n<meta name=\"robots\" content=\"index, follow, max-snippet:-1, max-image-preview:large, max-video-preview:-1\" \/>\n<link rel=\"canonical\" href=\"https:\/\/www.almega.se\/aktiviteter\/upptack-framtidens-arbetsliv-ai-och-arbetsratt\/\" \/>\n<meta property=\"og:locale\" content=\"sv_SE\" \/>\n<meta property=\"og:type\" content=\"article\" \/>\n<meta property=\"og:title\" content=\"Navigera AI i arbetslivet: Juridiska perspektiv och praktiska verktyg\" \/>\n<meta property=\"og:description\" content=\"Att anv\u00e4nda AI i arbetslivet handlar inte bara om teknik \u2013 det \u00e4r en f\u00f6r\u00e4ndringsresa som p\u00e5verkar hela organisationens arbetss\u00e4tt och kultur. I en tid d\u00e5 AI-hypen mattats av \u00e4r det nu dags att fokusera p\u00e5 hur vi p\u00e5 riktigt kan leda och anpassa v\u00e5ra organisationer f\u00f6r att b\u00e5de f\u00f6lja regelverken och dra nytta av AI:s m\u00f6jligheter.&nbsp;\" \/>\n<meta property=\"og:url\" content=\"https:\/\/www.almega.se\/aktiviteter\/upptack-framtidens-arbetsliv-ai-och-arbetsratt\/\" \/>\n<meta property=\"og:site_name\" content=\"Almega\" \/>\n<meta property=\"article:modified_time\" content=\"2026-03-01T02:01:22+00:00\" \/>\n<meta property=\"og:image\" content=\"https:\/\/www.almega.se\/app\/uploads\/2025\/06\/marc-olivier-jodoin-nqoinj-ttqm-unsplash-scaled.jpg\" \/>\n\t<meta property=\"og:image:width\" content=\"2560\" \/>\n\t<meta property=\"og:image:height\" content=\"1440\" \/>\n\t<meta property=\"og:image:type\" content=\"image\/jpeg\" \/>\n<meta name=\"twitter:card\" content=\"summary_large_image\" \/>\n<meta name=\"twitter:label1\" content=\"Ber\u00e4knad l\u00e4stid\" \/>\n\t<meta name=\"twitter:data1\" content=\"2 minuter\" \/>\n<script type=\"application\/ld+json\" class=\"yoast-schema-graph\">{\"@context\":\"https:\/\/schema.org\",\"@graph\":[{\"@type\":\"WebPage\",\"@id\":\"https:\/\/www.almega.se\/aktiviteter\/upptack-framtidens-arbetsliv-ai-och-arbetsratt\/\",\"url\":\"https:\/\/www.almega.se\/aktiviteter\/upptack-framtidens-arbetsliv-ai-och-arbetsratt\/\",\"name\":\"Navigera AI i arbetslivet: Juridiska perspektiv och praktiska verktyg | Almega\",\"isPartOf\":{\"@id\":\"https:\/\/www.almega.se\/#website\"},\"primaryImageOfPage\":{\"@id\":\"https:\/\/www.almega.se\/aktiviteter\/upptack-framtidens-arbetsliv-ai-och-arbetsratt\/#primaryimage\"},\"image\":{\"@id\":\"https:\/\/www.almega.se\/aktiviteter\/upptack-framtidens-arbetsliv-ai-och-arbetsratt\/#primaryimage\"},\"thumbnailUrl\":\"https:\/\/www.almega.se\/app\/uploads\/2025\/06\/marc-olivier-jodoin-nqoinj-ttqm-unsplash-scaled.jpg\",\"datePublished\":\"2023-12-21T15:01:11+00:00\",\"dateModified\":\"2026-03-01T02:01:22+00:00\",\"breadcrumb\":{\"@id\":\"https:\/\/www.almega.se\/aktiviteter\/upptack-framtidens-arbetsliv-ai-och-arbetsratt\/#breadcrumb\"},\"inLanguage\":\"sv-SE\",\"potentialAction\":[{\"@type\":\"ReadAction\",\"target\":[\"https:\/\/www.almega.se\/aktiviteter\/upptack-framtidens-arbetsliv-ai-och-arbetsratt\/\"]}]},{\"@type\":\"ImageObject\",\"inLanguage\":\"sv-SE\",\"@id\":\"https:\/\/www.almega.se\/aktiviteter\/upptack-framtidens-arbetsliv-ai-och-arbetsratt\/#primaryimage\",\"url\":\"https:\/\/www.almega.se\/app\/uploads\/2025\/06\/marc-olivier-jodoin-nqoinj-ttqm-unsplash-scaled.jpg\",\"contentUrl\":\"https:\/\/www.almega.se\/app\/uploads\/2025\/06\/marc-olivier-jodoin-nqoinj-ttqm-unsplash-scaled.jpg\",\"width\":2560,\"height\":1440},{\"@type\":\"BreadcrumbList\",\"@id\":\"https:\/\/www.almega.se\/aktiviteter\/upptack-framtidens-arbetsliv-ai-och-arbetsratt\/#breadcrumb\",\"itemListElement\":[{\"@type\":\"ListItem\",\"position\":1,\"name\":\"Home\",\"item\":\"https:\/\/www.almega.se\/\"},{\"@type\":\"ListItem\",\"position\":2,\"name\":\"Aktiviteter\",\"item\":\"https:\/\/www.almega.se\/aktiviteter\/\"},{\"@type\":\"ListItem\",\"position\":3,\"name\":\"Navigera AI i arbetslivet: Juridiska perspektiv och praktiska verktyg\"}]},{\"@type\":\"WebSite\",\"@id\":\"https:\/\/www.almega.se\/#website\",\"url\":\"https:\/\/www.almega.se\/\",\"name\":\"Almega\",\"description\":\"\",\"potentialAction\":[{\"@type\":\"SearchAction\",\"target\":{\"@type\":\"EntryPoint\",\"urlTemplate\":\"https:\/\/www.almega.se\/?s={search_term_string}\"},\"query-input\":{\"@type\":\"PropertyValueSpecification\",\"valueRequired\":true,\"valueName\":\"search_term_string\"}}],\"inLanguage\":\"sv-SE\"}]}<\/script>\n<!-- \/ Yoast SEO Premium plugin. -->","yoast_head_json":{"title":"Navigera AI i arbetslivet: Juridiska perspektiv och praktiska verktyg | Almega","robots":{"index":"index","follow":"follow","max-snippet":"max-snippet:-1","max-image-preview":"max-image-preview:large","max-video-preview":"max-video-preview:-1"},"canonical":"https:\/\/www.almega.se\/aktiviteter\/upptack-framtidens-arbetsliv-ai-och-arbetsratt\/","og_locale":"sv_SE","og_type":"article","og_title":"Navigera AI i arbetslivet: Juridiska perspektiv och praktiska verktyg","og_description":"Att anv\u00e4nda AI i arbetslivet handlar inte bara om teknik \u2013 det \u00e4r en f\u00f6r\u00e4ndringsresa som p\u00e5verkar hela organisationens arbetss\u00e4tt och kultur. I en tid d\u00e5 AI-hypen mattats av \u00e4r det nu dags att fokusera p\u00e5 hur vi p\u00e5 riktigt kan leda och anpassa v\u00e5ra organisationer f\u00f6r att b\u00e5de f\u00f6lja regelverken och dra nytta av AI:s m\u00f6jligheter.&nbsp;","og_url":"https:\/\/www.almega.se\/aktiviteter\/upptack-framtidens-arbetsliv-ai-och-arbetsratt\/","og_site_name":"Almega","article_modified_time":"2026-03-01T02:01:22+00:00","og_image":[{"width":2560,"height":1440,"url":"https:\/\/www.almega.se\/app\/uploads\/2025\/06\/marc-olivier-jodoin-nqoinj-ttqm-unsplash-scaled.jpg","type":"image\/jpeg"}],"twitter_card":"summary_large_image","twitter_misc":{"Ber\u00e4knad l\u00e4stid":"2 minuter"},"schema":{"@context":"https:\/\/schema.org","@graph":[{"@type":"WebPage","@id":"https:\/\/www.almega.se\/aktiviteter\/upptack-framtidens-arbetsliv-ai-och-arbetsratt\/","url":"https:\/\/www.almega.se\/aktiviteter\/upptack-framtidens-arbetsliv-ai-och-arbetsratt\/","name":"Navigera AI i arbetslivet: Juridiska perspektiv och praktiska verktyg | Almega","isPartOf":{"@id":"https:\/\/www.almega.se\/#website"},"primaryImageOfPage":{"@id":"https:\/\/www.almega.se\/aktiviteter\/upptack-framtidens-arbetsliv-ai-och-arbetsratt\/#primaryimage"},"image":{"@id":"https:\/\/www.almega.se\/aktiviteter\/upptack-framtidens-arbetsliv-ai-och-arbetsratt\/#primaryimage"},"thumbnailUrl":"https:\/\/www.almega.se\/app\/uploads\/2025\/06\/marc-olivier-jodoin-nqoinj-ttqm-unsplash-scaled.jpg","datePublished":"2023-12-21T15:01:11+00:00","dateModified":"2026-03-01T02:01:22+00:00","breadcrumb":{"@id":"https:\/\/www.almega.se\/aktiviteter\/upptack-framtidens-arbetsliv-ai-och-arbetsratt\/#breadcrumb"},"inLanguage":"sv-SE","potentialAction":[{"@type":"ReadAction","target":["https:\/\/www.almega.se\/aktiviteter\/upptack-framtidens-arbetsliv-ai-och-arbetsratt\/"]}]},{"@type":"ImageObject","inLanguage":"sv-SE","@id":"https:\/\/www.almega.se\/aktiviteter\/upptack-framtidens-arbetsliv-ai-och-arbetsratt\/#primaryimage","url":"https:\/\/www.almega.se\/app\/uploads\/2025\/06\/marc-olivier-jodoin-nqoinj-ttqm-unsplash-scaled.jpg","contentUrl":"https:\/\/www.almega.se\/app\/uploads\/2025\/06\/marc-olivier-jodoin-nqoinj-ttqm-unsplash-scaled.jpg","width":2560,"height":1440},{"@type":"BreadcrumbList","@id":"https:\/\/www.almega.se\/aktiviteter\/upptack-framtidens-arbetsliv-ai-och-arbetsratt\/#breadcrumb","itemListElement":[{"@type":"ListItem","position":1,"name":"Home","item":"https:\/\/www.almega.se\/"},{"@type":"ListItem","position":2,"name":"Aktiviteter","item":"https:\/\/www.almega.se\/aktiviteter\/"},{"@type":"ListItem","position":3,"name":"Navigera AI i arbetslivet: Juridiska perspektiv och praktiska verktyg"}]},{"@type":"WebSite","@id":"https:\/\/www.almega.se\/#website","url":"https:\/\/www.almega.se\/","name":"Almega","description":"","potentialAction":[{"@type":"SearchAction","target":{"@type":"EntryPoint","urlTemplate":"https:\/\/www.almega.se\/?s={search_term_string}"},"query-input":{"@type":"PropertyValueSpecification","valueRequired":true,"valueName":"search_term_string"}}],"inLanguage":"sv-SE"}]}},"_links":{"self":[{"href":"https:\/\/www.almega.se\/api\/wp\/v2\/event\/70009","targetHints":{"allow":["GET"]}}],"collection":[{"href":"https:\/\/www.almega.se\/api\/wp\/v2\/event"}],"about":[{"href":"https:\/\/www.almega.se\/api\/wp\/v2\/types\/event"}],"wp:featuredmedia":[{"embeddable":true,"href":"https:\/\/www.almega.se\/api\/wp\/v2\/media\/81515"}],"wp:attachment":[{"href":"https:\/\/www.almega.se\/api\/wp\/v2\/media?parent=70009"}],"wp:term":[{"taxonomy":"eventcat","embeddable":true,"href":"https:\/\/www.almega.se\/api\/wp\/v2\/eventcat?post=70009"},{"taxonomy":"eventtype","embeddable":true,"href":"https:\/\/www.almega.se\/api\/wp\/v2\/eventtype?post=70009"},{"taxonomy":"eventformat","embeddable":true,"href":"https:\/\/www.almega.se\/api\/wp\/v2\/eventformat?post=70009"},{"taxonomy":"agreement","embeddable":true,"href":"https:\/\/www.almega.se\/api\/wp\/v2\/agreement?post=70009"}],"curies":[{"name":"wp","href":"https:\/\/api.w.org\/{rel}","templated":true}]}}