{"version":"1.0","provider_name":"Almega","provider_url":"https:\/\/www.almega.se","author_name":"Lena Ragell","author_url":"https:\/\/www.almega.se\/person\/lenaragell\/","title":"Laglig grund f\u00f6r avsked \u2013 felaktig tidrapportering avg\u00f6rande enligt AD","type":"rich","width":600,"height":338,"html":"<blockquote class=\"wp-embedded-content\" data-secret=\"2AgCYp5FBC\"><a href=\"https:\/\/www.almega.se\/2026\/01\/laglig-grund-for-avsked-felaktig-tidrapportering-avgorande-enligt-ad\/\">Laglig grund f\u00f6r avsked \u2013 felaktig tid&shy;rapportering avg\u00f6rande enligt AD<\/a><\/blockquote><iframe sandbox=\"allow-scripts\" security=\"restricted\" src=\"https:\/\/www.almega.se\/2026\/01\/laglig-grund-for-avsked-felaktig-tidrapportering-avgorande-enligt-ad\/embed\/#?secret=2AgCYp5FBC\" width=\"600\" height=\"338\" title=\"\u201dLaglig grund f\u00f6r avsked \u2013 felaktig tid&shy;rapportering avg\u00f6rande enligt AD\u201d &ndash; Almega\" data-secret=\"2AgCYp5FBC\" frameborder=\"0\" marginwidth=\"0\" marginheight=\"0\" scrolling=\"no\" class=\"wp-embedded-content\"><\/iframe><script>\n\/*! This file is auto-generated *\/\n!function(d,l){\"use strict\";l.querySelector&&d.addEventListener&&\"undefined\"!=typeof URL&&(d.wp=d.wp||{},d.wp.receiveEmbedMessage||(d.wp.receiveEmbedMessage=function(e){var t=e.data;if((t||t.secret||t.message||t.value)&&!\/[^a-zA-Z0-9]\/.test(t.secret)){for(var s,r,n,a=l.querySelectorAll('iframe[data-secret=\"'+t.secret+'\"]'),o=l.querySelectorAll('blockquote[data-secret=\"'+t.secret+'\"]'),c=new RegExp(\"^https?:$\",\"i\"),i=0;i<o.length;i++)o[i].style.display=\"none\";for(i=0;i<a.length;i++)s=a[i],e.source===s.contentWindow&&(s.removeAttribute(\"style\"),\"height\"===t.message?(1e3<(r=parseInt(t.value,10))?r=1e3:~~r<200&&(r=200),s.height=r):\"link\"===t.message&&(r=new URL(s.getAttribute(\"src\")),n=new URL(t.value),c.test(n.protocol))&&n.host===r.host&&l.activeElement===s&&(d.top.location.href=t.value))}},d.addEventListener(\"message\",d.wp.receiveEmbedMessage,!1),l.addEventListener(\"DOMContentLoaded\",function(){for(var e,t,s=l.querySelectorAll(\"iframe.wp-embedded-content\"),r=0;r<s.length;r++)(t=(e=s[r]).getAttribute(\"data-secret\"))||(t=Math.random().toString(36).substring(2,12),e.src+=\"#?secret=\"+t,e.setAttribute(\"data-secret\",t)),e.contentWindow.postMessage({message:\"ready\",secret:t},\"*\")},!1)))}(window,document);\n\/\/# sourceURL=https:\/\/www.almega.se\/wp\/wp-includes\/js\/wp-embed.min.js\n<\/script>\n","description":"AD 2026 nr 2 Fr\u00e5ga huruvida F\u00f6rs\u00e4kringskassan hade laglig grund att avskeda en anst\u00e4lld som var tj\u00e4nstledig p\u00e5 heltid f\u00f6r att utf\u00f6ra uppdrag som fackligt f\u00f6rtroendevald. Under tj\u00e4nstledigheten fortsatte F\u00f6rs\u00e4kringskassan att betala den anst\u00e4lldes l\u00f6n. &hellip;","thumbnail_url":"https:\/\/www.almega.se\/app\/uploads\/2020\/12\/almega-share-logo.png","thumbnail_width":1200,"thumbnail_height":630}