{"version":"1.0","provider_name":"Almega","provider_url":"https:\/\/www.almega.se","author_name":"Sandra Mildenberger","author_url":"https:\/\/www.almega.se\/person\/sandramildenberger\/","title":"Moderskeppet \u2013 fr\u00e5n pionj\u00e4r till Sveriges st\u00f6rsta onlineutbildare","type":"rich","width":600,"height":338,"html":"<blockquote class=\"wp-embedded-content\" data-secret=\"o6eFaWNfY1\"><a href=\"https:\/\/www.almega.se\/2025\/10\/moderskeppet-fran-pionjar-till-sveriges-storsta-onlineutbildare\/\">Moderskeppet \u2013 fr\u00e5n pionj\u00e4r till Sveriges st\u00f6rsta onlineutbildare<\/a><\/blockquote><iframe sandbox=\"allow-scripts\" security=\"restricted\" src=\"https:\/\/www.almega.se\/2025\/10\/moderskeppet-fran-pionjar-till-sveriges-storsta-onlineutbildare\/embed\/#?secret=o6eFaWNfY1\" width=\"600\" height=\"338\" title=\"\u201dModerskeppet \u2013 fr\u00e5n pionj\u00e4r till Sveriges st\u00f6rsta onlineutbildare\u201d &ndash; Almega\" data-secret=\"o6eFaWNfY1\" frameborder=\"0\" marginwidth=\"0\" marginheight=\"0\" scrolling=\"no\" class=\"wp-embedded-content\"><\/iframe><script>\n\/*! This file is auto-generated *\/\n!function(d,l){\"use strict\";l.querySelector&&d.addEventListener&&\"undefined\"!=typeof URL&&(d.wp=d.wp||{},d.wp.receiveEmbedMessage||(d.wp.receiveEmbedMessage=function(e){var t=e.data;if((t||t.secret||t.message||t.value)&&!\/[^a-zA-Z0-9]\/.test(t.secret)){for(var s,r,n,a=l.querySelectorAll('iframe[data-secret=\"'+t.secret+'\"]'),o=l.querySelectorAll('blockquote[data-secret=\"'+t.secret+'\"]'),c=new RegExp(\"^https?:$\",\"i\"),i=0;i<o.length;i++)o[i].style.display=\"none\";for(i=0;i<a.length;i++)s=a[i],e.source===s.contentWindow&&(s.removeAttribute(\"style\"),\"height\"===t.message?(1e3<(r=parseInt(t.value,10))?r=1e3:~~r<200&&(r=200),s.height=r):\"link\"===t.message&&(r=new URL(s.getAttribute(\"src\")),n=new URL(t.value),c.test(n.protocol))&&n.host===r.host&&l.activeElement===s&&(d.top.location.href=t.value))}},d.addEventListener(\"message\",d.wp.receiveEmbedMessage,!1),l.addEventListener(\"DOMContentLoaded\",function(){for(var e,t,s=l.querySelectorAll(\"iframe.wp-embedded-content\"),r=0;r<s.length;r++)(t=(e=s[r]).getAttribute(\"data-secret\"))||(t=Math.random().toString(36).substring(2,12),e.src+=\"#?secret=\"+t,e.setAttribute(\"data-secret\",t)),e.contentWindow.postMessage({message:\"ready\",secret:t},\"*\")},!1)))}(window,document);\n\/\/# sourceURL=https:\/\/www.almega.se\/wp\/wp-includes\/js\/wp-embed.min.js\n<\/script>\n","thumbnail_url":"https:\/\/www.almega.se\/app\/uploads\/2025\/10\/Case-1920x1080-9-scaled.png","thumbnail_width":2560,"thumbnail_height":1440,"description":"\"Det \u00e4r en enorm trygghet att ha det branschanpassade kollektivavtalet som vi har genom Almega och \u00e4ven den arbetsr\u00e4ttsliga r\u00e5dgivningen de g\u00e5nger vi haft behov av den\" s\u00e4ger Josefina Sahlin, vd p\u00e5 Moderskeppet"}