{"version":"1.0","provider_name":"Almega","provider_url":"https:\/\/www.almega.se","author_name":"Sandra Mildenberger","author_url":"https:\/\/www.almega.se\/person\/sandramildenberger\/","title":"Har vikarier r\u00e4tt till sjukl\u00f6n?","type":"rich","width":600,"height":338,"html":"<blockquote class=\"wp-embedded-content\" data-secret=\"affzQ63cak\"><a href=\"https:\/\/www.almega.se\/2025\/10\/har-vikarier-ratt-till-sjuklon\/\">Har vikarier r\u00e4tt till sjukl\u00f6n?<\/a><\/blockquote><iframe sandbox=\"allow-scripts\" security=\"restricted\" src=\"https:\/\/www.almega.se\/2025\/10\/har-vikarier-ratt-till-sjuklon\/embed\/#?secret=affzQ63cak\" width=\"600\" height=\"338\" title=\"\u201dHar vikarier r\u00e4tt till sjukl\u00f6n?\u201d &ndash; Almega\" data-secret=\"affzQ63cak\" frameborder=\"0\" marginwidth=\"0\" marginheight=\"0\" scrolling=\"no\" class=\"wp-embedded-content\"><\/iframe><script>\n\/*! This file is auto-generated *\/\n!function(d,l){\"use strict\";l.querySelector&&d.addEventListener&&\"undefined\"!=typeof URL&&(d.wp=d.wp||{},d.wp.receiveEmbedMessage||(d.wp.receiveEmbedMessage=function(e){var t=e.data;if((t||t.secret||t.message||t.value)&&!\/[^a-zA-Z0-9]\/.test(t.secret)){for(var s,r,n,a=l.querySelectorAll('iframe[data-secret=\"'+t.secret+'\"]'),o=l.querySelectorAll('blockquote[data-secret=\"'+t.secret+'\"]'),c=new RegExp(\"^https?:$\",\"i\"),i=0;i<o.length;i++)o[i].style.display=\"none\";for(i=0;i<a.length;i++)s=a[i],e.source===s.contentWindow&&(s.removeAttribute(\"style\"),\"height\"===t.message?(1e3<(r=parseInt(t.value,10))?r=1e3:~~r<200&&(r=200),s.height=r):\"link\"===t.message&&(r=new URL(s.getAttribute(\"src\")),n=new URL(t.value),c.test(n.protocol))&&n.host===r.host&&l.activeElement===s&&(d.top.location.href=t.value))}},d.addEventListener(\"message\",d.wp.receiveEmbedMessage,!1),l.addEventListener(\"DOMContentLoaded\",function(){for(var e,t,s=l.querySelectorAll(\"iframe.wp-embedded-content\"),r=0;r<s.length;r++)(t=(e=s[r]).getAttribute(\"data-secret\"))||(t=Math.random().toString(36).substring(2,12),e.src+=\"#?secret=\"+t,e.setAttribute(\"data-secret\",t)),e.contentWindow.postMessage({message:\"ready\",secret:t},\"*\")},!1)))}(window,document);\n\/\/# sourceURL=https:\/\/www.almega.se\/wp\/wp-includes\/js\/wp-embed.min.js\n<\/script>\n","thumbnail_url":"https:\/\/www.almega.se\/app\/uploads\/2025\/08\/axel-om-tjanstledighet.png","thumbnail_width":844,"thumbnail_height":567,"description":"&#8211; Ja, har man nedsatt arbetsf\u00f6rm\u00e5ga och inte kan jobba p\u00e5 grund av det, s\u00e5 har man normalt sett r\u00e4tt till sjukl\u00f6n. Sen om man har anst\u00e4llning som \u00e4r kortare \u00e4n en m\u00e5nad, d\u00e5 kr\u00e4vs &hellip;"}