{"version":"1.0","provider_name":"Almega","provider_url":"https:\/\/www.almega.se","author_name":"Lena Ragell","author_url":"https:\/\/www.almega.se\/person\/lenaragell\/","title":"Arbetsdomstolen godk\u00e4nde upps\u00e4gning \u2013 arbetsbrist ans\u00e5gs styrkt","type":"rich","width":600,"height":338,"html":"<blockquote class=\"wp-embedded-content\" data-secret=\"wKy5SYdmU0\"><a href=\"https:\/\/www.almega.se\/2025\/10\/arbetsdomstolen-godkande-uppsagning-arbetsbrist-ansags-styrkt\/\">Arbetsdomstolen godk\u00e4nde upps\u00e4gning \u2013 arbets&shy;brist ans\u00e5gs styrkt<\/a><\/blockquote><iframe sandbox=\"allow-scripts\" security=\"restricted\" src=\"https:\/\/www.almega.se\/2025\/10\/arbetsdomstolen-godkande-uppsagning-arbetsbrist-ansags-styrkt\/embed\/#?secret=wKy5SYdmU0\" width=\"600\" height=\"338\" title=\"\u201dArbetsdomstolen godk\u00e4nde upps\u00e4gning \u2013 arbets&shy;brist ans\u00e5gs styrkt\u201d &ndash; Almega\" data-secret=\"wKy5SYdmU0\" frameborder=\"0\" marginwidth=\"0\" marginheight=\"0\" scrolling=\"no\" class=\"wp-embedded-content\"><\/iframe><script>\n\/*! This file is auto-generated *\/\n!function(d,l){\"use strict\";l.querySelector&&d.addEventListener&&\"undefined\"!=typeof URL&&(d.wp=d.wp||{},d.wp.receiveEmbedMessage||(d.wp.receiveEmbedMessage=function(e){var t=e.data;if((t||t.secret||t.message||t.value)&&!\/[^a-zA-Z0-9]\/.test(t.secret)){for(var s,r,n,a=l.querySelectorAll('iframe[data-secret=\"'+t.secret+'\"]'),o=l.querySelectorAll('blockquote[data-secret=\"'+t.secret+'\"]'),c=new RegExp(\"^https?:$\",\"i\"),i=0;i<o.length;i++)o[i].style.display=\"none\";for(i=0;i<a.length;i++)s=a[i],e.source===s.contentWindow&&(s.removeAttribute(\"style\"),\"height\"===t.message?(1e3<(r=parseInt(t.value,10))?r=1e3:~~r<200&&(r=200),s.height=r):\"link\"===t.message&&(r=new URL(s.getAttribute(\"src\")),n=new URL(t.value),c.test(n.protocol))&&n.host===r.host&&l.activeElement===s&&(d.top.location.href=t.value))}},d.addEventListener(\"message\",d.wp.receiveEmbedMessage,!1),l.addEventListener(\"DOMContentLoaded\",function(){for(var e,t,s=l.querySelectorAll(\"iframe.wp-embedded-content\"),r=0;r<s.length;r++)(t=(e=s[r]).getAttribute(\"data-secret\"))||(t=Math.random().toString(36).substring(2,12),e.src+=\"#?secret=\"+t,e.setAttribute(\"data-secret\",t)),e.contentWindow.postMessage({message:\"ready\",secret:t},\"*\")},!1)))}(window,document);\n\/\/# sourceURL=https:\/\/www.almega.se\/wp\/wp-includes\/js\/wp-embed.min.js\n<\/script>\n","description":"AD 2025 nr 70 Tvisten g\u00e4llde huruvida en upps\u00e4gning pga. arbetsbrist var sakligt grundad. Arbetstagaren MB \u2013 som fr\u00e4mst arbetat som navigat\u00f6r vid s\u00e5gprojekt \u2013 hade bl.a. gjort g\u00e4llande att den egentliga grunden f\u00f6r upps\u00e4gningen &hellip;","thumbnail_url":"https:\/\/www.almega.se\/app\/uploads\/2020\/12\/almega-share-logo.png","thumbnail_width":1200,"thumbnail_height":630}