{"version":"1.0","provider_name":"Almega","provider_url":"https:\/\/www.almega.se","author_name":"Sandra Mildenberger","author_url":"https:\/\/www.almega.se\/person\/sandramildenberger\/","title":"Debatt: AI kr\u00e4ver s\u00e4nkt skatt p\u00e5 arbete","type":"rich","width":600,"height":338,"html":"<blockquote class=\"wp-embedded-content\" data-secret=\"JCoKD70bVz\"><a href=\"https:\/\/www.almega.se\/2025\/07\/debatt-ai-kraver-sankt-skatt-pa-arbete\/\">Debatt: AI  kr\u00e4ver s\u00e4nkt skatt p\u00e5 arbete<\/a><\/blockquote><iframe sandbox=\"allow-scripts\" security=\"restricted\" src=\"https:\/\/www.almega.se\/2025\/07\/debatt-ai-kraver-sankt-skatt-pa-arbete\/embed\/#?secret=JCoKD70bVz\" width=\"600\" height=\"338\" title=\"\u201dDebatt: AI  kr\u00e4ver s\u00e4nkt skatt p\u00e5 arbete\u201d &ndash; Almega\" data-secret=\"JCoKD70bVz\" frameborder=\"0\" marginwidth=\"0\" marginheight=\"0\" scrolling=\"no\" class=\"wp-embedded-content\"><\/iframe><script>\n\/*! This file is auto-generated *\/\n!function(d,l){\"use strict\";l.querySelector&&d.addEventListener&&\"undefined\"!=typeof URL&&(d.wp=d.wp||{},d.wp.receiveEmbedMessage||(d.wp.receiveEmbedMessage=function(e){var t=e.data;if((t||t.secret||t.message||t.value)&&!\/[^a-zA-Z0-9]\/.test(t.secret)){for(var s,r,n,a=l.querySelectorAll('iframe[data-secret=\"'+t.secret+'\"]'),o=l.querySelectorAll('blockquote[data-secret=\"'+t.secret+'\"]'),c=new RegExp(\"^https?:$\",\"i\"),i=0;i<o.length;i++)o[i].style.display=\"none\";for(i=0;i<a.length;i++)s=a[i],e.source===s.contentWindow&&(s.removeAttribute(\"style\"),\"height\"===t.message?(1e3<(r=parseInt(t.value,10))?r=1e3:~~r<200&&(r=200),s.height=r):\"link\"===t.message&&(r=new URL(s.getAttribute(\"src\")),n=new URL(t.value),c.test(n.protocol))&&n.host===r.host&&l.activeElement===s&&(d.top.location.href=t.value))}},d.addEventListener(\"message\",d.wp.receiveEmbedMessage,!1),l.addEventListener(\"DOMContentLoaded\",function(){for(var e,t,s=l.querySelectorAll(\"iframe.wp-embedded-content\"),r=0;r<s.length;r++)(t=(e=s[r]).getAttribute(\"data-secret\"))||(t=Math.random().toString(36).substring(2,12),e.src+=\"#?secret=\"+t,e.setAttribute(\"data-secret\",t)),e.contentWindow.postMessage({message:\"ready\",secret:t},\"*\")},!1)))}(window,document);\n\/\/# sourceURL=https:\/\/www.almega.se\/wp\/wp-includes\/js\/wp-embed.min.js\n<\/script>\n","thumbnail_url":"https:\/\/www.almega.se\/app\/uploads\/2025\/06\/Ann-Oberg-Sturegatan-3-scaled.jpg","thumbnail_width":2560,"thumbnail_height":1440,"description":"Svensk tj\u00e4nstesektor \u00e4r en jobbmotor Tj\u00e4nstesektorn\u00a0har blivit den dominerande delen av svensk ekonomi och arbets\u00admarknad. Den privata tj\u00e4nste\u00adsektorn st\u00e5r i\u00a0dag f\u00f6r \u00f6ver h\u00e4lften av produktionen och n\u00e4stan h\u00e4lften av jobben. R\u00e4knas \u00e4ven den offentliga sektorn &hellip;"}