{"version":"1.0","provider_name":"Almega","provider_url":"https:\/\/www.almega.se","author_name":"Marianne Ahlgren","author_url":"https:\/\/www.almega.se\/person\/marianneahlgren\/","title":"Nya kollektivavtal f\u00f6r h\u00e4stbranschen","type":"rich","width":600,"height":338,"html":"<blockquote class=\"wp-embedded-content\" data-secret=\"6HVD0ln7Cj\"><a href=\"https:\/\/www.almega.se\/2025\/06\/nya-kollektivavtal-for-hastbranschen\/\">Nya kollektivavtal f\u00f6r h\u00e4st&shy;branschen<\/a><\/blockquote><iframe sandbox=\"allow-scripts\" security=\"restricted\" src=\"https:\/\/www.almega.se\/2025\/06\/nya-kollektivavtal-for-hastbranschen\/embed\/#?secret=6HVD0ln7Cj\" width=\"600\" height=\"338\" title=\"\u201dNya kollektivavtal f\u00f6r h\u00e4st&shy;branschen\u201d &ndash; Almega\" data-secret=\"6HVD0ln7Cj\" frameborder=\"0\" marginwidth=\"0\" marginheight=\"0\" scrolling=\"no\" class=\"wp-embedded-content\"><\/iframe><script>\n\/*! This file is auto-generated *\/\n!function(d,l){\"use strict\";l.querySelector&&d.addEventListener&&\"undefined\"!=typeof URL&&(d.wp=d.wp||{},d.wp.receiveEmbedMessage||(d.wp.receiveEmbedMessage=function(e){var t=e.data;if((t||t.secret||t.message||t.value)&&!\/[^a-zA-Z0-9]\/.test(t.secret)){for(var s,r,n,a=l.querySelectorAll('iframe[data-secret=\"'+t.secret+'\"]'),o=l.querySelectorAll('blockquote[data-secret=\"'+t.secret+'\"]'),c=new RegExp(\"^https?:$\",\"i\"),i=0;i<o.length;i++)o[i].style.display=\"none\";for(i=0;i<a.length;i++)s=a[i],e.source===s.contentWindow&&(s.removeAttribute(\"style\"),\"height\"===t.message?(1e3<(r=parseInt(t.value,10))?r=1e3:~~r<200&&(r=200),s.height=r):\"link\"===t.message&&(r=new URL(s.getAttribute(\"src\")),n=new URL(t.value),c.test(n.protocol))&&n.host===r.host&&l.activeElement===s&&(d.top.location.href=t.value))}},d.addEventListener(\"message\",d.wp.receiveEmbedMessage,!1),l.addEventListener(\"DOMContentLoaded\",function(){for(var e,t,s=l.querySelectorAll(\"iframe.wp-embedded-content\"),r=0;r<s.length;r++)(t=(e=s[r]).getAttribute(\"data-secret\"))||(t=Math.random().toString(36).substring(2,12),e.src+=\"#?secret=\"+t,e.setAttribute(\"data-secret\",t)),e.contentWindow.postMessage({message:\"ready\",secret:t},\"*\")},!1)))}(window,document);\n\/\/# sourceURL=https:\/\/www.almega.se\/wp\/wp-includes\/js\/wp-embed.min.js\n<\/script>\n","thumbnail_url":"https:\/\/www.almega.se\/app\/uploads\/2025\/06\/catarina-j-kopia-580x531-1.jpg","thumbnail_width":580,"thumbnail_height":531,"description":"\u2013 Vi har efter konstruktiva f\u00f6rhandlingar tecknat avtal inom de ramar, det s\u00e5 kallade m\u00e4rket, som arbetsmarknadens parter \u00e4r \u00f6verens om, s\u00e4ger Catarina Johansson ansvarig f\u00f6rhandlare p\u00e5 Almega Tj\u00e4nstef\u00f6retagen. Kollektivavtalet ber\u00f6r&nbsp;ca&nbsp;1 300&nbsp;anst\u00e4llda medarbetare i&nbsp;227&nbsp;f\u00f6retag. Attraktiva &hellip;"}