{"version":"1.0","provider_name":"Almega","provider_url":"https:\/\/www.almega.se","author_name":"Marianne Ahlgren","author_url":"https:\/\/www.almega.se\/person\/marianneahlgren\/","title":"Medlare utsedda i varslad konflikt p\u00e5 Serviceentreprenad","type":"rich","width":600,"height":338,"html":"<blockquote class=\"wp-embedded-content\" data-secret=\"dABAYimUyy\"><a href=\"https:\/\/www.almega.se\/2025\/06\/medlare-utsedda-i-varslad-konflikt-pa-serviceentreprenad\/\">Medlare utsedda i varslad konflikt p\u00e5 Serviceentreprenad<\/a><\/blockquote><iframe sandbox=\"allow-scripts\" security=\"restricted\" src=\"https:\/\/www.almega.se\/2025\/06\/medlare-utsedda-i-varslad-konflikt-pa-serviceentreprenad\/embed\/#?secret=dABAYimUyy\" width=\"600\" height=\"338\" title=\"\u201dMedlare utsedda i varslad konflikt p\u00e5 Serviceentreprenad\u201d &ndash; Almega\" data-secret=\"dABAYimUyy\" frameborder=\"0\" marginwidth=\"0\" marginheight=\"0\" scrolling=\"no\" class=\"wp-embedded-content\"><\/iframe><script>\n\/*! This file is auto-generated *\/\n!function(d,l){\"use strict\";l.querySelector&&d.addEventListener&&\"undefined\"!=typeof URL&&(d.wp=d.wp||{},d.wp.receiveEmbedMessage||(d.wp.receiveEmbedMessage=function(e){var t=e.data;if((t||t.secret||t.message||t.value)&&!\/[^a-zA-Z0-9]\/.test(t.secret)){for(var s,r,n,a=l.querySelectorAll('iframe[data-secret=\"'+t.secret+'\"]'),o=l.querySelectorAll('blockquote[data-secret=\"'+t.secret+'\"]'),c=new RegExp(\"^https?:$\",\"i\"),i=0;i<o.length;i++)o[i].style.display=\"none\";for(i=0;i<a.length;i++)s=a[i],e.source===s.contentWindow&&(s.removeAttribute(\"style\"),\"height\"===t.message?(1e3<(r=parseInt(t.value,10))?r=1e3:~~r<200&&(r=200),s.height=r):\"link\"===t.message&&(r=new URL(s.getAttribute(\"src\")),n=new URL(t.value),c.test(n.protocol))&&n.host===r.host&&l.activeElement===s&&(d.top.location.href=t.value))}},d.addEventListener(\"message\",d.wp.receiveEmbedMessage,!1),l.addEventListener(\"DOMContentLoaded\",function(){for(var e,t,s=l.querySelectorAll(\"iframe.wp-embedded-content\"),r=0;r<s.length;r++)(t=(e=s[r]).getAttribute(\"data-secret\"))||(t=Math.random().toString(36).substring(2,12),e.src+=\"#?secret=\"+t,e.setAttribute(\"data-secret\",t)),e.contentWindow.postMessage({message:\"ready\",secret:t},\"*\")},!1)))}(window,document);\n\/\/# sourceURL=https:\/\/www.almega.se\/wp\/wp-includes\/js\/wp-embed.min.js\n<\/script>\n","thumbnail_url":"https:\/\/www.almega.se\/app\/uploads\/2025\/06\/9fa92c2d-de17-4e12-a451-fa6bb375f337-scaled.jpg","thumbnail_width":2560,"thumbnail_height":1920,"description":"Fackf\u00f6rbunden Fastighetsanst\u00e4lldas f\u00f6rbund och SEKO varslade i g\u00e5r om konflikt p\u00e5 avtalet Serviceentreprenad. \u201dBeklagligt att Fastighets och Seko inte ville forts\u00e4tta f\u00f6rhandla. Nu hoppas vi att medlarna kan bidra till att den varslade strejken inte bryter ut.\u201d Det s\u00e4ger Servicef\u00f6retagens chef Martin Stenmo."}