{"version":"1.0","provider_name":"Almega","provider_url":"https:\/\/www.almega.se","author_name":"Erik Juhlin","author_url":"https:\/\/www.almega.se\/person\/erikjuhlin\/","title":"Medlare utsedda i arbetsmarknadskonflikten \u2013 \"Mycket rutinerade\"","type":"rich","width":600,"height":338,"html":"<blockquote class=\"wp-embedded-content\" data-secret=\"512C1D2PaA\"><a href=\"https:\/\/www.almega.se\/2025\/06\/medlare-utsedda-i-arbetsmarknadskonflikten-mycket-rutinerade\/\">Medlare utsedda i arbetsmarknadskonflikten \u2013 &#8221;Mycket rutinerade&#8221;<\/a><\/blockquote><iframe sandbox=\"allow-scripts\" security=\"restricted\" src=\"https:\/\/www.almega.se\/2025\/06\/medlare-utsedda-i-arbetsmarknadskonflikten-mycket-rutinerade\/embed\/#?secret=512C1D2PaA\" width=\"600\" height=\"338\" title=\"\u201dMedlare utsedda i arbetsmarknadskonflikten \u2013 &#8221;Mycket rutinerade&#8221;\u201d &ndash; Almega\" data-secret=\"512C1D2PaA\" frameborder=\"0\" marginwidth=\"0\" marginheight=\"0\" scrolling=\"no\" class=\"wp-embedded-content\"><\/iframe><script>\n\/*! This file is auto-generated *\/\n!function(d,l){\"use strict\";l.querySelector&&d.addEventListener&&\"undefined\"!=typeof URL&&(d.wp=d.wp||{},d.wp.receiveEmbedMessage||(d.wp.receiveEmbedMessage=function(e){var t=e.data;if((t||t.secret||t.message||t.value)&&!\/[^a-zA-Z0-9]\/.test(t.secret)){for(var s,r,n,a=l.querySelectorAll('iframe[data-secret=\"'+t.secret+'\"]'),o=l.querySelectorAll('blockquote[data-secret=\"'+t.secret+'\"]'),c=new RegExp(\"^https?:$\",\"i\"),i=0;i<o.length;i++)o[i].style.display=\"none\";for(i=0;i<a.length;i++)s=a[i],e.source===s.contentWindow&&(s.removeAttribute(\"style\"),\"height\"===t.message?(1e3<(r=parseInt(t.value,10))?r=1e3:~~r<200&&(r=200),s.height=r):\"link\"===t.message&&(r=new URL(s.getAttribute(\"src\")),n=new URL(t.value),c.test(n.protocol))&&n.host===r.host&&l.activeElement===s&&(d.top.location.href=t.value))}},d.addEventListener(\"message\",d.wp.receiveEmbedMessage,!1),l.addEventListener(\"DOMContentLoaded\",function(){for(var e,t,s=l.querySelectorAll(\"iframe.wp-embedded-content\"),r=0;r<s.length;r++)(t=(e=s[r]).getAttribute(\"data-secret\"))||(t=Math.random().toString(36).substring(2,12),e.src+=\"#?secret=\"+t,e.setAttribute(\"data-secret\",t)),e.contentWindow.postMessage({message:\"ready\",secret:t},\"*\")},!1)))}(window,document);\n\/\/# sourceURL=https:\/\/www.almega.se\/wp\/wp-includes\/js\/wp-embed.min.js\n<\/script>\n","thumbnail_url":"https:\/\/www.almega.se\/app\/uploads\/2025\/06\/8fb7a082-55ef-479c-bbbd-f7ffa6008b98.jpg","thumbnail_width":2381,"thumbnail_height":2036,"description":"I g\u00e5r varslade fackf\u00f6rbundet Kommunal om konflikt efter att ha avbrutit f\u00f6rhandlingarna om nya kollektivavtal. \u201dAtt Kommunal inte vill acceptera samma l\u00f6sningar som vunnit acceptans p\u00e5 resten av arbetsmarknaden \u00e4r beklagligt. Nu hoppas vi att medlarna kan leda processen i m\u00e5l innan n\u00e5gon konflikt bryter ut\u201d, s\u00e4ger V\u00e5rdf\u00f6retagarnas Per \u00d6stlund."}