{"version":"1.0","provider_name":"Almega","provider_url":"https:\/\/www.almega.se","author_name":"Marianne Ahlgren","author_url":"https:\/\/www.almega.se\/person\/marianneahlgren\/","title":"Det ut\u00f6kade v\u00e5rdvarslet \u2013 \u201den del av fackets kommunikationsstrategi\u201d","type":"rich","width":600,"height":338,"html":"<blockquote class=\"wp-embedded-content\" data-secret=\"1p3yiHjaHs\"><a href=\"https:\/\/www.almega.se\/2025\/06\/det-utokade-vardvarslet-en-del-av-fackets-kommunikationsstrategi\/\">Det ut\u00f6kade v\u00e5rdvarslet \u2013 \u201den del av fackets kommunikationsstrategi\u201d<\/a><\/blockquote><iframe sandbox=\"allow-scripts\" security=\"restricted\" src=\"https:\/\/www.almega.se\/2025\/06\/det-utokade-vardvarslet-en-del-av-fackets-kommunikationsstrategi\/embed\/#?secret=1p3yiHjaHs\" width=\"600\" height=\"338\" title=\"\u201dDet ut\u00f6kade v\u00e5rdvarslet \u2013 \u201den del av fackets kommunikationsstrategi\u201d\u201d &ndash; Almega\" data-secret=\"1p3yiHjaHs\" frameborder=\"0\" marginwidth=\"0\" marginheight=\"0\" scrolling=\"no\" class=\"wp-embedded-content\"><\/iframe><script>\n\/*! This file is auto-generated *\/\n!function(d,l){\"use strict\";l.querySelector&&d.addEventListener&&\"undefined\"!=typeof URL&&(d.wp=d.wp||{},d.wp.receiveEmbedMessage||(d.wp.receiveEmbedMessage=function(e){var t=e.data;if((t||t.secret||t.message||t.value)&&!\/[^a-zA-Z0-9]\/.test(t.secret)){for(var s,r,n,a=l.querySelectorAll('iframe[data-secret=\"'+t.secret+'\"]'),o=l.querySelectorAll('blockquote[data-secret=\"'+t.secret+'\"]'),c=new RegExp(\"^https?:$\",\"i\"),i=0;i<o.length;i++)o[i].style.display=\"none\";for(i=0;i<a.length;i++)s=a[i],e.source===s.contentWindow&&(s.removeAttribute(\"style\"),\"height\"===t.message?(1e3<(r=parseInt(t.value,10))?r=1e3:~~r<200&&(r=200),s.height=r):\"link\"===t.message&&(r=new URL(s.getAttribute(\"src\")),n=new URL(t.value),c.test(n.protocol))&&n.host===r.host&&l.activeElement===s&&(d.top.location.href=t.value))}},d.addEventListener(\"message\",d.wp.receiveEmbedMessage,!1),l.addEventListener(\"DOMContentLoaded\",function(){for(var e,t,s=l.querySelectorAll(\"iframe.wp-embedded-content\"),r=0;r<s.length;r++)(t=(e=s[r]).getAttribute(\"data-secret\"))||(t=Math.random().toString(36).substring(2,12),e.src+=\"#?secret=\"+t,e.setAttribute(\"data-secret\",t)),e.contentWindow.postMessage({message:\"ready\",secret:t},\"*\")},!1)))}(window,document);\n\/\/# sourceURL=https:\/\/www.almega.se\/wp\/wp-includes\/js\/wp-embed.min.js\n<\/script>\n","thumbnail_url":"https:\/\/www.almega.se\/app\/uploads\/2025\/06\/Antje-Dedering-1.jpg","thumbnail_width":1599,"thumbnail_height":1066,"description":"\u2013 Det \u00e4r beklagligt. Vi har erbjudit Kommunal samma villkor som g\u00e4ller p\u00e5 \u00f6vriga arbetsmarknaden, men de vill ha mer, s\u00e4ger V\u00e5rdf\u00f6retagarnas f\u00f6rbundsdirekt\u00f6r Antje Dedering. Enligt Kommunal \u00e4r anledningen till det ut\u00f6kade varslet maktmissbruk fr\u00e5n &hellip;"}