{"version":"1.0","provider_name":"Almega","provider_url":"https:\/\/www.almega.se","author_name":"Erik Juhlin","author_url":"https:\/\/www.almega.se\/person\/erikjuhlin\/","title":"Nytt dagspressavtal f\u00f6r tj\u00e4nstem\u00e4n","type":"rich","width":600,"height":338,"html":"<blockquote class=\"wp-embedded-content\" data-secret=\"maaIKJyQ1b\"><a href=\"https:\/\/www.almega.se\/2025\/05\/nytt-dagspressavtal-for-tjansteman\/\">Nytt dagspressavtal f\u00f6r tj\u00e4nstem\u00e4n<\/a><\/blockquote><iframe sandbox=\"allow-scripts\" security=\"restricted\" src=\"https:\/\/www.almega.se\/2025\/05\/nytt-dagspressavtal-for-tjansteman\/embed\/#?secret=maaIKJyQ1b\" width=\"600\" height=\"338\" title=\"\u201dNytt dagspressavtal f\u00f6r tj\u00e4nstem\u00e4n\u201d &ndash; Almega\" data-secret=\"maaIKJyQ1b\" frameborder=\"0\" marginwidth=\"0\" marginheight=\"0\" scrolling=\"no\" class=\"wp-embedded-content\"><\/iframe><script>\n\/*! This file is auto-generated *\/\n!function(d,l){\"use strict\";l.querySelector&&d.addEventListener&&\"undefined\"!=typeof URL&&(d.wp=d.wp||{},d.wp.receiveEmbedMessage||(d.wp.receiveEmbedMessage=function(e){var t=e.data;if((t||t.secret||t.message||t.value)&&!\/[^a-zA-Z0-9]\/.test(t.secret)){for(var s,r,n,a=l.querySelectorAll('iframe[data-secret=\"'+t.secret+'\"]'),o=l.querySelectorAll('blockquote[data-secret=\"'+t.secret+'\"]'),c=new RegExp(\"^https?:$\",\"i\"),i=0;i<o.length;i++)o[i].style.display=\"none\";for(i=0;i<a.length;i++)s=a[i],e.source===s.contentWindow&&(s.removeAttribute(\"style\"),\"height\"===t.message?(1e3<(r=parseInt(t.value,10))?r=1e3:~~r<200&&(r=200),s.height=r):\"link\"===t.message&&(r=new URL(s.getAttribute(\"src\")),n=new URL(t.value),c.test(n.protocol))&&n.host===r.host&&l.activeElement===s&&(d.top.location.href=t.value))}},d.addEventListener(\"message\",d.wp.receiveEmbedMessage,!1),l.addEventListener(\"DOMContentLoaded\",function(){for(var e,t,s=l.querySelectorAll(\"iframe.wp-embedded-content\"),r=0;r<s.length;r++)(t=(e=s[r]).getAttribute(\"data-secret\"))||(t=Math.random().toString(36).substring(2,12),e.src+=\"#?secret=\"+t,e.setAttribute(\"data-secret\",t)),e.contentWindow.postMessage({message:\"ready\",secret:t},\"*\")},!1)))}(window,document);\n\/\/# sourceURL=https:\/\/www.almega.se\/wp\/wp-includes\/js\/wp-embed.min.js\n<\/script>\n","thumbnail_url":"https:\/\/www.almega.se\/app\/uploads\/2025\/05\/a1ffd3b9-adcd-47f8-a8ef-07d2b305f473-scaled.jpg","thumbnail_width":2560,"thumbnail_height":1707,"description":"Medief\u00f6retagen har tecknat nytt dagspressavtal f\u00f6r tj\u00e4nstem\u00e4n med Unionen (Bl\u00e5 avtalet). Det nya avtalet str\u00e4cker sig \u00f6ver 24 m\u00e5nader med ett avtalsv\u00e4rde p\u00e5 6,4 procent. Kostnaden f\u00f6rdelas med l\u00f6ne\u00f6kningar p\u00e5 5,5 procent, en arbetstidsf\u00f6rkortning p\u00e5 0,5 procent och avs\u00e4ttning till flexpension p\u00e5 0,4 procent."}