{"version":"1.0","provider_name":"Almega","provider_url":"https:\/\/www.almega.se","author_name":"Karin Nyg\u00e5rd","author_url":"https:\/\/www.almega.se\/person\/karinnygard\/","title":"Debatt: \"H\u00f6j inte tr\u00f6sklarna till svensk arbetsmarknad\"","type":"rich","width":600,"height":338,"html":"<blockquote class=\"wp-embedded-content\" data-secret=\"w0PDfYhH7t\"><a href=\"https:\/\/www.almega.se\/2025\/02\/debatt-hoj-inte-trosklarna-till-svensk-arbetsmarknad\/\">Debatt: &#8221;H\u00f6j inte tr\u00f6sklarna till svensk arbetsmarknad&#8221;<\/a><\/blockquote><iframe sandbox=\"allow-scripts\" security=\"restricted\" src=\"https:\/\/www.almega.se\/2025\/02\/debatt-hoj-inte-trosklarna-till-svensk-arbetsmarknad\/embed\/#?secret=w0PDfYhH7t\" width=\"600\" height=\"338\" title=\"\u201dDebatt: &#8221;H\u00f6j inte tr\u00f6sklarna till svensk arbetsmarknad&#8221;\u201d &ndash; Almega\" data-secret=\"w0PDfYhH7t\" frameborder=\"0\" marginwidth=\"0\" marginheight=\"0\" scrolling=\"no\" class=\"wp-embedded-content\"><\/iframe><script>\n\/*! This file is auto-generated *\/\n!function(d,l){\"use strict\";l.querySelector&&d.addEventListener&&\"undefined\"!=typeof URL&&(d.wp=d.wp||{},d.wp.receiveEmbedMessage||(d.wp.receiveEmbedMessage=function(e){var t=e.data;if((t||t.secret||t.message||t.value)&&!\/[^a-zA-Z0-9]\/.test(t.secret)){for(var s,r,n,a=l.querySelectorAll('iframe[data-secret=\"'+t.secret+'\"]'),o=l.querySelectorAll('blockquote[data-secret=\"'+t.secret+'\"]'),c=new RegExp(\"^https?:$\",\"i\"),i=0;i<o.length;i++)o[i].style.display=\"none\";for(i=0;i<a.length;i++)s=a[i],e.source===s.contentWindow&&(s.removeAttribute(\"style\"),\"height\"===t.message?(1e3<(r=parseInt(t.value,10))?r=1e3:~~r<200&&(r=200),s.height=r):\"link\"===t.message&&(r=new URL(s.getAttribute(\"src\")),n=new URL(t.value),c.test(n.protocol))&&n.host===r.host&&l.activeElement===s&&(d.top.location.href=t.value))}},d.addEventListener(\"message\",d.wp.receiveEmbedMessage,!1),l.addEventListener(\"DOMContentLoaded\",function(){for(var e,t,s=l.querySelectorAll(\"iframe.wp-embedded-content\"),r=0;r<s.length;r++)(t=(e=s[r]).getAttribute(\"data-secret\"))||(t=Math.random().toString(36).substring(2,12),e.src+=\"#?secret=\"+t,e.setAttribute(\"data-secret\",t)),e.contentWindow.postMessage({message:\"ready\",secret:t},\"*\")},!1)))}(window,document);\n\/\/# sourceURL=https:\/\/www.almega.se\/wp\/wp-includes\/js\/wp-embed.min.js\n<\/script>\n","thumbnail_url":"https:\/\/www.almega.se\/app\/uploads\/2021\/12\/regler-for-distansarbete.png","thumbnail_width":1000,"thumbnail_height":600,"description":"&#8221;Incitamenten f\u00f6r att arbeta beh\u00f6ver \u00f6ka. Det g\u00f6rs b\u00e4st genom att s\u00e4nka kostnaderna f\u00f6r att anst\u00e4lla samt l\u00e5ta medarbetarna beh\u00e5lla mer av sin l\u00f6n. Det g\u00f6rs inte genom att skadeskjuta Sveriges konkurrenskraft&#8221;, skriver Patrick Joyce, &hellip;"}