{"version":"1.0","provider_name":"Almega","provider_url":"https:\/\/www.almega.se","author_name":"Eva Pettersson","author_url":"https:\/\/www.almega.se\/person\/evapettersson-2\/","title":"Arbetsdomstolen \u00f6verl\u00e4mnar avvisat m\u00e5l till beh\u00f6rig hovr\u00e4tt","type":"rich","width":600,"height":338,"html":"<blockquote class=\"wp-embedded-content\" data-secret=\"5mrDHguADh\"><a href=\"https:\/\/www.almega.se\/2024\/10\/arbetsdomstolen-overlamnar-avvisat-mal-till-behorig-hovratt\/\">Arbetsdomstolen \u00f6verl\u00e4mnar avvisat m\u00e5l till beh\u00f6rig hovr\u00e4tt<\/a><\/blockquote><iframe sandbox=\"allow-scripts\" security=\"restricted\" src=\"https:\/\/www.almega.se\/2024\/10\/arbetsdomstolen-overlamnar-avvisat-mal-till-behorig-hovratt\/embed\/#?secret=5mrDHguADh\" width=\"600\" height=\"338\" title=\"\u201dArbetsdomstolen \u00f6verl\u00e4mnar avvisat m\u00e5l till beh\u00f6rig hovr\u00e4tt\u201d &ndash; Almega\" data-secret=\"5mrDHguADh\" frameborder=\"0\" marginwidth=\"0\" marginheight=\"0\" scrolling=\"no\" class=\"wp-embedded-content\"><\/iframe><script>\n\/*! This file is auto-generated *\/\n!function(d,l){\"use strict\";l.querySelector&&d.addEventListener&&\"undefined\"!=typeof URL&&(d.wp=d.wp||{},d.wp.receiveEmbedMessage||(d.wp.receiveEmbedMessage=function(e){var t=e.data;if((t||t.secret||t.message||t.value)&&!\/[^a-zA-Z0-9]\/.test(t.secret)){for(var s,r,n,a=l.querySelectorAll('iframe[data-secret=\"'+t.secret+'\"]'),o=l.querySelectorAll('blockquote[data-secret=\"'+t.secret+'\"]'),c=new RegExp(\"^https?:$\",\"i\"),i=0;i<o.length;i++)o[i].style.display=\"none\";for(i=0;i<a.length;i++)s=a[i],e.source===s.contentWindow&&(s.removeAttribute(\"style\"),\"height\"===t.message?(1e3<(r=parseInt(t.value,10))?r=1e3:~~r<200&&(r=200),s.height=r):\"link\"===t.message&&(r=new URL(s.getAttribute(\"src\")),n=new URL(t.value),c.test(n.protocol))&&n.host===r.host&&l.activeElement===s&&(d.top.location.href=t.value))}},d.addEventListener(\"message\",d.wp.receiveEmbedMessage,!1),l.addEventListener(\"DOMContentLoaded\",function(){for(var e,t,s=l.querySelectorAll(\"iframe.wp-embedded-content\"),r=0;r<s.length;r++)(t=(e=s[r]).getAttribute(\"data-secret\"))||(t=Math.random().toString(36).substring(2,12),e.src+=\"#?secret=\"+t,e.setAttribute(\"data-secret\",t)),e.contentWindow.postMessage({message:\"ready\",secret:t},\"*\")},!1)))}(window,document);\n\/\/# sourceURL=https:\/\/www.almega.se\/wp\/wp-includes\/js\/wp-embed.min.js\n<\/script>\n","description":"AD 2024 nr 81 Tv\u00e5 k\u00e4rande, varav en fysisk person (\u201dMG\u201d) och ett bolag, v\u00e4ckte talan vid tingsr\u00e4tt mot samma svarandepart (en kommun) d\u00e4r MG tidigare varit anst\u00e4lld. B\u00e5da k\u00e4randena yrkade att kommunen skulle f\u00f6rpliktas &hellip;","thumbnail_url":"https:\/\/www.almega.se\/app\/uploads\/2020\/12\/almega-share-logo.png","thumbnail_width":1200,"thumbnail_height":630}