{"version":"1.0","provider_name":"Almega","provider_url":"https:\/\/www.almega.se","author_name":"Karin Nyg\u00e5rd","author_url":"https:\/\/www.almega.se\/person\/karinnygard\/","title":"\"H\u00f6g tid att reformera strejkr\u00e4tten\"","type":"rich","width":600,"height":338,"html":"<blockquote class=\"wp-embedded-content\" data-secret=\"mWrL4Av9qq\"><a href=\"https:\/\/www.almega.se\/2023\/11\/hog-tid-att-reformera-strejkratten\/\">&#8221;H\u00f6g tid att reformera strejkr\u00e4tten&#8221;<\/a><\/blockquote><iframe sandbox=\"allow-scripts\" security=\"restricted\" src=\"https:\/\/www.almega.se\/2023\/11\/hog-tid-att-reformera-strejkratten\/embed\/#?secret=mWrL4Av9qq\" width=\"600\" height=\"338\" title=\"\u201d&#8221;H\u00f6g tid att reformera strejkr\u00e4tten&#8221;\u201d &ndash; Almega\" data-secret=\"mWrL4Av9qq\" frameborder=\"0\" marginwidth=\"0\" marginheight=\"0\" scrolling=\"no\" class=\"wp-embedded-content\"><\/iframe><script>\n\/*! This file is auto-generated *\/\n!function(d,l){\"use strict\";l.querySelector&&d.addEventListener&&\"undefined\"!=typeof URL&&(d.wp=d.wp||{},d.wp.receiveEmbedMessage||(d.wp.receiveEmbedMessage=function(e){var t=e.data;if((t||t.secret||t.message||t.value)&&!\/[^a-zA-Z0-9]\/.test(t.secret)){for(var s,r,n,a=l.querySelectorAll('iframe[data-secret=\"'+t.secret+'\"]'),o=l.querySelectorAll('blockquote[data-secret=\"'+t.secret+'\"]'),c=new RegExp(\"^https?:$\",\"i\"),i=0;i<o.length;i++)o[i].style.display=\"none\";for(i=0;i<a.length;i++)s=a[i],e.source===s.contentWindow&&(s.removeAttribute(\"style\"),\"height\"===t.message?(1e3<(r=parseInt(t.value,10))?r=1e3:~~r<200&&(r=200),s.height=r):\"link\"===t.message&&(r=new URL(s.getAttribute(\"src\")),n=new URL(t.value),c.test(n.protocol))&&n.host===r.host&&l.activeElement===s&&(d.top.location.href=t.value))}},d.addEventListener(\"message\",d.wp.receiveEmbedMessage,!1),l.addEventListener(\"DOMContentLoaded\",function(){for(var e,t,s=l.querySelectorAll(\"iframe.wp-embedded-content\"),r=0;r<s.length;r++)(t=(e=s[r]).getAttribute(\"data-secret\"))||(t=Math.random().toString(36).substring(2,12),e.src+=\"#?secret=\"+t,e.setAttribute(\"data-secret\",t)),e.contentWindow.postMessage({message:\"ready\",secret:t},\"*\")},!1)))}(window,document);\n\/\/# sourceURL=https:\/\/www.almega.se\/wp\/wp-includes\/js\/wp-embed.min.js\n<\/script>\n","thumbnail_url":"https:\/\/www.almega.se\/app\/uploads\/2022\/03\/invasionen-av-ukraina_kronika-ann-oberg_toppbild-1180x708.png","thumbnail_width":1180,"thumbnail_height":708,"description":"&#8221;Det \u00e4r h\u00f6g tid att reformera strejkr\u00e4tten. Reglerna om sympatikonflikter b\u00f6r sk\u00e4rpas och nya regler om proportionalitet m\u00e5ste inf\u00f6ras. Om inte fack och n\u00e4ringsliv kan komma \u00f6verens sinsemellan f\u00e5r politikerna hota med lagstiftning&#8221;. Det skriver &hellip;"}