{"version":"1.0","provider_name":"Almega","provider_url":"https:\/\/www.almega.se","author_name":"Shashika Sellgren","author_url":"https:\/\/www.almega.se\/person\/shashikasellgren\/","title":"Nya perspektiv p\u00e5 kompetensutveckling","type":"rich","width":600,"height":338,"html":"<blockquote class=\"wp-embedded-content\" data-secret=\"lRAmKZxJql\"><a href=\"https:\/\/www.almega.se\/2023\/01\/nya-perspektiv-pa-kompetensutveckling\/\">Nya perspektiv p\u00e5 kompetens&shy;utveckling<\/a><\/blockquote><iframe sandbox=\"allow-scripts\" security=\"restricted\" src=\"https:\/\/www.almega.se\/2023\/01\/nya-perspektiv-pa-kompetensutveckling\/embed\/#?secret=lRAmKZxJql\" width=\"600\" height=\"338\" title=\"\u201dNya perspektiv p\u00e5 kompetens&shy;utveckling\u201d &ndash; Almega\" data-secret=\"lRAmKZxJql\" frameborder=\"0\" marginwidth=\"0\" marginheight=\"0\" scrolling=\"no\" class=\"wp-embedded-content\"><\/iframe><script>\n\/*! This file is auto-generated *\/\n!function(d,l){\"use strict\";l.querySelector&&d.addEventListener&&\"undefined\"!=typeof URL&&(d.wp=d.wp||{},d.wp.receiveEmbedMessage||(d.wp.receiveEmbedMessage=function(e){var t=e.data;if((t||t.secret||t.message||t.value)&&!\/[^a-zA-Z0-9]\/.test(t.secret)){for(var s,r,n,a=l.querySelectorAll('iframe[data-secret=\"'+t.secret+'\"]'),o=l.querySelectorAll('blockquote[data-secret=\"'+t.secret+'\"]'),c=new RegExp(\"^https?:$\",\"i\"),i=0;i<o.length;i++)o[i].style.display=\"none\";for(i=0;i<a.length;i++)s=a[i],e.source===s.contentWindow&&(s.removeAttribute(\"style\"),\"height\"===t.message?(1e3<(r=parseInt(t.value,10))?r=1e3:~~r<200&&(r=200),s.height=r):\"link\"===t.message&&(r=new URL(s.getAttribute(\"src\")),n=new URL(t.value),c.test(n.protocol))&&n.host===r.host&&l.activeElement===s&&(d.top.location.href=t.value))}},d.addEventListener(\"message\",d.wp.receiveEmbedMessage,!1),l.addEventListener(\"DOMContentLoaded\",function(){for(var e,t,s=l.querySelectorAll(\"iframe.wp-embedded-content\"),r=0;r<s.length;r++)(t=(e=s[r]).getAttribute(\"data-secret\"))||(t=Math.random().toString(36).substring(2,12),e.src+=\"#?secret=\"+t,e.setAttribute(\"data-secret\",t)),e.contentWindow.postMessage({message:\"ready\",secret:t},\"*\")},!1)))}(window,document);\n\/\/# sourceURL=https:\/\/www.almega.se\/wp\/wp-includes\/js\/wp-embed.min.js\n<\/script>\n","thumbnail_url":"https:\/\/www.almega.se\/app\/uploads\/2023\/01\/Eldin_Kajsa_3954-scaled.jpg","thumbnail_width":2560,"thumbnail_height":1707,"description":"Traditionellt har kompetensutveckling fr\u00e4mst handlat om individuellt l\u00e4rande och personlig utveckling. Men enligt forskningen handlar det snarare om det kollektiva l\u00e4randet, d\u00e4r gruppen l\u00e4r av varandra och tillsammans bidrar till utvecklingen. \u2013 Kompetens \u00e4r kopplad &hellip;"}