{"version":"1.0","provider_name":"Almega","provider_url":"https:\/\/www.almega.se","author_name":"Erik Juhlin","author_url":"https:\/\/www.almega.se\/person\/erikjuhlin\/","title":"S\u00e5 forts\u00e4tter vi reformera Arbetsf\u00f6rmedlingen","type":"rich","width":600,"height":338,"html":"<blockquote class=\"wp-embedded-content\" data-secret=\"gb10iYszPu\"><a href=\"https:\/\/www.almega.se\/2022\/05\/ny-rapport-sa-fortsatter-vi-reformera-arbetsformedlingen-2\/\">S\u00e5 forts\u00e4tter vi reformera Arbetsf\u00f6rmedlingen<\/a><\/blockquote><iframe sandbox=\"allow-scripts\" security=\"restricted\" src=\"https:\/\/www.almega.se\/2022\/05\/ny-rapport-sa-fortsatter-vi-reformera-arbetsformedlingen-2\/embed\/#?secret=gb10iYszPu\" width=\"600\" height=\"338\" title=\"\u201dS\u00e5 forts\u00e4tter vi reformera Arbetsf\u00f6rmedlingen\u201d &ndash; Almega\" data-secret=\"gb10iYszPu\" frameborder=\"0\" marginwidth=\"0\" marginheight=\"0\" scrolling=\"no\" class=\"wp-embedded-content\"><\/iframe><script>\n\/*! This file is auto-generated *\/\n!function(d,l){\"use strict\";l.querySelector&&d.addEventListener&&\"undefined\"!=typeof URL&&(d.wp=d.wp||{},d.wp.receiveEmbedMessage||(d.wp.receiveEmbedMessage=function(e){var t=e.data;if((t||t.secret||t.message||t.value)&&!\/[^a-zA-Z0-9]\/.test(t.secret)){for(var s,r,n,a=l.querySelectorAll('iframe[data-secret=\"'+t.secret+'\"]'),o=l.querySelectorAll('blockquote[data-secret=\"'+t.secret+'\"]'),c=new RegExp(\"^https?:$\",\"i\"),i=0;i<o.length;i++)o[i].style.display=\"none\";for(i=0;i<a.length;i++)s=a[i],e.source===s.contentWindow&&(s.removeAttribute(\"style\"),\"height\"===t.message?(1e3<(r=parseInt(t.value,10))?r=1e3:~~r<200&&(r=200),s.height=r):\"link\"===t.message&&(r=new URL(s.getAttribute(\"src\")),n=new URL(t.value),c.test(n.protocol))&&n.host===r.host&&l.activeElement===s&&(d.top.location.href=t.value))}},d.addEventListener(\"message\",d.wp.receiveEmbedMessage,!1),l.addEventListener(\"DOMContentLoaded\",function(){for(var e,t,s=l.querySelectorAll(\"iframe.wp-embedded-content\"),r=0;r<s.length;r++)(t=(e=s[r]).getAttribute(\"data-secret\"))||(t=Math.random().toString(36).substring(2,12),e.src+=\"#?secret=\"+t,e.setAttribute(\"data-secret\",t)),e.contentWindow.postMessage({message:\"ready\",secret:t},\"*\")},!1)))}(window,document);\n\/\/# sourceURL=https:\/\/www.almega.se\/wp\/wp-includes\/js\/wp-embed.min.js\n<\/script>\n","thumbnail_url":"https:\/\/www.almega.se\/app\/uploads\/2022\/05\/d45c8021-6d82-44ab-9b2f-9a22c90e5b59-scaled.jpg","thumbnail_width":2560,"thumbnail_height":1706,"description":"Reformeringen av Arbetsf\u00f6rmedlingen har i allt v\u00e4sentligt varit framg\u00e5ngsrik. Mycket mer beh\u00f6ver dock g\u00f6ras f\u00f6r att s\u00e4kra f\u00f6retagens kompetensf\u00f6rs\u00f6rjning och rusta och matcha de arbetsl\u00f6sa till jobb. Detta framg\u00e5r av en ny rapport fr\u00e5n Almega som \u00e4ven ger fem f\u00f6rslag p\u00e5 hur reformen v\u00e4xlas upp."}