{"version":"1.0","provider_name":"Almega","provider_url":"https:\/\/www.almega.se","author_name":"Katarina Ahlsen","author_url":"https:\/\/www.almega.se\/person\/katarinaahlsen\/","title":"Gl\u00f6m inte bort chefen i arbetsmilj\u00f6arbetet","type":"rich","width":600,"height":338,"html":"<blockquote class=\"wp-embedded-content\" data-secret=\"EE402Lp3O2\"><a href=\"https:\/\/www.almega.se\/2021\/11\/glom-inte-bort-chefen-i-arbetsmiljoarbetet\/\">Gl\u00f6m inte bort chefen i arbetsmilj\u00f6&shy;arbetet<\/a><\/blockquote><iframe sandbox=\"allow-scripts\" security=\"restricted\" src=\"https:\/\/www.almega.se\/2021\/11\/glom-inte-bort-chefen-i-arbetsmiljoarbetet\/embed\/#?secret=EE402Lp3O2\" width=\"600\" height=\"338\" title=\"\u201dGl\u00f6m inte bort chefen i arbetsmilj\u00f6&shy;arbetet\u201d &ndash; Almega\" data-secret=\"EE402Lp3O2\" frameborder=\"0\" marginwidth=\"0\" marginheight=\"0\" scrolling=\"no\" class=\"wp-embedded-content\"><\/iframe><script>\n\/*! This file is auto-generated *\/\n!function(d,l){\"use strict\";l.querySelector&&d.addEventListener&&\"undefined\"!=typeof URL&&(d.wp=d.wp||{},d.wp.receiveEmbedMessage||(d.wp.receiveEmbedMessage=function(e){var t=e.data;if((t||t.secret||t.message||t.value)&&!\/[^a-zA-Z0-9]\/.test(t.secret)){for(var s,r,n,a=l.querySelectorAll('iframe[data-secret=\"'+t.secret+'\"]'),o=l.querySelectorAll('blockquote[data-secret=\"'+t.secret+'\"]'),c=new RegExp(\"^https?:$\",\"i\"),i=0;i<o.length;i++)o[i].style.display=\"none\";for(i=0;i<a.length;i++)s=a[i],e.source===s.contentWindow&&(s.removeAttribute(\"style\"),\"height\"===t.message?(1e3<(r=parseInt(t.value,10))?r=1e3:~~r<200&&(r=200),s.height=r):\"link\"===t.message&&(r=new URL(s.getAttribute(\"src\")),n=new URL(t.value),c.test(n.protocol))&&n.host===r.host&&l.activeElement===s&&(d.top.location.href=t.value))}},d.addEventListener(\"message\",d.wp.receiveEmbedMessage,!1),l.addEventListener(\"DOMContentLoaded\",function(){for(var e,t,s=l.querySelectorAll(\"iframe.wp-embedded-content\"),r=0;r<s.length;r++)(t=(e=s[r]).getAttribute(\"data-secret\"))||(t=Math.random().toString(36).substring(2,12),e.src+=\"#?secret=\"+t,e.setAttribute(\"data-secret\",t)),e.contentWindow.postMessage({message:\"ready\",secret:t},\"*\")},!1)))}(window,document);\n\/\/# sourceURL=https:\/\/www.almega.se\/wp\/wp-includes\/js\/wp-embed.min.js\n<\/script>\n","thumbnail_url":"https:\/\/www.almega.se\/app\/uploads\/2021\/11\/bild-webbartikel-1000x600-34.png","thumbnail_width":1000,"thumbnail_height":600,"description":"Varf\u00f6r \u00e4r det dags att s\u00e4tta fokus p\u00e5 chefens arbetssituation? \u2013 M\u00e5nga chefer har levt under stor press under pandemin och haft fullt fokus p\u00e5 verksamhetens \u00f6verlevnad och medarbetarnas arbetsmilj\u00f6. F\u00f6r m\u00e5nga innebar distansarbetet en &hellip;"}