{"version":"1.0","provider_name":"Almega","provider_url":"https:\/\/www.almega.se","author_name":"Julia Schwamberg","author_url":"https:\/\/www.almega.se\/person\/juliaschwamberg\/","title":"Tj\u00e4nstef\u00f6rbunden tecknar nya kollektivavtal inom fastigheter","type":"rich","width":600,"height":338,"html":"<blockquote class=\"wp-embedded-content\" data-secret=\"FltexEs9QU\"><a href=\"https:\/\/www.almega.se\/2020\/12\/tjansteforbunden-tecknar-nya-kollektivavtal-inom-fastigheter\/\">Tj\u00e4nste&shy;f\u00f6rbunden tecknar nya kollektivavtal inom fastigheter<\/a><\/blockquote><iframe sandbox=\"allow-scripts\" security=\"restricted\" src=\"https:\/\/www.almega.se\/2020\/12\/tjansteforbunden-tecknar-nya-kollektivavtal-inom-fastigheter\/embed\/#?secret=FltexEs9QU\" width=\"600\" height=\"338\" title=\"\u201dTj\u00e4nste&shy;f\u00f6rbunden tecknar nya kollektivavtal inom fastigheter\u201d &ndash; Almega\" data-secret=\"FltexEs9QU\" frameborder=\"0\" marginwidth=\"0\" marginheight=\"0\" scrolling=\"no\" class=\"wp-embedded-content\"><\/iframe><script>\n\/*! This file is auto-generated *\/\n!function(d,l){\"use strict\";l.querySelector&&d.addEventListener&&\"undefined\"!=typeof URL&&(d.wp=d.wp||{},d.wp.receiveEmbedMessage||(d.wp.receiveEmbedMessage=function(e){var t=e.data;if((t||t.secret||t.message||t.value)&&!\/[^a-zA-Z0-9]\/.test(t.secret)){for(var s,r,n,a=l.querySelectorAll('iframe[data-secret=\"'+t.secret+'\"]'),o=l.querySelectorAll('blockquote[data-secret=\"'+t.secret+'\"]'),c=new RegExp(\"^https?:$\",\"i\"),i=0;i<o.length;i++)o[i].style.display=\"none\";for(i=0;i<a.length;i++)s=a[i],e.source===s.contentWindow&&(s.removeAttribute(\"style\"),\"height\"===t.message?(1e3<(r=parseInt(t.value,10))?r=1e3:~~r<200&&(r=200),s.height=r):\"link\"===t.message&&(r=new URL(s.getAttribute(\"src\")),n=new URL(t.value),c.test(n.protocol))&&n.host===r.host&&l.activeElement===s&&(d.top.location.href=t.value))}},d.addEventListener(\"message\",d.wp.receiveEmbedMessage,!1),l.addEventListener(\"DOMContentLoaded\",function(){for(var e,t,s=l.querySelectorAll(\"iframe.wp-embedded-content\"),r=0;r<s.length;r++)(t=(e=s[r]).getAttribute(\"data-secret\"))||(t=Math.random().toString(36).substring(2,12),e.src+=\"#?secret=\"+t,e.setAttribute(\"data-secret\",t)),e.contentWindow.postMessage({message:\"ready\",secret:t},\"*\")},!1)))}(window,document);\n\/\/# sourceURL=https:\/\/www.almega.se\/wp\/wp-includes\/js\/wp-embed.min.js\n<\/script>\n","thumbnail_url":"https:\/\/www.almega.se\/app\/uploads\/2020\/12\/981ff8e2-817b-4c67-8418-0e602db1f24d-scaled.jpg","thumbnail_width":2560,"thumbnail_height":1707,"description":"Almega Tj\u00e4nstef\u00f6rbunden Fastighetsarbetsgivarna har tecknat nya kollektivavtal med Ledarna, SEKO, Sveriges Ingenj\u00f6rer och Unionen. Det nya avtalet str\u00e4cker sig \u00f6ver 29 m\u00e5nader med en total l\u00f6ne\u00f6kningsniv\u00e5 p\u00e5 5,4 procent. Inom kostnadsramen ryms \u00e4ven pensionsavs\u00e4ttningar."}