{"version":"1.0","provider_name":"Almega","provider_url":"https:\/\/www.almega.se","author_name":"Julia Schwamberg","author_url":"https:\/\/www.almega.se\/person\/juliaschwamberg\/","title":"Kommunal och IF Metall ansluter till LAS-\u00f6verenskommelsen","type":"rich","width":600,"height":338,"html":"<blockquote class=\"wp-embedded-content\" data-secret=\"zK78qx5tsF\"><a href=\"https:\/\/www.almega.se\/2020\/12\/kommunal-och-if-metall-ansluter-till-las-overenskommelsen\/\">Kommunal och IF Metall ansluter till LAS-\u00f6verens&shy;kommelsen<\/a><\/blockquote><iframe sandbox=\"allow-scripts\" security=\"restricted\" src=\"https:\/\/www.almega.se\/2020\/12\/kommunal-och-if-metall-ansluter-till-las-overenskommelsen\/embed\/#?secret=zK78qx5tsF\" width=\"600\" height=\"338\" title=\"\u201dKommunal och IF Metall ansluter till LAS-\u00f6verens&shy;kommelsen\u201d &ndash; Almega\" data-secret=\"zK78qx5tsF\" frameborder=\"0\" marginwidth=\"0\" marginheight=\"0\" scrolling=\"no\" class=\"wp-embedded-content\"><\/iframe><script>\n\/*! This file is auto-generated *\/\n!function(d,l){\"use strict\";l.querySelector&&d.addEventListener&&\"undefined\"!=typeof URL&&(d.wp=d.wp||{},d.wp.receiveEmbedMessage||(d.wp.receiveEmbedMessage=function(e){var t=e.data;if((t||t.secret||t.message||t.value)&&!\/[^a-zA-Z0-9]\/.test(t.secret)){for(var s,r,n,a=l.querySelectorAll('iframe[data-secret=\"'+t.secret+'\"]'),o=l.querySelectorAll('blockquote[data-secret=\"'+t.secret+'\"]'),c=new RegExp(\"^https?:$\",\"i\"),i=0;i<o.length;i++)o[i].style.display=\"none\";for(i=0;i<a.length;i++)s=a[i],e.source===s.contentWindow&&(s.removeAttribute(\"style\"),\"height\"===t.message?(1e3<(r=parseInt(t.value,10))?r=1e3:~~r<200&&(r=200),s.height=r):\"link\"===t.message&&(r=new URL(s.getAttribute(\"src\")),n=new URL(t.value),c.test(n.protocol))&&n.host===r.host&&l.activeElement===s&&(d.top.location.href=t.value))}},d.addEventListener(\"message\",d.wp.receiveEmbedMessage,!1),l.addEventListener(\"DOMContentLoaded\",function(){for(var e,t,s=l.querySelectorAll(\"iframe.wp-embedded-content\"),r=0;r<s.length;r++)(t=(e=s[r]).getAttribute(\"data-secret\"))||(t=Math.random().toString(36).substring(2,12),e.src+=\"#?secret=\"+t,e.setAttribute(\"data-secret\",t)),e.contentWindow.postMessage({message:\"ready\",secret:t},\"*\")},!1)))}(window,document);\n\/\/# sourceURL=https:\/\/www.almega.se\/wp\/wp-includes\/js\/wp-embed.min.js\n<\/script>\n","thumbnail_url":"https:\/\/www.almega.se\/app\/uploads\/2019\/01\/stefan-koskinen1.jpg","thumbnail_width":1000,"thumbnail_height":600,"description":"\u2013 Detta \u00e4r ett styrkebesked f\u00f6r den svenska modellen och g\u00f6r \u00f6verenskommelsen mycket bredare. D\u00e4rmed kommer det ocks\u00e5 att bli v\u00e4sentligt enklare att genomf\u00f6ra de delar av \u00f6verenskommelsen som kr\u00e4ver politiska beslut, s\u00e4ger Stefan Koskinen, &hellip;"}