{"version":"1.0","provider_name":"Almega","provider_url":"https:\/\/www.almega.se","author_name":"Andreas Eriksson","author_url":"https:\/\/www.almega.se\/person\/andreaseriksson\/","title":"Illavarslande fr\u00e5n KD om kompetensinvandring","type":"rich","width":600,"height":338,"html":"<blockquote class=\"wp-embedded-content\" data-secret=\"evtQIcwBum\"><a href=\"https:\/\/www.almega.se\/2020\/02\/illavarslande-fran-kd-om-kompetensinvandring\/\">Illavarslande fr\u00e5n KD om kompetens&shy;invandring<\/a><\/blockquote><iframe sandbox=\"allow-scripts\" security=\"restricted\" src=\"https:\/\/www.almega.se\/2020\/02\/illavarslande-fran-kd-om-kompetensinvandring\/embed\/#?secret=evtQIcwBum\" width=\"600\" height=\"338\" title=\"\u201dIllavarslande fr\u00e5n KD om kompetens&shy;invandring\u201d &ndash; Almega\" data-secret=\"evtQIcwBum\" frameborder=\"0\" marginwidth=\"0\" marginheight=\"0\" scrolling=\"no\" class=\"wp-embedded-content\"><\/iframe><script>\n\/*! This file is auto-generated *\/\n!function(d,l){\"use strict\";l.querySelector&&d.addEventListener&&\"undefined\"!=typeof URL&&(d.wp=d.wp||{},d.wp.receiveEmbedMessage||(d.wp.receiveEmbedMessage=function(e){var t=e.data;if((t||t.secret||t.message||t.value)&&!\/[^a-zA-Z0-9]\/.test(t.secret)){for(var s,r,n,a=l.querySelectorAll('iframe[data-secret=\"'+t.secret+'\"]'),o=l.querySelectorAll('blockquote[data-secret=\"'+t.secret+'\"]'),c=new RegExp(\"^https?:$\",\"i\"),i=0;i<o.length;i++)o[i].style.display=\"none\";for(i=0;i<a.length;i++)s=a[i],e.source===s.contentWindow&&(s.removeAttribute(\"style\"),\"height\"===t.message?(1e3<(r=parseInt(t.value,10))?r=1e3:~~r<200&&(r=200),s.height=r):\"link\"===t.message&&(r=new URL(s.getAttribute(\"src\")),n=new URL(t.value),c.test(n.protocol))&&n.host===r.host&&l.activeElement===s&&(d.top.location.href=t.value))}},d.addEventListener(\"message\",d.wp.receiveEmbedMessage,!1),l.addEventListener(\"DOMContentLoaded\",function(){for(var e,t,s=l.querySelectorAll(\"iframe.wp-embedded-content\"),r=0;r<s.length;r++)(t=(e=s[r]).getAttribute(\"data-secret\"))||(t=Math.random().toString(36).substring(2,12),e.src+=\"#?secret=\"+t,e.setAttribute(\"data-secret\",t)),e.contentWindow.postMessage({message:\"ready\",secret:t},\"*\")},!1)))}(window,document);\n\/\/# sourceURL=https:\/\/www.almega.se\/wp\/wp-includes\/js\/wp-embed.min.js\n<\/script>\n","thumbnail_url":"https:\/\/www.almega.se\/app\/uploads\/2019\/11\/astrombild.jpg","thumbnail_width":960,"thumbnail_height":640,"description":"&#8211; Tj\u00e4nstef\u00f6retagen \u00e4r mycket oroade \u00f6ver Kristdemokraternas uttalande idag om att de vill \u00f6verl\u00e5ta till en myndighet att avg\u00f6ra om f\u00f6retag ska kunna rekrytera kompetens fr\u00e5n tredje land. Att \u00e5terinf\u00f6ra den gamla byr\u00e5kratiska arbetsmarknadspr\u00f6vningen skulle &hellip;"}