{"version":"1.0","provider_name":"Almega","provider_url":"https:\/\/www.almega.se","author_name":"Andreas Eriksson","author_url":"https:\/\/www.almega.se\/person\/andreaseriksson\/","title":"Regeringen m\u00e5ste satsa p\u00e5 arbetsmarknadsutbildning","type":"rich","width":600,"height":338,"html":"<blockquote class=\"wp-embedded-content\" data-secret=\"aPyAdgxTDE\"><a href=\"https:\/\/www.almega.se\/2019\/09\/regeringen-maste-satsa-pa-arbetsmarknadsutbildning\/\">Regeringen m\u00e5ste satsa p\u00e5 arbetsmarknads&shy;utbildning<\/a><\/blockquote><iframe sandbox=\"allow-scripts\" security=\"restricted\" src=\"https:\/\/www.almega.se\/2019\/09\/regeringen-maste-satsa-pa-arbetsmarknadsutbildning\/embed\/#?secret=aPyAdgxTDE\" width=\"600\" height=\"338\" title=\"\u201dRegeringen m\u00e5ste satsa p\u00e5 arbetsmarknads&shy;utbildning\u201d &ndash; Almega\" data-secret=\"aPyAdgxTDE\" frameborder=\"0\" marginwidth=\"0\" marginheight=\"0\" scrolling=\"no\" class=\"wp-embedded-content\"><\/iframe><script>\n\/*! This file is auto-generated *\/\n!function(d,l){\"use strict\";l.querySelector&&d.addEventListener&&\"undefined\"!=typeof URL&&(d.wp=d.wp||{},d.wp.receiveEmbedMessage||(d.wp.receiveEmbedMessage=function(e){var t=e.data;if((t||t.secret||t.message||t.value)&&!\/[^a-zA-Z0-9]\/.test(t.secret)){for(var s,r,n,a=l.querySelectorAll('iframe[data-secret=\"'+t.secret+'\"]'),o=l.querySelectorAll('blockquote[data-secret=\"'+t.secret+'\"]'),c=new RegExp(\"^https?:$\",\"i\"),i=0;i<o.length;i++)o[i].style.display=\"none\";for(i=0;i<a.length;i++)s=a[i],e.source===s.contentWindow&&(s.removeAttribute(\"style\"),\"height\"===t.message?(1e3<(r=parseInt(t.value,10))?r=1e3:~~r<200&&(r=200),s.height=r):\"link\"===t.message&&(r=new URL(s.getAttribute(\"src\")),n=new URL(t.value),c.test(n.protocol))&&n.host===r.host&&l.activeElement===s&&(d.top.location.href=t.value))}},d.addEventListener(\"message\",d.wp.receiveEmbedMessage,!1),l.addEventListener(\"DOMContentLoaded\",function(){for(var e,t,s=l.querySelectorAll(\"iframe.wp-embedded-content\"),r=0;r<s.length;r++)(t=(e=s[r]).getAttribute(\"data-secret\"))||(t=Math.random().toString(36).substring(2,12),e.src+=\"#?secret=\"+t,e.setAttribute(\"data-secret\",t)),e.contentWindow.postMessage({message:\"ready\",secret:t},\"*\")},!1)))}(window,document);\n\/\/# sourceURL=https:\/\/www.almega.se\/wp\/wp-includes\/js\/wp-embed.min.js\n<\/script>\n","thumbnail_url":"https:\/\/www.almega.se\/app\/uploads\/2019\/09\/almtes-e1568102750320.jpg","thumbnail_width":1932,"thumbnail_height":1395,"description":"S\u00e5v\u00e4l de r\u00f6dgr\u00f6na partierna som allianspartierna har under l\u00e5ng tid prioriterat arbetsmarknadsutbildningen alltf\u00f6r l\u00e5gt. Under flera \u00e5rtionden har den yrkes\u00adinriktade arbetsmarknadsutbildningen varit den svenska arbetsmarknadspolitikens flaggskepp. Tack vare de f\u00f6rh\u00e5llandevis korta yrkesinriktade kurserna har tusentals &hellip;"}