{"version":"1.0","provider_name":"Almega","provider_url":"https:\/\/www.almega.se","author_name":"Lena Ragell","author_url":"https:\/\/www.almega.se\/person\/lenaragell\/","title":"F\u00e5r politisk verksamhet f\u00f6rekomma p\u00e5 arbetsplatsen?","type":"rich","width":600,"height":338,"html":"<blockquote class=\"wp-embedded-content\" data-secret=\"BZwn9kd6YG\"><a href=\"https:\/\/www.almega.se\/2018\/08\/far-politisk-verksamhet-forekomma-pa-arbetsplatsen-7\/\">F\u00e5r politisk verksamhet f\u00f6rekomma p\u00e5 arbetsplatsen?<\/a><\/blockquote><iframe sandbox=\"allow-scripts\" security=\"restricted\" src=\"https:\/\/www.almega.se\/2018\/08\/far-politisk-verksamhet-forekomma-pa-arbetsplatsen-7\/embed\/#?secret=BZwn9kd6YG\" width=\"600\" height=\"338\" title=\"\u201dF\u00e5r politisk verksamhet f\u00f6rekomma p\u00e5 arbetsplatsen?\u201d &ndash; Almega\" data-secret=\"BZwn9kd6YG\" frameborder=\"0\" marginwidth=\"0\" marginheight=\"0\" scrolling=\"no\" class=\"wp-embedded-content\"><\/iframe><script>\n\/*! This file is auto-generated *\/\n!function(d,l){\"use strict\";l.querySelector&&d.addEventListener&&\"undefined\"!=typeof URL&&(d.wp=d.wp||{},d.wp.receiveEmbedMessage||(d.wp.receiveEmbedMessage=function(e){var t=e.data;if((t||t.secret||t.message||t.value)&&!\/[^a-zA-Z0-9]\/.test(t.secret)){for(var s,r,n,a=l.querySelectorAll('iframe[data-secret=\"'+t.secret+'\"]'),o=l.querySelectorAll('blockquote[data-secret=\"'+t.secret+'\"]'),c=new RegExp(\"^https?:$\",\"i\"),i=0;i<o.length;i++)o[i].style.display=\"none\";for(i=0;i<a.length;i++)s=a[i],e.source===s.contentWindow&&(s.removeAttribute(\"style\"),\"height\"===t.message?(1e3<(r=parseInt(t.value,10))?r=1e3:~~r<200&&(r=200),s.height=r):\"link\"===t.message&&(r=new URL(s.getAttribute(\"src\")),n=new URL(t.value),c.test(n.protocol))&&n.host===r.host&&l.activeElement===s&&(d.top.location.href=t.value))}},d.addEventListener(\"message\",d.wp.receiveEmbedMessage,!1),l.addEventListener(\"DOMContentLoaded\",function(){for(var e,t,s=l.querySelectorAll(\"iframe.wp-embedded-content\"),r=0;r<s.length;r++)(t=(e=s[r]).getAttribute(\"data-secret\"))||(t=Math.random().toString(36).substring(2,12),e.src+=\"#?secret=\"+t,e.setAttribute(\"data-secret\",t)),e.contentWindow.postMessage({message:\"ready\",secret:t},\"*\")},!1)))}(window,document);\n\/\/# sourceURL=https:\/\/www.almega.se\/wp\/wp-includes\/js\/wp-embed.min.js\n<\/script>\n","description":"Under val\u00e5r som i \u00e5r kan fr\u00e5gan om vad som g\u00e4ller f\u00f6r politiska verksamhet p\u00e5 jobbet bli aktuell f\u00f6r m\u00e5nga arbetsgivare. Men vad g\u00e4ller egentligen? Vilka r\u00e4ttigheter har anst\u00e4llda och fackliga f\u00f6retr\u00e4dare att agera politiskt &hellip;","thumbnail_url":"https:\/\/www.almega.se\/app\/uploads\/2020\/12\/almega-share-logo.png","thumbnail_width":1200,"thumbnail_height":630}