{"version":"1.0","provider_name":"Almega","provider_url":"https:\/\/www.almega.se","author_name":"admin","author_url":"https:\/\/www.almega.se\/person\/admin\/","title":"F\u00f6rhandlingarna om flexpension med Unionen","type":"rich","width":600,"height":338,"html":"<blockquote class=\"wp-embedded-content\" data-secret=\"92Ckkuga83\"><a href=\"https:\/\/www.almega.se\/2016\/03\/forhandlingarna-om-flexpension-med-unionen\/\">F\u00f6rhandlingarna om flex&shy;pension med Unionen<\/a><\/blockquote><iframe sandbox=\"allow-scripts\" security=\"restricted\" src=\"https:\/\/www.almega.se\/2016\/03\/forhandlingarna-om-flexpension-med-unionen\/embed\/#?secret=92Ckkuga83\" width=\"600\" height=\"338\" title=\"\u201dF\u00f6rhandlingarna om flex&shy;pension med Unionen\u201d &ndash; Almega\" data-secret=\"92Ckkuga83\" frameborder=\"0\" marginwidth=\"0\" marginheight=\"0\" scrolling=\"no\" class=\"wp-embedded-content\"><\/iframe><script>\n\/*! This file is auto-generated *\/\n!function(d,l){\"use strict\";l.querySelector&&d.addEventListener&&\"undefined\"!=typeof URL&&(d.wp=d.wp||{},d.wp.receiveEmbedMessage||(d.wp.receiveEmbedMessage=function(e){var t=e.data;if((t||t.secret||t.message||t.value)&&!\/[^a-zA-Z0-9]\/.test(t.secret)){for(var s,r,n,a=l.querySelectorAll('iframe[data-secret=\"'+t.secret+'\"]'),o=l.querySelectorAll('blockquote[data-secret=\"'+t.secret+'\"]'),c=new RegExp(\"^https?:$\",\"i\"),i=0;i<o.length;i++)o[i].style.display=\"none\";for(i=0;i<a.length;i++)s=a[i],e.source===s.contentWindow&&(s.removeAttribute(\"style\"),\"height\"===t.message?(1e3<(r=parseInt(t.value,10))?r=1e3:~~r<200&&(r=200),s.height=r):\"link\"===t.message&&(r=new URL(s.getAttribute(\"src\")),n=new URL(t.value),c.test(n.protocol))&&n.host===r.host&&l.activeElement===s&&(d.top.location.href=t.value))}},d.addEventListener(\"message\",d.wp.receiveEmbedMessage,!1),l.addEventListener(\"DOMContentLoaded\",function(){for(var e,t,s=l.querySelectorAll(\"iframe.wp-embedded-content\"),r=0;r<s.length;r++)(t=(e=s[r]).getAttribute(\"data-secret\"))||(t=Math.random().toString(36).substring(2,12),e.src+=\"#?secret=\"+t,e.setAttribute(\"data-secret\",t)),e.contentWindow.postMessage({message:\"ready\",secret:t},\"*\")},!1)))}(window,document);\n\/\/# sourceURL=https:\/\/www.almega.se\/wp\/wp-includes\/js\/wp-embed.min.js\n<\/script>\n","description":"Svenska Teknik&amp;Designf\u00f6retagen (nedan Almega) har under de senaste veckorna f\u00f6rhandlat med Unionen f\u00f6r att hitta en l\u00f6sning p\u00e5 fr\u00e5gan om flexpension. Unionen valde i slutet av f\u00f6rra veckan att l\u00e4mna f\u00f6rhandlingsbordet d\u00e5 de inte var beredda att f\u00f6rhandla vidare f\u00f6r att hitta en modell f\u00f6r flexpension som passar b\u00e5de tj\u00e4nstef\u00f6retagen och tj\u00e4nstem\u00e4nnen p\u00e5 dessa f\u00f6retag.  Flexpension \u00e4r en av de stora konfliktfr\u00e5gorna i \u00e5rets avtalsf\u00f6rhandling. Enligt fackens f\u00f6rslag ska l\u00f6ne\u00f6kningsutrymmet minskas med en kollektiv avs\u00e4ttning till en obligatorisk pensionspremie. Almega har ist\u00e4llet f\u00f6reslagit en modell d\u00e4r hela utrymmet f\u00f6r l\u00f6ne\u00f6kningar f\u00f6rdelas och individen sj\u00e4lv f\u00e5r v\u00e4lja.","thumbnail_url":"https:\/\/www.almega.se\/app\/uploads\/2020\/12\/almega-share-logo.png","thumbnail_width":1200,"thumbnail_height":630}