{"version":"1.0","provider_name":"Almega","provider_url":"https:\/\/www.almega.se","author_name":"admin","author_url":"https:\/\/www.almega.se\/person\/admin\/","title":"Het arbetsmarknad m\u00f6ter kyla","type":"rich","width":600,"height":338,"html":"<blockquote class=\"wp-embedded-content\" data-secret=\"HEPYeIy76w\"><a href=\"https:\/\/www.almega.se\/2015\/06\/het-arbetsmarknad-moter-kyla\/\">Het arbetsmarknad m\u00f6ter kyla<\/a><\/blockquote><iframe sandbox=\"allow-scripts\" security=\"restricted\" src=\"https:\/\/www.almega.se\/2015\/06\/het-arbetsmarknad-moter-kyla\/embed\/#?secret=HEPYeIy76w\" width=\"600\" height=\"338\" title=\"\u201dHet arbetsmarknad m\u00f6ter kyla\u201d &ndash; Almega\" data-secret=\"HEPYeIy76w\" frameborder=\"0\" marginwidth=\"0\" marginheight=\"0\" scrolling=\"no\" class=\"wp-embedded-content\"><\/iframe><script>\n\/*! This file is auto-generated *\/\n!function(d,l){\"use strict\";l.querySelector&&d.addEventListener&&\"undefined\"!=typeof URL&&(d.wp=d.wp||{},d.wp.receiveEmbedMessage||(d.wp.receiveEmbedMessage=function(e){var t=e.data;if((t||t.secret||t.message||t.value)&&!\/[^a-zA-Z0-9]\/.test(t.secret)){for(var s,r,n,a=l.querySelectorAll('iframe[data-secret=\"'+t.secret+'\"]'),o=l.querySelectorAll('blockquote[data-secret=\"'+t.secret+'\"]'),c=new RegExp(\"^https?:$\",\"i\"),i=0;i<o.length;i++)o[i].style.display=\"none\";for(i=0;i<a.length;i++)s=a[i],e.source===s.contentWindow&&(s.removeAttribute(\"style\"),\"height\"===t.message?(1e3<(r=parseInt(t.value,10))?r=1e3:~~r<200&&(r=200),s.height=r):\"link\"===t.message&&(r=new URL(s.getAttribute(\"src\")),n=new URL(t.value),c.test(n.protocol))&&n.host===r.host&&l.activeElement===s&&(d.top.location.href=t.value))}},d.addEventListener(\"message\",d.wp.receiveEmbedMessage,!1),l.addEventListener(\"DOMContentLoaded\",function(){for(var e,t,s=l.querySelectorAll(\"iframe.wp-embedded-content\"),r=0;r<s.length;r++)(t=(e=s[r]).getAttribute(\"data-secret\"))||(t=Math.random().toString(36).substring(2,12),e.src+=\"#?secret=\"+t,e.setAttribute(\"data-secret\",t)),e.contentWindow.postMessage({message:\"ready\",secret:t},\"*\")},!1)))}(window,document);\n\/\/# sourceURL=https:\/\/www.almega.se\/wp\/wp-includes\/js\/wp-embed.min.js\n<\/script>\n","description":"Nu rapporterar flera branscher att bristen p\u00e5 personal stiger, vilket h\u00f6r samman med \u00f6kade sv\u00e5righeter f\u00f6r f\u00f6retagen att hitta den kompetens de s\u00f6ker p\u00e5 arbetsmarknaden. Det skapar flaskhalsar som h\u00e5ller tillbaka en starkare produktionstillv\u00e4xt i tj\u00e4nstesektorn.","thumbnail_url":"https:\/\/www.almega.se\/app\/uploads\/2020\/12\/almega-share-logo.png","thumbnail_width":1200,"thumbnail_height":630}